{"id":1397,"date":"2019-11-06T15:07:02","date_gmt":"2019-11-06T15:07:02","guid":{"rendered":"https:\/\/rolandbaldi.com\/about\/"},"modified":"2026-04-23T08:30:50","modified_gmt":"2026-04-23T08:30:50","slug":"about","status":"publish","type":"page","link":"https:\/\/rolandbaldi.com\/de\/about\/","title":{"rendered":"About"},"content":{"rendered":"<p>[et_pb_section fb_built=&#8220;1&#8243; fullwidth=&#8220;on&#8220; _builder_version=&#8220;4.16&#8243; global_colors_info=&#8220;{}&#8220;][et_pb_fullwidth_code _builder_version=&#8220;4.16&#8243; global_colors_info=&#8220;{}&#8220;]<div id=\"layerslider_5_mrp5ncy9kcqp\" class=\"ls-wp-container fitvidsignore\" style=\"width:1280px;height:720px;margin:0 auto;margin-bottom: 0px;\"><div class=\"ls-slide\" data-ls=\"duration:3000;kenburnsscale:1.2;\"><img width=\"1800\" height=\"1200\" src=\"https:\/\/rolandbaldi.com\/wp-content\/uploads\/2019\/12\/about_3.jpg\" class=\"ls-bg\" alt=\"\" srcset=\"https:\/\/rolandbaldi.com\/wp-content\/uploads\/2019\/12\/about_3.jpg 1800w, https:\/\/rolandbaldi.com\/wp-content\/uploads\/2019\/12\/about_3-1280x853.jpg 1280w, https:\/\/rolandbaldi.com\/wp-content\/uploads\/2019\/12\/about_3-980x653.jpg 980w, https:\/\/rolandbaldi.com\/wp-content\/uploads\/2019\/12\/about_3-480x320.jpg 480w\" sizes=\"(min-width: 0px) and (max-width: 480px) 480px, (min-width: 481px) and (max-width: 980px) 980px, (min-width: 981px) and (max-width: 1280px) 1280px, (min-width: 1281px) 1800px, 100vw\" \/><\/div><div class=\"ls-slide\" data-ls=\"duration:3000;kenburnsscale:1.2;\"><img width=\"1800\" height=\"1188\" src=\"https:\/\/rolandbaldi.com\/wp-content\/uploads\/2019\/12\/about_1.jpg\" class=\"ls-bg\" alt=\"\" srcset=\"https:\/\/rolandbaldi.com\/wp-content\/uploads\/2019\/12\/about_1.jpg 1800w, https:\/\/rolandbaldi.com\/wp-content\/uploads\/2019\/12\/about_1-1280x845.jpg 1280w, https:\/\/rolandbaldi.com\/wp-content\/uploads\/2019\/12\/about_1-980x647.jpg 980w, https:\/\/rolandbaldi.com\/wp-content\/uploads\/2019\/12\/about_1-480x317.jpg 480w\" sizes=\"(min-width: 0px) and (max-width: 480px) 480px, (min-width: 481px) and (max-width: 980px) 980px, (min-width: 981px) and (max-width: 1280px) 1280px, (min-width: 1281px) 1800px, 100vw\" \/><\/div><div class=\"ls-slide\" data-ls=\"duration:3000;kenburnsscale:1.2;\"><img width=\"1800\" height=\"1176\" src=\"https:\/\/rolandbaldi.com\/wp-content\/uploads\/2019\/12\/about_2.jpg\" class=\"ls-bg\" alt=\"\" srcset=\"https:\/\/rolandbaldi.com\/wp-content\/uploads\/2019\/12\/about_2.jpg 1800w, https:\/\/rolandbaldi.com\/wp-content\/uploads\/2019\/12\/about_2-1280x836.jpg 1280w, https:\/\/rolandbaldi.com\/wp-content\/uploads\/2019\/12\/about_2-980x640.jpg 980w, https:\/\/rolandbaldi.com\/wp-content\/uploads\/2019\/12\/about_2-480x314.jpg 480w\" sizes=\"(min-width: 0px) and (max-width: 480px) 480px, (min-width: 481px) and (max-width: 980px) 980px, (min-width: 981px) and (max-width: 1280px) 1280px, (min-width: 1281px) 1800px, 100vw\" \/><\/div><\/div>[\/et_pb_fullwidth_code][\/et_pb_section][et_pb_section fb_built=&#8220;1&#8243; _builder_version=&#8220;4.16&#8243; global_colors_info=&#8220;{}&#8220;][et_pb_row column_structure=&#8220;1_2,1_2&#8243; use_custom_gutter=&#8220;on&#8220; gutter_width=&#8220;1&#8243; _builder_version=&#8220;4.16&#8243; width=&#8220;100%&#8220; max_width=&#8220;100%&#8220; module_alignment=&#8220;center&#8220; custom_margin=&#8220;5%|||&#8220; custom_padding=&#8220;|10%|25px|10%||&#8220; global_colors_info=&#8220;{}&#8220;][et_pb_column type=&#8220;1_2&#8243; _builder_version=&#8220;4.16&#8243; custom_padding=&#8220;|||&#8220; global_colors_info=&#8220;{}&#8220; custom_padding__hover=&#8220;|||&#8220;][et_pb_text _builder_version=&#8220;4.16&#8243; text_font=&#8220;||||||||&#8220; header_font=&#8220;helvetica-light|300|||||||&#8220; header_text_color=&#8220;#0d85db&#8220; header_font_size=&#8220;50px&#8220; custom_margin_tablet=&#8220;&#8220; custom_margin_phone=&#8220;10%||||false|false&#8220; custom_margin_last_edited=&#8220;on|phone&#8220; custom_padding=&#8220;||28px|||&#8220; global_colors_info=&#8220;{}&#8220;]<\/p>\n<h1 style=\"text-align: left;\">about<\/h1>\n<p>[\/et_pb_text][et_pb_divider color=&#8220;#0c71c3&#8243; divider_weight=&#8220;6px&#8220; _builder_version=&#8220;4.16&#8243; width=&#8220;30px&#8220; module_alignment=&#8220;left&#8220; custom_margin=&#8220;-17px||13px&#8220; global_colors_info=&#8220;{}&#8220;][\/et_pb_divider][et_pb_text _builder_version=&#8220;4.16&#8243; text_font=&#8220;helvetica-light|300|||||||&#8220; text_text_color=&#8220;#2b2b2b&#8220; text_line_height=&#8220;1.4em&#8220; header_font=&#8220;Roboto|100|||||||&#8220; header_text_color=&#8220;#0d85db&#8220; header_font_size=&#8220;51px&#8220; custom_margin=&#8220;|5%|||false|false&#8220; custom_padding=&#8220;||28px|||&#8220; global_colors_info=&#8220;{}&#8220;]Das B\u00fcro Roland Baldi Architects wurde 1994 in Bozen gegr\u00fcndet. Das Spektrum unserer Arbeit umfasst eine Vielzahl anspruchsvoller Bauaufgaben, die sich in Gr\u00f6\u00dfe, Kontext und Funktion unterscheiden. Eine gro\u00dfe Sensibilit\u00e4t f\u00fcr die jeweilige Umgebung, Funktionalit\u00e4t und eine zeitgem\u00e4\u00dfe Formensprache\u00a0pr\u00e4gen unsere Architektur: simple but different. Ein wesentlicher Aspekt dabei ist, auch f\u00fcr komplexe Aufgabenstellungen Architektur auf das Wesentliche und damit auf ihre einfachste Form zu reduzieren. Wenige, aber bewusst eingesetzte Materialien und Farben, eine klare Linienf\u00fchrung, die Ber\u00fccksichtigung ortsgebundener Bez\u00fcge, Funktionalit\u00e4t und Wirtschaftlichkeit sind die Basis f\u00fcr das Entstehen unserer qualit\u00e4tsvollen, zeitlosen Architektur. Dabei steht, durch alle Projektphasen hindurch, der Nutzer mit seinen Bed\u00fcrfnissen und Anforderungen im Mittelpunkt. Nebst der projektbezogenen Recherche und Planung beteiligt sich das B\u00fcro aktiv, kritisch und reflektierend an aktuellen Debatten \u00fcber zeitgen\u00f6ssische Architektur, Kunst und Design.[\/et_pb_text][\/et_pb_column][et_pb_column type=&#8220;1_2&#8243; _builder_version=&#8220;4.16&#8243; custom_padding=&#8220;|||&#8220; global_colors_info=&#8220;{}&#8220; custom_padding__hover=&#8220;|||&#8220;][et_pb_image src=&#8220;https:\/\/rolandbaldi.com\/wp-content\/uploads\/2019\/12\/baldi.jpg&#8220; _builder_version=&#8220;4.16&#8243; box_shadow_style=&#8220;preset4&#8243; box_shadow_horizontal=&#8220;100px&#8220; box_shadow_vertical=&#8220;100px&#8220; box_shadow_spread=&#8220;-53px&#8220; box_shadow_color=&#8220;#0c71c3&#8243; global_colors_info=&#8220;{}&#8220;][\/et_pb_image][\/et_pb_column][\/et_pb_row][et_pb_row use_custom_gutter=&#8220;on&#8220; gutter_width=&#8220;1&#8243; _builder_version=&#8220;4.16&#8243; width=&#8220;100%&#8220; max_width=&#8220;100%&#8220; module_alignment=&#8220;center&#8220; custom_margin=&#8220;0.4%|auto||auto||&#8220; custom_padding=&#8220;50px|10%|0px|10%||&#8220; global_colors_info=&#8220;{}&#8220;][et_pb_column type=&#8220;4_4&#8243; _builder_version=&#8220;4.16&#8243; custom_padding=&#8220;|||&#8220; global_colors_info=&#8220;{}&#8220; custom_padding__hover=&#8220;|||&#8220;][et_pb_divider color=&#8220;#0d85db&#8220; divider_weight=&#8220;1px&#8220; _builder_version=&#8220;4.16&#8243; width=&#8220;100%&#8220; module_alignment=&#8220;left&#8220; custom_margin=&#8220;0px||13px&#8220; global_colors_info=&#8220;{}&#8220;][\/et_pb_divider][\/et_pb_column][\/et_pb_row][et_pb_row column_structure=&#8220;1_3,1_3,1_3&#8243; use_custom_gutter=&#8220;on&#8220; gutter_width=&#8220;2&#8243; _builder_version=&#8220;4.16&#8243; width=&#8220;100%&#8220; max_width=&#8220;100%&#8220; module_alignment=&#8220;center&#8220; custom_margin=&#8220;2%|auto||auto||&#8220; custom_padding=&#8220;|10%|25px|10%||&#8220; global_colors_info=&#8220;{}&#8220;][et_pb_column type=&#8220;1_3&#8243; _builder_version=&#8220;4.16&#8243; custom_padding=&#8220;|||&#8220; global_colors_info=&#8220;{}&#8220; custom_padding__hover=&#8220;|||&#8220;][et_pb_text _builder_version=&#8220;4.16&#8243; header_font=&#8220;helvetica-light||||||||&#8220; header_font_size=&#8220;20px&#8220; header_line_height=&#8220;1.2em&#8220; header_2_font=&#8220;helvetica-light|300|||||||&#8220; header_2_text_color=&#8220;#0d85db&#8220; header_2_font_size=&#8220;30px&#8220; header_2_line_height=&#8220;1.2em&#8220; global_colors_info=&#8220;{}&#8220;]<\/p>\n<h2><a href=\"https:\/\/rolandbaldi.com\/de\/projekte\/\">projekte<\/a><\/h2>\n<h2><a href=\"https:\/\/rolandbaldi.com\/de\/studien\/\">studien<\/a><\/h2>\n<h2><a href=\"https:\/\/rolandbaldi.com\/de\/wettbewerbe\/\">wettbewerbe<\/a><\/h2>\n<p>[\/et_pb_text][\/et_pb_column][et_pb_column type=&#8220;1_3&#8243; _builder_version=&#8220;4.16&#8243; custom_padding=&#8220;|||&#8220; global_colors_info=&#8220;{}&#8220; custom_padding__hover=&#8220;|||&#8220;][et_pb_text _builder_version=&#8220;4.17.6&#8243; text_font=&#8220;helvetica-light|300|||||||&#8220; text_text_color=&#8220;#2b2b2b&#8220; text_line_height=&#8220;1.4em&#8220; header_font=&#8220;Roboto|100|||||||&#8220; header_text_color=&#8220;#0d85db&#8220; header_font_size=&#8220;51px&#8220; custom_padding=&#8220;||28px|||&#8220; global_colors_info=&#8220;{}&#8220;]<\/p>\n<p>Der kulturelle Mix S\u00fcdtirols spiegelt sich im B\u00fcro wider, in dem Architekten verschiedener Herkunft und Ausbildung in Projektteams zusammenarbeiten. Die Projekte, die Mehrzahl davon sind das Ergebnis gewonnener Wettbewerbe, reichen von \u00f6ffentlichen und privaten Bauten \u00fcber Gewerbebauten bis hin zu St\u00e4dtebau und Interior Design. Zu den wichtigsten Projekten geh\u00f6ren die Bergbahn Meran 2000, der Sitz der TechnoAlpin in Bozen, der Kindergarten Schluderns, das Zivilschutzzentrum Ritten, das Mobilit\u00e4tszentrum Klobenstein und viele weitere mehr.<\/p>\n<p>[\/et_pb_text][\/et_pb_column][et_pb_column type=&#8220;1_3&#8243; _builder_version=&#8220;4.16&#8243; custom_padding=&#8220;|||&#8220; global_colors_info=&#8220;{}&#8220; custom_padding__hover=&#8220;|||&#8220;][et_pb_text _builder_version=&#8220;4.17.6&#8243; text_font=&#8220;helvetica-light|300|||||||&#8220; text_text_color=&#8220;#2b2b2b&#8220; text_line_height=&#8220;1.4em&#8220; header_font=&#8220;Roboto|100|||||||&#8220; header_text_color=&#8220;#0d85db&#8220; header_font_size=&#8220;51px&#8220; custom_padding=&#8220;||28px|||&#8220; global_colors_info=&#8220;{}&#8220;]<\/p>\n<p>Viele der realisierten Bauten wurden bei nationalen und internationalen Architekturpreisen ausgezeichnet und bei internationalen Ausstellungen pr\u00e4sentiert (u.a. Architekturbiennale S\u00e3o Paulo, Architekturbiennale Venedig, Premio Architettura Citt\u00e0 di Oderzo, S\u00fcdtiroler Architekturpreis, best architects award, Iconic Awards, Premio Architetto dell\u2019anno, Wood Architecture Prize).<\/p>\n<p>[\/et_pb_text][\/et_pb_column][\/et_pb_row][\/et_pb_section][et_pb_section fb_built=&#8220;1&#8243; _builder_version=&#8220;4.16&#8243; custom_padding=&#8220;0px|||||&#8220; global_colors_info=&#8220;{}&#8220;][et_pb_row use_custom_gutter=&#8220;on&#8220; gutter_width=&#8220;1&#8243; _builder_version=&#8220;4.16&#8243; width=&#8220;100%&#8220; max_width=&#8220;100%&#8220; module_alignment=&#8220;center&#8220; custom_margin=&#8220;0.4%|auto||auto||&#8220; custom_padding=&#8220;50px|10%|0px|10%||&#8220; global_colors_info=&#8220;{}&#8220;][et_pb_column type=&#8220;4_4&#8243; _builder_version=&#8220;4.16&#8243; custom_padding=&#8220;|||&#8220; global_colors_info=&#8220;{}&#8220; custom_padding__hover=&#8220;|||&#8220;][et_pb_text _builder_version=&#8220;4.17.6&#8243; text_font=&#8220;||||||||&#8220; header_font=&#8220;||||||||&#8220; header_text_color=&#8220;#0c71c3&#8243; header_font_size=&#8220;36px&#8220; header_6_font=&#8220;helvetica-light|700|||||||&#8220; header_6_text_color=&#8220;#0d85db&#8220; header_6_font_size=&#8220;18px&#8220; global_colors_info=&#8220;{}&#8220;]<\/p>\n<h6>team<\/h6>\n<p>[\/et_pb_text][et_pb_divider color=&#8220;#0d85db&#8220; divider_weight=&#8220;1px&#8220; _builder_version=&#8220;4.16&#8243; width=&#8220;100%&#8220; module_alignment=&#8220;left&#8220; custom_margin=&#8220;0px||13px&#8220; global_colors_info=&#8220;{}&#8220;][\/et_pb_divider][\/et_pb_column][\/et_pb_row][et_pb_row column_structure=&#8220;1_4,1_4,1_4,1_4&#8243; use_custom_gutter=&#8220;on&#8220; gutter_width=&#8220;1&#8243; make_equal=&#8220;on&#8220; _builder_version=&#8220;4.17.6&#8243; width=&#8220;100%&#8220; max_width=&#8220;100%&#8220; custom_margin=&#8220;|||&#8220; custom_padding=&#8220;|10%|10px|10%||&#8220; locked=&#8220;off&#8220; global_colors_info=&#8220;{}&#8220;][et_pb_column type=&#8220;1_4&#8243; _builder_version=&#8220;4.16&#8243; custom_padding=&#8220;|||&#8220; global_colors_info=&#8220;{}&#8220; custom_padding__hover=&#8220;|||&#8220;][et_pb_text _builder_version=&#8220;4.17.6&#8243; text_font=&#8220;Roboto|300|||||||&#8220; header_font=&#8220;Roboto|100|||||||&#8220; header_font_size=&#8220;36px&#8220; header_6_font=&#8220;Roboto||||||||&#8220; header_6_line_height=&#8220;1.2em&#8220; inline_fonts=&#8220;helvetica-light&#8220; global_colors_info=&#8220;{}&#8220;]<\/p>\n<h6 class=\"p1\"><strong><span style=\"font-family: helvetica-light;\">Carlo Scolari<\/span><\/strong><strong><span style=\"font-family: helvetica-light;\"><\/span><\/strong><strong><span style=\"font-family: helvetica-light;\"><\/span><\/strong><\/h6>\n<p>[\/et_pb_text][et_pb_text _builder_version=&#8220;4.17.6&#8243; text_font=&#8220;Roboto|300|||||||&#8220; header_font=&#8220;Roboto|100|||||||&#8220; header_font_size=&#8220;36px&#8220; header_6_font=&#8220;Roboto||||||||&#8220; header_6_line_height=&#8220;1.2em&#8220; hover_enabled=&#8220;0&#8243; inline_fonts=&#8220;helvetica-light&#8220; global_colors_info=&#8220;{}&#8220; sticky_enabled=&#8220;0&#8243;]<\/p>\n<h6 class=\"p1\"><strong><span style=\"font-family: helvetica-light;\">Heike Linster<\/span><\/strong><strong><span style=\"font-family: helvetica-light;\"><\/span><\/strong><strong><span style=\"font-family: helvetica-light;\"><\/span><\/strong><\/h6>\n<p>[\/et_pb_text][et_pb_text _builder_version=&#8220;4.17.6&#8243; text_font=&#8220;Roboto|300|||||||&#8220; header_font=&#8220;Roboto|100|||||||&#8220; header_font_size=&#8220;36px&#8220; header_6_font=&#8220;Roboto||||||||&#8220; header_6_line_height=&#8220;1.2em&#8220; inline_fonts=&#8220;helvetica-light&#8220; global_colors_info=&#8220;{}&#8220;]<\/p>\n<h6 class=\"p1\"><strong><span style=\"font-family: helvetica-light;\">Mattia Michieletto<\/span><\/strong><strong><span style=\"font-family: helvetica-light;\"><\/span><\/strong><\/h6>\n<h6 class=\"p1\"><strong><span style=\"font-family: helvetica-light;\">Sila Giriftinoglu<br \/><\/span><\/strong><\/h6>\n<p>[\/et_pb_text][et_pb_text _builder_version=&#8220;4.17.6&#8243; text_font=&#8220;Roboto|300|||||||&#8220; header_font=&#8220;Roboto|100|||||||&#8220; header_font_size=&#8220;36px&#8220; header_6_font=&#8220;Roboto||||||||&#8220; header_6_line_height=&#8220;1.2em&#8220; inline_fonts=&#8220;helvetica-light&#8220; global_colors_info=&#8220;{}&#8220;]<\/p>\n<h6 class=\"p1\"><strong><span style=\"font-family: helvetica-light;\">Elena Casati<\/span><\/strong><\/h6>\n<p>[\/et_pb_text][et_pb_text _builder_version=&#8220;4.16&#8243; text_font=&#8220;Roboto|300|||||||&#8220; header_font=&#8220;Roboto|100|||||||&#8220; header_font_size=&#8220;36px&#8220; header_6_font=&#8220;Roboto||||||||&#8220; header_6_line_height=&#8220;1.2em&#8220; inline_fonts=&#8220;helvetica-light&#8220; global_colors_info=&#8220;{}&#8220;]<\/p>\n<h6 class=\"p1\"><strong><span style=\"font-family: helvetica-light;\">Kathrin\u00a0<\/span><\/strong><strong><span style=\"font-family: helvetica-light;\">Hofer<\/span><\/strong><\/h6>\n<p>[\/et_pb_text][et_pb_text _builder_version=&#8220;4.16&#8243; text_font=&#8220;Roboto|300|||||||&#8220; header_font=&#8220;Roboto|100|||||||&#8220; header_font_size=&#8220;36px&#8220; header_6_font=&#8220;Roboto||||||||&#8220; header_6_line_height=&#8220;1.2em&#8220; inline_fonts=&#8220;helvetica-light&#8220; global_colors_info=&#8220;{}&#8220;]<\/p>\n<h6 class=\"p1\"><strong><span style=\"font-family: helvetica-light;\">Yvonne\u00a0<\/span><\/strong><strong><span style=\"font-family: helvetica-light;\">Lindner<\/span><\/strong><\/h6>\n<p>[\/et_pb_text][et_pb_text _builder_version=&#8220;4.16&#8243; text_font=&#8220;Roboto|300|||||||&#8220; header_font=&#8220;Roboto|100|||||||&#8220; header_font_size=&#8220;36px&#8220; header_6_font=&#8220;Roboto||||||||&#8220; header_6_line_height=&#8220;1.2em&#8220; inline_fonts=&#8220;helvetica-light&#8220; global_colors_info=&#8220;{}&#8220;]<\/p>\n<h6 class=\"p1\"><strong><span style=\"font-family: helvetica-light;\">Olaf\u00a0<\/span><\/strong><strong><span style=\"font-family: helvetica-light;\">K\u00f6hler<\/span><\/strong><\/h6>\n<p>[\/et_pb_text][\/et_pb_column][et_pb_column type=&#8220;1_4&#8243; _builder_version=&#8220;4.16&#8243; custom_padding=&#8220;|||&#8220; global_colors_info=&#8220;{}&#8220; custom_padding__hover=&#8220;|||&#8220;][et_pb_text _builder_version=&#8220;4.17.6&#8243; text_font=&#8220;Roboto|300|||||||&#8220; header_font=&#8220;Roboto|100|||||||&#8220; header_font_size=&#8220;36px&#8220; header_6_font=&#8220;Roboto||||||||&#8220; header_6_line_height=&#8220;1.2em&#8220; inline_fonts=&#8220;helvetica-light&#8220; global_colors_info=&#8220;{}&#8220;]<\/p>\n<h6 class=\"p1\"><strong><span style=\"font-family: helvetica-light;\">Erica Mazzoni<\/span><\/strong><\/h6>\n<p>[\/et_pb_text][et_pb_text _builder_version=&#8220;4.17.6&#8243; text_font=&#8220;Roboto|300|||||||&#8220; header_font=&#8220;Roboto|100|||||||&#8220; header_font_size=&#8220;36px&#8220; header_6_font=&#8220;Roboto||||||||&#8220; header_6_line_height=&#8220;1.2em&#8220; hover_enabled=&#8220;0&#8243; inline_fonts=&#8220;helvetica-light&#8220; global_colors_info=&#8220;{}&#8220; sticky_enabled=&#8220;0&#8243;]<\/p>\n<h6 class=\"p1\"><strong><span style=\"font-family: helvetica-light;\">Astrid Hasler<\/span><\/strong><\/h6>\n<p>[\/et_pb_text][et_pb_text _builder_version=&#8220;4.17.6&#8243; text_font=&#8220;Roboto|300|||||||&#8220; header_font=&#8220;Roboto|100|||||||&#8220; header_font_size=&#8220;36px&#8220; header_6_font=&#8220;Roboto||||||||&#8220; header_6_line_height=&#8220;1.2em&#8220; inline_fonts=&#8220;helvetica-light&#8220; global_colors_info=&#8220;{}&#8220;]<\/p>\n<h6 class=\"p1\"><strong><span style=\"font-family: helvetica-light;\">Michele Guasco<br \/><\/span><\/strong><\/h6>\n<p>[\/et_pb_text][et_pb_text _builder_version=&#8220;4.16&#8243; text_font=&#8220;Roboto|300|||||||&#8220; header_font=&#8220;Roboto|100|||||||&#8220; header_font_size=&#8220;36px&#8220; header_6_font=&#8220;Roboto||||||||&#8220; header_6_line_height=&#8220;1.2em&#8220; inline_fonts=&#8220;helvetica-light&#8220; global_colors_info=&#8220;{}&#8220;]<\/p>\n<h6 class=\"p1\"><strong><span style=\"font-family: helvetica-light;\">Harald\u00a0<\/span><\/strong><strong><span style=\"font-family: helvetica-light;\">Kofler<\/span><\/strong><\/h6>\n<p>[\/et_pb_text][et_pb_text _builder_version=&#8220;4.16&#8243; text_font=&#8220;Roboto|300|||||||&#8220; header_font=&#8220;Roboto|100|||||||&#8220; header_font_size=&#8220;36px&#8220; header_6_font=&#8220;Roboto||||||||&#8220; header_6_line_height=&#8220;1.2em&#8220; inline_fonts=&#8220;helvetica-light&#8220; global_colors_info=&#8220;{}&#8220;]<\/p>\n<h6 class=\"p1\"><strong><span style=\"font-family: helvetica-light;\">Rosita\u00a0<\/span><\/strong><strong><span style=\"font-family: helvetica-light;\">Izzo<\/span><\/strong><\/h6>\n<p>[\/et_pb_text][et_pb_text _builder_version=&#8220;4.16&#8243; text_font=&#8220;Roboto|300|||||||&#8220; header_font=&#8220;Roboto|100|||||||&#8220; header_font_size=&#8220;36px&#8220; header_6_font=&#8220;Roboto||||||||&#8220; header_6_line_height=&#8220;1.2em&#8220; inline_fonts=&#8220;helvetica-light&#8220; global_colors_info=&#8220;{}&#8220;]<\/p>\n<h6 class=\"p1\"><strong><span style=\"font-family: helvetica-light;\">Thorsten\u00a0<\/span><\/strong><strong><span style=\"font-family: helvetica-light;\">G\u00f6tz<\/span><\/strong><\/h6>\n<p>[\/et_pb_text][et_pb_text _builder_version=&#8220;4.16&#8243; text_font=&#8220;Roboto|300|||||||&#8220; header_font=&#8220;Roboto|100|||||||&#8220; header_font_size=&#8220;36px&#8220; header_6_font=&#8220;Roboto||||||||&#8220; header_6_line_height=&#8220;1.2em&#8220; inline_fonts=&#8220;helvetica-light&#8220; global_colors_info=&#8220;{}&#8220;]<\/p>\n<h6 class=\"p1\"><strong><span style=\"font-family: helvetica-light;\">Daniela Calia<\/span><\/strong><\/h6>\n<p>[\/et_pb_text][et_pb_text _builder_version=&#8220;4.17.6&#8243; text_font=&#8220;Roboto|300|||||||&#8220; header_font=&#8220;Roboto|100|||||||&#8220; header_font_size=&#8220;36px&#8220; header_6_font=&#8220;Roboto||||||||&#8220; header_6_line_height=&#8220;1.2em&#8220; inline_fonts=&#8220;helvetica-light&#8220; global_colors_info=&#8220;{}&#8220;]<\/p>\n<h6 class=\"p1\"><strong><span style=\"font-family: helvetica-light;\">Christa <\/span><\/strong><strong><span style=\"font-family: helvetica-light;\">Mair<\/span><\/strong><\/h6>\n<p>[\/et_pb_text][\/et_pb_column][et_pb_column type=&#8220;1_4&#8243; _builder_version=&#8220;4.16&#8243; custom_padding=&#8220;|||&#8220; global_colors_info=&#8220;{}&#8220; custom_padding__hover=&#8220;|||&#8220;][et_pb_text _builder_version=&#8220;4.17.6&#8243; text_font=&#8220;Roboto|300|||||||&#8220; header_font=&#8220;Roboto|100|||||||&#8220; header_font_size=&#8220;36px&#8220; header_6_font=&#8220;Roboto||||||||&#8220; header_6_line_height=&#8220;1.2em&#8220; inline_fonts=&#8220;helvetica-light&#8220; global_colors_info=&#8220;{}&#8220;]<\/p>\n<h6 class=\"p1\"><strong><span style=\"font-family: helvetica-light;\">Ege Ediger<\/span><\/strong><\/h6>\n<p>[\/et_pb_text][et_pb_text _builder_version=&#8220;4.17.6&#8243; text_font=&#8220;Roboto|300|||||||&#8220; header_font=&#8220;Roboto|100|||||||&#8220; header_font_size=&#8220;36px&#8220; header_6_font=&#8220;Roboto||||||||&#8220; header_6_line_height=&#8220;1.2em&#8220; inline_fonts=&#8220;helvetica-light&#8220; global_colors_info=&#8220;{}&#8220;]<\/p>\n<h6 class=\"p1\"><strong><span style=\"font-family: helvetica-light;\">Manuel Stimmer<\/span><\/strong><strong><span style=\"font-family: helvetica-light;\"><\/span><\/strong><strong><span style=\"font-family: helvetica-light;\"><\/span><\/strong><\/h6>\n<p>[\/et_pb_text][et_pb_text _builder_version=&#8220;4.16&#8243; text_font=&#8220;Roboto|300|||||||&#8220; header_font=&#8220;Roboto|100|||||||&#8220; header_font_size=&#8220;36px&#8220; header_6_font=&#8220;Roboto||||||||&#8220; header_6_line_height=&#8220;1.2em&#8220; inline_fonts=&#8220;helvetica-light&#8220; global_colors_info=&#8220;{}&#8220;]<\/p>\n<h6 class=\"p1\"><strong><span style=\"font-family: helvetica-light;\">Karin\u00a0<\/span><\/strong><strong><span style=\"font-family: helvetica-light;\">Kretschmer<\/span><\/strong><\/h6>\n<p>[\/et_pb_text][et_pb_text _builder_version=&#8220;4.16&#8243; text_font=&#8220;Roboto|300|||||||&#8220; header_font=&#8220;Roboto|100|||||||&#8220; header_font_size=&#8220;36px&#8220; header_6_font=&#8220;Roboto||||||||&#8220; header_6_line_height=&#8220;1.2em&#8220; inline_fonts=&#8220;helvetica-light&#8220; global_colors_info=&#8220;{}&#8220;]<\/p>\n<h6 class=\"p1\"><strong><span style=\"font-family: helvetica-light;\">Natalie\u00a0<\/span><\/strong><strong><span style=\"font-family: helvetica-light;\">Weber<\/span><\/strong><\/h6>\n<p>[\/et_pb_text][et_pb_text _builder_version=&#8220;4.16&#8243; text_font=&#8220;Roboto|300|||||||&#8220; header_font=&#8220;Roboto|100|||||||&#8220; header_font_size=&#8220;36px&#8220; header_6_font=&#8220;Roboto||||||||&#8220; header_6_line_height=&#8220;1.2em&#8220; inline_fonts=&#8220;helvetica-light&#8220; global_colors_info=&#8220;{}&#8220;]<\/p>\n<h6 class=\"p1\"><strong><span style=\"font-family: helvetica-light;\">Bernhard\u00a0<\/span><\/strong><strong><span style=\"font-family: helvetica-light;\">Doll<\/span><\/strong><\/h6>\n<p>[\/et_pb_text][et_pb_text _builder_version=&#8220;4.16&#8243; text_font=&#8220;Roboto|300|||||||&#8220; header_font=&#8220;Roboto|100|||||||&#8220; header_font_size=&#8220;36px&#8220; header_6_font=&#8220;Roboto||||||||&#8220; header_6_line_height=&#8220;1.2em&#8220; inline_fonts=&#8220;helvetica-light&#8220; global_colors_info=&#8220;{}&#8220;]<\/p>\n<h6 class=\"p1\"><strong><span style=\"font-family: helvetica-light;\">Roberto\u00a0<\/span><\/strong><strong><span style=\"font-family: helvetica-light;\">Gigliotti<\/span><\/strong><\/h6>\n<p>[\/et_pb_text][et_pb_text _builder_version=&#8220;4.16&#8243; text_font=&#8220;Roboto|300|||||||&#8220; header_font=&#8220;Roboto|100|||||||&#8220; header_font_size=&#8220;36px&#8220; header_6_font=&#8220;Roboto||||||||&#8220; header_6_line_height=&#8220;1.2em&#8220; inline_fonts=&#8220;helvetica-light&#8220; global_colors_info=&#8220;{}&#8220;]<\/p>\n<h6 class=\"p1\"><strong><span style=\"font-family: helvetica-light;\">Rudi Zancan<\/span><\/strong><\/h6>\n<p>[\/et_pb_text][et_pb_text _builder_version=&#8220;4.16&#8243; text_font=&#8220;Roboto|300|||||||&#8220; header_font=&#8220;Roboto|100|||||||&#8220; header_font_size=&#8220;36px&#8220; header_6_font=&#8220;Roboto||||||||&#8220; header_6_line_height=&#8220;1.2em&#8220; inline_fonts=&#8220;helvetica-light&#8220; global_colors_info=&#8220;{}&#8220;]<\/p>\n<h6 class=\"p1\"><strong><span style=\"font-family: helvetica-light;\">Rinaldo Zanovello<\/span><\/strong><\/h6>\n<p>[\/et_pb_text][\/et_pb_column][et_pb_column type=&#8220;1_4&#8243; _builder_version=&#8220;4.16&#8243; custom_padding=&#8220;|||&#8220; global_colors_info=&#8220;{}&#8220; custom_padding__hover=&#8220;|||&#8220;][et_pb_text _builder_version=&#8220;4.17.6&#8243; text_font=&#8220;Roboto|300|||||||&#8220; header_font=&#8220;Roboto|100|||||||&#8220; header_font_size=&#8220;36px&#8220; header_6_font=&#8220;Roboto||||||||&#8220; header_6_line_height=&#8220;1.2em&#8220; custom_padding=&#8220;1px|||||&#8220; inline_fonts=&#8220;helvetica-light&#8220; global_colors_info=&#8220;{}&#8220;]<\/p>\n<h6 class=\"p1\"><strong><span style=\"font-family: helvetica-light;\">Roberta Zucchetti<\/span><\/strong><\/h6>\n<p>[\/et_pb_text][et_pb_text _builder_version=&#8220;4.17.6&#8243; text_font=&#8220;Roboto|300|||||||&#8220; header_font=&#8220;Roboto|100|||||||&#8220; header_font_size=&#8220;36px&#8220; header_6_font=&#8220;Roboto||||||||&#8220; header_6_line_height=&#8220;1.2em&#8220; inline_fonts=&#8220;helvetica-light&#8220; global_colors_info=&#8220;{}&#8220;]<\/p>\n<h6 class=\"p1\"><strong><span style=\"font-family: helvetica-light;\">Nico Braun<br \/><\/span><\/strong><\/h6>\n<p>[\/et_pb_text][et_pb_text _builder_version=&#8220;4.17.6&#8243; text_font=&#8220;Roboto|300|||||||&#8220; header_font=&#8220;Roboto|100|||||||&#8220; header_font_size=&#8220;36px&#8220; header_6_font=&#8220;Roboto||||||||&#8220; header_6_line_height=&#8220;1.2em&#8220; inline_fonts=&#8220;helvetica-light&#8220; global_colors_info=&#8220;{}&#8220;]<\/p>\n<h6 class=\"p1\"><span style=\"font-family: helvetica-light;\"><b><strong>Paolo<\/strong> <\/b><\/span><strong><span style=\"font-family: helvetica-light;\">Tibaldo<\/span><\/strong><\/h6>\n<h6 class=\"p1\"><strong><span style=\"font-family: helvetica-light;\">Roland Decarli<br \/><\/span><\/strong><\/h6>\n<p>[\/et_pb_text][et_pb_text _builder_version=&#8220;4.16&#8243; text_font=&#8220;Roboto|300|||||||&#8220; header_font=&#8220;Roboto|100|||||||&#8220; header_font_size=&#8220;36px&#8220; header_6_font=&#8220;Roboto||||||||&#8220; header_6_line_height=&#8220;1.2em&#8220; inline_fonts=&#8220;helvetica-light&#8220; global_colors_info=&#8220;{}&#8220;]<\/p>\n<h6 class=\"p1\"><strong><span style=\"font-family: helvetica-light;\">Renato Brito<\/span><\/strong><\/h6>\n<p>[\/et_pb_text][et_pb_text _builder_version=&#8220;4.16&#8243; text_font=&#8220;Roboto|300|||||||&#8220; header_font=&#8220;Roboto|100|||||||&#8220; header_font_size=&#8220;36px&#8220; header_6_font=&#8220;Roboto||||||||&#8220; header_6_line_height=&#8220;1.2em&#8220; inline_fonts=&#8220;helvetica-light&#8220; global_colors_info=&#8220;{}&#8220;]<\/p>\n<h6 class=\"p1\"><strong><span style=\"font-family: helvetica-light;\">Marco\u00a0<\/span><\/strong><strong><span style=\"font-family: helvetica-light;\">Sette<\/span><\/strong><\/h6>\n<p>[\/et_pb_text][et_pb_text _builder_version=&#8220;4.16&#8243; text_font=&#8220;Roboto|300|||||||&#8220; header_font=&#8220;Roboto|100|||||||&#8220; header_font_size=&#8220;36px&#8220; header_6_font=&#8220;Roboto||||||||&#8220; header_6_line_height=&#8220;1.2em&#8220; inline_fonts=&#8220;helvetica-light&#8220; global_colors_info=&#8220;{}&#8220;]<\/p>\n<h6 class=\"p1\"><strong><span style=\"font-family: helvetica-light;\">Thomas\u00a0<\/span><\/strong><strong><span style=\"font-family: helvetica-light;\">Kienzl<\/span><\/strong><\/h6>\n<p>[\/et_pb_text][\/et_pb_column][\/et_pb_row][\/et_pb_section][et_pb_section fb_built=&#8220;1&#8243; disabled_on=&#8220;off|off|off&#8220; _builder_version=&#8220;4.16&#8243; custom_padding=&#8220;0px|||||&#8220; global_colors_info=&#8220;{}&#8220;][et_pb_row use_custom_gutter=&#8220;on&#8220; gutter_width=&#8220;1&#8243; _builder_version=&#8220;4.16&#8243; width=&#8220;100%&#8220; max_width=&#8220;100%&#8220; module_alignment=&#8220;center&#8220; custom_margin=&#8220;0.4%|auto||auto||&#8220; custom_padding=&#8220;50px|10%|0px|10%||&#8220; global_colors_info=&#8220;{}&#8220;][et_pb_column type=&#8220;4_4&#8243; _builder_version=&#8220;4.16&#8243; custom_padding=&#8220;|||&#8220; global_colors_info=&#8220;{}&#8220; custom_padding__hover=&#8220;|||&#8220;][et_pb_text _builder_version=&#8220;4.16&#8243; text_font=&#8220;||||||||&#8220; header_font=&#8220;||||||||&#8220; header_text_color=&#8220;#0c71c3&#8243; header_font_size=&#8220;36px&#8220; header_6_font=&#8220;helvetica-light|700|||||||&#8220; header_6_text_color=&#8220;#0d85db&#8220; header_6_font_size=&#8220;18px&#8220; global_colors_info=&#8220;{}&#8220;]<\/p>\n<h6>buch<\/h6>\n<p>[\/et_pb_text][et_pb_divider color=&#8220;#0d85db&#8220; divider_weight=&#8220;1px&#8220; _builder_version=&#8220;4.16&#8243; width=&#8220;100%&#8220; module_alignment=&#8220;left&#8220; custom_margin=&#8220;0px||13px&#8220; global_colors_info=&#8220;{}&#8220;][\/et_pb_divider][\/et_pb_column][\/et_pb_row][\/et_pb_section][et_pb_section fb_built=&#8220;1&#8243; _builder_version=&#8220;4.16&#8243; custom_margin=&#8220;||-2px|||&#8220; global_colors_info=&#8220;{}&#8220;][et_pb_row column_structure=&#8220;1_3,1_3,1_3&#8243; use_custom_gutter=&#8220;on&#8220; gutter_width=&#8220;2&#8243; disabled_on=&#8220;off|off|off&#8220; _builder_version=&#8220;4.16&#8243; width=&#8220;100%&#8220; max_width=&#8220;100%&#8220; module_alignment=&#8220;center&#8220; custom_margin=&#8220;|auto||auto|false|false&#8220; custom_padding=&#8220;|10%|25px|10%|false|false&#8220; global_colors_info=&#8220;{}&#8220;][et_pb_column type=&#8220;1_3&#8243; _builder_version=&#8220;4.16&#8243; custom_padding=&#8220;|||&#8220; global_colors_info=&#8220;{}&#8220; custom_padding__hover=&#8220;|||&#8220;][et_pb_text _builder_version=&#8220;4.16&#8243; text_font=&#8220;helvetica-light|300|||||||&#8220; text_text_color=&#8220;#2b2b2b&#8220; text_line_height=&#8220;1.4em&#8220; header_font=&#8220;Roboto|100|||||||&#8220; header_text_color=&#8220;#0d85db&#8220; header_font_size=&#8220;51px&#8220; custom_padding=&#8220;||28px|||&#8220; global_colors_info=&#8220;{}&#8220;]Im Jahr 2014 ver\u00f6ffentlichte Roland Baldi anl\u00e4sslich des 20j\u00e4hrigen Bestehens des B\u00fcros ein Buch, das eine Auswahl seiner Projekte zeigt. Es wurde bei der Er\u00f6ffnung der Architektur-Biennale in Venedig im Rahmen der Ausstellung \u201calpitecture meets biennale\u201d vorgestellt.[\/et_pb_text][\/et_pb_column][et_pb_column type=&#8220;1_3&#8243; _builder_version=&#8220;4.16&#8243; custom_padding=&#8220;|||&#8220; global_colors_info=&#8220;{}&#8220; custom_padding__hover=&#8220;|||&#8220;][et_pb_image src=&#8220;https:\/\/rolandbaldi.com\/wp-content\/uploads\/2020\/01\/mokup-libro_1_chiaro_ok.jpg&#8220; url=&#8220;https:\/\/issuu.com\/rolandbaldi\/docs\/roland_baldi&#8220; url_new_window=&#8220;on&#8220; _builder_version=&#8220;4.16&#8243; custom_margin=&#8220;||||false|false&#8220; custom_padding=&#8220;||||false|false&#8220; global_colors_info=&#8220;{}&#8220;][\/et_pb_image][et_pb_image src=&#8220;https:\/\/rolandbaldi.com\/wp-content\/uploads\/2020\/01\/mokup-libro_2_chiaro.jpg&#8220; url=&#8220;https:\/\/issuu.com\/rolandbaldi\/docs\/roland_baldi&#8220; url_new_window=&#8220;on&#8220; _builder_version=&#8220;4.16&#8243; custom_margin=&#8220;||||false|false&#8220; custom_padding=&#8220;||||false|false&#8220; global_colors_info=&#8220;{}&#8220;][\/et_pb_image][\/et_pb_column][et_pb_column type=&#8220;1_3&#8243; _builder_version=&#8220;4.16&#8243; global_colors_info=&#8220;{}&#8220;][et_pb_image src=&#8220;https:\/\/rolandbaldi.com\/wp-content\/uploads\/2020\/01\/dettaglio_2_chiaro.jpg&#8220; url=&#8220;https:\/\/issuu.com\/rolandbaldi\/docs\/roland_baldi&#8220; url_new_window=&#8220;on&#8220; disabled_on=&#8220;on|on|off&#8220; _builder_version=&#8220;4.16&#8243; width=&#8220;100%&#8220; custom_margin=&#8220;||-1px|-17px|false|false&#8220; custom_padding=&#8220;||||false|false&#8220; global_colors_info=&#8220;{}&#8220;][\/et_pb_image][\/et_pb_column][\/et_pb_row][et_pb_row use_custom_gutter=&#8220;on&#8220; gutter_width=&#8220;1&#8243; _builder_version=&#8220;4.16&#8243; width=&#8220;100%&#8220; max_width=&#8220;100%&#8220; module_alignment=&#8220;center&#8220; custom_margin=&#8220;0.4%|auto||auto||&#8220; custom_padding=&#8220;50px|10%|0px|10%||&#8220; global_colors_info=&#8220;{}&#8220;][et_pb_column type=&#8220;4_4&#8243; _builder_version=&#8220;4.16&#8243; custom_padding=&#8220;|||&#8220; global_colors_info=&#8220;{}&#8220; custom_padding__hover=&#8220;|||&#8220;][et_pb_text _builder_version=&#8220;4.16&#8243; text_font=&#8220;||||||||&#8220; header_font=&#8220;||||||||&#8220; header_text_color=&#8220;#0c71c3&#8243; header_font_size=&#8220;36px&#8220; header_6_font=&#8220;helvetica-light|700|||||||&#8220; header_6_text_color=&#8220;#0d85db&#8220; header_6_font_size=&#8220;18px&#8220; global_colors_info=&#8220;{}&#8220;]<\/p>\n<h6>Roland Baldi<\/h6>\n<p>[\/et_pb_text][et_pb_divider color=&#8220;#0d85db&#8220; divider_weight=&#8220;1px&#8220; _builder_version=&#8220;4.16&#8243; width=&#8220;100%&#8220; module_alignment=&#8220;left&#8220; custom_margin=&#8220;0px||13px&#8220; global_colors_info=&#8220;{}&#8220;][\/et_pb_divider][\/et_pb_column][\/et_pb_row][et_pb_row column_structure=&#8220;1_3,1_3,1_3&#8243; _builder_version=&#8220;4.16&#8243; width=&#8220;100%&#8220; max_width=&#8220;100%&#8220; custom_padding=&#8220;0px|10%|76px|10%||&#8220; global_colors_info=&#8220;{}&#8220;][et_pb_column type=&#8220;1_3&#8243; _builder_version=&#8220;4.16&#8243; custom_padding=&#8220;|||&#8220; global_colors_info=&#8220;{}&#8220; custom_padding__hover=&#8220;|||&#8220;][et_pb_text _builder_version=&#8220;4.16&#8243; text_font=&#8220;||||||||&#8220; header_font=&#8220;||||||||&#8220; header_text_color=&#8220;#0c71c3&#8243; header_font_size=&#8220;36px&#8220; header_6_font=&#8220;helvetica-light|700|||||||&#8220; header_6_text_color=&#8220;#0d85db&#8220; header_6_font_size=&#8220;15px&#8220; min_height=&#8220;13px&#8220; custom_margin=&#8220;||-1px|||&#8220; custom_padding=&#8220;0px||4px|||&#8220; global_colors_info=&#8220;{}&#8220;]<\/p>\n<h6>lebenslauf<\/h6>\n<p>[\/et_pb_text][et_pb_divider color=&#8220;#0d85db&#8220; divider_weight=&#8220;3px&#8220; _builder_version=&#8220;4.16&#8243; width=&#8220;15px&#8220; module_alignment=&#8220;left&#8220; custom_margin=&#8220;0px||13px&#8220; global_colors_info=&#8220;{}&#8220;][\/et_pb_divider][et_pb_text _builder_version=&#8220;4.17.6&#8243; text_font=&#8220;helvetica-light|300|||||||&#8220; text_text_color=&#8220;#333333&#8243; text_line_height=&#8220;1.4em&#8220; header_font=&#8220;helvetica-light|700|||||||&#8220; header_text_color=&#8220;#333333&#8243; custom_margin=&#8220;0px|||||&#8220; custom_margin_tablet=&#8220;|||0%&#8220; custom_margin_phone=&#8220;&#8220; custom_margin_last_edited=&#8220;on|desktop&#8220; global_colors_info=&#8220;{}&#8220;]<\/p>\n<p>1965\u00a0\u00a0\u00a0\u00a0\u00a0\u00a0\u00a0\u00a0\u00a0\u00a0\u00a0\u00a0\u00a0\u00a0\u00a0\u00a0\u00a0\u00a0\u00a0\u00a0\u00a0\u00a0\u00a0\u00a0\u00a0\u00a0\u00a0 <br \/>* Bozen<\/p>\n<p>1987-1993\u00a0\u00a0\u00a0\u00a0\u00a0\u00a0\u00a0\u00a0\u00a0\u00a0\u00a0\u00a0\u00a0\u00a0\u00a0\u00a0\u00a0\u00a0 <br \/>Studium Universit\u00e4t Innsbruck (\u00d6sterreich)<\/p>\n<p>1993\u00a0\u00a0\u00a0\u00a0\u00a0\u00a0\u00a0\u00a0\u00a0\u00a0\u00a0\u00a0\u00a0\u00a0\u00a0\u00a0\u00a0\u00a0\u00a0\u00a0\u00a0\u00a0\u00a0\u00a0\u00a0\u00a0\u00a0 <br \/>Staatspr\u00fcfung Universit\u00e4t IUAV Venedig<\/p>\n<p>1994\u00a0\u00a0\u00a0\u00a0\u00a0\u00a0\u00a0\u00a0\u00a0\u00a0\u00a0\u00a0\u00a0\u00a0\u00a0\u00a0\u00a0\u00a0\u00a0\u00a0\u00a0\u00a0\u00a0\u00a0\u00a0\u00a0\u00a0 <br \/>Eintragung in die Architektenkammer der Provinz Bozen<\/p>\n<p>seit 1994\u00a0\u00a0\u00a0\u00a0\u00a0\u00a0\u00a0\u00a0\u00a0\u00a0\u00a0\u00a0\u00a0\u00a0\u00a0\u00a0\u00a0\u00a0\u00a0\u00a0\u00a0 <br \/>Selbstst\u00e4ndige T\u00e4tigkeit in Bozen<\/p>\n<p>seit 1996\u00a0\u00a0\u00a0\u00a0\u00a0\u00a0\u00a0\u00a0\u00a0\u00a0\u00a0\u00a0\u00a0\u00a0\u00a0\u00a0\u00a0\u00a0\u00a0\u00a0\u00a0 <br \/>Mitglied im S\u00fcdtrioler K\u00fcnstlerbund<\/p>\n<p>seit 1998\u00a0\u00a0\u00a0\u00a0\u00a0\u00a0\u00a0\u00a0\u00a0\u00a0\u00a0\u00a0\u00a0\u00a0\u00a0\u00a0\u00a0\u00a0\u00a0\u00a0\u00a0 <br \/>Juror bzw. Kommissionsmitglied bei diversen Wettbwerben und Bewerbungsverfahren<\/p>\n<p>2001 &#8211; 2005 \u00a0\u00a0 \u00a0\u00a0\u00a0\u00a0\u00a0\u00a0\u00a0\u00a0\u00a0\u00a0\u00a0\u00a0\u00a0\u00a0\u00a0\u00a0\u00a0 <br \/>Vorstandsmitglied der Architektenkammer Bozen<\/p>\n<p>2004\u00a0\u00a0\u00a0\u00a0\u00a0\u00a0\u00a0\u00a0\u00a0\u00a0\u00a0\u00a0\u00a0\u00a0 \u00a0\u00a0\u00a0\u00a0\u00a0\u00a0\u00a0\u00a0\u00a0\u00a0\u00a0\u00a0\u00a0\u00a0\u00a0\u00a0 <br \/>Gr\u00fcndungsmitglied der Architekturstiftung S\u00fcdtirol<\/p>\n<p>2015-2016\u00a0\u00a0\u00a0\u00a0\u00a0\u00a0\u00a0\u00a0\u00a0\u00a0\u00a0\u00a0\u00a0\u00a0\u00a0\u00a0\u00a0\u00a0 <br \/>Mitglied des Kollegiums f\u00fcr Landschaftsschutz Provinz Bozen<\/p>\n<p>2017-2018\u00a0\u00a0\u00a0\u00a0\u00a0\u00a0\u00a0\u00a0\u00a0\u00a0\u00a0\u00a0\u00a0\u00a0\u00a0\u00a0\u00a0\u00a0\u00a0 <br \/>Mitglied der Beurteilungskommission f\u00fcr Staatspr\u00fcfungen der Universit\u00e4t IUAV in Venedig<\/p>\n<p>2018-2022 \u00a0\u00a0\u00a0\u00a0\u00a0\u00a0\u00a0\u00a0\u00a0\u00a0\u00a0\u00a0\u00a0\u00a0\u00a0\u00a0\u00a0 <br \/>Vorstandsmitglied des S\u00fcdtiroler K\u00fcnstlerbundes<\/p>\n<p>2017-2025\u00a0 \u00a0\u00a0\u00a0\u00a0\u00a0\u00a0\u00a0\u00a0\u00a0\u00a0\u00a0\u00a0\u00a0\u00a0\u00a0\u00a0\u00a0 <br \/>Mitglied der Strategiegruppe der Architekturstiftung S\u00fcdtirol<\/p>\n<p>2017-2025\u00a0 \u00a0\u00a0\u00a0\u00a0\u00a0\u00a0\u00a0\u00a0\u00a0\u00a0\u00a0\u00a0\u00a0\u00a0\u00a0\u00a0\u00a0 <br \/>Vizepr\u00e4sident der Architekturstiftung S\u00fcdtirol<\/p>\n<p>[\/et_pb_text][\/et_pb_column][et_pb_column type=&#8220;1_3&#8243; _builder_version=&#8220;4.16&#8243; custom_padding=&#8220;|||&#8220; global_colors_info=&#8220;{}&#8220; custom_padding__hover=&#8220;|||&#8220;][et_pb_text _builder_version=&#8220;4.16&#8243; text_font=&#8220;||||||||&#8220; header_font=&#8220;||||||||&#8220; header_text_color=&#8220;#0c71c3&#8243; header_font_size=&#8220;36px&#8220; header_6_font=&#8220;helvetica-light|700|||||||&#8220; header_6_text_color=&#8220;#0d85db&#8220; header_6_font_size=&#8220;15px&#8220; min_height=&#8220;13px&#8220; custom_margin=&#8220;||-1px|||&#8220; custom_padding=&#8220;0px||4px|||&#8220; global_colors_info=&#8220;{}&#8220;]<\/p>\n<h6>ausstellungen<\/h6>\n<p>[\/et_pb_text][et_pb_divider color=&#8220;#0d85db&#8220; divider_weight=&#8220;3px&#8220; _builder_version=&#8220;4.16&#8243; width=&#8220;15px&#8220; module_alignment=&#8220;left&#8220; custom_margin=&#8220;0px||13px&#8220; global_colors_info=&#8220;{}&#8220;][\/et_pb_divider][et_pb_text _builder_version=&#8220;4.17.6&#8243; text_font=&#8220;helvetica-light|300|||||||&#8220; text_text_color=&#8220;#333333&#8243; text_line_height=&#8220;1.4em&#8220; custom_margin=&#8220;0px|||||&#8220; custom_margin_tablet=&#8220;|||0%&#8220; custom_margin_phone=&#8220;&#8220; custom_margin_last_edited=&#8220;on|desktop&#8220; global_colors_info=&#8220;{}&#8220;]<\/p>\n<p>2025\u00a0\u00a0\u00a0\u00a0\u00a0\u00a0\u00a0\u00a0\u00a0\u00a0\u00a0\u00a0\u00a0\u00a0\u00a0\u00a0\u00a0\u00a0\u00a0\u00a0\u00a0\u00a0\u00a0\u00a0\u00a0\u00a0\u00a0 <br \/>Alps. Architecture. South Tyrol., Palazzo Cavanis, Venedig<\/p>\n<p>2025\u00a0\u00a0\u00a0\u00a0\u00a0\u00a0\u00a0\u00a0\u00a0\u00a0\u00a0\u00a0\u00a0\u00a0\u00a0\u00a0\u00a0\u00a0\u00a0\u00a0\u00a0\u00a0\u00a0\u00a0\u00a0\u00a0\u00a0 <br \/>Hyperregionalism, Architects meet in Caserta, Reggia di Caserta, Schio<\/p>\n<p>2024\u00a0\u00a0\u00a0\u00a0\u00a0\u00a0\u00a0\u00a0\u00a0\u00a0\u00a0\u00a0\u00a0\u00a0\u00a0\u00a0\u00a0\u00a0\u00a0\u00a0\u00a0\u00a0\u00a0\u00a0\u00a0\u00a0\u00a0 <br \/>Neue Architektur in S\u00fcdtirol 2018 \u2013 2024, Kunst Meran<\/p>\n<p>2024\u00a0\u00a0\u00a0\u00a0\u00a0\u00a0\u00a0\u00a0\u00a0\u00a0\u00a0\u00a0\u00a0\u00a0\u00a0\u00a0\u00a0\u00a0\u00a0\u00a0\u00a0\u00a0\u00a0\u00a0\u00a0\u00a0\u00a0 <br \/>Oblique, S\u00fcdtiroler K\u00fcnstlerbund, SKB Artes, Bozen<\/p>\n<p>2024\u00a0\u00a0\u00a0\u00a0\u00a0\u00a0\u00a0\u00a0\u00a0\u00a0\u00a0\u00a0\u00a0\u00a0\u00a0\u00a0\u00a0\u00a0\u00a0\u00a0\u00a0\u00a0\u00a0\u00a0\u00a0\u00a0\u00a0 <br \/>Hyperregionalism, Architects meet in Lecce, Lecce<\/p>\n<p>2024 \u00a0\u00a0\u00a0\u00a0\u00a0\u00a0\u00a0\u00a0\u00a0\u00a0\u00a0\u00a0\u00a0\u00a0\u00a0\u00a0\u00a0\u00a0\u00a0\u00a0\u00a0\u00a0\u00a0\u00a0\u00a0\u00a0 <br \/>Schl\u00fcsselwerke, S\u00fcdtiroler K\u00fcnstlerbund, Bozen<\/p>\n<p>2023\u00a0\u00a0\u00a0\u00a0\u00a0\u00a0\u00a0\u00a0\u00a0\u00a0\u00a0\u00a0\u00a0\u00a0\u00a0\u00a0\u00a0\u00a0\u00a0\u00a0\u00a0\u00a0\u00a0\u00a0\u00a0\u00a0\u00a0 <br \/>\u201cPremio Internazionale Dedalo Minosse\u201d, San Francisco, Barcelona, Catania<\/p>\n<p>2023\u00a0\u00a0\u00a0\u00a0\u00a0\u00a0\u00a0\u00a0\u00a0\u00a0\u00a0\u00a0\u00a0\u00a0\u00a0\u00a0\u00a0\u00a0\u00a0\u00a0\u00a0\u00a0\u00a0\u00a0\u00a0\u00a0\u00a0 <br \/>Wood Architecture Prize, Politecnico Torino<\/p>\n<p>2022\u00a0\u00a0\u00a0\u00a0\u00a0\u00a0\u00a0\u00a0\u00a0\u00a0\u00a0\u00a0\u00a0\u00a0\u00a0\u00a0\u00a0\u00a0\u00a0\u00a0\u00a0\u00a0\u00a0\u00a0\u00a0\u00a0\u00a0 <br \/>\u201cPremio Internazionale Dedalo Minosse\u201d, Vicenza<\/p>\n<p>2022\u00a0\u00a0\u00a0\u00a0\u00a0\u00a0\u00a0\u00a0\u00a0\u00a0\u00a0\u00a0\u00a0\u00a0\u00a0\u00a0\u00a0\u00a0\u00a0\u00a0\u00a0\u00a0\u00a0\u00a0\u00a0\u00a0\u00a0 <br \/>Space Alto Adige, by Towant, Waag Caf\u00e8 + Galleria Doris Ghetta<\/p>\n<p>2021\u00a0\u00a0\u00a0\u00a0\u00a0\u00a0\u00a0\u00a0\u00a0\u00a0\u00a0\u00a0\u00a0\u00a0\u00a0 \u00a0\u00a0\u00a0\u00a0\u00a0\u00a0\u00a0\u00a0\u00a0\u00a0\u00a0 <br \/>Chair\u00a9ity, S\u00fcdtiroler K\u00fcnstlerbund, Galerie Prisma, Bozen<\/p>\n<p>2020\u00a0\u00a0\u00a0\u00a0\u00a0\u00a0\u00a0\u00a0\u00a0\u00a0\u00a0\u00a0\u00a0\u00a0\u00a0\u00a0\u00a0\u00a0\u00a0\u00a0\u00a0\u00a0\u00a0\u00a0\u00a0\u00a0\u00a0 <br \/>Constructive Alps, Alpines Museum der Schweiz, Bern (CH)<\/p>\n<p>2020\u00a0\u00a0\u00a0\u00a0\u00a0\u00a0\u00a0\u00a0\u00a0\u00a0\u00a0\u00a0\u00a0\u00a0\u00a0\u00a0\u00a0\u00a0\u00a0\u00a0\u00a0\u00a0\u00a0\u00a0\u00a0\u00a0\u00a0 <br \/>Beta, Timi\u0219oara Architektur Biennale, Timi\u0219oara (Romanien)<\/p>\n<p>2020\u00a0\u00a0\u00a0\u00a0\u00a0\u00a0\u00a0\u00a0\u00a0\u00a0\u00a0\u00a0\u00a0\u00a0\u00a0\u00a0\u00a0\u00a0\u00a0\u00a0\u00a0\u00a0\u00a0\u00a0\u00a0\u00a0\u00a0 <br \/>artigathome, Virtual Gallery, S\u00fcdtiroler K\u00fcnstlerbund<\/p>\n<p>2019\u00a0\u00a0\u00a0\u00a0\u00a0\u00a0\u00a0\u00a0\u00a0\u00a0\u00a0\u00a0\u00a0\u00a0\u00a0\u00a0\u00a0\u00a0\u00a0\u00a0\u00a0\u00a0\u00a0\u00a0\u00a0\u00a0\u00a0 <br \/>innen.leben, Arredo Messe Bozen<\/p>\n<p>2019<br \/>BINA, Belgrade International Architecture Week, Belgrad (Serbien)<\/p>\n<p>2018<br \/>Hosting the Dolomites, Galerie Bensousan Han, Thessaloniki (GR)<\/p>\n<p>2018<br \/>Architektur-Biennale Venedig, Padiglione Italia, Archipelago Italia<\/p>\n<p>2017<br \/>Hosting the Dolomites, Oris House of Architecture, Zagreb (Kroatien)<\/p>\n<p>2017<br \/>\u00abLuft Seil Bahn Gl\u00fcck\u00bb; Das gelbe Haus, Flims (CH)<\/p>\n<p>2017<br \/>Tage der Architektur S\u00fcdtirol<\/p>\n<p>2017<br \/>\u201eAlpen Architektur Tourismus\u201c, Architekturmuseum Schwaben, Augsburg (D)<\/p>\n<p>2017<br \/>Hosting the Dolomites, Italienische Botschaft, Wien (A)<\/p>\n<p>2017<br \/>Sketch for Syria, Galleria del Rettorato, Venedig<\/p>\n<p>2016<br \/>Garten _ Giardini, Jubil\u00e4ums-Ausstellung SKB, Hofburg Brixen<\/p>\n<p>2016<br \/>Hosting the Dolomites, Shchusev Museum of Architecture, Moskau<\/p>\n<p>2016<br \/>Ber\u00fchrungspunkte 2.0- Roland Baldi &amp; friends, Circolo art. Ortisei<\/p>\n<p>2016<br \/>modell(e) s\u00fcdtirol, archimod, Bozen<\/p>\n<p>2015<br \/>\u201eBer\u00fchrungspunkte\u201c &#8211; Roland Baldi &amp; friends, Galerie L\u2019Angolo, Bozen<\/p>\n<p>2015<br \/>\u201csimple but different &#8211; rolandbaldiarchitects\u201d, Light Centre Zumtobel, Milano<\/p>\n<p>2015<br \/>\u201eAlpen Architektur Tourismus\u201c, M\u00fcnchen, Mainz<\/p>\n<p class=\"p1\"><span class=\"s1\">2014 <\/span><br \/>alpitecture meets biennale, Venedig\u2009\/\u2009Venezia<\/p>\n<p class=\"p1\"><span class=\"s1\">2014 <\/span><br \/>Alpen Architektur Tourismus<br \/>Kunst Meran \/ Merano Arte<\/p>\n<p class=\"p1\"><span class=\"s1\">2014 <\/span><br \/>best architects 14 Award, Bregenz (A)<\/p>\n<p class=\"p1\"><span class=\"s1\">2013 <\/span><br \/>7. Su\u0308dtiroler Architekturpreis<br \/>Bozen<\/p>\n<p class=\"p1\"><span class=\"s1\">2012<br \/><\/span>Einzelausstellung<br \/>Galerie Prisma, Bozen<\/p>\n<p class=\"p1\"><span class=\"s1\">2012 <\/span><br \/>Neue Architektur in Su\u0308dtirol 2006\u20132012<br \/>Meran, Mailand, Venedig, Liberec (CZ)<\/p>\n<p class=\"p1\"><span class=\"s1\">2011 <\/span><br \/>9. Internationale Architekturbiennale<br \/>S\u00e3o Paulo (Brasilien)<\/p>\n<p class=\"p1\"><span class=\"s1\">2011<br \/><\/span>Com\u2019\u00e8 andata a finire, SAIE, Bologna<\/p>\n<p class=\"p1\"><span class=\"s1\">2010<br \/><\/span>Premio Architettura Citt\u00e0 di Oderzo 2008<br \/>Bozen<\/p>\n<p class=\"p1\"><span class=\"s1\">2009 <\/span><br \/>5. Su\u0308dtiroler Architekturpreis<br \/>Bozen<\/p>\n<p class=\"p1\"><span class=\"s1\">2009<br \/><\/span>Premio Architettura Citt\u00e0 di Oderzo 2008<br \/>Oderzo<\/p>\n<p class=\"p1\"><span class=\"s1\">2008<br \/><\/span>Premio alla committenza Dedalo Minosse<br \/>Vicenza, Foggia, Brescia, Hanoi (Vietnam),<br \/>Salerno, San Francisco (USA),\u2009Moskau (Russland)<\/p>\n<p class=\"p1\"><span class=\"s1\">2007<br \/><\/span>Designausstellung<br \/>Galerie Prisma, Bozen<\/p>\n<p class=\"p1\"><span class=\"s1\">2007 <\/span><br \/>4. Su\u0308dtiroler Architekturpreis<br \/>Bozen<\/p>\n<p class=\"p1\"><span class=\"s1\">2006<br \/><\/span>La Biennale di Venezia<br \/>10\u00aa Mostra Internazionale di Architettura<\/p>\n<p class=\"p1\"><span class=\"s1\">2006<br \/><\/span>Cuore Mostra 2006, Bologna<\/p>\n<p class=\"p1\"><span class=\"s1\">2005<br \/><\/span>Premio Architettura Citt\u00e0 di Oderzo 2005<br \/>Oderzo, Brixen<\/p>\n<p class=\"p1\"><span class=\"s1\">2004<br \/><\/span>ARCHImov \u2013 architettura in movimento<br \/>Padova, Rovigo<\/p>\n<p class=\"p1\"><span class=\"s1\">2003<br \/><\/span>VI Congresso Nazionale Architetti, Bari<\/p>\n<p class=\"p1\"><span class=\"s1\">2002<br \/><\/span>Designale, M\u00fcnchen\u2009\/\u2009Monaco (D)<\/p>\n<p class=\"p1\"><span class=\"s1\">2002<br \/><\/span>Yin Yang<br \/>Messe Arredo, Bolzano<\/p>\n<p class=\"p1\"><span class=\"s1\">2000 <\/span><br \/>3. Preis Architektur in Su\u0308dtirol<br \/>Bozen<\/p>\n<p class=\"p1\"><span class=\"s1\">1999<br \/><\/span>RUN 4 \u2013 Rassegna Urbanistica Nazionale<br \/>Venedig<\/p>\n<p class=\"p1\"><span class=\"s1\">1996<\/span><br \/>Architektenr\u00e4ume<br \/>Messe Arredo, Bozen<\/p>\n<p class=\"p1\"><span class=\"s1\">1993<br \/><\/span>Future Bauhaus<br \/>Messe Glas-Tec, D\u00fcsseldorf (D)<\/p>\n<p>[\/et_pb_text][\/et_pb_column][et_pb_column type=&#8220;1_3&#8243; _builder_version=&#8220;4.16&#8243; custom_padding=&#8220;|||&#8220; global_colors_info=&#8220;{}&#8220; custom_padding__hover=&#8220;|||&#8220;][et_pb_text _builder_version=&#8220;4.16&#8243; text_font=&#8220;||||||||&#8220; header_font=&#8220;||||||||&#8220; header_text_color=&#8220;#0c71c3&#8243; header_font_size=&#8220;36px&#8220; header_6_font=&#8220;helvetica-light|700|||||||&#8220; header_6_text_color=&#8220;#0d85db&#8220; header_6_font_size=&#8220;15px&#8220; min_height=&#8220;13px&#8220; custom_margin=&#8220;||-1px|||&#8220; custom_padding=&#8220;0px||4px|||&#8220; global_colors_info=&#8220;{}&#8220;]<\/p>\n<h6>preise und anerkennungen<\/h6>\n<p>[\/et_pb_text][et_pb_divider color=&#8220;#0d85db&#8220; divider_weight=&#8220;3px&#8220; _builder_version=&#8220;4.16&#8243; width=&#8220;15px&#8220; module_alignment=&#8220;left&#8220; custom_margin=&#8220;0px||13px&#8220; global_colors_info=&#8220;{}&#8220;][\/et_pb_divider][et_pb_text _builder_version=&#8220;4.17.6&#8243; text_font=&#8220;helvetica-light|300|||||||&#8220; text_text_color=&#8220;#333333&#8243; text_line_height=&#8220;1.4em&#8220; header_font=&#8220;helvetica-light||||||||&#8220; custom_margin=&#8220;0px|||||&#8220; custom_margin_tablet=&#8220;|||0%&#8220; custom_margin_phone=&#8220;&#8220; custom_margin_last_edited=&#8220;on|desktop&#8220; global_colors_info=&#8220;{}&#8220;]<\/p>\n<p>2026<br \/>Wood Architecture Prize by Klimahouse f\u00fcr Multifunkrionsgeb\u00e4ude in Barbian<\/p>\n<p>2025<br \/>Wood Architecture Prize by Klimahouse, nominiert f\u00fcr Kindergarten Kiens<\/p>\n<p>2024<br \/>BigSEE Interior Design Award 2023, Winner f\u00fcr Vereinshaus Pfalzen<\/p>\n<p>2023<br \/>MaterialPreis 2023, Stuttgart, Auszeichnung f\u00fcr Zivilschutzzentrum Ritten<\/p>\n<p>2023<br \/>Premio IN\/ARCHITETTURA, lobende Erw\u00e4hnung f\u00fcr Kindergarten Schluderns<\/p>\n<p>2023<br \/>Wood Architecture Prize by Klimahouse f\u00fcr Kindergarten Schluderns<\/p>\n<p>2023<br \/>BigSEE Architecture Award 2023, winner f\u00fcr Zivilschutzzentrum Ritten<\/p>\n<p>2023<br \/>BUILD Architecture Award, Leading Experts in Education Architecture 2023<\/p>\n<p>2022<br \/>\u201eIconic Award 2022 &#8211; Best of Best\u201c f\u00fcr Bahnhofsplatz Klobenstein<\/p>\n<p>2022<br \/>\u201cPremio Simonetta Bastelli\u201d Lobende Erw\u00e4hnung f\u00fcr Bahnhofsplatz Klobenstein<\/p>\n<p>2022<br \/>\u201cPremio Internazionale Dedalo Minosse\u201d, Auszeichnung f\u00fcr ZSZ Ritten<\/p>\n<p>2022<br \/>\u201cPremio Rigenera\u201d, Lobende Erw\u00e4hnung f\u00fcr Bahnhofsplatz Klobenstein<\/p>\n<p>2022<br \/>\u201eS\u00fcdtiroler Architekturpreis\u201c Nominierung f\u00fcr M\u00f6bilit\u00e4tszentrum Klobenstein<\/p>\n<p>2021<br \/>\u201eIconic Award 2021 &#8211; Winner\u201c f\u00fcr Zivilschutzzentrum Ritten<\/p>\n<p>2020<br \/>&#8222;Premio Architettura Citt\u00e0 di Oderzo 2020&#8220;, Auszeichnung f\u00fcr Kindergarten Schluderns<\/p>\n<p>2020<br \/>Premio Architetto Italiano 2020, Lobende Erw\u00e4hnung<\/p>\n<p>2020<br \/>BigSEE Wood design award 2020, winner f\u00fcr Kindergarten Schluderns<\/p>\n<p>2020<br \/>\u201eIconic Award 2020 &#8211; Winner\u201c f\u00fcr Kindergarten Schluderns<\/p>\n<p>2020<br \/>\u201eConstructive Alps\u201d, Nominierung f\u00fcr Kindergarten Schluderns<\/p>\n<p>2020<br \/>Architekturpreis GEPLANT+AUSGEF\u00dcHRT, 2 Nominierungen<\/p>\n<p>2020<br \/>\u201eDie sch\u00f6nsten Restaurants und Bars 2020\u201c f\u00fcr italia &amp; amore<\/p>\n<p>2019<br \/>\u201eLa ceramica e il progetto\u201c, winner f\u00fcr Italia &amp; amore<\/p>\n<p>2018<br \/>\u201eNext Landmark 2018\u201c, winner f\u00fcr Italia &amp; amore ristorante mercato enoteca<\/p>\n<p>2018<br \/>\u201eGlobal Architecture &amp; Design Awards 2018\u201c, 3. Preis &#8211; f\u00fcr Italia &amp; amore ristorante mercato enoteca<\/p>\n<p>2018<br \/>\u201eIconic Award 2018 &#8211; selection\u201c f\u00fcr Italia &amp; amore ristorante mercato enoteca<\/p>\n<p>2018<br \/>\u201eIconic Award 2018 &#8211; selection\u201c f\u00fcr Speisesaal EURAC<\/p>\n<p>2016<br \/>\u201eIconic Award 2016 &#8211; Best of Best\u201c f\u00fcr Feuerwehrhalle Pflersch<\/p>\n<p>2014<br \/>Premio Architettura Citt\u00e0 di Oderzo<\/p>\n<p>2014<br \/>Auszeichnung f\u00fcr Bergbahn Meran 2000<\/p>\n<p>2014<br \/>\u201eIconic Award 2014\u201c f\u00fcr Bergbahn Meran 2000<\/p>\n<p class=\"p1\"><span class=\"s1\">2013 <\/span><br \/>Su\u0308dtiroler Architekturpreis<br \/><span class=\"s2\">1. Preis Kategorie: tourism<br \/>Bergbahn Meran 2000<br \/><\/span><\/p>\n<p class=\"p1\"><span class=\"s1\">2013 <\/span><br \/>Su\u0308dtiroler Architekturpreis, shortlist<span class=\"s2\"><br \/>TechnoAlpin<\/span><\/p>\n<p class=\"p1\"><span class=\"s1\">2013 <\/span><br \/>Su\u0308dtiroler Architekturpreis, shortlist<span class=\"s2\"><br \/>Angela-Nikoletti-Platz<br \/><\/span><\/p>\n<p class=\"p1\"><span class=\"s1\">2013<br \/><\/span>best architects 14 award, Preis\/Preis\u00a0<span class=\"s2\"><br \/>TechnoAlpin<\/span><\/p>\n<p class=\"p2\"><span class=\"s1\">2013<br \/><\/span><span class=\"s3\">ISR Architektur Award, shortlist<\/span><br \/>Bergbahn Meran 2000<\/p>\n<p class=\"p1\"><span class=\"s1\">2009<br \/><\/span>Premio Internazionale Architettura Sostenibile<br \/><span class=\"s2\">Engere Auswahl<br \/>Fernheizwerk Klausen<\/span><\/p>\n<p class=\"p1\"><span class=\"s1\">2008<br \/><\/span>Premio Architettura Citt\u00e0 di Oderzo 2008<br \/>Auszeichnung<br \/><span class=\"s2\">Fernheizwerk Klausen<\/span><\/p>\n<p class=\"p1\"><span class=\"s1\">2006<br \/><\/span>Luvo design competition \u201cMy chair\u201d,<br \/>New York\u00a02. Preis<\/p>\n<p class=\"p1\"><span class=\"s1\">2005<br \/><\/span>Premio Architettura Citt\u00e0 di Oderzo 2005<br \/>Auszeichnung<br \/><span class=\"s2\">Gewerbepark SynCom<\/span><\/p>\n<p>[\/et_pb_text][\/et_pb_column][\/et_pb_row][\/et_pb_section]<\/p>\n","protected":false},"excerpt":{"rendered":"<p><div id=\"layerslider_5_1rmfeyh5q0v63\" class=\"ls-wp-container fitvidsignore\" style=\"width:1280px;height:720px;margin:0 auto;margin-bottom: 0px;\"><div class=\"ls-slide\" data-ls=\"duration:3000;kenburnsscale:1.2;\"><img width=\"1800\" height=\"1200\" src=\"https:\/\/rolandbaldi.com\/wp-content\/uploads\/2019\/12\/about_3.jpg\" class=\"ls-bg\" alt=\"\" srcset=\"https:\/\/rolandbaldi.com\/wp-content\/uploads\/2019\/12\/about_3.jpg 1800w, https:\/\/rolandbaldi.com\/wp-content\/uploads\/2019\/12\/about_3-1280x853.jpg 1280w, https:\/\/rolandbaldi.com\/wp-content\/uploads\/2019\/12\/about_3-980x653.jpg 980w, https:\/\/rolandbaldi.com\/wp-content\/uploads\/2019\/12\/about_3-480x320.jpg 480w\" sizes=\"(min-width: 0px) and (max-width: 480px) 480px, (min-width: 481px) and (max-width: 980px) 980px, (min-width: 981px) and (max-width: 1280px) 1280px, (min-width: 1281px) 1800px, 100vw\" \/><\/div><div class=\"ls-slide\" data-ls=\"duration:3000;kenburnsscale:1.2;\"><img width=\"1800\" height=\"1188\" src=\"https:\/\/rolandbaldi.com\/wp-content\/uploads\/2019\/12\/about_1.jpg\" class=\"ls-bg\" alt=\"\" srcset=\"https:\/\/rolandbaldi.com\/wp-content\/uploads\/2019\/12\/about_1.jpg 1800w, https:\/\/rolandbaldi.com\/wp-content\/uploads\/2019\/12\/about_1-1280x845.jpg 1280w, https:\/\/rolandbaldi.com\/wp-content\/uploads\/2019\/12\/about_1-980x647.jpg 980w, https:\/\/rolandbaldi.com\/wp-content\/uploads\/2019\/12\/about_1-480x317.jpg 480w\" sizes=\"(min-width: 0px) and (max-width: 480px) 480px, (min-width: 481px) and (max-width: 980px) 980px, (min-width: 981px) and (max-width: 1280px) 1280px, (min-width: 1281px) 1800px, 100vw\" \/><\/div><div class=\"ls-slide\" data-ls=\"duration:3000;kenburnsscale:1.2;\"><img width=\"1800\" height=\"1176\" src=\"https:\/\/rolandbaldi.com\/wp-content\/uploads\/2019\/12\/about_2.jpg\" class=\"ls-bg\" alt=\"\" srcset=\"https:\/\/rolandbaldi.com\/wp-content\/uploads\/2019\/12\/about_2.jpg 1800w, https:\/\/rolandbaldi.com\/wp-content\/uploads\/2019\/12\/about_2-1280x836.jpg 1280w, https:\/\/rolandbaldi.com\/wp-content\/uploads\/2019\/12\/about_2-980x640.jpg 980w, https:\/\/rolandbaldi.com\/wp-content\/uploads\/2019\/12\/about_2-480x314.jpg 480w\" sizes=\"(min-width: 0px) and (max-width: 480px) 480px, (min-width: 481px) and (max-width: 980px) 980px, (min-width: 981px) and (max-width: 1280px) 1280px, (min-width: 1281px) 1800px, 100vw\" \/><\/div><\/div>aboutDas B\u00fcro Roland Baldi Architects wurde 1994 in Bozen gegr\u00fcndet. Das Spektrum unserer Arbeit umfasst eine Vielzahl anspruchsvoller Bauaufgaben, die sich in Gr\u00f6\u00dfe, Kontext und Funktion unterscheiden. Eine gro\u00dfe Sensibilit\u00e4t f\u00fcr die jeweilige Umgebung, Funktionalit\u00e4t und eine zeitgem\u00e4\u00dfe Formensprache\u00a0pr\u00e4gen unsere Architektur: simple but different. Ein wesentlicher Aspekt dabei ist, auch f\u00fcr komplexe Aufgabenstellungen Architektur [&hellip;]<\/p>\n","protected":false},"author":2,"featured_media":0,"parent":0,"menu_order":0,"comment_status":"closed","ping_status":"closed","template":"","meta":{"_et_pb_use_builder":"on","_et_pb_old_content":"","_et_gb_content_width":"","inline_featured_image":false},"yoast_head":"<!-- This site is optimized with the Yoast SEO plugin v19.3 - https:\/\/yoast.com\/wordpress\/plugins\/seo\/ -->\n<title>About | Roland Baldi<\/title>\n<meta name=\"robots\" content=\"index, follow, max-snippet:-1, max-image-preview:large, max-video-preview:-1\" \/>\n<link rel=\"canonical\" href=\"https:\/\/rolandbaldi.com\/de\/about\/\" \/>\n<meta property=\"og:locale\" content=\"de_DE\" \/>\n<meta property=\"og:type\" content=\"article\" \/>\n<meta property=\"og:title\" content=\"About | Roland Baldi\" \/>\n<meta property=\"og:description\" content=\"aboutDas B\u00fcro Roland Baldi Architects wurde 1994 in Bozen gegr\u00fcndet. Das Spektrum unserer Arbeit umfasst eine Vielzahl anspruchsvoller Bauaufgaben, die sich in Gr\u00f6\u00dfe, Kontext und Funktion unterscheiden. Eine gro\u00dfe Sensibilit\u00e4t f\u00fcr die jeweilige Umgebung, Funktionalit\u00e4t und eine zeitgem\u00e4\u00dfe Formensprache\u00a0pr\u00e4gen unsere Architektur: simple but different. Ein wesentlicher Aspekt dabei ist, auch f\u00fcr komplexe Aufgabenstellungen Architektur [&hellip;]\" \/>\n<meta property=\"og:url\" content=\"https:\/\/rolandbaldi.com\/de\/about\/\" \/>\n<meta property=\"og:site_name\" content=\"Roland Baldi\" \/>\n<meta property=\"article:publisher\" content=\"https:\/\/www.facebook.com\/roland.baldi.architects\" \/>\n<meta property=\"article:modified_time\" content=\"2026-04-23T08:30:50+00:00\" \/>\n<meta name=\"twitter:card\" content=\"summary_large_image\" \/>\n<meta name=\"twitter:label1\" content=\"Gesch\u00e4tzte Lesezeit\" \/>\n\t<meta name=\"twitter:data1\" content=\"19\u00a0Minuten\" \/>\n<script type=\"application\/ld+json\" class=\"yoast-schema-graph\">{\"@context\":\"https:\/\/schema.org\",\"@graph\":[{\"@type\":\"Organization\",\"@id\":\"https:\/\/rolandbaldi.com\/de\/#organization\",\"name\":\"Roland Baldi Architect\",\"url\":\"https:\/\/rolandbaldi.com\/de\/\",\"sameAs\":[\"https:\/\/www.instagram.com\/rolandbaldi\/\",\"https:\/\/www.linkedin.com\/in\/roland-baldi-b3181565\/\",\"https:\/\/www.facebook.com\/roland.baldi.architects\"],\"logo\":{\"@type\":\"ImageObject\",\"inLanguage\":\"de\",\"@id\":\"https:\/\/rolandbaldi.com\/de\/#\/schema\/logo\/image\/\",\"url\":\"https:\/\/rolandbaldi.com\/wp-content\/uploads\/2019\/07\/logo-nero.svg\",\"contentUrl\":\"https:\/\/rolandbaldi.com\/wp-content\/uploads\/2019\/07\/logo-nero.svg\",\"caption\":\"Roland Baldi Architect\"},\"image\":{\"@id\":\"https:\/\/rolandbaldi.com\/de\/#\/schema\/logo\/image\/\"}},{\"@type\":\"WebSite\",\"@id\":\"https:\/\/rolandbaldi.com\/de\/#website\",\"url\":\"https:\/\/rolandbaldi.com\/de\/\",\"name\":\"Roland Baldi\",\"description\":\"Roland Baldi architects - Bolzano\/Bozen\",\"publisher\":{\"@id\":\"https:\/\/rolandbaldi.com\/de\/#organization\"},\"potentialAction\":[{\"@type\":\"SearchAction\",\"target\":{\"@type\":\"EntryPoint\",\"urlTemplate\":\"https:\/\/rolandbaldi.com\/de\/?s={search_term_string}\"},\"query-input\":\"required name=search_term_string\"}],\"inLanguage\":\"de\"},{\"@type\":\"WebPage\",\"@id\":\"https:\/\/rolandbaldi.com\/de\/about\/\",\"url\":\"https:\/\/rolandbaldi.com\/de\/about\/\",\"name\":\"About | Roland Baldi\",\"isPartOf\":{\"@id\":\"https:\/\/rolandbaldi.com\/de\/#website\"},\"datePublished\":\"2019-11-06T15:07:02+00:00\",\"dateModified\":\"2026-04-23T08:30:50+00:00\",\"breadcrumb\":{\"@id\":\"https:\/\/rolandbaldi.com\/de\/about\/#breadcrumb\"},\"inLanguage\":\"de\",\"potentialAction\":[{\"@type\":\"ReadAction\",\"target\":[\"https:\/\/rolandbaldi.com\/de\/about\/\"]}]},{\"@type\":\"BreadcrumbList\",\"@id\":\"https:\/\/rolandbaldi.com\/de\/about\/#breadcrumb\",\"itemListElement\":[{\"@type\":\"ListItem\",\"position\":1,\"name\":\"Home\",\"item\":\"https:\/\/rolandbaldi.com\/de\/\"},{\"@type\":\"ListItem\",\"position\":2,\"name\":\"About\"}]}]}<\/script>\n<!-- \/ Yoast SEO plugin. -->","yoast_head_json":{"title":"About | Roland Baldi","robots":{"index":"index","follow":"follow","max-snippet":"max-snippet:-1","max-image-preview":"max-image-preview:large","max-video-preview":"max-video-preview:-1"},"canonical":"https:\/\/rolandbaldi.com\/de\/about\/","og_locale":"de_DE","og_type":"article","og_title":"About | Roland Baldi","og_description":"aboutDas B\u00fcro Roland Baldi Architects wurde 1994 in Bozen gegr\u00fcndet. Das Spektrum unserer Arbeit umfasst eine Vielzahl anspruchsvoller Bauaufgaben, die sich in Gr\u00f6\u00dfe, Kontext und Funktion unterscheiden. Eine gro\u00dfe Sensibilit\u00e4t f\u00fcr die jeweilige Umgebung, Funktionalit\u00e4t und eine zeitgem\u00e4\u00dfe Formensprache\u00a0pr\u00e4gen unsere Architektur: simple but different. Ein wesentlicher Aspekt dabei ist, auch f\u00fcr komplexe Aufgabenstellungen Architektur [&hellip;]","og_url":"https:\/\/rolandbaldi.com\/de\/about\/","og_site_name":"Roland Baldi","article_publisher":"https:\/\/www.facebook.com\/roland.baldi.architects","article_modified_time":"2026-04-23T08:30:50+00:00","twitter_card":"summary_large_image","twitter_misc":{"Gesch\u00e4tzte Lesezeit":"19\u00a0Minuten"},"schema":{"@context":"https:\/\/schema.org","@graph":[{"@type":"Organization","@id":"https:\/\/rolandbaldi.com\/de\/#organization","name":"Roland Baldi Architect","url":"https:\/\/rolandbaldi.com\/de\/","sameAs":["https:\/\/www.instagram.com\/rolandbaldi\/","https:\/\/www.linkedin.com\/in\/roland-baldi-b3181565\/","https:\/\/www.facebook.com\/roland.baldi.architects"],"logo":{"@type":"ImageObject","inLanguage":"de","@id":"https:\/\/rolandbaldi.com\/de\/#\/schema\/logo\/image\/","url":"https:\/\/rolandbaldi.com\/wp-content\/uploads\/2019\/07\/logo-nero.svg","contentUrl":"https:\/\/rolandbaldi.com\/wp-content\/uploads\/2019\/07\/logo-nero.svg","caption":"Roland Baldi Architect"},"image":{"@id":"https:\/\/rolandbaldi.com\/de\/#\/schema\/logo\/image\/"}},{"@type":"WebSite","@id":"https:\/\/rolandbaldi.com\/de\/#website","url":"https:\/\/rolandbaldi.com\/de\/","name":"Roland Baldi","description":"Roland Baldi architects - Bolzano\/Bozen","publisher":{"@id":"https:\/\/rolandbaldi.com\/de\/#organization"},"potentialAction":[{"@type":"SearchAction","target":{"@type":"EntryPoint","urlTemplate":"https:\/\/rolandbaldi.com\/de\/?s={search_term_string}"},"query-input":"required name=search_term_string"}],"inLanguage":"de"},{"@type":"WebPage","@id":"https:\/\/rolandbaldi.com\/de\/about\/","url":"https:\/\/rolandbaldi.com\/de\/about\/","name":"About | Roland Baldi","isPartOf":{"@id":"https:\/\/rolandbaldi.com\/de\/#website"},"datePublished":"2019-11-06T15:07:02+00:00","dateModified":"2026-04-23T08:30:50+00:00","breadcrumb":{"@id":"https:\/\/rolandbaldi.com\/de\/about\/#breadcrumb"},"inLanguage":"de","potentialAction":[{"@type":"ReadAction","target":["https:\/\/rolandbaldi.com\/de\/about\/"]}]},{"@type":"BreadcrumbList","@id":"https:\/\/rolandbaldi.com\/de\/about\/#breadcrumb","itemListElement":[{"@type":"ListItem","position":1,"name":"Home","item":"https:\/\/rolandbaldi.com\/de\/"},{"@type":"ListItem","position":2,"name":"About"}]}]}},"_links":{"self":[{"href":"https:\/\/rolandbaldi.com\/de\/wp-json\/wp\/v2\/pages\/1397"}],"collection":[{"href":"https:\/\/rolandbaldi.com\/de\/wp-json\/wp\/v2\/pages"}],"about":[{"href":"https:\/\/rolandbaldi.com\/de\/wp-json\/wp\/v2\/types\/page"}],"author":[{"embeddable":true,"href":"https:\/\/rolandbaldi.com\/de\/wp-json\/wp\/v2\/users\/2"}],"replies":[{"embeddable":true,"href":"https:\/\/rolandbaldi.com\/de\/wp-json\/wp\/v2\/comments?post=1397"}],"version-history":[{"count":50,"href":"https:\/\/rolandbaldi.com\/de\/wp-json\/wp\/v2\/pages\/1397\/revisions"}],"predecessor-version":[{"id":7285,"href":"https:\/\/rolandbaldi.com\/de\/wp-json\/wp\/v2\/pages\/1397\/revisions\/7285"}],"wp:attachment":[{"href":"https:\/\/rolandbaldi.com\/de\/wp-json\/wp\/v2\/media?parent=1397"}],"curies":[{"name":"wp","href":"https:\/\/api.w.org\/{rel}","templated":true}]}}