{"id":3069,"date":"2020-01-22T15:24:52","date_gmt":"2020-01-22T15:24:52","guid":{"rendered":"https:\/\/rolandbaldi.com\/?page_id=3069"},"modified":"2026-02-16T11:07:58","modified_gmt":"2026-02-16T11:07:58","slug":"wettbewerbe-baldi","status":"publish","type":"page","link":"https:\/\/rolandbaldi.com\/de\/wettbewerbe-baldi\/","title":{"rendered":"Wettbewerbe &#8211; 2 colonne"},"content":{"rendered":"<p>[et_pb_section fb_built=&#8220;1&#8243; fullwidth=&#8220;on&#8220; disabled_on=&#8220;off|off|on&#8220; _builder_version=&#8220;4.16&#8243; global_colors_info=&#8220;{}&#8220;][\/et_pb_section][et_pb_section fb_built=&#8220;1&#8243; disabled_on=&#8220;on|on|off&#8220; _builder_version=&#8220;4.17.6&#8243; background_image=&#8220;https:\/\/rolandbaldi.com\/wp-content\/uploads\/2025\/10\/G_456-POV1_2025_cartaFotografica-2.png&#8220; custom_padding=&#8220;18%||20%||false|false&#8220; global_colors_info=&#8220;{}&#8220;][\/et_pb_section][et_pb_section fb_built=&#8220;1&#8243; custom_padding_last_edited=&#8220;on|phone&#8220; _builder_version=&#8220;4.16&#8243; custom_padding=&#8220;||40px|5%|false|false&#8220; custom_padding_tablet=&#8220;&#8220; custom_padding_phone=&#8220;&#8220; global_colors_info=&#8220;{}&#8220;][et_pb_row column_structure=&#8220;2_5,3_5&#8243; use_custom_gutter=&#8220;on&#8220; gutter_width=&#8220;1&#8243; custom_padding_last_edited=&#8220;on|tablet&#8220; _builder_version=&#8220;4.16&#8243; width=&#8220;100%&#8220; max_width=&#8220;100%&#8220; module_alignment=&#8220;center&#8220; custom_margin=&#8220;2.6%|auto||auto||&#8220; custom_padding=&#8220;|10%|0px|5%|false|false&#8220; custom_padding_tablet=&#8220;|10%|0px||false|false&#8220; custom_padding_phone=&#8220;&#8220; global_colors_info=&#8220;{}&#8220;][et_pb_column type=&#8220;2_5&#8243; _builder_version=&#8220;4.16&#8243; custom_padding=&#8220;|||&#8220; global_colors_info=&#8220;{}&#8220; custom_padding__hover=&#8220;|||&#8220;][et_pb_text _builder_version=&#8220;4.16&#8243; text_font=&#8220;||||||||&#8220; header_font=&#8220;helvetica-light|300|||||||&#8220; header_text_color=&#8220;#0d85db&#8220; header_font_size=&#8220;50px&#8220; custom_margin_tablet=&#8220;10%||||false|false&#8220; custom_margin_phone=&#8220;10%||||false|false&#8220; custom_margin_last_edited=&#8220;on|tablet&#8220; custom_padding=&#8220;||28px|||&#8220; header_font_size_tablet=&#8220;&#8220; header_font_size_phone=&#8220;40px&#8220; header_font_size_last_edited=&#8220;on|desktop&#8220; global_colors_info=&#8220;{}&#8220;]<\/p>\n<h1>wettbewerbe<\/h1>\n<p>[\/et_pb_text][et_pb_divider color=&#8220;#0c71c3&#8243; divider_weight=&#8220;6px&#8220; _builder_version=&#8220;4.16&#8243; width=&#8220;30px&#8220; module_alignment=&#8220;left&#8220; custom_margin=&#8220;-17px||13px&#8220; global_colors_info=&#8220;{}&#8220;][\/et_pb_divider][\/et_pb_column][et_pb_column type=&#8220;3_5&#8243; _builder_version=&#8220;4.16&#8243; custom_padding=&#8220;|||&#8220; global_colors_info=&#8220;{}&#8220; custom_padding__hover=&#8220;|||&#8220;][\/et_pb_column][\/et_pb_row][\/et_pb_section][et_pb_section fb_built=&#8220;1&#8243; custom_padding_last_edited=&#8220;on|phone&#8220; _builder_version=&#8220;4.16&#8243; custom_margin=&#8220;|5%||5%|false|false&#8220; custom_margin_tablet=&#8220;||10%||false|false&#8220; custom_margin_phone=&#8220;||0px||false|false&#8220; custom_margin_last_edited=&#8220;on|desktop&#8220; custom_padding_tablet=&#8220;||0px||false|false&#8220; custom_padding_phone=&#8220;||0px||false|false&#8220; global_colors_info=&#8220;{}&#8220;][et_pb_row column_structure=&#8220;1_2,1_2&#8243; _builder_version=&#8220;4.16&#8243; width=&#8220;90%&#8220; max_width=&#8220;100%&#8220; custom_margin=&#8220;0px||4%||false|false&#8220; custom_margin_tablet=&#8220;&#8220; custom_margin_phone=&#8220;0px||8%||false|false&#8220; custom_margin_last_edited=&#8220;on|desktop&#8220; custom_padding=&#8220;0px||0px||false|false&#8220; global_colors_info=&#8220;{}&#8220;][et_pb_column type=&#8220;1_2&#8243; _builder_version=&#8220;4.16&#8243; global_colors_info=&#8220;{}&#8220;][et_pb_image src=&#8220;https:\/\/rolandbaldi.com\/wp-content\/uploads\/2025\/10\/G_456-POV1_2025_cartaFotografica-1.png&#8220; title_text=&#8220;G_456-POV1_2025_cartaFotografica&#8220; align_tablet=&#8220;center&#8220; align_phone=&#8220;&#8220; align_last_edited=&#8220;on|desktop&#8220; _builder_version=&#8220;4.17.6&#8243; custom_margin=&#8220;||||false|false&#8220; custom_margin_tablet=&#8220;31px||||false|false&#8220; custom_margin_phone=&#8220;||||false|false&#8220; custom_margin_last_edited=&#8220;on|phone&#8220; global_colors_info=&#8220;{}&#8220;][\/et_pb_image][et_pb_text _builder_version=&#8220;4.16&#8243; text_font=&#8220;helvetica-light|300|||||||&#8220; header_font=&#8220;Roboto|100|||||||&#8220; header_font_size=&#8220;36px&#8220; header_6_font=&#8220;helvetica-light||||||||&#8220; header_6_font_size=&#8220;18px&#8220; header_6_line_height=&#8220;1.4em&#8220; custom_margin=&#8220;||22px|||&#8220; inline_fonts=&#8220;helvetica-light&#8220; global_colors_info=&#8220;{}&#8220;]<\/p>\n<p class=\"p1\"><span style=\"font-family: helvetica-light; font-weight: normal; color: #0d85db;\">Wettbewerb<\/span><\/p>\n<h6 class=\"p1\"><span style=\"color: #0d85db;\"><strong><span style=\"font-family: helvetica-light;\">Loacker Technology Center\u00a0<\/span><\/strong><\/span><\/h6>\n<p>[\/et_pb_text][et_pb_divider _builder_version=&#8220;4.16&#8243; width=&#8220;95%&#8220; custom_margin=&#8220;-4px||0px|||&#8220; global_colors_info=&#8220;{}&#8220;][\/et_pb_divider][et_pb_text _builder_version=&#8220;4.16&#8243; text_font=&#8220;helvetica-light|300|||||||&#8220; header_font=&#8220;helvetica-light||||||||&#8220; header_font_size=&#8220;36px&#8220; header_6_font=&#8220;helvetica-light||||||||&#8220; header_6_font_size=&#8220;18px&#8220; header_6_line_height=&#8220;1.2em&#8220; custom_margin=&#8220;||||false|false&#8220; hover_enabled=&#8220;0&#8243; inline_fonts=&#8220;helvetica-light&#8220; global_colors_info=&#8220;{}&#8220; sticky_enabled=&#8220;0&#8243;]<\/p>\n<h6 class=\"p1\"><span style=\"font-family: helvetica-light; font-weight: normal;\">Ort<br \/><\/span><strong><span style=\"font-family: helvetica-light;\">Unterinn<\/span><\/strong><\/h6>\n<h6 class=\"p1\">Auslober<br \/><strong>Loacker<\/strong><\/h6>\n<h6 class=\"p1\">Planung<br \/><strong>Roland Baldi Architects<\/strong><\/h6>\n<h6 class=\"p1\">Team<br \/><strong>Roland Baldi<br \/>Erica Mazzoni<\/strong><\/h6>\n<p><span style=\"color: #333333;\">Jahr<\/span><br \/><span style=\"color: #333333;\"><strong>2025<\/strong><\/span><\/p>\n<h6 class=\"p1\">Preis<br \/><strong>1. Preis<\/strong><\/h6>\n<p>&nbsp;<\/p>\n<p>&nbsp;<\/p>\n<p>[\/et_pb_text][\/et_pb_column][et_pb_column type=&#8220;1_2&#8243; _builder_version=&#8220;4.16&#8243; global_colors_info=&#8220;{}&#8220;][et_pb_image src=&#8220;https:\/\/rolandbaldi.com\/wp-content\/uploads\/2025\/10\/C-2-scaled.jpg&#8220; title_text=&#8220;C&#8220; align_tablet=&#8220;center&#8220; align_phone=&#8220;&#8220; align_last_edited=&#8220;on|desktop&#8220; _builder_version=&#8220;4.17.6&#8243; custom_margin=&#8220;|||||&#8220; custom_margin_tablet=&#8220;||||false|false&#8220; custom_margin_phone=&#8220;0%||||false|false&#8220; custom_margin_last_edited=&#8220;on|desktop&#8220; global_colors_info=&#8220;{}&#8220;][\/et_pb_image][et_pb_text _builder_version=&#8220;4.16&#8243; text_font=&#8220;helvetica-light|300|||||||&#8220; header_font=&#8220;Roboto|100|||||||&#8220; header_font_size=&#8220;36px&#8220; header_6_font=&#8220;Roboto||||||||&#8220; header_6_font_size=&#8220;18px&#8220; header_6_line_height=&#8220;1.4em&#8220; custom_margin=&#8220;||22px|||&#8220; inline_fonts=&#8220;helvetica-light&#8220; global_colors_info=&#8220;{}&#8220;]<\/p>\n<p class=\"p1\"><span style=\"font-family: helvetica-light; font-weight: normal; color: #0d85db;\">Wettbewerb<\/span><\/p>\n<h6 class=\"p1\"><span style=\"color: #0d85db;\"><strong><span style=\"font-family: helvetica-light;\">Pardelwiesen &#8211; St\u00e4dtebauliches Konzept f\u00fcr die zuk\u00fcnftige Nutzung der Verdone-Kaserne<\/span><\/strong><\/span><\/h6>\n<p>[\/et_pb_text][et_pb_divider _builder_version=&#8220;4.16&#8243; width=&#8220;95%&#8220; custom_margin=&#8220;-4px||0px|||&#8220; global_colors_info=&#8220;{}&#8220;][\/et_pb_divider][et_pb_text _builder_version=&#8220;4.17.6&#8243; text_font=&#8220;helvetica-light|300|||||||&#8220; header_font=&#8220;helvetica-light||||||||&#8220; header_font_size=&#8220;36px&#8220; header_6_font=&#8220;helvetica-light||||||||&#8220; header_6_font_size=&#8220;18px&#8220; header_6_line_height=&#8220;1.2em&#8220; min_height=&#8220;480.6px&#8220; custom_margin=&#8220;||||false|false&#8220; inline_fonts=&#8220;helvetica-light&#8220; global_colors_info=&#8220;{}&#8220;]<\/p>\n<h6 class=\"p1\">Ort<br \/><strong>Vahrn<\/strong><\/h6>\n<h6 class=\"p1\">Auslober<br \/><strong><\/strong><strong>Gemeinde Vahrn<\/strong><\/h6>\n<h6 class=\"p1\">Planung<br \/><strong>Roland Baldi Architects + Ingena + Heiner Schweigkofler<\/strong><\/h6>\n<h6 class=\"p1\">Team<br \/><strong>Roland Baldi<br \/><\/strong><strong><\/strong><strong>Mattia Michieletto<br \/>Carlo Scolari<br \/>Marco Molon<br \/>Christian S\u00f6lva<br \/>Lorenzo Bertolotto<br \/>Nicoletta Cristiani<br \/>Rudi Bertagnolli<br \/>Daniel Larcher<\/strong><\/h6>\n<h6 class=\"p1\">Jahr<br \/><strong>2024<\/strong><\/h6>\n<h6 class=\"p1\">Preis<br \/><strong>1. Preis<\/strong><\/h6>\n<h6 class=\"p1\"><\/h6>\n<p>[\/et_pb_text][\/et_pb_column][\/et_pb_row][et_pb_row column_structure=&#8220;1_2,1_2&#8243; _builder_version=&#8220;4.16&#8243; width=&#8220;90%&#8220; max_width=&#8220;100%&#8220; custom_margin=&#8220;0px||4%||false|false&#8220; custom_margin_tablet=&#8220;&#8220; custom_margin_phone=&#8220;0px||8%||false|false&#8220; custom_margin_last_edited=&#8220;on|desktop&#8220; custom_padding=&#8220;0px||0px||false|false&#8220; global_colors_info=&#8220;{}&#8220;][et_pb_column type=&#8220;1_2&#8243; _builder_version=&#8220;4.16&#8243; global_colors_info=&#8220;{}&#8220;][et_pb_image src=&#8220;https:\/\/rolandbaldi.com\/wp-content\/uploads\/2023\/11\/RENDER-01-copy.jpg&#8220; title_text=&#8220;RENDER 01 copy&#8220; align_tablet=&#8220;center&#8220; align_phone=&#8220;&#8220; align_last_edited=&#8220;on|desktop&#8220; _builder_version=&#8220;4.17.6&#8243; custom_margin=&#8220;||||false|false&#8220; custom_margin_tablet=&#8220;31px||||false|false&#8220; custom_margin_phone=&#8220;||||false|false&#8220; custom_margin_last_edited=&#8220;on|phone&#8220; global_colors_info=&#8220;{}&#8220;][\/et_pb_image][et_pb_text _builder_version=&#8220;4.16&#8243; text_font=&#8220;helvetica-light|300|||||||&#8220; header_font=&#8220;Roboto|100|||||||&#8220; header_font_size=&#8220;36px&#8220; header_6_font=&#8220;helvetica-light||||||||&#8220; header_6_font_size=&#8220;18px&#8220; header_6_line_height=&#8220;1.4em&#8220; custom_margin=&#8220;||22px|||&#8220; inline_fonts=&#8220;helvetica-light&#8220; global_colors_info=&#8220;{}&#8220;]<\/p>\n<p class=\"p1\"><span style=\"font-family: helvetica-light; font-weight: normal; color: #0d85db;\">Wettbewerb<\/span><\/p>\n<h6 class=\"p1\"><span style=\"color: #0d85db;\"><strong><span style=\"font-family: helvetica-light;\">Erweiterung des Firmensitzes der Tischlerei Gampenrieder<br \/><\/span><\/strong><\/span><\/h6>\n<p>[\/et_pb_text][et_pb_divider _builder_version=&#8220;4.16&#8243; width=&#8220;95%&#8220; custom_margin=&#8220;-4px||0px|||&#8220; global_colors_info=&#8220;{}&#8220;][\/et_pb_divider][et_pb_text _builder_version=&#8220;4.16&#8243; text_font=&#8220;helvetica-light|300|||||||&#8220; header_font=&#8220;helvetica-light||||||||&#8220; header_font_size=&#8220;36px&#8220; header_6_font=&#8220;helvetica-light||||||||&#8220; header_6_font_size=&#8220;18px&#8220; header_6_line_height=&#8220;1.2em&#8220; custom_margin=&#8220;||||false|false&#8220; inline_fonts=&#8220;helvetica-light&#8220; global_colors_info=&#8220;{}&#8220;]<\/p>\n<h6 class=\"p1\"><span style=\"font-family: helvetica-light; font-weight: normal;\">Ort<br \/><\/span><strong><span style=\"font-family: helvetica-light;\">Ritten<\/span><\/strong><\/h6>\n<h6 class=\"p1\">Auslober<br \/><strong>Tischlerei Gampenrieder<\/strong><\/h6>\n<h6 class=\"p1\">Planung<br \/><strong>Roland Baldi Architects<\/strong><\/h6>\n<h6 class=\"p1\">Team<br \/><strong>Roland Baldi<br \/><\/strong><strong>Erica Mazzoni<\/strong><\/h6>\n<p><span style=\"color: #333333;\">Jahr<\/span><br \/><span style=\"color: #333333;\"><strong>2023<\/strong><\/span><\/p>\n<h6 class=\"p1\">Preis<br \/><strong>1. Preis<\/strong><\/h6>\n<p>&nbsp;<\/p>\n<p>&nbsp;<\/p>\n<p>[\/et_pb_text][\/et_pb_column][et_pb_column type=&#8220;1_2&#8243; _builder_version=&#8220;4.16&#8243; global_colors_info=&#8220;{}&#8220;][et_pb_image src=&#8220;https:\/\/rolandbaldi.com\/wp-content\/uploads\/2023\/11\/R1.jpg&#8220; title_text=&#8220;R1&#8243; align_tablet=&#8220;center&#8220; align_phone=&#8220;&#8220; align_last_edited=&#8220;on|desktop&#8220; _builder_version=&#8220;4.17.6&#8243; custom_margin=&#8220;|||||&#8220; custom_margin_tablet=&#8220;||||false|false&#8220; custom_margin_phone=&#8220;0%||||false|false&#8220; custom_margin_last_edited=&#8220;on|desktop&#8220; global_colors_info=&#8220;{}&#8220;][\/et_pb_image][et_pb_text _builder_version=&#8220;4.16&#8243; text_font=&#8220;helvetica-light|300|||||||&#8220; header_font=&#8220;Roboto|100|||||||&#8220; header_font_size=&#8220;36px&#8220; header_6_font=&#8220;Roboto||||||||&#8220; header_6_font_size=&#8220;18px&#8220; header_6_line_height=&#8220;1.4em&#8220; custom_margin=&#8220;||22px|||&#8220; inline_fonts=&#8220;helvetica-light&#8220; global_colors_info=&#8220;{}&#8220;]<\/p>\n<p class=\"p1\"><span style=\"font-family: helvetica-light; font-weight: normal; color: #0d85db;\"><\/span><\/p>\n<p class=\"p1\"><span style=\"font-family: helvetica-light; font-weight: normal; color: #0d85db;\"><\/span><\/p>\n<p class=\"p1\"><span style=\"font-family: helvetica-light; font-weight: normal; color: #0d85db;\">Wettbewerb<\/span><\/p>\n<h6 class=\"p1\"><span style=\"color: #0d85db;\"><strong><span style=\"font-family: helvetica-light;\">Sozialer Wohnbau <\/span><\/strong><\/span><strong style=\"color: #0d85db; font-size: 18px;\"><span style=\"font-family: helvetica-light;\">Eppan<\/span><\/strong><\/h6>\n<p>[\/et_pb_text][et_pb_divider _builder_version=&#8220;4.16&#8243; width=&#8220;95%&#8220; custom_margin=&#8220;-4px||0px|||&#8220; global_colors_info=&#8220;{}&#8220;][\/et_pb_divider][et_pb_text _builder_version=&#8220;4.16&#8243; text_font=&#8220;helvetica-light|300|||||||&#8220; header_font=&#8220;helvetica-light||||||||&#8220; header_font_size=&#8220;36px&#8220; header_6_font=&#8220;helvetica-light||||||||&#8220; header_6_font_size=&#8220;18px&#8220; header_6_line_height=&#8220;1.2em&#8220; custom_margin=&#8220;||||false|false&#8220; inline_fonts=&#8220;helvetica-light&#8220; global_colors_info=&#8220;{}&#8220;]<\/p>\n<h6 class=\"p1\">Ort<br \/><strong>Eppan<\/strong><\/h6>\n<h6 class=\"p1\">Auslober<br \/><strong><\/strong><\/h6>\n<h6 class=\"p1\"><strong>Institut f\u00fcr den sozialen Wohnbau des Landes S\u00fcdtirol<\/strong><\/h6>\n<h6 class=\"p1\">Planung<br \/><strong>Roland Baldi Architects<\/strong><\/h6>\n<h6 class=\"p1\">Team<br \/><strong>Roland Baldi<br \/><\/strong><strong><\/strong><strong>Carlo Scolari<\/strong><\/h6>\n<h6 class=\"p1\">Jahr<br \/><strong>2022<\/strong><\/h6>\n<h6 class=\"p1\">Preis<br \/><strong>1. Preis<\/strong><\/h6>\n<p>&nbsp;<\/p>\n<h6 class=\"p1\"><strong>\u00a0<\/strong><\/h6>\n<p>[\/et_pb_text][et_pb_text disabled_on=&#8220;on|off|off&#8220; _builder_version=&#8220;4.16&#8243; text_font=&#8220;Roboto|700|||||||&#8220; text_text_color=&#8220;#0d85db&#8220; text_line_height=&#8220;1.1em&#8220; header_font=&#8220;Roboto|100|||||||&#8220; header_text_color=&#8220;#0d85db&#8220; header_font_size=&#8220;50px&#8220; header_6_font=&#8220;||||||||&#8220; header_6_text_color=&#8220;#0d85db&#8220; header_6_font_size=&#8220;15px&#8220; header_6_line_height=&#8220;1.8em&#8220; min_height=&#8220;0px&#8220; height=&#8220;100px&#8220; max_height=&#8220;100px&#8220; custom_margin=&#8220;-3px|0px|0px|47%|false|false&#8220; custom_margin_tablet=&#8220;||||false|false&#8220; custom_margin_phone=&#8220;7%|||32%|false|false&#8220; custom_margin_last_edited=&#8220;on|phone&#8220; custom_padding=&#8220;0px|2%|0%|0px|false|false&#8220; custom_padding_tablet=&#8220;0px|2%|0%||false|false&#8220; custom_padding_phone=&#8220;||33%||false|false&#8220; custom_padding_last_edited=&#8220;on|desktop&#8220; animation_style=&#8220;slide&#8220; animation_direction=&#8220;bottom&#8220; animation_delay=&#8220;400ms&#8220; animation_intensity_slide=&#8220;10%&#8220; custom_css_main_element=&#8220;z-index: 999999;||&#8220; border_color_all=&#8220;#0d85db&#8220; inline_fonts=&#8220;helvetica-light&#8220; global_colors_info=&#8220;{}&#8220; background__hover_enabled=&#8220;on&#8220; text_text_color__hover_enabled=&#8220;on&#8220; text_text_color__hover=&#8220;#0d85db&#8220; header_6_text_color__hover_enabled=&#8220;on&#8220; header_6_text_color__hover=&#8220;#ffffff&#8220; header_text_color__hover_enabled=&#8220;on&#8220; header_text_color__hover=&#8220;#0d85db&#8220; locked=&#8220;off&#8220;]<\/p>\n<p>&nbsp;<\/p>\n<p class=\"p1\"><span class=\"s1\"><strong><span style=\"font-family: helvetica-light;\">Sede aziendale\u00a0<\/span><\/strong><strong><span style=\"font-family: helvetica-light;\">TechnoAlpin<\/span><\/strong><\/span><\/p>\n<h6 class=\"p1\"><strong><span style=\"color: #0d85db; font-family: helvetica-light;\">Bolzano,\u00a0<\/span><\/strong><strong><span style=\"color: #0d85db; font-family: helvetica-light;\">Best architects 14 Award<\/span><\/strong><\/h6>\n<p>[\/et_pb_text][\/et_pb_column][\/et_pb_row][et_pb_row column_structure=&#8220;1_2,1_2&#8243; _builder_version=&#8220;4.16&#8243; width=&#8220;90%&#8220; max_width=&#8220;100%&#8220; custom_margin=&#8220;0px||4%||false|false&#8220; custom_margin_tablet=&#8220;&#8220; custom_margin_phone=&#8220;0px||8%||false|false&#8220; custom_margin_last_edited=&#8220;on|desktop&#8220; custom_padding=&#8220;0px||0px||false|false&#8220; global_colors_info=&#8220;{}&#8220;][et_pb_column type=&#8220;1_2&#8243; _builder_version=&#8220;4.16&#8243; global_colors_info=&#8220;{}&#8220;][et_pb_image src=&#8220;https:\/\/rolandbaldi.com\/wp-content\/uploads\/2021\/09\/R2.jpg&#8220; align_tablet=&#8220;center&#8220; align_phone=&#8220;&#8220; align_last_edited=&#8220;on|desktop&#8220; _builder_version=&#8220;4.16&#8243; custom_margin=&#8220;||||false|false&#8220; custom_margin_tablet=&#8220;31px||||false|false&#8220; custom_margin_phone=&#8220;||||false|false&#8220; custom_margin_last_edited=&#8220;on|phone&#8220; global_colors_info=&#8220;{}&#8220;][\/et_pb_image][et_pb_text _builder_version=&#8220;4.16&#8243; text_font=&#8220;helvetica-light|300|||||||&#8220; header_font=&#8220;Roboto|100|||||||&#8220; header_font_size=&#8220;36px&#8220; header_6_font=&#8220;helvetica-light||||||||&#8220; header_6_font_size=&#8220;18px&#8220; header_6_line_height=&#8220;1.4em&#8220; custom_margin=&#8220;||22px|||&#8220; inline_fonts=&#8220;helvetica-light&#8220; global_colors_info=&#8220;{}&#8220;]<\/p>\n<p class=\"p1\"><span style=\"font-family: helvetica-light; font-weight: normal; color: #0d85db;\">Wettbewerb<\/span><\/p>\n<h6 class=\"p1\"><span style=\"color: #0d85db;\"><strong><span style=\"font-family: helvetica-light;\">Sozialer Wohnbau Stern<br \/><\/span><\/strong><\/span><\/h6>\n<p>[\/et_pb_text][et_pb_divider _builder_version=&#8220;4.16&#8243; width=&#8220;95%&#8220; custom_margin=&#8220;-4px||0px|||&#8220; global_colors_info=&#8220;{}&#8220;][\/et_pb_divider][et_pb_text _builder_version=&#8220;4.16&#8243; text_font=&#8220;helvetica-light|300|||||||&#8220; header_font=&#8220;helvetica-light||||||||&#8220; header_font_size=&#8220;36px&#8220; header_6_font=&#8220;helvetica-light||||||||&#8220; header_6_font_size=&#8220;18px&#8220; header_6_line_height=&#8220;1.2em&#8220; custom_margin=&#8220;||||false|false&#8220; inline_fonts=&#8220;helvetica-light&#8220; global_colors_info=&#8220;{}&#8220;]<\/p>\n<h6 class=\"p1\"><span style=\"font-family: helvetica-light; font-weight: normal;\">Ort<br \/><\/span><strong><span style=\"font-family: helvetica-light;\">Stern<\/span><\/strong><\/h6>\n<h6 class=\"p1\">Auslober<br \/><strong>Institut f\u00fcr den sozialen Wohnbau des Landes S\u00fcdtirol<\/strong><\/h6>\n<h6 class=\"p1\">Planung<br \/><strong>Roland Baldi Architects<\/strong><\/h6>\n<h6 class=\"p1\">Team<br \/><strong>Roland Baldi<br \/><\/strong><strong>Carlo Scolari<br \/>Sila Giriftinoglu<\/strong><\/h6>\n<h6 class=\"p1\">Jahr<br \/><strong>2021<\/strong><\/h6>\n<h6 class=\"p1\">Preis<br \/><strong>1. Preis<\/strong><\/h6>\n<p>&nbsp;<\/p>\n<p>&nbsp;<\/p>\n<p>[\/et_pb_text][\/et_pb_column][et_pb_column type=&#8220;1_2&#8243; _builder_version=&#8220;4.16&#8243; global_colors_info=&#8220;{}&#8220;][et_pb_image src=&#8220;https:\/\/rolandbaldi.com\/wp-content\/uploads\/2021\/09\/W130_Render.jpg&#8220; align_tablet=&#8220;center&#8220; align_phone=&#8220;&#8220; align_last_edited=&#8220;on|desktop&#8220; _builder_version=&#8220;4.16&#8243; custom_margin=&#8220;|||||&#8220; custom_margin_tablet=&#8220;||||false|false&#8220; custom_margin_phone=&#8220;0%||||false|false&#8220; custom_margin_last_edited=&#8220;on|desktop&#8220; global_colors_info=&#8220;{}&#8220;][\/et_pb_image][et_pb_text _builder_version=&#8220;4.16&#8243; text_font=&#8220;helvetica-light|300|||||||&#8220; header_font=&#8220;Roboto|100|||||||&#8220; header_font_size=&#8220;36px&#8220; header_6_font=&#8220;Roboto||||||||&#8220; header_6_font_size=&#8220;18px&#8220; header_6_line_height=&#8220;1.4em&#8220; custom_margin=&#8220;||22px|||&#8220; inline_fonts=&#8220;helvetica-light&#8220; global_colors_info=&#8220;{}&#8220;]<\/p>\n<p class=\"p1\"><span style=\"font-family: helvetica-light; font-weight: normal; color: #0d85db;\">Wettbewerb<\/span><\/p>\n<h6 class=\"p1\"><span style=\"color: #0d85db;\"><strong><span style=\"font-family: helvetica-light;\"><span class=\"d2edcug0 hpfvmrgz qv66sw1b c1et5uql lr9zc1uh a8c37x1j keod5gw0 nxhoafnm aigsh9s9 d3f4x2em fe6kdd0r mau55g9w c8b282yb iv3no6db jq4qci2q a3bd9o3v b1v8xokw oo9gr5id hzawbc8m\" dir=\"auto\">C\u00ebsa di Ladins<\/span><br \/><\/span><\/strong><\/span><\/h6>\n<p>[\/et_pb_text][et_pb_divider _builder_version=&#8220;4.16&#8243; width=&#8220;95%&#8220; custom_margin=&#8220;-4px||0px|||&#8220; global_colors_info=&#8220;{}&#8220;][\/et_pb_divider][et_pb_text _builder_version=&#8220;4.16&#8243; text_font=&#8220;helvetica-light|300|||||||&#8220; header_font=&#8220;helvetica-light||||||||&#8220; header_font_size=&#8220;36px&#8220; header_6_font=&#8220;helvetica-light||||||||&#8220; header_6_font_size=&#8220;18px&#8220; header_6_line_height=&#8220;1.2em&#8220; custom_margin=&#8220;||||false|false&#8220; inline_fonts=&#8220;helvetica-light&#8220; global_colors_info=&#8220;{}&#8220;]<\/p>\n<h6 class=\"p1\">Ort<br \/><strong>St. Ulrich<\/strong><\/h6>\n<h6 class=\"p1\">Auslober<br \/><strong>Gemeinde St. Ulrich<br \/><\/strong><\/h6>\n<h6 class=\"p1\">Planung<br \/><strong>Roland Baldi Architects<\/strong><\/h6>\n<h6 class=\"p1\">Team<br \/><strong>Roland Baldi<\/strong><strong> <br \/>Carlo Scolari<br \/>Sila Giriftinoglu<br \/><\/strong><\/h6>\n<h6 class=\"p1\">Jahr<br \/><strong>2020<\/strong><\/h6>\n<h6 class=\"p1\">Preis<br \/><strong>Anerkennung<\/strong><\/h6>\n<p>&nbsp;<\/p>\n<h6 class=\"p1\"><strong>\u00a0<\/strong><\/h6>\n<p>[\/et_pb_text][\/et_pb_column][\/et_pb_row][et_pb_row column_structure=&#8220;1_2,1_2&#8243; _builder_version=&#8220;4.16&#8243; width=&#8220;90%&#8220; max_width=&#8220;100%&#8220; custom_margin=&#8220;0px||4%||false|false&#8220; custom_margin_tablet=&#8220;&#8220; custom_margin_phone=&#8220;0px||8%||false|false&#8220; custom_margin_last_edited=&#8220;on|desktop&#8220; custom_padding=&#8220;0px||0px||false|false&#8220; global_colors_info=&#8220;{}&#8220;][et_pb_column type=&#8220;1_2&#8243; _builder_version=&#8220;4.16&#8243; global_colors_info=&#8220;{}&#8220;][et_pb_image src=&#8220;https:\/\/rolandbaldi.com\/wp-content\/uploads\/2021\/09\/W131_schema.jpg&#8220; align_tablet=&#8220;center&#8220; align_phone=&#8220;&#8220; align_last_edited=&#8220;on|desktop&#8220; _builder_version=&#8220;4.16&#8243; custom_margin=&#8220;||||false|false&#8220; custom_margin_tablet=&#8220;31px||||false|false&#8220; custom_margin_phone=&#8220;||||false|false&#8220; custom_margin_last_edited=&#8220;on|phone&#8220; global_colors_info=&#8220;{}&#8220;][\/et_pb_image][et_pb_text _builder_version=&#8220;4.16&#8243; text_font=&#8220;helvetica-light|300|||||||&#8220; header_font=&#8220;Roboto|100|||||||&#8220; header_font_size=&#8220;36px&#8220; header_6_font=&#8220;helvetica-light||||||||&#8220; header_6_font_size=&#8220;18px&#8220; header_6_line_height=&#8220;1.4em&#8220; custom_margin=&#8220;||22px|||&#8220; inline_fonts=&#8220;helvetica-light&#8220; global_colors_info=&#8220;{}&#8220;]<\/p>\n<p class=\"p1\"><span style=\"font-family: helvetica-light; font-weight: normal; color: #0d85db;\">Wettbewerb<\/span><\/p>\n<h6 class=\"p1\"><span style=\"color: #0d85db;\"><strong><span style=\"font-family: helvetica-light;\">Kindergarten Lana<br \/><\/span><\/strong><\/span><\/h6>\n<p>[\/et_pb_text][et_pb_divider _builder_version=&#8220;4.16&#8243; width=&#8220;95%&#8220; custom_margin=&#8220;-4px||0px|||&#8220; global_colors_info=&#8220;{}&#8220;][\/et_pb_divider][et_pb_text _builder_version=&#8220;4.16&#8243; text_font=&#8220;helvetica-light|300|||||||&#8220; header_font=&#8220;helvetica-light||||||||&#8220; header_font_size=&#8220;36px&#8220; header_6_font=&#8220;helvetica-light||||||||&#8220; header_6_font_size=&#8220;18px&#8220; header_6_line_height=&#8220;1.2em&#8220; custom_margin=&#8220;||||false|false&#8220; inline_fonts=&#8220;helvetica-light&#8220; global_colors_info=&#8220;{}&#8220;]<\/p>\n<h6 class=\"p1\"><span style=\"font-family: helvetica-light; font-weight: normal;\">Ort<br \/><\/span><strong><span style=\"font-family: helvetica-light;\">Lana<br \/><\/span><\/strong><\/h6>\n<h6 class=\"p1\">Auslober<br \/><strong>Gemeinde Lana<\/strong><\/h6>\n<h6 class=\"p1\">Planung<br \/><strong>Roland Baldi Architects<\/strong><\/h6>\n<h6 class=\"p1\">Team<br \/><strong>Roland Baldi<br \/><\/strong><strong>Sila Giriftinoglu<br \/><\/strong><strong>Carlo Scolari<\/strong><\/h6>\n<h6 class=\"p1\">Jahr<br \/><strong>2020<\/strong><\/h6>\n<h6 class=\"p1\">Preis<br \/><strong>3. Preis<br \/><\/strong><\/h6>\n<p>&nbsp;<\/p>\n<p>&nbsp;<\/p>\n<p>[\/et_pb_text][\/et_pb_column][et_pb_column type=&#8220;1_2&#8243; _builder_version=&#8220;4.16&#8243; global_colors_info=&#8220;{}&#8220;][et_pb_image src=&#8220;https:\/\/rolandbaldi.com\/wp-content\/uploads\/2021\/09\/02_S.jpg&#8220; align_tablet=&#8220;center&#8220; align_phone=&#8220;&#8220; align_last_edited=&#8220;on|desktop&#8220; _builder_version=&#8220;4.16&#8243; custom_margin=&#8220;|||||&#8220; custom_margin_tablet=&#8220;||||false|false&#8220; custom_margin_phone=&#8220;0%||||false|false&#8220; custom_margin_last_edited=&#8220;on|desktop&#8220; global_colors_info=&#8220;{}&#8220;][\/et_pb_image][et_pb_text _builder_version=&#8220;4.16&#8243; text_font=&#8220;helvetica-light|300|||||||&#8220; header_font=&#8220;Roboto|100|||||||&#8220; header_font_size=&#8220;36px&#8220; header_6_font=&#8220;Roboto||||||||&#8220; header_6_font_size=&#8220;18px&#8220; header_6_line_height=&#8220;1.4em&#8220; custom_margin=&#8220;||22px|||&#8220; inline_fonts=&#8220;helvetica-light&#8220; global_colors_info=&#8220;{}&#8220;]<\/p>\n<p class=\"p1\"><span style=\"font-family: helvetica-light; font-weight: normal; color: #0d85db;\">Wettbewerb<\/span><\/p>\n<h6 class=\"p1\"><span style=\"color: #0d85db;\"><strong><span style=\"font-family: helvetica-light;\"><span class=\"d2edcug0 hpfvmrgz qv66sw1b c1et5uql lr9zc1uh a8c37x1j keod5gw0 nxhoafnm aigsh9s9 d3f4x2em fe6kdd0r mau55g9w c8b282yb iv3no6db jq4qci2q a3bd9o3v b1v8xokw oo9gr5id hzawbc8m\" dir=\"auto\">Siegesplatz Bozen<\/span><br \/><\/span><\/strong><\/span><\/h6>\n<p>[\/et_pb_text][et_pb_divider _builder_version=&#8220;4.16&#8243; width=&#8220;95%&#8220; custom_margin=&#8220;-4px||0px|||&#8220; global_colors_info=&#8220;{}&#8220;][\/et_pb_divider][et_pb_text _builder_version=&#8220;4.16&#8243; text_font=&#8220;helvetica-light|300|||||||&#8220; header_font=&#8220;helvetica-light||||||||&#8220; header_font_size=&#8220;36px&#8220; header_6_font=&#8220;helvetica-light||||||||&#8220; header_6_font_size=&#8220;18px&#8220; header_6_line_height=&#8220;1.2em&#8220; custom_margin=&#8220;||||false|false&#8220; inline_fonts=&#8220;helvetica-light&#8220; global_colors_info=&#8220;{}&#8220;]<\/p>\n<h6 class=\"p1\"><span style=\"font-family: helvetica-light; font-weight: normal;\">Ort<br \/><\/span><strong><span style=\"font-family: helvetica-light;\">Bozen<\/span><\/strong><\/h6>\n<h6 class=\"p1\">Auslober<br \/><strong>Gemeinde Bozen<\/strong><\/h6>\n<h6 class=\"p1\">Planung<br \/><strong>Roland Baldi Architects<\/strong><\/h6>\n<h6 class=\"p1\">Team<br \/><strong>Roland Baldi<\/strong><strong> <br \/>Sila Giriftinoglu<br \/>Carlo Scolari <\/strong><\/h6>\n<h6 class=\"p1\">Jahr<br \/><strong>2020<\/strong><\/h6>\n<h6 class=\"p1\">Preis<br \/><strong>2. Preis<br \/><\/strong><\/h6>\n<p>&nbsp;<\/p>\n<h6 class=\"p1\"><strong>\u00a0<\/strong><\/h6>\n<p>[\/et_pb_text][\/et_pb_column][\/et_pb_row][et_pb_row column_structure=&#8220;1_2,1_2&#8243; _builder_version=&#8220;4.16&#8243; width=&#8220;90%&#8220; max_width=&#8220;100%&#8220; custom_margin=&#8220;0px||4%||false|false&#8220; custom_margin_tablet=&#8220;&#8220; custom_margin_phone=&#8220;0px||8%||false|false&#8220; custom_margin_last_edited=&#8220;on|desktop&#8220; custom_padding=&#8220;0px||0px||false|false&#8220; global_colors_info=&#8220;{}&#8220;][et_pb_column type=&#8220;1_2&#8243; _builder_version=&#8220;4.16&#8243; global_colors_info=&#8220;{}&#8220;][et_pb_image src=&#8220;https:\/\/rolandbaldi.com\/wp-content\/uploads\/2019\/11\/Schletzes-web.jpg&#8220; align_tablet=&#8220;center&#8220; align_phone=&#8220;&#8220; align_last_edited=&#8220;on|desktop&#8220; _builder_version=&#8220;4.16&#8243; custom_margin=&#8220;||||false|false&#8220; custom_margin_tablet=&#8220;31px||||false|false&#8220; custom_margin_phone=&#8220;||||false|false&#8220; custom_margin_last_edited=&#8220;on|phone&#8220; global_colors_info=&#8220;{}&#8220;][\/et_pb_image][et_pb_text _builder_version=&#8220;4.16&#8243; text_font=&#8220;helvetica-light|300|||||||&#8220; header_font=&#8220;Roboto|100|||||||&#8220; header_font_size=&#8220;36px&#8220; header_6_font=&#8220;helvetica-light||||||||&#8220; header_6_font_size=&#8220;18px&#8220; header_6_line_height=&#8220;1.4em&#8220; custom_margin=&#8220;||22px|||&#8220; inline_fonts=&#8220;helvetica-light&#8220; global_colors_info=&#8220;{}&#8220;]<\/p>\n<p class=\"p1\"><span style=\"font-family: helvetica-light; font-weight: normal; color: #0d85db;\">Wettbewerb<\/span><\/p>\n<h6 class=\"p1\"><span style=\"color: #0d85db;\"><strong><span style=\"font-family: helvetica-light;\">Wohnbauzone Schletzes III \u2013 Tartsch in Mals<\/span><\/strong><\/span><\/h6>\n<p>[\/et_pb_text][et_pb_divider _builder_version=&#8220;4.16&#8243; width=&#8220;95%&#8220; custom_margin=&#8220;-4px||0px|||&#8220; global_colors_info=&#8220;{}&#8220;][\/et_pb_divider][et_pb_text _builder_version=&#8220;4.16&#8243; text_font=&#8220;helvetica-light|300|||||||&#8220; header_font=&#8220;helvetica-light||||||||&#8220; header_font_size=&#8220;36px&#8220; header_6_font=&#8220;helvetica-light||||||||&#8220; header_6_font_size=&#8220;18px&#8220; header_6_line_height=&#8220;1.2em&#8220; custom_margin=&#8220;||||false|false&#8220; inline_fonts=&#8220;helvetica-light&#8220; global_colors_info=&#8220;{}&#8220;]<\/p>\n<h6 class=\"p1\"><span style=\"font-family: helvetica-light; font-weight: normal;\">Ort<br \/><\/span><strong><span style=\"font-family: helvetica-light;\">Mals<\/span><\/strong><\/h6>\n<h6 class=\"p1\">Auslober<br \/><strong>Marktgemeinde Mals<\/strong><\/h6>\n<h6 class=\"p1\">Planung<br \/><strong>Roland Baldi Architects<\/strong><\/h6>\n<h6 class=\"p1\">Team<br \/><strong>Roland Baldi<br \/><\/strong><strong>Carlo Scolari<br \/>Sila Giriftinoglu<\/strong><\/h6>\n<h6 class=\"p1\">Jahr<br \/><strong>2019<\/strong><\/h6>\n<h6 class=\"p1\">Preis<br \/><strong>1. Preis<\/strong><\/h6>\n<p>&nbsp;<\/p>\n<p>[\/et_pb_text][\/et_pb_column][et_pb_column type=&#8220;1_2&#8243; _builder_version=&#8220;4.16&#8243; global_colors_info=&#8220;{}&#8220;][et_pb_image src=&#8220;https:\/\/rolandbaldi.com\/wp-content\/uploads\/2019\/11\/Centro-anziani-Varna-R1-web.jpg&#8220; align_tablet=&#8220;center&#8220; align_phone=&#8220;&#8220; align_last_edited=&#8220;on|desktop&#8220; _builder_version=&#8220;4.16&#8243; custom_margin=&#8220;|||||&#8220; custom_margin_tablet=&#8220;||||false|false&#8220; custom_margin_phone=&#8220;0%||||false|false&#8220; custom_margin_last_edited=&#8220;on|desktop&#8220; global_colors_info=&#8220;{}&#8220;][\/et_pb_image][et_pb_text _builder_version=&#8220;4.16&#8243; text_font=&#8220;helvetica-light|300|||||||&#8220; header_font=&#8220;Roboto|100|||||||&#8220; header_font_size=&#8220;36px&#8220; header_6_font=&#8220;Roboto||||||||&#8220; header_6_font_size=&#8220;18px&#8220; header_6_line_height=&#8220;1.4em&#8220; custom_margin=&#8220;||22px|||&#8220; inline_fonts=&#8220;helvetica-light&#8220; global_colors_info=&#8220;{}&#8220;]<\/p>\n<p class=\"p1\"><span style=\"font-family: helvetica-light; font-weight: normal; color: #0d85db;\">Wettbewerb<\/span><\/p>\n<h6 class=\"p1\"><span style=\"color: #0d85db;\"><strong><span style=\"font-family: helvetica-light;\">Seniorenzemtrum Vahrn<br \/><\/span><\/strong><\/span><\/h6>\n<p>[\/et_pb_text][et_pb_divider _builder_version=&#8220;4.16&#8243; width=&#8220;95%&#8220; custom_margin=&#8220;-4px||0px|||&#8220; global_colors_info=&#8220;{}&#8220;][\/et_pb_divider][et_pb_text _builder_version=&#8220;4.16&#8243; text_font=&#8220;helvetica-light|300|||||||&#8220; header_font=&#8220;helvetica-light||||||||&#8220; header_font_size=&#8220;36px&#8220; header_6_font=&#8220;helvetica-light||||||||&#8220; header_6_font_size=&#8220;18px&#8220; header_6_line_height=&#8220;1.2em&#8220; custom_margin=&#8220;||||false|false&#8220; inline_fonts=&#8220;helvetica-light&#8220; global_colors_info=&#8220;{}&#8220;]<\/p>\n<h6 class=\"p1\"><span style=\"font-family: helvetica-light; font-weight: normal;\">Ort<br \/><\/span><strong><span style=\"font-family: helvetica-light;\">Vahrn<\/span><\/strong><\/h6>\n<h6 class=\"p1\">Auslober<br \/><strong>Gemeinde Brixen<\/strong><\/h6>\n<h6 class=\"p1\">Planung<br \/><strong>Roland Baldi Architects<\/strong><\/h6>\n<h6 class=\"p1\">Team<br \/><strong>Roland Baldi<\/strong><strong> <br \/>Sila Giriftinoglu<br \/>Carlo Scolari <\/strong><\/h6>\n<h6 class=\"p1\">Jahr<br \/><strong>2019<\/strong><\/h6>\n<h6 class=\"p1\">Preis<br \/><strong>Anerkennung<\/strong><\/h6>\n<p>[\/et_pb_text][\/et_pb_column][\/et_pb_row][et_pb_row column_structure=&#8220;1_2,1_2&#8243; _builder_version=&#8220;4.16&#8243; width=&#8220;90%&#8220; max_width=&#8220;100%&#8220; custom_margin=&#8220;0px||4%||false|false&#8220; custom_margin_tablet=&#8220;&#8220; custom_margin_phone=&#8220;0px||8%||false|false&#8220; custom_margin_last_edited=&#8220;on|phone&#8220; custom_padding=&#8220;0px||0px||false|false&#8220; global_colors_info=&#8220;{}&#8220;][et_pb_column type=&#8220;1_2&#8243; _builder_version=&#8220;4.16&#8243; global_colors_info=&#8220;{}&#8220;][et_pb_image src=&#8220;https:\/\/rolandbaldi.com\/wp-content\/uploads\/2019\/11\/Social-housing-Bressanone-web.jpg&#8220; align_tablet=&#8220;center&#8220; align_phone=&#8220;&#8220; align_last_edited=&#8220;on|desktop&#8220; _builder_version=&#8220;4.16&#8243; custom_margin=&#8220;||||false|false&#8220; custom_margin_tablet=&#8220;||||false|false&#8220; custom_margin_phone=&#8220;0px||||false|false&#8220; custom_margin_last_edited=&#8220;on|phone&#8220; global_colors_info=&#8220;{}&#8220;][\/et_pb_image][et_pb_text _builder_version=&#8220;4.16&#8243; text_font=&#8220;helvetica-light|300|||||||&#8220; header_font=&#8220;Roboto|100|||||||&#8220; header_font_size=&#8220;36px&#8220; header_6_font=&#8220;Roboto||||||||&#8220; header_6_font_size=&#8220;18px&#8220; header_6_line_height=&#8220;1.4em&#8220; custom_margin=&#8220;||22px|||&#8220; inline_fonts=&#8220;helvetica-light&#8220; global_colors_info=&#8220;{}&#8220;]<\/p>\n<p class=\"p1\"><span style=\"font-family: helvetica-light; font-weight: normal; color: #0d85db;\">Wettbewerb<\/span><\/p>\n<h6 class=\"p1\"><span style=\"color: #0d85db;\"><strong><span style=\"font-family: helvetica-light;\">Sozialer Wohnbau Brixen<\/span><\/strong><\/span><\/h6>\n<p>[\/et_pb_text][et_pb_divider _builder_version=&#8220;4.16&#8243; width=&#8220;95%&#8220; custom_margin=&#8220;-4px||0px|||&#8220; global_colors_info=&#8220;{}&#8220;][\/et_pb_divider][et_pb_text _builder_version=&#8220;4.16&#8243; text_font=&#8220;helvetica-light|300|||||||&#8220; header_font=&#8220;helvetica-light||||||||&#8220; header_font_size=&#8220;36px&#8220; header_6_font=&#8220;helvetica-light||||||||&#8220; header_6_font_size=&#8220;19px&#8220; header_6_line_height=&#8220;1.2em&#8220; custom_margin=&#8220;||||false|false&#8220; custom_padding=&#8220;||||false|false&#8220; inline_fonts=&#8220;helvetica-light&#8220; global_colors_info=&#8220;{}&#8220;]<\/p>\n<h6 class=\"p1\"><span style=\"font-family: helvetica-light; font-weight: normal;\">Ort<br \/><\/span><strong><span style=\"font-family: helvetica-light;\">Brixen<\/span><\/strong><\/h6>\n<h6 class=\"p1\">Auslober<br \/><strong>Institut f\u00fcr den sozialen Wohnbau des Landes S\u00fcdtirol<\/strong><\/h6>\n<h6 class=\"p1\">Planung<br \/><strong>Roland Baldi Architects<\/strong><\/h6>\n<h6 class=\"p1\">Team<br \/><strong>Roland Baldi<br \/><\/strong><strong>Carlo Scolari<br \/>Sila Giriftinoglu<\/strong><\/h6>\n<h6 class=\"p1\">Jahr<br \/><strong>2018<\/strong><\/h6>\n<h6 class=\"p1\">Preis<br \/><strong>3. Preis<\/strong><\/h6>\n<p>[\/et_pb_text][\/et_pb_column][et_pb_column type=&#8220;1_2&#8243; _builder_version=&#8220;4.16&#8243; global_colors_info=&#8220;{}&#8220;][et_pb_image src=&#8220;https:\/\/rolandbaldi.com\/wp-content\/uploads\/2019\/11\/Social-housing-Silandro-web.jpg&#8220; align_tablet=&#8220;center&#8220; align_phone=&#8220;&#8220; align_last_edited=&#8220;on|desktop&#8220; _builder_version=&#8220;4.16&#8243; global_colors_info=&#8220;{}&#8220;][\/et_pb_image][et_pb_text _builder_version=&#8220;4.16&#8243; text_font=&#8220;helvetica-light|300|||||||&#8220; header_font=&#8220;Roboto|100|||||||&#8220; header_font_size=&#8220;36px&#8220; header_6_font=&#8220;helvetica-light||||||||&#8220; header_6_font_size=&#8220;18px&#8220; header_6_line_height=&#8220;1.4em&#8220; custom_margin=&#8220;||22px|||&#8220; inline_fonts=&#8220;helvetica-light&#8220; global_colors_info=&#8220;{}&#8220;]<\/p>\n<p class=\"p1\"><span style=\"font-family: helvetica-light; font-weight: normal; color: #0d85db;\">Wettbewerb<\/span><\/p>\n<h6 class=\"p1\"><span style=\"color: #0d85db;\"><strong><span style=\"font-family: helvetica-light;\">Sozialer Wohnbau Schlanders<\/span><\/strong><\/span><\/h6>\n<p>[\/et_pb_text][et_pb_divider _builder_version=&#8220;4.16&#8243; width=&#8220;95%&#8220; custom_margin=&#8220;-4px||0px|||&#8220; global_colors_info=&#8220;{}&#8220;][\/et_pb_divider][et_pb_text _builder_version=&#8220;4.16&#8243; text_font=&#8220;helvetica-light|300|||||||&#8220; header_font=&#8220;helvetica-light||||||||&#8220; header_font_size=&#8220;36px&#8220; header_6_font=&#8220;helvetica-light||||||||&#8220; header_6_font_size=&#8220;18px&#8220; header_6_line_height=&#8220;1.2em&#8220; custom_margin=&#8220;||||false|false&#8220; inline_fonts=&#8220;helvetica-light&#8220; global_colors_info=&#8220;{}&#8220;]<\/p>\n<h6 class=\"p1\"><span style=\"font-family: helvetica-light; font-weight: normal;\">Ort\u200b<br \/><\/span><strong>Schlanders<\/strong><\/h6>\n<h6 class=\"p1\">Auslober<br \/><strong>Institut f\u00fcr den sozialen Wohnbau des Landes S\u00fcdtirol<\/strong><\/h6>\n<h6 class=\"p1\">Planung<br \/><strong>Roland Baldi Architects<\/strong><\/h6>\n<h6 class=\"p1\">Team<br \/><strong>Roland Baldi<br \/><\/strong><strong>Karin Kretschmer<br \/>Carlo Scolari<\/strong><\/h6>\n<h6 class=\"p1\">Jahr<br \/><strong>2018<\/strong><\/h6>\n<h6 class=\"p1\">Preis<br \/><strong>Anerkennung<\/strong><\/h6>\n<p>[\/et_pb_text][\/et_pb_column][\/et_pb_row][et_pb_row column_structure=&#8220;1_2,1_2&#8243; _builder_version=&#8220;4.16&#8243; width=&#8220;90%&#8220; max_width=&#8220;100%&#8220; custom_margin=&#8220;0px||4%||false|false&#8220; custom_margin_tablet=&#8220;&#8220; custom_margin_phone=&#8220;0px||8%||false|false&#8220; custom_margin_last_edited=&#8220;on|phone&#8220; custom_padding=&#8220;0px||0px||false|false&#8220; global_colors_info=&#8220;{}&#8220;][et_pb_column type=&#8220;1_2&#8243; _builder_version=&#8220;4.16&#8243; global_colors_info=&#8220;{}&#8220;][et_pb_image src=&#8220;https:\/\/rolandbaldi.com\/wp-content\/uploads\/2019\/11\/Piazza-Matteotti-Bolzano-web.jpg&#8220; align_tablet=&#8220;center&#8220; align_phone=&#8220;&#8220; align_last_edited=&#8220;on|desktop&#8220; _builder_version=&#8220;4.16&#8243; custom_margin=&#8220;||||false|false&#8220; global_colors_info=&#8220;{}&#8220;][\/et_pb_image][et_pb_text _builder_version=&#8220;4.16&#8243; text_font=&#8220;helvetica-light|300|||||||&#8220; header_font=&#8220;Roboto|100|||||||&#8220; header_font_size=&#8220;36px&#8220; header_6_font=&#8220;helvetica-light||||||||&#8220; header_6_font_size=&#8220;18px&#8220; header_6_line_height=&#8220;1.2em&#8220; custom_margin=&#8220;||22px|||&#8220; inline_fonts=&#8220;helvetica-light&#8220; global_colors_info=&#8220;{}&#8220;]<\/p>\n<p class=\"p1\"><span style=\"font-family: helvetica-light; font-weight: normal; color: #0d85db;\">Wettbewerb<\/span><\/p>\n<h6 class=\"p1\"><span style=\"color: #0d85db;\"><strong><span style=\"font-family: helvetica-light;\">Matteottiplatz Bozen<\/span><\/strong><\/span><\/h6>\n<p>[\/et_pb_text][et_pb_divider _builder_version=&#8220;4.16&#8243; width=&#8220;95%&#8220; custom_margin=&#8220;-4px||0px|||&#8220; global_colors_info=&#8220;{}&#8220;][\/et_pb_divider][et_pb_text _builder_version=&#8220;4.16&#8243; text_font=&#8220;helvetica-light|300|||||||&#8220; header_font=&#8220;helvetica-light||||||||&#8220; header_font_size=&#8220;36px&#8220; header_6_font=&#8220;helvetica-light||||||||&#8220; header_6_font_size=&#8220;18px&#8220; header_6_line_height=&#8220;1.2em&#8220; custom_margin=&#8220;||||false|false&#8220; inline_fonts=&#8220;helvetica-light&#8220; global_colors_info=&#8220;{}&#8220;]<\/p>\n<h6 class=\"p1\"><span style=\"font-family: helvetica-light; font-weight: normal;\">Ort<br \/><\/span><strong><span style=\"font-family: helvetica-light;\">Bozen<\/span><\/strong><\/h6>\n<h6 class=\"p1\">Auslober<br \/><strong>Gemeinde Bozen\u200b<\/strong><\/h6>\n<h6 class=\"p1\">Planung<br \/><strong>Roland Baldi Architects<\/strong><\/h6>\n<h6 class=\"p1\">Team<br \/><strong>Roland Baldi<br \/><\/strong><strong>Carlo Scolari<br \/>Sila Giriftinoglu<\/strong><\/h6>\n<h6 class=\"p1\">Jahr<br \/><strong>2018<\/strong><\/h6>\n<h6 class=\"p1\">Preis<strong><br \/>2. Preis<br \/><\/strong><\/h6>\n<p>[\/et_pb_text][\/et_pb_column][et_pb_column type=&#8220;1_2&#8243; _builder_version=&#8220;4.16&#8243; global_colors_info=&#8220;{}&#8220;][et_pb_image src=&#8220;https:\/\/rolandbaldi.com\/wp-content\/uploads\/2019\/11\/Piazza-Fiera-Bolzano-web.jpg&#8220; align_tablet=&#8220;center&#8220; align_phone=&#8220;&#8220; align_last_edited=&#8220;on|desktop&#8220; _builder_version=&#8220;4.16&#8243; custom_margin=&#8220;|||||&#8220; global_colors_info=&#8220;{}&#8220;][\/et_pb_image][et_pb_text _builder_version=&#8220;4.16&#8243; text_font=&#8220;Roboto|300|||||||&#8220; header_font=&#8220;Roboto|100|||||||&#8220; header_font_size=&#8220;36px&#8220; header_6_font=&#8220;Roboto||||||||&#8220; header_6_font_size=&#8220;18px&#8220; header_6_line_height=&#8220;1.2em&#8220; custom_margin=&#8220;||22px|||&#8220; inline_fonts=&#8220;helvetica-light&#8220; global_colors_info=&#8220;{}&#8220;]<\/p>\n<p class=\"p1\"><span style=\"font-family: helvetica-light; font-weight: normal; color: #0d85db;\">Wettbewerb<\/span><\/p>\n<h6 class=\"p1\"><span style=\"color: #0d85db;\"><strong><span style=\"font-family: helvetica-light;\">Messeplatz Bozen<\/span><\/strong><\/span><\/h6>\n<p>[\/et_pb_text][et_pb_divider _builder_version=&#8220;4.16&#8243; width=&#8220;95%&#8220; custom_margin=&#8220;-4px||0px|||&#8220; global_colors_info=&#8220;{}&#8220;][\/et_pb_divider][et_pb_text _builder_version=&#8220;4.16&#8243; text_font=&#8220;helvetica-light|300|||||||&#8220; header_font=&#8220;helvetica-light||||||||&#8220; header_font_size=&#8220;36px&#8220; header_6_font=&#8220;helvetica-light||||||||&#8220; header_6_font_size=&#8220;18px&#8220; header_6_line_height=&#8220;1.2em&#8220; custom_margin=&#8220;||||false|false&#8220; inline_fonts=&#8220;helvetica-light&#8220; global_colors_info=&#8220;{}&#8220;]<\/p>\n<h6 class=\"p1\"><span style=\"font-family: helvetica-light; font-weight: normal;\">Ort<br \/><\/span><strong><span style=\"font-family: helvetica-light;\">Bozen<\/span><\/strong><\/h6>\n<h6 class=\"p1\">Auslober<br \/><strong>Messe Bozen AG<\/strong><\/h6>\n<h6 class=\"p1\">Planung<br \/><strong>Roland Baldi Architects<\/strong><\/h6>\n<h6 class=\"p1\">Team<br \/><strong>Roland Baldi<br \/><\/strong><strong>Elena Casati<br \/>Gruppe Gut<br \/>Heike Linster<br \/>Carlo Scolari<br \/>Lorenzo Calibbi<\/strong><\/h6>\n<h6 class=\"p1\">Preis<br \/><strong>2017<\/strong><\/h6>\n<h6 class=\"p1\">Award<br \/><strong>Anerkennung<\/strong><\/h6>\n<p>[\/et_pb_text][\/et_pb_column][\/et_pb_row][et_pb_row column_structure=&#8220;1_2,1_2&#8243; _builder_version=&#8220;4.16&#8243; width=&#8220;90%&#8220; max_width=&#8220;100%&#8220; custom_margin=&#8220;0px||4%||false|false&#8220; custom_margin_tablet=&#8220;&#8220; custom_margin_phone=&#8220;0px||8%||false|false&#8220; custom_margin_last_edited=&#8220;on|phone&#8220; custom_padding=&#8220;0px||0px||false|false&#8220; global_colors_info=&#8220;{}&#8220;][et_pb_column type=&#8220;1_2&#8243; _builder_version=&#8220;4.16&#8243; global_colors_info=&#8220;{}&#8220;][et_pb_image src=&#8220;https:\/\/rolandbaldi.com\/wp-content\/uploads\/2019\/11\/Scuola-di-musica-Lana-web.jpg&#8220; align_tablet=&#8220;center&#8220; align_phone=&#8220;&#8220; align_last_edited=&#8220;on|desktop&#8220; _builder_version=&#8220;4.16&#8243; custom_margin=&#8220;||||false|false&#8220; global_colors_info=&#8220;{}&#8220;][\/et_pb_image][et_pb_text _builder_version=&#8220;4.16&#8243; text_font=&#8220;helvetica-light|300|||||||&#8220; header_font=&#8220;Roboto|100|||||||&#8220; header_font_size=&#8220;36px&#8220; header_6_font=&#8220;helvetica-light||||||||&#8220; header_6_font_size=&#8220;18px&#8220; header_6_line_height=&#8220;1.4em&#8220; custom_margin=&#8220;||22px|||&#8220; inline_fonts=&#8220;helvetica-light&#8220; global_colors_info=&#8220;{}&#8220;]<\/p>\n<p class=\"p1\"><span style=\"font-family: helvetica-light; font-weight: normal; color: #0d85db;\">Wettbewerb<\/span><\/p>\n<h6 class=\"p1\"><span style=\"color: #0d85db;\"><strong><span style=\"font-family: helvetica-light;\">Musikschule Lana<\/span><\/strong><\/span><\/h6>\n<p>[\/et_pb_text][et_pb_divider _builder_version=&#8220;4.16&#8243; width=&#8220;95%&#8220; custom_margin=&#8220;-4px||0px|||&#8220; global_colors_info=&#8220;{}&#8220;][\/et_pb_divider][et_pb_text _builder_version=&#8220;4.16&#8243; text_font=&#8220;helvetica-light|300|||||||&#8220; header_font=&#8220;helvetica-light||||||||&#8220; header_font_size=&#8220;36px&#8220; header_6_font=&#8220;helvetica-light||||||||&#8220; header_6_font_size=&#8220;18px&#8220; header_6_line_height=&#8220;1.2em&#8220; custom_margin=&#8220;||||false|false&#8220; inline_fonts=&#8220;helvetica-light&#8220; global_colors_info=&#8220;{}&#8220;]<\/p>\n<h6 class=\"p1\"><span style=\"font-family: helvetica-light; font-weight: normal;\">Ort<br \/><\/span><strong><span style=\"font-family: helvetica-light;\">Lana<\/span><\/strong><\/h6>\n<h6 class=\"p1\">Auslober<br \/><strong>Marktgemeinde Lana<\/strong><\/h6>\n<h6 class=\"p1\">Planung<br \/><strong>Roland Baldi Architects<\/strong><\/h6>\n<h6 class=\"p1\">Team<br \/><strong>Roland Baldi<br \/><\/strong><strong>Karin Kretschmer<br \/>Carlo Scolari<br \/><\/strong><\/h6>\n<h6 class=\"p1\">Jahr<br \/><strong>2017<\/strong><\/h6>\n<h6 class=\"p1\">Preis<br \/><strong>Anerkennung<\/strong><\/h6>\n<p>[\/et_pb_text][\/et_pb_column][et_pb_column type=&#8220;1_2&#8243; _builder_version=&#8220;4.16&#8243; global_colors_info=&#8220;{}&#8220;][et_pb_image src=&#8220;https:\/\/rolandbaldi.com\/wp-content\/uploads\/2019\/11\/Alloggi-per-anziani-Sarentino-web.jpg&#8220; align_tablet=&#8220;center&#8220; align_phone=&#8220;&#8220; align_last_edited=&#8220;on|desktop&#8220; _builder_version=&#8220;4.16&#8243; global_colors_info=&#8220;{}&#8220;][\/et_pb_image][et_pb_text _builder_version=&#8220;4.16&#8243; text_font=&#8220;Roboto|300|||||||&#8220; header_font=&#8220;Roboto|100|||||||&#8220; header_font_size=&#8220;36px&#8220; header_6_font=&#8220;Roboto||||||||&#8220; header_6_font_size=&#8220;18px&#8220; header_6_line_height=&#8220;1.4em&#8220; custom_margin=&#8220;||22px|||&#8220; inline_fonts=&#8220;helvetica-light&#8220; global_colors_info=&#8220;{}&#8220;]<\/p>\n<p class=\"p1\"><span style=\"font-family: helvetica-light; font-weight: normal; color: #0d85db;\">Wettbewerb<\/span><\/p>\n<h6 class=\"p1\"><span style=\"color: #0d85db;\"><strong><span style=\"font-family: helvetica-light;\">Seniorenwohnungen Sarnthein<\/span><\/strong><\/span><\/h6>\n<p>[\/et_pb_text][et_pb_divider _builder_version=&#8220;4.16&#8243; width=&#8220;95%&#8220; custom_margin=&#8220;-4px||0px|||&#8220; global_colors_info=&#8220;{}&#8220;][\/et_pb_divider][et_pb_text _builder_version=&#8220;4.16&#8243; text_font=&#8220;helvetica-light|300|||||||&#8220; header_font=&#8220;helvetica-light||||||||&#8220; header_font_size=&#8220;36px&#8220; header_6_font=&#8220;helvetica-light||||||||&#8220; header_6_font_size=&#8220;18px&#8220; header_6_line_height=&#8220;1.2em&#8220; custom_margin=&#8220;||||false|false&#8220; inline_fonts=&#8220;helvetica-light&#8220; global_colors_info=&#8220;{}&#8220;]<\/p>\n<h6 class=\"p1\"><span style=\"font-family: helvetica-light; font-weight: normal;\">Ort<br \/><\/span><strong>Sarnthein<\/strong><\/h6>\n<h6 class=\"p1\">Auslober<br \/><strong>Gemeinde Sarntal<\/strong><\/h6>\n<h6 class=\"p1\">Planung<br \/><strong>Roland Baldi Architects<\/strong><\/h6>\n<h6 class=\"p1\">Team<br \/><strong>Roland Baldi<br \/><\/strong><strong>Irene Bonente<br \/>Elena Casati<br \/>Carlo Scolari<br \/>Sila Giriftinoglu<br \/><\/strong><\/h6>\n<h6 class=\"p1\">Jahr<br \/><strong>2017<\/strong><\/h6>\n<h6 class=\"p1\">Preis<br \/><strong>3. Preis<br \/><\/strong><\/h6>\n<p>[\/et_pb_text][\/et_pb_column][\/et_pb_row][et_pb_row column_structure=&#8220;1_2,1_2&#8243; _builder_version=&#8220;4.16&#8243; width=&#8220;90%&#8220; max_width=&#8220;100%&#8220; custom_margin=&#8220;0px||4%||false|false&#8220; custom_margin_tablet=&#8220;&#8220; custom_margin_phone=&#8220;0px||8%||false|false&#8220; custom_margin_last_edited=&#8220;on|desktop&#8220; custom_padding=&#8220;0px||0px||false|false&#8220; global_colors_info=&#8220;{}&#8220;][et_pb_column type=&#8220;1_2&#8243; _builder_version=&#8220;4.16&#8243; global_colors_info=&#8220;{}&#8220;][et_pb_image src=&#8220;https:\/\/rolandbaldi.com\/wp-content\/uploads\/2019\/11\/Caserma-dei-vigili-del-fuoco-Laion-render5-web.jpg&#8220; align_tablet=&#8220;center&#8220; align_phone=&#8220;&#8220; align_last_edited=&#8220;on|desktop&#8220; _builder_version=&#8220;4.16&#8243; custom_margin=&#8220;||||false|false&#8220; custom_margin_tablet=&#8220;31px||||false|false&#8220; custom_margin_phone=&#8220;||||false|false&#8220; custom_margin_last_edited=&#8220;on|phone&#8220; global_colors_info=&#8220;{}&#8220;][\/et_pb_image][et_pb_text _builder_version=&#8220;4.16&#8243; text_font=&#8220;helvetica-light|300|||||||&#8220; header_font=&#8220;Roboto|100|||||||&#8220; header_font_size=&#8220;36px&#8220; header_6_font=&#8220;helvetica-light||||||||&#8220; header_6_font_size=&#8220;18px&#8220; header_6_line_height=&#8220;1.4em&#8220; custom_margin=&#8220;||22px|||&#8220; inline_fonts=&#8220;helvetica-light&#8220; global_colors_info=&#8220;{}&#8220;]<\/p>\n<p class=\"p1\"><span style=\"font-family: helvetica-light; font-weight: normal; color: #0d85db;\">Wettbewerb<\/span><\/p>\n<h6 class=\"p1\"><span style=\"color: #0d85db;\"><strong><span style=\"font-family: helvetica-light;\">Feuerwehrhalle Lajen<\/span><\/strong><\/span><\/h6>\n<p>[\/et_pb_text][et_pb_divider _builder_version=&#8220;4.16&#8243; width=&#8220;95%&#8220; custom_margin=&#8220;-4px||0px|||&#8220; global_colors_info=&#8220;{}&#8220;][\/et_pb_divider][et_pb_text _builder_version=&#8220;4.16&#8243; text_font=&#8220;helvetica-light|300|||||||&#8220; header_font=&#8220;helvetica-light||||||||&#8220; header_font_size=&#8220;36px&#8220; header_6_font=&#8220;helvetica-light||||||||&#8220; header_6_font_size=&#8220;18px&#8220; header_6_line_height=&#8220;1.2em&#8220; custom_margin=&#8220;||||false|false&#8220; inline_fonts=&#8220;helvetica-light&#8220; global_colors_info=&#8220;{}&#8220;]<\/p>\n<h6>Ort<br \/><strong>Lajen<\/strong><\/h6>\n<h6>Auslober<br \/><strong>Gemeinde Lajen<\/strong><\/h6>\n<h6>Planung<br \/><strong>Roland Baldi Architects<\/strong><\/h6>\n<h6 class=\"p1\">Team<br \/><strong>Roland Baldi<br \/><\/strong><strong>Elena Casati <\/strong><br \/><strong>Sila Giriftinoglu <\/strong><br \/><strong>Carlo Scolari<\/strong><\/h6>\n<h6>Jahr<br \/><strong>2017 <\/strong><\/h6>\n<h6>Preis<br \/><strong>Anerkennung<\/strong><\/h6>\n<p>[\/et_pb_text][\/et_pb_column][et_pb_column type=&#8220;1_2&#8243; _builder_version=&#8220;4.16&#8243; global_colors_info=&#8220;{}&#8220;][et_pb_image src=&#8220;https:\/\/rolandbaldi.com\/wp-content\/uploads\/2019\/11\/italiaamore-R1-web.jpg&#8220; align_tablet=&#8220;center&#8220; align_phone=&#8220;left&#8220; align_last_edited=&#8220;on|desktop&#8220; _builder_version=&#8220;4.16&#8243; width=&#8220;60%&#8220; custom_margin=&#8220;|||||&#8220; custom_margin_tablet=&#8220;||||false|false&#8220; custom_margin_phone=&#8220;0%||||false|false&#8220; custom_margin_last_edited=&#8220;on|desktop&#8220; global_colors_info=&#8220;{}&#8220;][\/et_pb_image][et_pb_text _builder_version=&#8220;4.16&#8243; text_font=&#8220;helvetica-light|300|||||||&#8220; header_font=&#8220;Roboto|100|||||||&#8220; header_font_size=&#8220;36px&#8220; header_6_font=&#8220;Roboto||||||||&#8220; header_6_font_size=&#8220;18px&#8220; header_6_line_height=&#8220;1.4em&#8220; custom_margin=&#8220;||22px|||&#8220; inline_fonts=&#8220;helvetica-light&#8220; global_colors_info=&#8220;{}&#8220;]<\/p>\n<p class=\"p1\"><span style=\"font-family: helvetica-light; font-weight: normal; color: #0d85db;\">Wettbewerb<\/span><\/p>\n<h6 class=\"p1\"><span style=\"color: #0d85db;\"><strong><span style=\"font-family: helvetica-light;\">italia&amp;amore \u2013 ristorante mercato enoteca, Bozen<br \/><\/span><\/strong><\/span><\/h6>\n<p>[\/et_pb_text][et_pb_divider _builder_version=&#8220;4.16&#8243; width=&#8220;95%&#8220; custom_margin=&#8220;-4px||0px|||&#8220; global_colors_info=&#8220;{}&#8220;][\/et_pb_divider][et_pb_text _builder_version=&#8220;4.16&#8243; text_font=&#8220;helvetica-light|300|||||||&#8220; header_font=&#8220;helvetica-light||||||||&#8220; header_font_size=&#8220;36px&#8220; header_6_font=&#8220;helvetica-light||||||||&#8220; header_6_font_size=&#8220;18px&#8220; header_6_line_height=&#8220;1.2em&#8220; custom_margin=&#8220;||||false|false&#8220; inline_fonts=&#8220;helvetica-light&#8220; global_colors_info=&#8220;{}&#8220;]<\/p>\n<h6>Ort<br \/><strong>Bozen<\/strong><\/h6>\n<h6>Auslober<br \/><strong>italia&amp;amore GmbH<br \/><\/strong><\/h6>\n<h6>Planung<br \/><strong>Roland Baldi Architects<\/strong><\/h6>\n<h6 class=\"p1\">Team<br \/><strong>Roland Baldi<br \/><\/strong><strong>Gruppe Gut<\/strong><br \/><strong>Sila Giriftinoglu<\/strong><br \/><strong>Harald Kofler<\/strong><\/h6>\n<h6>Jahr<br \/><strong>2016<\/strong><\/h6>\n<h6>Preis<br \/><strong>1. Preis<\/strong><\/h6>\n<p>[\/et_pb_text][\/et_pb_column][\/et_pb_row][et_pb_row column_structure=&#8220;1_2,1_2&#8243; _builder_version=&#8220;4.16&#8243; width=&#8220;90%&#8220; max_width=&#8220;100%&#8220; custom_margin=&#8220;0px||4%||false|false&#8220; custom_margin_tablet=&#8220;&#8220; custom_margin_phone=&#8220;0px||8%||false|false&#8220; custom_margin_last_edited=&#8220;on|desktop&#8220; custom_padding=&#8220;0px||0px||false|false&#8220; global_colors_info=&#8220;{}&#8220;][et_pb_column type=&#8220;1_2&#8243; _builder_version=&#8220;4.16&#8243; global_colors_info=&#8220;{}&#8220;][et_pb_image src=&#8220;https:\/\/rolandbaldi.com\/wp-content\/uploads\/2019\/11\/Nuova-sede-Duka-Bressanone-web.jpg&#8220; align_tablet=&#8220;center&#8220; align_phone=&#8220;&#8220; align_last_edited=&#8220;on|desktop&#8220; _builder_version=&#8220;4.16&#8243; custom_margin=&#8220;||||false|false&#8220; custom_margin_tablet=&#8220;31px||||false|false&#8220; custom_margin_phone=&#8220;||||false|false&#8220; custom_margin_last_edited=&#8220;on|phone&#8220; global_colors_info=&#8220;{}&#8220;][\/et_pb_image][et_pb_text _builder_version=&#8220;4.16&#8243; text_font=&#8220;helvetica-light|300|||||||&#8220; header_font=&#8220;Roboto|100|||||||&#8220; header_font_size=&#8220;36px&#8220; header_6_font=&#8220;helvetica-light||||||||&#8220; header_6_font_size=&#8220;18px&#8220; header_6_line_height=&#8220;1.4em&#8220; custom_margin=&#8220;||22px|||&#8220; inline_fonts=&#8220;helvetica-light&#8220; global_colors_info=&#8220;{}&#8220;]<\/p>\n<p class=\"p1\"><span style=\"font-family: helvetica-light; font-weight: normal; color: #0d85db;\">Wettbewerb<\/span><\/p>\n<h6 class=\"p1\"><span style=\"color: #0d85db;\"><strong><span style=\"font-family: helvetica-light;\">Firmensitz Duka<br \/><\/span><\/strong><\/span><\/h6>\n<p>[\/et_pb_text][et_pb_divider _builder_version=&#8220;4.16&#8243; width=&#8220;95%&#8220; custom_margin=&#8220;-4px||0px|||&#8220; global_colors_info=&#8220;{}&#8220;][\/et_pb_divider][et_pb_text _builder_version=&#8220;4.16&#8243; text_font=&#8220;helvetica-light|300|||||||&#8220; header_font=&#8220;helvetica-light||||||||&#8220; header_font_size=&#8220;36px&#8220; header_6_font=&#8220;helvetica-light||||||||&#8220; header_6_font_size=&#8220;18px&#8220; header_6_line_height=&#8220;1.2em&#8220; custom_margin=&#8220;||||false|false&#8220; inline_fonts=&#8220;helvetica-light&#8220; global_colors_info=&#8220;{}&#8220;]<\/p>\n<h6>Ort<br \/><strong>Brixen<\/strong><\/h6>\n<h6>Auslober<br \/><strong>DUKA AG<\/strong><\/h6>\n<h6>Planung<br \/><strong>Roland Baldi Architects<\/strong><\/h6>\n<h6 class=\"p1\">Team<br \/><strong>Roland Baldi<br \/><\/strong><strong>Sila Giriftinoglu<\/strong><br \/><strong>Harald Kofler<\/strong><\/h6>\n<h6>Jahr<br \/><strong>2016<\/strong><\/h6>\n<h6>Preis<br \/><strong>Anerkennung<\/strong><\/h6>\n<p>[\/et_pb_text][\/et_pb_column][et_pb_column type=&#8220;1_2&#8243; _builder_version=&#8220;4.16&#8243; global_colors_info=&#8220;{}&#8220;][et_pb_image src=&#8220;https:\/\/rolandbaldi.com\/wp-content\/uploads\/2019\/11\/Capelle-Tirolo-web.jpg&#8220; align_tablet=&#8220;center&#8220; align_phone=&#8220;&#8220; align_last_edited=&#8220;on|desktop&#8220; _builder_version=&#8220;4.16&#8243; custom_margin=&#8220;|||||&#8220; custom_margin_tablet=&#8220;||||false|false&#8220; custom_margin_phone=&#8220;0%||||false|false&#8220; custom_margin_last_edited=&#8220;on|desktop&#8220; global_colors_info=&#8220;{}&#8220;][\/et_pb_image][et_pb_text _builder_version=&#8220;4.16&#8243; text_font=&#8220;helvetica-light|300|||||||&#8220; header_font=&#8220;Roboto|100|||||||&#8220; header_font_size=&#8220;36px&#8220; header_6_font=&#8220;Roboto||||||||&#8220; header_6_font_size=&#8220;18px&#8220; header_6_line_height=&#8220;1.4em&#8220; custom_margin=&#8220;||22px|||&#8220; inline_fonts=&#8220;helvetica-light&#8220; global_colors_info=&#8220;{}&#8220;]<\/p>\n<p class=\"p1\"><span style=\"font-family: helvetica-light; font-weight: normal; color: #0d85db;\">Wettbewerb<\/span><\/p>\n<h6 class=\"p1\"><span style=\"color: #0d85db;\"><strong><span style=\"font-family: helvetica-light;\">Friedhofskapelle Tirol<br \/><\/span><\/strong><\/span><\/h6>\n<p>[\/et_pb_text][et_pb_divider _builder_version=&#8220;4.16&#8243; width=&#8220;95%&#8220; custom_margin=&#8220;-4px||0px|||&#8220; global_colors_info=&#8220;{}&#8220;][\/et_pb_divider][et_pb_text _builder_version=&#8220;4.16&#8243; text_font=&#8220;helvetica-light|300|||||||&#8220; header_font=&#8220;helvetica-light||||||||&#8220; header_font_size=&#8220;36px&#8220; header_6_font=&#8220;helvetica-light||||||||&#8220; header_6_font_size=&#8220;18px&#8220; header_6_line_height=&#8220;1.2em&#8220; custom_margin=&#8220;||||false|false&#8220; inline_fonts=&#8220;helvetica-light&#8220; global_colors_info=&#8220;{}&#8220;]<\/p>\n<h6>Ort\u200b<br \/><strong>Tirol<\/strong><\/h6>\n<h6>Auslober<br \/><strong>Gemeinde Tirol<\/strong><\/h6>\n<h6>Planung<br \/><strong>Roland Baldi Architects<\/strong><\/h6>\n<h6 class=\"p1\">Team<br \/><strong>Roland Baldi<br \/><\/strong><strong>Sila Giriftinoglu<\/strong><br \/><strong> Harald Kofler<\/strong><\/h6>\n<h6>Jahr<br \/><strong>2016<\/strong><\/h6>\n<h6>Preis<br \/><strong>Anerkennung<\/strong><\/h6>\n<p>[\/et_pb_text][\/et_pb_column][\/et_pb_row][et_pb_row column_structure=&#8220;1_2,1_2&#8243; _builder_version=&#8220;4.16&#8243; width=&#8220;90%&#8220; max_width=&#8220;100%&#8220; custom_margin=&#8220;0px||4%||false|false&#8220; custom_margin_tablet=&#8220;&#8220; custom_margin_phone=&#8220;0px||8%||false|false&#8220; custom_margin_last_edited=&#8220;on|desktop&#8220; custom_padding=&#8220;0px||0px||false|false&#8220; global_colors_info=&#8220;{}&#8220;][et_pb_column type=&#8220;1_2&#8243; _builder_version=&#8220;4.16&#8243; global_colors_info=&#8220;{}&#8220;][et_pb_image src=&#8220;https:\/\/rolandbaldi.com\/wp-content\/uploads\/2019\/11\/Marlengo-Merano-R-2-web.jpg&#8220; align_tablet=&#8220;center&#8220; align_phone=&#8220;&#8220; align_last_edited=&#8220;on|desktop&#8220; _builder_version=&#8220;4.16&#8243; custom_margin=&#8220;||||false|false&#8220; custom_margin_tablet=&#8220;31px||||false|false&#8220; custom_margin_phone=&#8220;||||false|false&#8220; custom_margin_last_edited=&#8220;on|phone&#8220; global_colors_info=&#8220;{}&#8220;][\/et_pb_image][et_pb_text _builder_version=&#8220;4.16&#8243; text_font=&#8220;helvetica-light|300|||||||&#8220; header_font=&#8220;Roboto|100|||||||&#8220; header_font_size=&#8220;36px&#8220; header_6_font=&#8220;helvetica-light||||||||&#8220; header_6_font_size=&#8220;18px&#8220; header_6_line_height=&#8220;1.4em&#8220; custom_margin=&#8220;||22px|||&#8220; inline_fonts=&#8220;helvetica-light&#8220; global_colors_info=&#8220;{}&#8220;]<\/p>\n<p class=\"p1\"><span style=\"font-family: helvetica-light; font-weight: normal; color: #0d85db;\">Wettbewerb<\/span><\/p>\n<h6 class=\"p1\"><span style=\"color: #0d85db;\"><strong><span style=\"font-family: helvetica-light;\">Wohnanlage Marlingerstrasse Meran <\/span><\/strong><\/span><\/h6>\n<p>[\/et_pb_text][et_pb_divider _builder_version=&#8220;4.16&#8243; width=&#8220;95%&#8220; custom_margin=&#8220;-4px||0px|||&#8220; global_colors_info=&#8220;{}&#8220;][\/et_pb_divider][et_pb_text _builder_version=&#8220;4.16&#8243; text_font=&#8220;helvetica-light|300|||||||&#8220; header_font=&#8220;helvetica-light||||||||&#8220; header_font_size=&#8220;36px&#8220; header_6_font=&#8220;helvetica-light||||||||&#8220; header_6_font_size=&#8220;18px&#8220; header_6_line_height=&#8220;1.2em&#8220; custom_margin=&#8220;||||false|false&#8220; inline_fonts=&#8220;helvetica-light&#8220; global_colors_info=&#8220;{}&#8220;]<\/p>\n<h6>Ort<br \/><strong>Meran<\/strong><\/h6>\n<h6>Auslober<br \/><strong>Veba Invest GmbH<\/strong><\/h6>\n<h6>Planung<br \/><strong>Roland Baldi Architects<\/strong><\/h6>\n<h6 class=\"p1\">Team<br \/><strong>Roland Baldi<br \/><\/strong><strong>Sila Giriftinoglu<\/strong><br \/><strong>Harald Kofler<\/strong><\/h6>\n<h6>Jahr<br \/><strong>2016<\/strong><\/h6>\n<h6>Preis<br \/><strong>Anerkennung<\/strong><\/h6>\n<p>[\/et_pb_text][\/et_pb_column][et_pb_column type=&#8220;1_2&#8243; _builder_version=&#8220;4.16&#8243; global_colors_info=&#8220;{}&#8220;][et_pb_image src=&#8220;https:\/\/rolandbaldi.com\/wp-content\/uploads\/2019\/11\/Rieper-AG-Vandoies-web.jpg&#8220; align_tablet=&#8220;center&#8220; align_phone=&#8220;&#8220; align_last_edited=&#8220;on|desktop&#8220; _builder_version=&#8220;4.16&#8243; custom_margin=&#8220;|||||&#8220; custom_margin_tablet=&#8220;||||false|false&#8220; custom_margin_phone=&#8220;0%||||false|false&#8220; custom_margin_last_edited=&#8220;on|desktop&#8220; global_colors_info=&#8220;{}&#8220;][\/et_pb_image][et_pb_text _builder_version=&#8220;4.16&#8243; text_font=&#8220;helvetica-light|300|||||||&#8220; header_font=&#8220;Roboto|100|||||||&#8220; header_font_size=&#8220;36px&#8220; header_6_font=&#8220;Roboto||||||||&#8220; header_6_font_size=&#8220;18px&#8220; header_6_line_height=&#8220;1.4em&#8220; custom_margin=&#8220;||22px|||&#8220; inline_fonts=&#8220;helvetica-light&#8220; global_colors_info=&#8220;{}&#8220;]<\/p>\n<p class=\"p1\"><span style=\"font-family: helvetica-light; font-weight: normal; color: #0d85db;\">Wettbewerb<\/span><\/p>\n<h6 class=\"p1\"><span style=\"color: #0d85db;\"><strong><span style=\"font-family: helvetica-light;\">M\u00fchlengeb\u00e4ude Rieper AG Vintl<br \/><\/span><\/strong><\/span><\/h6>\n<p>[\/et_pb_text][et_pb_divider _builder_version=&#8220;4.16&#8243; width=&#8220;95%&#8220; custom_margin=&#8220;-4px||0px|||&#8220; global_colors_info=&#8220;{}&#8220;][\/et_pb_divider][et_pb_text _builder_version=&#8220;4.16&#8243; text_font=&#8220;helvetica-light|300|||||||&#8220; header_font=&#8220;helvetica-light||||||||&#8220; header_font_size=&#8220;36px&#8220; header_6_font=&#8220;helvetica-light||||||||&#8220; header_6_font_size=&#8220;18px&#8220; header_6_line_height=&#8220;1.2em&#8220; custom_margin=&#8220;||||false|false&#8220; inline_fonts=&#8220;helvetica-light&#8220; global_colors_info=&#8220;{}&#8220;]<\/p>\n<h6>Ort<br \/><strong>Vintl<\/strong><\/h6>\n<h6>Auslober<br \/><strong>Rieper AG<\/strong><\/h6>\n<h6>Planung<br \/><strong>Roland Baldi Architects<\/strong><\/h6>\n<h6 class=\"p1\">Team<br \/><strong>Roland Baldi<br \/><\/strong><strong>Harald Kofler<\/strong><\/h6>\n<h6>Jahr<br \/><strong>2016<\/strong><\/h6>\n<h6>Preis<br \/><strong>3. Preis<br \/><\/strong><\/h6>\n<p>[\/et_pb_text][\/et_pb_column][\/et_pb_row][et_pb_row column_structure=&#8220;1_2,1_2&#8243; _builder_version=&#8220;4.16&#8243; width=&#8220;90%&#8220; max_width=&#8220;100%&#8220; custom_margin=&#8220;0px||4%||false|false&#8220; custom_margin_tablet=&#8220;&#8220; custom_margin_phone=&#8220;0px||8%||false|false&#8220; custom_margin_last_edited=&#8220;on|desktop&#8220; custom_padding=&#8220;0px||0px||false|false&#8220; global_colors_info=&#8220;{}&#8220;][et_pb_column type=&#8220;1_2&#8243; _builder_version=&#8220;4.16&#8243; global_colors_info=&#8220;{}&#8220;][et_pb_image src=&#8220;https:\/\/rolandbaldi.com\/wp-content\/uploads\/2019\/11\/Eurac-cafe-R1-neu-web.jpg&#8220; align_tablet=&#8220;center&#8220; align_phone=&#8220;&#8220; align_last_edited=&#8220;on|desktop&#8220; _builder_version=&#8220;4.16&#8243; custom_margin=&#8220;||||false|false&#8220; custom_margin_tablet=&#8220;31px||||false|false&#8220; custom_margin_phone=&#8220;||||false|false&#8220; custom_margin_last_edited=&#8220;on|phone&#8220; global_colors_info=&#8220;{}&#8220;][\/et_pb_image][et_pb_text _builder_version=&#8220;4.16&#8243; text_font=&#8220;helvetica-light|300|||||||&#8220; header_font=&#8220;Roboto|100|||||||&#8220; header_font_size=&#8220;36px&#8220; header_6_font=&#8220;helvetica-light||||||||&#8220; header_6_font_size=&#8220;18px&#8220; header_6_line_height=&#8220;1.4em&#8220; custom_margin=&#8220;||22px|||&#8220; inline_fonts=&#8220;helvetica-light&#8220; global_colors_info=&#8220;{}&#8220;]<\/p>\n<p class=\"p1\"><span style=\"font-family: helvetica-light; font-weight: normal; color: #0d85db;\">Wettbewerb<\/span><\/p>\n<h6 class=\"p1\"><span style=\"color: #0d85db;\"><strong><span style=\"font-family: helvetica-light;\">Eurac Cafe Bozen<\/span><\/strong><\/span><\/h6>\n<p>[\/et_pb_text][et_pb_divider _builder_version=&#8220;4.16&#8243; width=&#8220;95%&#8220; custom_margin=&#8220;-4px||0px|||&#8220; global_colors_info=&#8220;{}&#8220;][\/et_pb_divider][et_pb_text _builder_version=&#8220;4.16&#8243; text_font=&#8220;helvetica-light|300|||||||&#8220; header_font=&#8220;helvetica-light||||||||&#8220; header_font_size=&#8220;36px&#8220; header_6_font=&#8220;helvetica-light||||||||&#8220; header_6_font_size=&#8220;18px&#8220; header_6_line_height=&#8220;1.2em&#8220; custom_margin=&#8220;||||false|false&#8220; inline_fonts=&#8220;helvetica-light&#8220; global_colors_info=&#8220;{}&#8220;]<\/p>\n<h6>Ort<br \/><strong>Bozen<\/strong><\/h6>\n<h6>Auslober<br \/><strong>Europ\u00e4ische Akademie Bozen EURAC <\/strong><\/h6>\n<h6>Planung<br \/><strong>Roland Baldi Architects<\/strong><\/h6>\n<h6 class=\"p1\">Team<br \/><strong>Roland Baldi<br \/><\/strong><strong>Harald Kofler<\/strong><\/h6>\n<h6>Jahr<br \/><strong>2015<\/strong><\/h6>\n<h6>Preis<br \/><strong>Anerkennung<\/strong><\/h6>\n<p>[\/et_pb_text][\/et_pb_column][et_pb_column type=&#8220;1_2&#8243; _builder_version=&#8220;4.16&#8243; global_colors_info=&#8220;{}&#8220;][et_pb_image src=&#8220;https:\/\/rolandbaldi.com\/wp-content\/uploads\/2019\/11\/Foto-banner-concorsi-web.jpg&#8220; align_tablet=&#8220;center&#8220; align_phone=&#8220;&#8220; align_last_edited=&#8220;on|desktop&#8220; _builder_version=&#8220;4.16&#8243; custom_margin=&#8220;|||||&#8220; custom_margin_tablet=&#8220;||||false|false&#8220; custom_margin_phone=&#8220;0%||||false|false&#8220; custom_margin_last_edited=&#8220;on|desktop&#8220; global_colors_info=&#8220;{}&#8220;][\/et_pb_image][et_pb_text _builder_version=&#8220;4.16&#8243; text_font=&#8220;helvetica-light|300|||||||&#8220; header_font=&#8220;Roboto|100|||||||&#8220; header_font_size=&#8220;36px&#8220; header_6_font=&#8220;Roboto||||||||&#8220; header_6_font_size=&#8220;18px&#8220; header_6_line_height=&#8220;1.4em&#8220; custom_margin=&#8220;||22px|||&#8220; inline_fonts=&#8220;helvetica-light&#8220; global_colors_info=&#8220;{}&#8220;]<\/p>\n<p class=\"p1\"><span style=\"font-family: helvetica-light; font-weight: normal; color: #0d85db;\">Wettbewerb<\/span><\/p>\n<h6 class=\"p1\"><span style=\"color: #0d85db;\"><strong><span style=\"font-family: helvetica-light;\">Zivilschutzzentrum Ritten<\/span><\/strong><\/span><\/h6>\n<p>[\/et_pb_text][et_pb_divider _builder_version=&#8220;4.16&#8243; width=&#8220;95%&#8220; custom_margin=&#8220;-4px||0px|||&#8220; global_colors_info=&#8220;{}&#8220;][\/et_pb_divider][et_pb_text _builder_version=&#8220;4.16&#8243; text_font=&#8220;helvetica-light|300|||||||&#8220; header_font=&#8220;helvetica-light||||||||&#8220; header_font_size=&#8220;36px&#8220; header_6_font=&#8220;helvetica-light||||||||&#8220; header_6_font_size=&#8220;18px&#8220; header_6_line_height=&#8220;1.2em&#8220; custom_margin=&#8220;||||false|false&#8220; inline_fonts=&#8220;helvetica-light&#8220; global_colors_info=&#8220;{}&#8220;]<\/p>\n<h6>Ort<br \/><strong>Ritten<\/strong><\/h6>\n<h6>Auslober<br \/><strong>Gemeinde Ritten<\/strong><\/h6>\n<h6>Planung<br \/><strong>Roland Baldi Architects<\/strong><\/h6>\n<h6 class=\"p1\">Team<br \/><strong>Roland Baldi<br \/><\/strong><strong>Harald Kofler<\/strong><\/h6>\n<h6>Jahr<br \/><strong>2015<\/strong><\/h6>\n<h6>Preis<br \/><strong>1. Preis<br \/><\/strong><\/h6>\n<p>[\/et_pb_text][\/et_pb_column][\/et_pb_row][et_pb_row column_structure=&#8220;1_2,1_2&#8243; _builder_version=&#8220;4.16&#8243; width=&#8220;90%&#8220; max_width=&#8220;100%&#8220; custom_margin=&#8220;0px||4%||false|false&#8220; custom_margin_tablet=&#8220;&#8220; custom_margin_phone=&#8220;0px||8%||false|false&#8220; custom_margin_last_edited=&#8220;on|desktop&#8220; custom_padding=&#8220;0px||0px||false|false&#8220; global_colors_info=&#8220;{}&#8220;][et_pb_column type=&#8220;1_2&#8243; _builder_version=&#8220;4.16&#8243; global_colors_info=&#8220;{}&#8220;][et_pb_image src=&#8220;https:\/\/rolandbaldi.com\/wp-content\/uploads\/2019\/11\/Mensa-Brunico-web.jpg&#8220; align_tablet=&#8220;center&#8220; align_phone=&#8220;&#8220; align_last_edited=&#8220;on|desktop&#8220; _builder_version=&#8220;4.16&#8243; custom_margin=&#8220;||||false|false&#8220; custom_margin_tablet=&#8220;31px||||false|false&#8220; custom_margin_phone=&#8220;||||false|false&#8220; custom_margin_last_edited=&#8220;on|phone&#8220; global_colors_info=&#8220;{}&#8220;][\/et_pb_image][et_pb_text _builder_version=&#8220;4.16&#8243; text_font=&#8220;helvetica-light|300|||||||&#8220; header_font=&#8220;Roboto|100|||||||&#8220; header_font_size=&#8220;36px&#8220; header_6_font=&#8220;helvetica-light||||||||&#8220; header_6_font_size=&#8220;18px&#8220; header_6_line_height=&#8220;1.4em&#8220; custom_margin=&#8220;||22px|||&#8220; inline_fonts=&#8220;helvetica-light&#8220; global_colors_info=&#8220;{}&#8220;]<\/p>\n<p class=\"p1\"><span style=\"font-family: helvetica-light; font-weight: normal; color: #0d85db;\">Wettbewerb<\/span><\/p>\n<h6 class=\"p1\"><span style=\"color: #0d85db;\"><strong><span style=\"font-family: helvetica-light;\">Mensa Bruneck<\/span><\/strong><\/span><\/h6>\n<p>[\/et_pb_text][et_pb_divider _builder_version=&#8220;4.16&#8243; width=&#8220;95%&#8220; custom_margin=&#8220;-4px||0px|||&#8220; global_colors_info=&#8220;{}&#8220;][\/et_pb_divider][et_pb_text _builder_version=&#8220;4.16&#8243; text_font=&#8220;helvetica-light|300|||||||&#8220; header_font=&#8220;helvetica-light||||||||&#8220; header_font_size=&#8220;36px&#8220; header_6_font=&#8220;helvetica-light||||||||&#8220; header_6_font_size=&#8220;18px&#8220; header_6_line_height=&#8220;1.2em&#8220; custom_margin=&#8220;||||false|false&#8220; inline_fonts=&#8220;helvetica-light&#8220; global_colors_info=&#8220;{}&#8220;]<\/p>\n<h6>Ort<br \/><strong>Bruneck<\/strong><\/h6>\n<h6>Auslober<br \/><strong>Autonome Provinz Bozen<\/strong><\/h6>\n<h6>Planung<br \/><strong>Roland Baldi Architects<\/strong><\/h6>\n<h6 class=\"p1\">Team<br \/><strong>Roland Baldi<br \/><\/strong><strong>Harald Kofler<\/strong><\/h6>\n<h6>Jahr<br \/><strong>2014<\/strong><\/h6>\n<h6>Preis<br \/><strong>4. Preis<\/strong><\/h6>\n<p>[\/et_pb_text][\/et_pb_column][et_pb_column type=&#8220;1_2&#8243; _builder_version=&#8220;4.16&#8243; global_colors_info=&#8220;{}&#8220;][et_pb_image src=&#8220;https:\/\/rolandbaldi.com\/wp-content\/uploads\/2019\/11\/Bauhof-Vahrn-web.jpg&#8220; align_tablet=&#8220;center&#8220; align_phone=&#8220;&#8220; align_last_edited=&#8220;on|desktop&#8220; _builder_version=&#8220;4.16&#8243; custom_margin=&#8220;|||||&#8220; custom_margin_tablet=&#8220;||||false|false&#8220; custom_margin_phone=&#8220;0%||||false|false&#8220; custom_margin_last_edited=&#8220;on|desktop&#8220; global_colors_info=&#8220;{}&#8220;][\/et_pb_image][et_pb_text _builder_version=&#8220;4.16&#8243; text_font=&#8220;helvetica-light|300|||||||&#8220; header_font=&#8220;Roboto|100|||||||&#8220; header_font_size=&#8220;36px&#8220; header_6_font=&#8220;Roboto||||||||&#8220; header_6_font_size=&#8220;18px&#8220; header_6_line_height=&#8220;1.4em&#8220; custom_margin=&#8220;||22px|||&#8220; inline_fonts=&#8220;helvetica-light&#8220; global_colors_info=&#8220;{}&#8220;]<\/p>\n<p class=\"p1\"><span style=\"font-family: helvetica-light; font-weight: normal; color: #0d85db;\">Wettbewerb<\/span><\/p>\n<h6 class=\"p1\"><span style=\"color: #0d85db;\"><strong><span style=\"font-family: helvetica-light;\">Bauhof Vahrn<\/span><\/strong><\/span><\/h6>\n<p>[\/et_pb_text][et_pb_divider _builder_version=&#8220;4.16&#8243; width=&#8220;95%&#8220; custom_margin=&#8220;-4px||0px|||&#8220; global_colors_info=&#8220;{}&#8220;][\/et_pb_divider][et_pb_text _builder_version=&#8220;4.16&#8243; text_font=&#8220;helvetica-light|300|||||||&#8220; header_font=&#8220;helvetica-light||||||||&#8220; header_font_size=&#8220;36px&#8220; header_6_font=&#8220;helvetica-light||||||||&#8220; header_6_font_size=&#8220;18px&#8220; header_6_line_height=&#8220;1.2em&#8220; custom_margin=&#8220;||||false|false&#8220; inline_fonts=&#8220;helvetica-light&#8220; global_colors_info=&#8220;{}&#8220;]<\/p>\n<h6>Ort<br \/><strong>Vahrn<\/strong><\/h6>\n<h6>Auslober<br \/><strong>Gemeinde Vahrn<\/strong><\/h6>\n<h6>Planung<br \/><strong>Roland Baldi Architects<\/strong><\/h6>\n<h6 class=\"p1\">Team<br \/><strong>Roland Baldi<br \/><\/strong><strong>Harald Kofler<\/strong><\/h6>\n<h6>Jahr<br \/><strong>2014<\/strong><\/h6>\n<h6>Preis<br \/><strong>Anerkennung<\/strong><\/h6>\n<p>[\/et_pb_text][\/et_pb_column][\/et_pb_row][et_pb_row column_structure=&#8220;1_2,1_2&#8243; _builder_version=&#8220;4.16&#8243; width=&#8220;90%&#8220; max_width=&#8220;100%&#8220; custom_margin=&#8220;0px||4%||false|false&#8220; custom_margin_tablet=&#8220;&#8220; custom_margin_phone=&#8220;0px||8%||false|false&#8220; custom_margin_last_edited=&#8220;on|desktop&#8220; custom_padding=&#8220;0px||0px||false|false&#8220; global_colors_info=&#8220;{}&#8220;][et_pb_column type=&#8220;1_2&#8243; _builder_version=&#8220;4.16&#8243; global_colors_info=&#8220;{}&#8220;][et_pb_image src=&#8220;https:\/\/rolandbaldi.com\/wp-content\/uploads\/2019\/11\/Wohnheim-Mals-web.jpg&#8220; align_tablet=&#8220;center&#8220; align_phone=&#8220;&#8220; align_last_edited=&#8220;on|desktop&#8220; _builder_version=&#8220;4.16&#8243; custom_margin=&#8220;||||false|false&#8220; custom_margin_tablet=&#8220;31px||||false|false&#8220; custom_margin_phone=&#8220;||||false|false&#8220; custom_margin_last_edited=&#8220;on|phone&#8220; global_colors_info=&#8220;{}&#8220;][\/et_pb_image][et_pb_text _builder_version=&#8220;4.16&#8243; text_font=&#8220;helvetica-light|300|||||||&#8220; header_font=&#8220;Roboto|100|||||||&#8220; header_font_size=&#8220;36px&#8220; header_6_font=&#8220;helvetica-light||||||||&#8220; header_6_font_size=&#8220;18px&#8220; header_6_line_height=&#8220;1.4em&#8220; custom_margin=&#8220;||22px|||&#8220; inline_fonts=&#8220;helvetica-light&#8220; global_colors_info=&#8220;{}&#8220;]<\/p>\n<p class=\"p1\"><span style=\"font-family: helvetica-light; font-weight: normal; color: #0d85db;\">Wettbewerb<\/span><\/p>\n<h6 class=\"p1\"><span style=\"color: #0d85db;\"><strong><span style=\"font-family: helvetica-light;\">Wohnheim Mals<\/span><\/strong><\/span><\/h6>\n<p>[\/et_pb_text][et_pb_divider _builder_version=&#8220;4.16&#8243; width=&#8220;95%&#8220; custom_margin=&#8220;-4px||0px|||&#8220; global_colors_info=&#8220;{}&#8220;][\/et_pb_divider][et_pb_text _builder_version=&#8220;4.16&#8243; text_font=&#8220;helvetica-light|300|||||||&#8220; header_font=&#8220;helvetica-light||||||||&#8220; header_font_size=&#8220;36px&#8220; header_6_font=&#8220;helvetica-light||||||||&#8220; header_6_font_size=&#8220;18px&#8220; header_6_line_height=&#8220;1.2em&#8220; custom_margin=&#8220;||||false|false&#8220; inline_fonts=&#8220;helvetica-light&#8220; global_colors_info=&#8220;{}&#8220;]<\/p>\n<h6>Ort<br \/><strong>Mals<\/strong><\/h6>\n<h6>Auslober<br \/><strong>Autonome Provinz Bozen<\/strong><\/h6>\n<h6>Planung<br \/><strong>Roland Baldi Architects<\/strong><\/h6>\n<h6 class=\"p1\">Team<br \/><strong>Roland Baldi<br \/><\/strong><strong>Harald Kofler<\/strong><\/h6>\n<h6>Jahr<br \/><strong>2014<\/strong><\/h6>\n<h6>Preis<br \/><strong>3. Preis<br \/><\/strong><\/h6>\n<p>[\/et_pb_text][\/et_pb_column][et_pb_column type=&#8220;1_2&#8243; _builder_version=&#8220;4.16&#8243; global_colors_info=&#8220;{}&#8220;][et_pb_image src=&#8220;https:\/\/rolandbaldi.com\/wp-content\/uploads\/2019\/07\/R5_kaltern_busbahnhof.jpg&#8220; align_tablet=&#8220;center&#8220; align_phone=&#8220;&#8220; align_last_edited=&#8220;on|desktop&#8220; _builder_version=&#8220;4.16&#8243; custom_margin=&#8220;|||||&#8220; custom_margin_tablet=&#8220;||||false|false&#8220; custom_margin_phone=&#8220;0%||||false|false&#8220; custom_margin_last_edited=&#8220;on|desktop&#8220; global_colors_info=&#8220;{}&#8220;][\/et_pb_image][et_pb_text _builder_version=&#8220;4.16&#8243; text_font=&#8220;helvetica-light|300|||||||&#8220; header_font=&#8220;Roboto|100|||||||&#8220; header_font_size=&#8220;36px&#8220; header_6_font=&#8220;Roboto||||||||&#8220; header_6_font_size=&#8220;18px&#8220; header_6_line_height=&#8220;1.4em&#8220; custom_margin=&#8220;||22px|||&#8220; inline_fonts=&#8220;helvetica-light&#8220; global_colors_info=&#8220;{}&#8220;]<\/p>\n<p class=\"p1\"><span style=\"font-family: helvetica-light; font-weight: normal; color: #0d85db;\">Wettbewerb<\/span><\/p>\n<h6 class=\"p1\"><span style=\"color: #0d85db;\"><strong><span style=\"font-family: helvetica-light;\">Corporate Design<br \/>Metrobus \u00dcberetsch Express<\/span><\/strong><\/span><\/h6>\n<p>[\/et_pb_text][et_pb_divider _builder_version=&#8220;4.16&#8243; width=&#8220;95%&#8220; custom_margin=&#8220;-4px||0px|||&#8220; global_colors_info=&#8220;{}&#8220;][\/et_pb_divider][et_pb_text _builder_version=&#8220;4.16&#8243; text_font=&#8220;helvetica-light|300|||||||&#8220; header_font=&#8220;helvetica-light||||||||&#8220; header_font_size=&#8220;36px&#8220; header_6_font=&#8220;helvetica-light||||||||&#8220; header_6_font_size=&#8220;18px&#8220; header_6_line_height=&#8220;1.2em&#8220; custom_margin=&#8220;||||false|false&#8220; inline_fonts=&#8220;helvetica-light&#8220; global_colors_info=&#8220;{}&#8220;]<\/p>\n<h6>Ort<br \/><strong>\u00dcberetsch<\/strong><\/h6>\n<h6>Auslober<br \/><strong>Autonome Provinz Bozen<\/strong><\/h6>\n<h6>Planung<br \/><strong>Roland Baldi Architects<\/strong><\/h6>\n<h6 class=\"p1\">Team<br \/><strong>Roland Baldi<br \/><\/strong><strong>Harald Kofler<\/strong><\/h6>\n<h6>Jahr<br \/><strong>2014<\/strong><\/h6>\n<h6>Preis<br \/><strong>Anerkennung<\/strong><\/h6>\n<p>[\/et_pb_text][\/et_pb_column][\/et_pb_row][et_pb_row column_structure=&#8220;1_2,1_2&#8243; _builder_version=&#8220;4.16&#8243; width=&#8220;90%&#8220; max_width=&#8220;100%&#8220; custom_margin=&#8220;0px||4%||false|false&#8220; custom_margin_tablet=&#8220;&#8220; custom_margin_phone=&#8220;0px||8%||false|false&#8220; custom_margin_last_edited=&#8220;on|desktop&#8220; custom_padding=&#8220;0px||0px||false|false&#8220; global_colors_info=&#8220;{}&#8220;][et_pb_column type=&#8220;1_2&#8243; _builder_version=&#8220;4.16&#8243; global_colors_info=&#8220;{}&#8220;][et_pb_image src=&#8220;https:\/\/rolandbaldi.com\/wp-content\/uploads\/2019\/07\/W83-Taufers_Ansicht-Nord.jpg&#8220; align_tablet=&#8220;center&#8220; align_phone=&#8220;&#8220; align_last_edited=&#8220;on|desktop&#8220; _builder_version=&#8220;4.16&#8243; custom_margin=&#8220;||||false|false&#8220; custom_margin_tablet=&#8220;31px||||false|false&#8220; custom_margin_phone=&#8220;||||false|false&#8220; custom_margin_last_edited=&#8220;on|phone&#8220; global_colors_info=&#8220;{}&#8220;][\/et_pb_image][et_pb_text _builder_version=&#8220;4.16&#8243; text_font=&#8220;helvetica-light|300|||||||&#8220; header_font=&#8220;Roboto|100|||||||&#8220; header_font_size=&#8220;36px&#8220; header_6_font=&#8220;helvetica-light||||||||&#8220; header_6_font_size=&#8220;18px&#8220; header_6_line_height=&#8220;1.4em&#8220; custom_margin=&#8220;||22px|||&#8220; inline_fonts=&#8220;helvetica-light&#8220; global_colors_info=&#8220;{}&#8220;]<\/p>\n<p class=\"p1\"><span style=\"font-family: helvetica-light; font-weight: normal; color: #0d85db;\">Wettbewerb<\/span><\/p>\n<h6 class=\"p1\"><span style=\"color: #0d85db;\"><strong><span style=\"font-family: helvetica-light;\">Sanierung Widum Taufers und Erweiterung Pfarrmuseum<\/span><\/strong><\/span><\/h6>\n<p>[\/et_pb_text][et_pb_divider _builder_version=&#8220;4.16&#8243; width=&#8220;95%&#8220; custom_margin=&#8220;-4px||0px|||&#8220; global_colors_info=&#8220;{}&#8220;][\/et_pb_divider][et_pb_text _builder_version=&#8220;4.16&#8243; text_font=&#8220;helvetica-light|300|||||||&#8220; header_font=&#8220;helvetica-light||||||||&#8220; header_font_size=&#8220;36px&#8220; header_6_font=&#8220;helvetica-light||||||||&#8220; header_6_font_size=&#8220;18px&#8220; header_6_line_height=&#8220;1.2em&#8220; custom_margin=&#8220;||||false|false&#8220; inline_fonts=&#8220;helvetica-light&#8220; global_colors_info=&#8220;{}&#8220;]<\/p>\n<h6>Ort<br \/><strong>Sand in Taufers<\/strong><\/h6>\n<h6>Auslober<br \/><strong>Parish S.Maria in Sand Taufers <\/strong><\/h6>\n<h6>Planung<br \/><strong>Roland Baldi Architects + monovolume + Simon Constantini<\/strong><\/h6>\n<h6 class=\"p1\">Team<br \/><strong>Roland Baldi<br \/><\/strong><strong>Harald Kofler<\/strong><\/h6>\n<h6>Jahr<br \/><strong>2014<\/strong><\/h6>\n<h6>Preis<br \/><strong>Mention<\/strong><\/h6>\n<p>[\/et_pb_text][\/et_pb_column][et_pb_column type=&#8220;1_2&#8243; _builder_version=&#8220;4.16&#8243; global_colors_info=&#8220;{}&#8220;][et_pb_image src=&#8220;https:\/\/rolandbaldi.com\/wp-content\/uploads\/2019\/07\/R1_300dpi.jpg&#8220; align_tablet=&#8220;center&#8220; align_phone=&#8220;&#8220; align_last_edited=&#8220;on|desktop&#8220; _builder_version=&#8220;4.16&#8243; custom_margin=&#8220;|||||&#8220; custom_margin_tablet=&#8220;||||false|false&#8220; custom_margin_phone=&#8220;0%||||false|false&#8220; custom_margin_last_edited=&#8220;on|desktop&#8220; global_colors_info=&#8220;{}&#8220;][\/et_pb_image][et_pb_text _builder_version=&#8220;4.16&#8243; text_font=&#8220;helvetica-light|300|||||||&#8220; header_font=&#8220;Roboto|100|||||||&#8220; header_font_size=&#8220;36px&#8220; header_6_font=&#8220;Roboto||||||||&#8220; header_6_font_size=&#8220;18px&#8220; header_6_line_height=&#8220;1.4em&#8220; custom_margin=&#8220;||22px|||&#8220; inline_fonts=&#8220;helvetica-light&#8220; global_colors_info=&#8220;{}&#8220;]<\/p>\n<p class=\"p1\"><span style=\"font-family: helvetica-light; font-weight: normal; color: #0d85db;\">Wettbewerb<\/span><\/p>\n<h6 class=\"p1\"><span style=\"color: #0d85db;\"><strong><span style=\"font-family: helvetica-light;\">Aula Magna Grundschule Salurn<\/span><\/strong><\/span><\/h6>\n<p>[\/et_pb_text][et_pb_divider _builder_version=&#8220;4.16&#8243; width=&#8220;95%&#8220; custom_margin=&#8220;-4px||0px|||&#8220; global_colors_info=&#8220;{}&#8220;][\/et_pb_divider][et_pb_text _builder_version=&#8220;4.16&#8243; text_font=&#8220;helvetica-light|300|||||||&#8220; header_font=&#8220;helvetica-light||||||||&#8220; header_font_size=&#8220;36px&#8220; header_6_font=&#8220;helvetica-light||||||||&#8220; header_6_font_size=&#8220;18px&#8220; header_6_line_height=&#8220;1.2em&#8220; custom_margin=&#8220;||||false|false&#8220; inline_fonts=&#8220;helvetica-light&#8220; global_colors_info=&#8220;{}&#8220;]<\/p>\n<h6>Ort\u200b<br \/><strong>Salurn<\/strong><\/h6>\n<h6>Auslober<br \/><strong>Gemeinde Salurn<\/strong><\/h6>\n<h6>Planung<br \/><strong>Roland Baldi Architects<\/strong><\/h6>\n<h6 class=\"p1\">Team<br \/><strong>Roland Baldi<br \/><\/strong><strong>Harald Kofler<\/strong><\/h6>\n<h6>Jahr<br \/><strong>2013<\/strong><\/h6>\n<h6>Preis<br \/><strong>Anerkennung<\/strong><\/h6>\n<p>[\/et_pb_text][\/et_pb_column][\/et_pb_row][et_pb_row column_structure=&#8220;1_2,1_2&#8243; _builder_version=&#8220;4.16&#8243; width=&#8220;90%&#8220; max_width=&#8220;100%&#8220; custom_margin=&#8220;0px||4%||false|false&#8220; custom_margin_tablet=&#8220;&#8220; custom_margin_phone=&#8220;0px||8%||false|false&#8220; custom_margin_last_edited=&#8220;on|desktop&#8220; custom_padding=&#8220;0px||0px||false|false&#8220; global_colors_info=&#8220;{}&#8220;][et_pb_column type=&#8220;1_2&#8243; _builder_version=&#8220;4.16&#8243; global_colors_info=&#8220;{}&#8220;][et_pb_image src=&#8220;https:\/\/rolandbaldi.com\/wp-content\/uploads\/2019\/07\/WB_R1_300dpi.jpg&#8220; align_tablet=&#8220;center&#8220; align_phone=&#8220;&#8220; align_last_edited=&#8220;on|desktop&#8220; _builder_version=&#8220;4.16&#8243; custom_margin=&#8220;||||false|false&#8220; custom_margin_tablet=&#8220;31px||||false|false&#8220; custom_margin_phone=&#8220;||||false|false&#8220; custom_margin_last_edited=&#8220;on|phone&#8220; global_colors_info=&#8220;{}&#8220;][\/et_pb_image][et_pb_text _builder_version=&#8220;4.16&#8243; text_font=&#8220;helvetica-light|300|||||||&#8220; header_font=&#8220;Roboto|100|||||||&#8220; header_font_size=&#8220;36px&#8220; header_6_font=&#8220;helvetica-light||||||||&#8220; header_6_font_size=&#8220;18px&#8220; header_6_line_height=&#8220;1.4em&#8220; custom_margin=&#8220;||22px|||&#8220; inline_fonts=&#8220;helvetica-light&#8220; global_colors_info=&#8220;{}&#8220;]<\/p>\n<p class=\"p1\"><span style=\"font-family: helvetica-light; font-weight: normal; color: #0d85db;\">Wettbewerb<\/span><\/p>\n<h6 class=\"p1\"><span style=\"color: #0d85db;\"><strong><span style=\"font-family: helvetica-light;\">Landesberufsschulen Marconi + L\u00e8vinas in Meran<\/span><\/strong><\/span><\/h6>\n<p>[\/et_pb_text][et_pb_divider _builder_version=&#8220;4.16&#8243; width=&#8220;95%&#8220; custom_margin=&#8220;-4px||0px|||&#8220; global_colors_info=&#8220;{}&#8220;][\/et_pb_divider][et_pb_text _builder_version=&#8220;4.16&#8243; text_font=&#8220;helvetica-light|300|||||||&#8220; header_font=&#8220;helvetica-light||||||||&#8220; header_font_size=&#8220;36px&#8220; header_6_font=&#8220;helvetica-light||||||||&#8220; header_6_font_size=&#8220;18px&#8220; header_6_line_height=&#8220;1.2em&#8220; custom_margin=&#8220;||||false|false&#8220; inline_fonts=&#8220;helvetica-light&#8220; global_colors_info=&#8220;{}&#8220;]<\/p>\n<h6>Ort<br \/><strong>Meran<\/strong><\/h6>\n<h6>Auslober<br \/><strong>Autonome Provinz Bozen<\/strong><\/h6>\n<h6>Planung<br \/><strong>Roland Baldi Architects<\/strong><\/h6>\n<h6 class=\"p1\">Team<br \/><strong>Roland Baldi<br \/><\/strong><strong>Harald Kofler<\/strong><\/h6>\n<h6>Jahr<br \/><strong>2013<\/strong><\/h6>\n<h6>Preis<br \/><strong>3. Preis<\/strong><\/h6>\n<p>[\/et_pb_text][\/et_pb_column][et_pb_column type=&#8220;1_2&#8243; _builder_version=&#8220;4.16&#8243; global_colors_info=&#8220;{}&#8220;][et_pb_image src=&#8220;https:\/\/rolandbaldi.com\/wp-content\/uploads\/2020\/01\/foto-travah.jpg&#8220; align_tablet=&#8220;center&#8220; align_phone=&#8220;&#8220; align_last_edited=&#8220;on|desktop&#8220; _builder_version=&#8220;4.16&#8243; custom_margin=&#8220;||-2px|||&#8220; custom_margin_tablet=&#8220;||||false|false&#8220; custom_margin_phone=&#8220;0%||||false|false&#8220; custom_margin_last_edited=&#8220;on|desktop&#8220; custom_padding=&#8220;||0px|||&#8220; global_colors_info=&#8220;{}&#8220;][\/et_pb_image][et_pb_text _builder_version=&#8220;4.16&#8243; text_font=&#8220;helvetica-light|300|||||||&#8220; header_font=&#8220;Roboto|100|||||||&#8220; header_font_size=&#8220;36px&#8220; header_6_font=&#8220;helvetica-light||||||||&#8220; header_6_font_size=&#8220;18px&#8220; header_6_line_height=&#8220;1.4em&#8220; custom_margin=&#8220;||22px|||&#8220; inline_fonts=&#8220;helvetica-light&#8220; global_colors_info=&#8220;{}&#8220;]<\/p>\n<p class=\"p1\"><span style=\"font-family: helvetica-light; font-weight: normal; color: #0d85db;\">Wettbewerb<\/span><\/p>\n<h6 class=\"p1\"><span style=\"color: #0d85db;\"><strong><span style=\"font-family: helvetica-light;\">Erweiterung Sozialzentrum Trayah<br \/><\/span><\/strong><\/span><\/h6>\n<p>[\/et_pb_text][et_pb_divider _builder_version=&#8220;4.16&#8243; width=&#8220;95%&#8220; custom_margin=&#8220;-4px||0px|||&#8220; global_colors_info=&#8220;{}&#8220;][\/et_pb_divider][et_pb_text _builder_version=&#8220;4.16&#8243; text_font=&#8220;helvetica-light|300|||||||&#8220; header_font=&#8220;helvetica-light||||||||&#8220; header_font_size=&#8220;36px&#8220; header_6_font=&#8220;helvetica-light||||||||&#8220; header_6_font_size=&#8220;18px&#8220; header_6_line_height=&#8220;1.2em&#8220; custom_margin=&#8220;||||false|false&#8220; inline_fonts=&#8220;helvetica-light&#8220; global_colors_info=&#8220;{}&#8220;]<\/p>\n<h6>Ort\u200b<br \/><strong>Bruneck<\/strong><\/h6>\n<h6>Auslober<br \/><strong>Autonome Provinz Bozen<\/strong><\/h6>\n<h6>Planung<br \/><strong>Roland Baldi Architects\u00a0+ WN architects<\/strong><\/h6>\n<h6 class=\"p1\">Team<br \/><strong>Roland Baldi<br \/><\/strong><strong>Harald Kofler<\/strong><\/h6>\n<h6>Jahr<br \/><strong>2013<\/strong><\/h6>\n<h6>Preis<br \/><strong>1. Preis<br \/><\/strong><\/h6>\n<p>[\/et_pb_text][\/et_pb_column][\/et_pb_row][et_pb_row column_structure=&#8220;1_2,1_2&#8243; _builder_version=&#8220;4.16&#8243; width=&#8220;90%&#8220; max_width=&#8220;100%&#8220; custom_margin=&#8220;0px||4%||false|false&#8220; custom_margin_tablet=&#8220;&#8220; custom_margin_phone=&#8220;0px||8%||false|false&#8220; custom_margin_last_edited=&#8220;on|desktop&#8220; custom_padding=&#8220;0px||0px||false|false&#8220; global_colors_info=&#8220;{}&#8220;][et_pb_column type=&#8220;1_2&#8243; _builder_version=&#8220;4.16&#8243; global_colors_info=&#8220;{}&#8220;][et_pb_image src=&#8220;https:\/\/rolandbaldi.com\/wp-content\/uploads\/2019\/07\/Schermata-2019-07-11-alle-16.08.53.png&#8220; align_tablet=&#8220;center&#8220; align_phone=&#8220;left&#8220; align_last_edited=&#8220;on|desktop&#8220; _builder_version=&#8220;4.16&#8243; width=&#8220;55%&#8220; module_alignment=&#8220;center&#8220; custom_margin=&#8220;||||false|false&#8220; custom_margin_tablet=&#8220;31px||||false|false&#8220; custom_margin_phone=&#8220;||||false|false&#8220; custom_margin_last_edited=&#8220;on|phone&#8220; global_colors_info=&#8220;{}&#8220;][\/et_pb_image][et_pb_text _builder_version=&#8220;4.16&#8243; text_font=&#8220;helvetica-light|300|||||||&#8220; header_font=&#8220;Roboto|100|||||||&#8220; header_font_size=&#8220;36px&#8220; header_6_font=&#8220;helvetica-light||||||||&#8220; header_6_font_size=&#8220;18px&#8220; header_6_line_height=&#8220;1.4em&#8220; custom_margin=&#8220;||22px|||&#8220; inline_fonts=&#8220;helvetica-light&#8220; global_colors_info=&#8220;{}&#8220;]<\/p>\n<p class=\"p1\"><span style=\"font-family: helvetica-light; font-weight: normal; color: #0d85db;\">Wettbewerb<\/span><\/p>\n<h6 class=\"p1\"><span style=\"color: #0d85db;\"><strong><span style=\"font-family: helvetica-light;\">Haus der Fotografie<\/span><\/strong><\/span><\/h6>\n<p>[\/et_pb_text][et_pb_divider _builder_version=&#8220;4.16&#8243; width=&#8220;95%&#8220; custom_margin=&#8220;-4px||0px|||&#8220; global_colors_info=&#8220;{}&#8220;][\/et_pb_divider][et_pb_text _builder_version=&#8220;4.16&#8243; text_font=&#8220;helvetica-light|300|||||||&#8220; header_font=&#8220;helvetica-light||||||||&#8220; header_font_size=&#8220;36px&#8220; header_6_font=&#8220;helvetica-light||||||||&#8220; header_6_font_size=&#8220;18px&#8220; header_6_line_height=&#8220;1.2em&#8220; custom_margin=&#8220;||||false|false&#8220; inline_fonts=&#8220;helvetica-light&#8220; global_colors_info=&#8220;{}&#8220;]<\/p>\n<h6>Ort<br \/><strong>Bozen<\/strong><\/h6>\n<h6>Auslober<br \/><strong>Stiftung S\u00fcdtiroler Sparkasse<\/strong><\/h6>\n<h6>Planung<br \/><strong>Roland Baldi Architects<\/strong><br \/><strong>DOC office for communication and design<\/strong><br \/><strong>Valerio Deh\u00f2<\/strong><br \/><strong>Lisa Trockner<\/strong><br \/><strong>Oskar Dariz<\/strong><br \/><strong>Heike Linster<\/strong><\/h6>\n<h6 class=\"p1\">Team<br \/><strong>Roland Baldi<br \/><\/strong><strong>Karin Kretschmer<br \/>Harald Kofler<\/strong><\/h6>\n<h6>Jahr<br \/><strong>2012<\/strong><\/h6>\n<h6>Preis<br \/><strong>2. Preis<br \/><\/strong><\/h6>\n<p>[\/et_pb_text][\/et_pb_column][et_pb_column type=&#8220;1_2&#8243; _builder_version=&#8220;4.16&#8243; global_colors_info=&#8220;{}&#8220;][et_pb_image src=&#8220;https:\/\/rolandbaldi.com\/wp-content\/uploads\/2019\/07\/WB_IMG_9536.jpg&#8220; align_tablet=&#8220;center&#8220; align_phone=&#8220;&#8220; align_last_edited=&#8220;on|desktop&#8220; _builder_version=&#8220;4.16&#8243; custom_margin=&#8220;|||||&#8220; custom_margin_tablet=&#8220;||||false|false&#8220; custom_margin_phone=&#8220;0%||||false|false&#8220; custom_margin_last_edited=&#8220;on|desktop&#8220; global_colors_info=&#8220;{}&#8220;][\/et_pb_image][et_pb_text _builder_version=&#8220;4.16&#8243; text_font=&#8220;helvetica-light|300|||||||&#8220; header_font=&#8220;Roboto|100|||||||&#8220; header_font_size=&#8220;36px&#8220; header_6_font=&#8220;Roboto||||||||&#8220; header_6_font_size=&#8220;18px&#8220; header_6_line_height=&#8220;1.4em&#8220; custom_margin=&#8220;||22px|||&#8220; inline_fonts=&#8220;helvetica-light&#8220; global_colors_info=&#8220;{}&#8220;]<\/p>\n<p class=\"p1\"><span style=\"font-family: helvetica-light; font-weight: normal; color: #0d85db;\">Wettbewerb<br \/><\/span><\/p>\n<h6 class=\"p1\"><span style=\"color: #0d85db;\"><strong><span style=\"font-family: helvetica-light;\">Wohnbau \u201eSpitalanger\u201c<br \/><\/span><\/strong><\/span><\/h6>\n<p>[\/et_pb_text][et_pb_divider _builder_version=&#8220;4.16&#8243; width=&#8220;95%&#8220; custom_margin=&#8220;-4px||0px|||&#8220; global_colors_info=&#8220;{}&#8220;][\/et_pb_divider][et_pb_text _builder_version=&#8220;4.16&#8243; text_font=&#8220;helvetica-light|300|||||||&#8220; header_font=&#8220;helvetica-light||||||||&#8220; header_font_size=&#8220;36px&#8220; header_6_font=&#8220;helvetica-light||||||||&#8220; header_6_font_size=&#8220;18px&#8220; header_6_line_height=&#8220;1.2em&#8220; custom_margin=&#8220;||||false|false&#8220; inline_fonts=&#8220;helvetica-light&#8220; global_colors_info=&#8220;{}&#8220;]<\/p>\n<h6>Ort<br \/><strong>Lana<\/strong><\/h6>\n<h6>Auslober<br \/><strong>Institut f\u00fcr den sozialen Wohnbau des Landes S\u00fcdtirol<\/strong><\/h6>\n<h6>Planung<br \/><strong>Roland Baldi Architects<\/strong><\/h6>\n<h6 class=\"p1\">Team<br \/><strong>Roland Baldi<br \/><\/strong><strong>Harald Kofler<\/strong><br \/><strong>Karin Kretschmer<\/strong><\/h6>\n<h6>Jahr<br \/><strong>2012<\/strong><\/h6>\n<h6>Preis<br \/><strong>3. Preis<br \/><\/strong><\/h6>\n<p>[\/et_pb_text][\/et_pb_column][\/et_pb_row][et_pb_row column_structure=&#8220;1_2,1_2&#8243; _builder_version=&#8220;4.16&#8243; width=&#8220;90%&#8220; max_width=&#8220;100%&#8220; custom_margin=&#8220;0px||4%||false|false&#8220; custom_margin_tablet=&#8220;&#8220; custom_margin_phone=&#8220;0px||8%||false|false&#8220; custom_margin_last_edited=&#8220;on|desktop&#8220; custom_padding=&#8220;0px||0px||false|false&#8220; global_colors_info=&#8220;{}&#8220;][et_pb_column type=&#8220;1_2&#8243; _builder_version=&#8220;4.16&#8243; global_colors_info=&#8220;{}&#8220;][et_pb_image src=&#8220;https:\/\/rolandbaldi.com\/wp-content\/uploads\/2019\/11\/Render-Scuola-materna-e-sala-prove-musica-Sluderno-web.jpg&#8220; align_tablet=&#8220;center&#8220; align_phone=&#8220;&#8220; align_last_edited=&#8220;on|desktop&#8220; _builder_version=&#8220;4.16&#8243; custom_margin=&#8220;||||false|false&#8220; custom_margin_tablet=&#8220;31px||||false|false&#8220; custom_margin_phone=&#8220;||||false|false&#8220; custom_margin_last_edited=&#8220;on|phone&#8220; global_colors_info=&#8220;{}&#8220;][\/et_pb_image][et_pb_text _builder_version=&#8220;4.16&#8243; text_font=&#8220;helvetica-light|300|||||||&#8220; header_font=&#8220;Roboto|100|||||||&#8220; header_font_size=&#8220;36px&#8220; header_6_font=&#8220;helvetica-light||||||||&#8220; header_6_font_size=&#8220;18px&#8220; header_6_line_height=&#8220;1.4em&#8220; custom_margin=&#8220;||22px|||&#8220; inline_fonts=&#8220;helvetica-light&#8220; global_colors_info=&#8220;{}&#8220;]<\/p>\n<p class=\"p1\"><span style=\"font-family: helvetica-light; font-weight: normal; color: #0d85db;\">Wettbewerb<\/span><\/p>\n<h6 class=\"p1\"><span style=\"color: #0d85db;\"><strong><span style=\"font-family: helvetica-light;\">Kindergarten und Musikprobelokal Schluderns<\/span><\/strong><\/span><\/h6>\n<p>[\/et_pb_text][et_pb_divider _builder_version=&#8220;4.16&#8243; width=&#8220;95%&#8220; custom_margin=&#8220;-4px||0px|||&#8220; global_colors_info=&#8220;{}&#8220;][\/et_pb_divider][et_pb_text _builder_version=&#8220;4.16&#8243; text_font=&#8220;helvetica-light|300|||||||&#8220; header_font=&#8220;helvetica-light||||||||&#8220; header_font_size=&#8220;36px&#8220; header_6_font=&#8220;helvetica-light||||||||&#8220; header_6_font_size=&#8220;18px&#8220; header_6_line_height=&#8220;1.2em&#8220; custom_margin=&#8220;||||false|false&#8220; inline_fonts=&#8220;helvetica-light&#8220; global_colors_info=&#8220;{}&#8220;]<\/p>\n<h6>Ort<br \/><strong>Schluderns<\/strong><\/h6>\n<h6>Auslober<br \/><strong>Marktgemeinde Schluderns<\/strong><\/h6>\n<h6>Planung<br \/><strong>Roland Baldi Architects<\/strong><\/h6>\n<h6 class=\"p1\">Team<br \/><strong>Roland Baldi<br \/><\/strong><strong>Harald Kofler<\/strong><br \/><strong>Karin Kretschmer<\/strong><\/h6>\n<h6>Jahr<br \/><strong>2012<\/strong><\/h6>\n<h6>Preis<br \/><strong>1. Preis<br \/><\/strong><\/h6>\n<p>[\/et_pb_text][\/et_pb_column][et_pb_column type=&#8220;1_2&#8243; _builder_version=&#8220;4.16&#8243; global_colors_info=&#8220;{}&#8220;][et_pb_image src=&#8220;https:\/\/rolandbaldi.com\/wp-content\/uploads\/2019\/07\/WB_R7.jpg&#8220; align_tablet=&#8220;center&#8220; align_phone=&#8220;&#8220; align_last_edited=&#8220;on|desktop&#8220; _builder_version=&#8220;4.16&#8243; custom_margin=&#8220;|||||&#8220; custom_margin_tablet=&#8220;||||false|false&#8220; custom_margin_phone=&#8220;0%||||false|false&#8220; custom_margin_last_edited=&#8220;on|desktop&#8220; global_colors_info=&#8220;{}&#8220;][\/et_pb_image][et_pb_text _builder_version=&#8220;4.16&#8243; text_font=&#8220;helvetica-light|300|||||||&#8220; header_font=&#8220;Roboto|100|||||||&#8220; header_font_size=&#8220;36px&#8220; header_6_font=&#8220;Roboto||||||||&#8220; header_6_font_size=&#8220;18px&#8220; header_6_line_height=&#8220;1.4em&#8220; custom_margin=&#8220;||22px|||&#8220; inline_fonts=&#8220;helvetica-light&#8220; global_colors_info=&#8220;{}&#8220;]<\/p>\n<p class=\"p1\"><span style=\"font-family: helvetica-light; font-weight: normal; color: #0d85db;\">Wettbewerb<\/span><\/p>\n<h6 class=\"p1\"><span style=\"color: #0d85db;\"><strong><span style=\"font-family: helvetica-light;\">Erweiterung der Grundschule in Sedico \u2013 Libano<br \/><\/span><\/strong><\/span><\/h6>\n<p>[\/et_pb_text][et_pb_divider _builder_version=&#8220;4.16&#8243; width=&#8220;95%&#8220; custom_margin=&#8220;-4px||0px|||&#8220; global_colors_info=&#8220;{}&#8220;][\/et_pb_divider][et_pb_text _builder_version=&#8220;4.16&#8243; text_font=&#8220;helvetica-light|300|||||||&#8220; header_font=&#8220;helvetica-light||||||||&#8220; header_font_size=&#8220;36px&#8220; header_6_font=&#8220;helvetica-light||||||||&#8220; header_6_font_size=&#8220;18px&#8220; header_6_line_height=&#8220;1.2em&#8220; custom_margin=&#8220;||||false|false&#8220; inline_fonts=&#8220;helvetica-light&#8220; global_colors_info=&#8220;{}&#8220;]<\/p>\n<h6>Ort<br \/><strong>Sedico \u2013 Libano (BL)<\/strong><\/h6>\n<h6>Auslober<br \/><strong>Gemeinde Sedico (BL)<\/strong><\/h6>\n<h6>Planung<br \/><strong>Roland Baldi Architects<\/strong><\/h6>\n<h6 class=\"p1\">Team<br \/><strong>Roland Baldi<br \/><\/strong><strong>Harald Kofler<\/strong><br \/><strong>Karin Kretschmer<\/strong><\/h6>\n<h6>Jahr<br \/><strong>2011<\/strong><\/h6>\n<p>[\/et_pb_text][\/et_pb_column][\/et_pb_row][et_pb_row column_structure=&#8220;1_2,1_2&#8243; _builder_version=&#8220;4.16&#8243; width=&#8220;90%&#8220; max_width=&#8220;100%&#8220; custom_margin=&#8220;0px||4%||false|false&#8220; custom_margin_tablet=&#8220;&#8220; custom_margin_phone=&#8220;0px||8%||false|false&#8220; custom_margin_last_edited=&#8220;on|desktop&#8220; custom_padding=&#8220;0px||0px||false|false&#8220; global_colors_info=&#8220;{}&#8220;][et_pb_column type=&#8220;1_2&#8243; _builder_version=&#8220;4.16&#8243; global_colors_info=&#8220;{}&#8220;][et_pb_image src=&#8220;https:\/\/rolandbaldi.com\/wp-content\/uploads\/2019\/07\/WB_13.jpg&#8220; align_tablet=&#8220;center&#8220; align_phone=&#8220;&#8220; align_last_edited=&#8220;on|desktop&#8220; _builder_version=&#8220;4.16&#8243; custom_margin=&#8220;||||false|false&#8220; custom_margin_tablet=&#8220;31px||||false|false&#8220; custom_margin_phone=&#8220;||||false|false&#8220; custom_margin_last_edited=&#8220;on|phone&#8220; global_colors_info=&#8220;{}&#8220;][\/et_pb_image][et_pb_text _builder_version=&#8220;4.16&#8243; text_font=&#8220;helvetica-light|300|||||||&#8220; header_font=&#8220;Roboto|100|||||||&#8220; header_font_size=&#8220;36px&#8220; header_6_font=&#8220;helvetica-light||||||||&#8220; header_6_font_size=&#8220;18px&#8220; header_6_line_height=&#8220;1.4em&#8220; custom_margin=&#8220;||22px|||&#8220; inline_fonts=&#8220;helvetica-light&#8220; global_colors_info=&#8220;{}&#8220;]<\/p>\n<p class=\"p1\"><span style=\"font-family: helvetica-light; font-weight: normal; color: #0d85db;\">Wettbewerb<\/span><\/p>\n<h6 class=\"p1\"><span style=\"color: #0d85db;\"><strong><span style=\"font-family: helvetica-light;\">St\u00e4dtebaulicher Wettbewerb f\u00fcr Cadoneghe<\/span><\/strong><\/span><\/h6>\n<p>[\/et_pb_text][et_pb_divider _builder_version=&#8220;4.16&#8243; width=&#8220;95%&#8220; custom_margin=&#8220;-4px||0px|||&#8220; global_colors_info=&#8220;{}&#8220;][\/et_pb_divider][et_pb_text _builder_version=&#8220;4.16&#8243; text_font=&#8220;helvetica-light|300|||||||&#8220; header_font=&#8220;helvetica-light||||||||&#8220; header_font_size=&#8220;36px&#8220; header_6_font=&#8220;helvetica-light||||||||&#8220; header_6_font_size=&#8220;18px&#8220; header_6_line_height=&#8220;1.2em&#8220; custom_margin=&#8220;||||false|false&#8220; inline_fonts=&#8220;helvetica-light&#8220; global_colors_info=&#8220;{}&#8220;]<\/p>\n<h6>Ort\u200b<br \/><strong>Cadoneghe, Frazione Mejaniga (PD)<\/strong><\/h6>\n<h6>Auslober<br \/><strong>Gemeinde Cadoneghe (PD)<\/strong><\/h6>\n<h6>Planung<br \/><strong>Roland Baldi Architects<\/strong><\/h6>\n<h6 class=\"p1\">Team<br \/><strong>Roland Baldi<br \/><\/strong><strong>Harald Kofler<\/strong><br \/><strong>Karin Kretschmer<\/strong><\/h6>\n<h6>Jahr<br \/><strong>2011<\/strong><\/h6>\n<h6>Preis<br \/><strong>1. Preis<br \/><\/strong><\/h6>\n<p>[\/et_pb_text][\/et_pb_column][et_pb_column type=&#8220;1_2&#8243; _builder_version=&#8220;4.16&#8243; global_colors_info=&#8220;{}&#8220;][et_pb_image src=&#8220;https:\/\/rolandbaldi.com\/wp-content\/uploads\/2019\/07\/WB_4_Berg_Ansicht-Nord.jpg&#8220; align_tablet=&#8220;center&#8220; align_phone=&#8220;&#8220; align_last_edited=&#8220;on|desktop&#8220; _builder_version=&#8220;4.16&#8243; custom_margin=&#8220;|||||&#8220; custom_margin_tablet=&#8220;||||false|false&#8220; custom_margin_phone=&#8220;0%||||false|false&#8220; custom_margin_last_edited=&#8220;on|desktop&#8220; global_colors_info=&#8220;{}&#8220;][\/et_pb_image][et_pb_text _builder_version=&#8220;4.16&#8243; text_font=&#8220;helvetica-light|300|||||||&#8220; header_font=&#8220;Roboto|100|||||||&#8220; header_font_size=&#8220;36px&#8220; header_6_font=&#8220;Roboto||||||||&#8220; header_6_font_size=&#8220;18px&#8220; header_6_line_height=&#8220;1.4em&#8220; custom_margin=&#8220;||22px|||&#8220; inline_fonts=&#8220;helvetica-light&#8220; global_colors_info=&#8220;{}&#8220;]<\/p>\n<p class=\"p1\"><span style=\"font-family: helvetica-light; font-weight: normal; color: #0d85db;\">Wettbewerb<\/span><\/p>\n<h6 class=\"p1\"><span style=\"color: #0d85db;\"><strong><span style=\"font-family: helvetica-light;\">Bergstation Seilbahn Meran 2000<\/span><\/strong><\/span><\/h6>\n<p>[\/et_pb_text][et_pb_divider _builder_version=&#8220;4.16&#8243; width=&#8220;95%&#8220; custom_margin=&#8220;-4px||0px|||&#8220; global_colors_info=&#8220;{}&#8220;][\/et_pb_divider][et_pb_text _builder_version=&#8220;4.16&#8243; text_font=&#8220;helvetica-light|300|||||||&#8220; header_font=&#8220;helvetica-light||||||||&#8220; header_font_size=&#8220;36px&#8220; header_6_font=&#8220;helvetica-light||||||||&#8220; header_6_font_size=&#8220;18px&#8220; header_6_line_height=&#8220;1.2em&#8220; custom_margin=&#8220;||||false|false&#8220; inline_fonts=&#8220;helvetica-light&#8220; global_colors_info=&#8220;{}&#8220;]<\/p>\n<h6>Ort<br \/><strong>Meran<\/strong><\/h6>\n<h6>Auslober<br \/><strong>Bergbahnen Meran 2000<\/strong><\/h6>\n<h6>Planung<br \/><strong>Roland Baldi Architects<\/strong><\/h6>\n<h6 class=\"p1\">Team<br \/><strong>Roland Baldi<br \/><\/strong><strong>Harald Kofler<\/strong><br \/><strong>Karin Kretschmer<\/strong><br \/><strong>Johannes Niederst\u00e4tter<\/strong><\/h6>\n<h6>Jahr<br \/><strong>2009<\/strong><\/h6>\n<h6>Preis<br \/><strong>1. Preis<br \/><\/strong><\/h6>\n<p>[\/et_pb_text][\/et_pb_column][\/et_pb_row][et_pb_row column_structure=&#8220;1_2,1_2&#8243; _builder_version=&#8220;4.16&#8243; width=&#8220;90%&#8220; max_width=&#8220;100%&#8220; custom_margin=&#8220;0px||4%||false|false&#8220; custom_margin_tablet=&#8220;&#8220; custom_margin_phone=&#8220;0px||8%||false|false&#8220; custom_margin_last_edited=&#8220;on|desktop&#8220; custom_padding=&#8220;0px||0px||false|false&#8220; global_colors_info=&#8220;{}&#8220;][et_pb_column type=&#8220;1_2&#8243; _builder_version=&#8220;4.16&#8243; global_colors_info=&#8220;{}&#8220;][et_pb_image src=&#8220;https:\/\/rolandbaldi.com\/wp-content\/uploads\/2019\/07\/WB_2_Tal_Ansicht-Nord.jpg&#8220; align_tablet=&#8220;center&#8220; align_phone=&#8220;&#8220; align_last_edited=&#8220;on|desktop&#8220; _builder_version=&#8220;4.16&#8243; custom_margin=&#8220;||||false|false&#8220; custom_margin_tablet=&#8220;31px||||false|false&#8220; custom_margin_phone=&#8220;||||false|false&#8220; custom_margin_last_edited=&#8220;on|phone&#8220; global_colors_info=&#8220;{}&#8220;][\/et_pb_image][et_pb_text _builder_version=&#8220;4.16&#8243; text_font=&#8220;helvetica-light|300|||||||&#8220; header_font=&#8220;Roboto|100|||||||&#8220; header_font_size=&#8220;36px&#8220; header_6_font=&#8220;helvetica-light||||||||&#8220; header_6_font_size=&#8220;18px&#8220; header_6_line_height=&#8220;1.4em&#8220; custom_margin=&#8220;||22px|||&#8220; inline_fonts=&#8220;helvetica-light&#8220; global_colors_info=&#8220;{}&#8220;]<\/p>\n<p class=\"p1\"><span style=\"font-family: helvetica-light; font-weight: normal; color: #0d85db;\">Wettbewerb<\/span><\/p>\n<h6 class=\"p1\"><span style=\"color: #0d85db;\"><strong><span style=\"font-family: helvetica-light;\">Talstation Seilbahn Meran 2000<\/span><\/strong><\/span><\/h6>\n<p>[\/et_pb_text][et_pb_divider _builder_version=&#8220;4.16&#8243; width=&#8220;95%&#8220; custom_margin=&#8220;-4px||0px|||&#8220; global_colors_info=&#8220;{}&#8220;][\/et_pb_divider][et_pb_text _builder_version=&#8220;4.16&#8243; text_font=&#8220;helvetica-light|300|||||||&#8220; header_font=&#8220;helvetica-light||||||||&#8220; header_font_size=&#8220;36px&#8220; header_6_font=&#8220;helvetica-light||||||||&#8220; header_6_font_size=&#8220;18px&#8220; header_6_line_height=&#8220;1.2em&#8220; custom_margin=&#8220;||||false|false&#8220; inline_fonts=&#8220;helvetica-light&#8220; global_colors_info=&#8220;{}&#8220;]<\/p>\n<h6>Ort\u200b<br \/><strong>Meran<\/strong><\/h6>\n<h6>Auslober<br \/><strong>Bergbahnen Meran 2000<\/strong><\/h6>\n<h6>Planung<br \/><strong>Roland Baldi Architects<\/strong><\/h6>\n<h6 class=\"p1\">Team<br \/><strong>Roland Baldi<br \/><\/strong><strong>Harald Kofler<\/strong><br \/><strong>Karin Kretschmer<\/strong><br \/><strong>Johannes Niederst\u00e4tter<\/strong><\/h6>\n<h6>Jahr<br \/><strong>2009<\/strong><\/h6>\n<h6>Preis<br \/><strong>1. Preis<br \/><\/strong><\/h6>\n<p>[\/et_pb_text][\/et_pb_column][et_pb_column type=&#8220;1_2&#8243; _builder_version=&#8220;4.16&#8243; global_colors_info=&#8220;{}&#8220;][et_pb_image src=&#8220;https:\/\/rolandbaldi.com\/wp-content\/uploads\/2019\/07\/WB_LIV-P4-SchnitteRENDER.jpg&#8220; align_tablet=&#8220;center&#8220; align_phone=&#8220;&#8220; align_last_edited=&#8220;on|desktop&#8220; _builder_version=&#8220;4.16&#8243; custom_margin=&#8220;|||||&#8220; custom_margin_tablet=&#8220;||||false|false&#8220; custom_margin_phone=&#8220;0%||||false|false&#8220; custom_margin_last_edited=&#8220;on|desktop&#8220; global_colors_info=&#8220;{}&#8220;][\/et_pb_image][et_pb_text _builder_version=&#8220;4.16&#8243; text_font=&#8220;helvetica-light|300|||||||&#8220; header_font=&#8220;Roboto|100|||||||&#8220; header_font_size=&#8220;36px&#8220; header_6_font=&#8220;Roboto||||||||&#8220; header_6_font_size=&#8220;18px&#8220; header_6_line_height=&#8220;1.4em&#8220; custom_margin=&#8220;||22px|||&#8220; inline_fonts=&#8220;helvetica-light&#8220; global_colors_info=&#8220;{}&#8220;]<\/p>\n<p class=\"p1\"><span style=\"font-family: helvetica-light; font-weight: normal; color: #0d85db;\">Wettbewerb<\/span><\/p>\n<h6 class=\"p1\"><span style=\"color: #0d85db;\"><strong><span style=\"font-family: helvetica-light;\">Dienstleistungszentrum Meran<\/span><\/strong><\/span><\/h6>\n<p>[\/et_pb_text][et_pb_divider _builder_version=&#8220;4.16&#8243; width=&#8220;95%&#8220; custom_margin=&#8220;-4px||0px|||&#8220; global_colors_info=&#8220;{}&#8220;][\/et_pb_divider][et_pb_text _builder_version=&#8220;4.16&#8243; text_font=&#8220;helvetica-light|300|||||||&#8220; header_font=&#8220;helvetica-light||||||||&#8220; header_font_size=&#8220;36px&#8220; header_6_font=&#8220;helvetica-light||||||||&#8220; header_6_font_size=&#8220;18px&#8220; header_6_line_height=&#8220;1.2em&#8220; custom_margin=&#8220;||||false|false&#8220; inline_fonts=&#8220;helvetica-light&#8220; global_colors_info=&#8220;{}&#8220;]<\/p>\n<h6>Ort\u200b<br \/><strong>Meran<\/strong><\/h6>\n<h6>Auslober<br \/><strong>Etschwerke AG<\/strong><\/h6>\n<h6>Planung<br \/><strong>Roland Baldi Architects<\/strong><\/h6>\n<h6 class=\"p1\">Team<br \/><strong>Roland Baldi<br \/><\/strong><strong>Harald Kofler<\/strong><\/h6>\n<h6>Jahr<br \/><strong>2008<\/strong><\/h6>\n<h6>Preis<br \/><strong>4. Preis<\/strong><\/h6>\n<p>[\/et_pb_text][\/et_pb_column][\/et_pb_row][et_pb_row column_structure=&#8220;1_2,1_2&#8243; _builder_version=&#8220;4.16&#8243; width=&#8220;90%&#8220; max_width=&#8220;100%&#8220; custom_margin=&#8220;0px||4%||false|false&#8220; custom_margin_tablet=&#8220;&#8220; custom_margin_phone=&#8220;0px||8%||false|false&#8220; custom_margin_last_edited=&#8220;on|desktop&#8220; custom_padding=&#8220;0px||0px||false|false&#8220; global_colors_info=&#8220;{}&#8220;][et_pb_column type=&#8220;1_2&#8243; _builder_version=&#8220;4.16&#8243; global_colors_info=&#8220;{}&#8220;][et_pb_image src=&#8220;https:\/\/rolandbaldi.com\/wp-content\/uploads\/2019\/07\/WB_13-Magnesio_Einst_2_fertig.jpg&#8220; align_tablet=&#8220;center&#8220; align_phone=&#8220;&#8220; align_last_edited=&#8220;on|desktop&#8220; _builder_version=&#8220;4.16&#8243; custom_margin=&#8220;||||false|false&#8220; custom_margin_tablet=&#8220;31px||||false|false&#8220; custom_margin_phone=&#8220;||||false|false&#8220; custom_margin_last_edited=&#8220;on|phone&#8220; global_colors_info=&#8220;{}&#8220;][\/et_pb_image][et_pb_text _builder_version=&#8220;4.16&#8243; text_font=&#8220;helvetica-light|300|||||||&#8220; header_font=&#8220;Roboto|100|||||||&#8220; header_font_size=&#8220;36px&#8220; header_6_font=&#8220;helvetica-light||||||||&#8220; header_6_font_size=&#8220;18px&#8220; header_6_line_height=&#8220;1.4em&#8220; custom_margin=&#8220;||22px|||&#8220; inline_fonts=&#8220;helvetica-light&#8220; global_colors_info=&#8220;{}&#8220;]<\/p>\n<p class=\"p1\"><span style=\"font-family: helvetica-light; font-weight: normal; color: #0d85db;\">Wettbewerb<\/span><\/p>\n<h6 class=\"p1\"><span style=\"color: #0d85db;\"><strong><span style=\"font-family: helvetica-light;\">Ex-Alumix \u2013 Ex-Magnesio Areal <\/span><\/strong><\/span><\/h6>\n<p>[\/et_pb_text][et_pb_divider _builder_version=&#8220;4.16&#8243; width=&#8220;95%&#8220; custom_margin=&#8220;-4px||0px|||&#8220; global_colors_info=&#8220;{}&#8220;][\/et_pb_divider][et_pb_text _builder_version=&#8220;4.16&#8243; text_font=&#8220;helvetica-light|300|||||||&#8220; header_font=&#8220;helvetica-light||||||||&#8220; header_font_size=&#8220;36px&#8220; header_6_font=&#8220;helvetica-light||||||||&#8220; header_6_font_size=&#8220;18px&#8220; header_6_line_height=&#8220;1.2em&#8220; custom_margin=&#8220;||||false|false&#8220; inline_fonts=&#8220;helvetica-light&#8220; global_colors_info=&#8220;{}&#8220;]<\/p>\n<h6>Ort\u200b<br \/><strong>Bolzano<\/strong><\/h6>\n<h6>Auslober<br \/><strong>Autonome Provinz Bozen<\/strong><\/h6>\n<h6>Planung<br \/><strong>Roland Baldi Architects<\/strong><\/h6>\n<h6 class=\"p1\">Team<br \/><strong>Roland Baldi<br \/><\/strong><strong>Marco Sette<\/strong><br \/><strong>Natalie Weber<\/strong><br \/><strong>Karin Kretschmer<\/strong><\/h6>\n<h6>Jahr<br \/><strong>2008<\/strong><\/h6>\n<h6>Preis<br \/><strong>Anerkennung<\/strong><\/h6>\n<p>[\/et_pb_text][\/et_pb_column][et_pb_column type=&#8220;1_2&#8243; _builder_version=&#8220;4.16&#8243; global_colors_info=&#8220;{}&#8220;][et_pb_image src=&#8220;https:\/\/rolandbaldi.com\/wp-content\/uploads\/2019\/07\/WB_Ansicht-Nacht.jpg&#8220; align_tablet=&#8220;center&#8220; align_phone=&#8220;&#8220; align_last_edited=&#8220;on|desktop&#8220; _builder_version=&#8220;4.16&#8243; custom_margin=&#8220;|||||&#8220; custom_margin_tablet=&#8220;||||false|false&#8220; custom_margin_phone=&#8220;0%||||false|false&#8220; custom_margin_last_edited=&#8220;on|desktop&#8220; global_colors_info=&#8220;{}&#8220;][\/et_pb_image][et_pb_text _builder_version=&#8220;4.16&#8243; text_font=&#8220;helvetica-light|300|||||||&#8220; header_font=&#8220;Roboto|100|||||||&#8220; header_font_size=&#8220;36px&#8220; header_6_font=&#8220;Roboto||||||||&#8220; header_6_font_size=&#8220;18px&#8220; header_6_line_height=&#8220;1.4em&#8220; custom_margin=&#8220;||22px|||&#8220; inline_fonts=&#8220;helvetica-light&#8220; global_colors_info=&#8220;{}&#8220;]<\/p>\n<p class=\"p1\"><span style=\"font-family: helvetica-light; font-weight: normal; color: #0d85db;\">Wettbewerb<\/span><\/p>\n<h6 class=\"p1\"><span style=\"color: #0d85db;\"><strong><span style=\"font-family: helvetica-light;\">Erweiterung Mila Werk<\/span><\/strong><\/span><\/h6>\n<p>[\/et_pb_text][et_pb_divider _builder_version=&#8220;4.16&#8243; width=&#8220;95%&#8220; custom_margin=&#8220;-4px||0px|||&#8220; global_colors_info=&#8220;{}&#8220;][\/et_pb_divider][et_pb_text _builder_version=&#8220;4.16&#8243; text_font=&#8220;helvetica-light|300|||||||&#8220; header_font=&#8220;helvetica-light||||||||&#8220; header_font_size=&#8220;36px&#8220; header_6_font=&#8220;helvetica-light||||||||&#8220; header_6_font_size=&#8220;18px&#8220; header_6_line_height=&#8220;1.2em&#8220; custom_margin=&#8220;||||false|false&#8220; inline_fonts=&#8220;helvetica-light&#8220; global_colors_info=&#8220;{}&#8220;]<\/p>\n<h6>Ort<br \/><strong>Bozen<\/strong><\/h6>\n<h6>Auslober<br \/><strong>Milkon S\u00fcdtirol Gen. u. landw. Ges.<\/strong><\/h6>\n<h6>Planung<br \/><strong>Roland Baldi Architects<\/strong><br \/><strong>Alessandro Gatti<\/strong><\/h6>\n<h6 class=\"p1\">Team<br \/><strong>Roland Baldi<br \/><\/strong><strong>Natalie Weber<\/strong><br \/><strong>Marco Sette<\/strong><\/h6>\n<h6>Jahr<br \/><strong>2007<\/strong><\/h6>\n<h6>Preis<br \/><strong>2. Preis<br \/><\/strong><\/h6>\n<p>[\/et_pb_text][\/et_pb_column][\/et_pb_row][et_pb_row column_structure=&#8220;1_2,1_2&#8243; _builder_version=&#8220;4.16&#8243; width=&#8220;90%&#8220; max_width=&#8220;100%&#8220; custom_margin=&#8220;0px||4%||false|false&#8220; custom_margin_tablet=&#8220;&#8220; custom_margin_phone=&#8220;0px||8%||false|false&#8220; custom_margin_last_edited=&#8220;on|desktop&#8220; custom_padding=&#8220;0px||0px||false|false&#8220; global_colors_info=&#8220;{}&#8220;][et_pb_column type=&#8220;1_2&#8243; _builder_version=&#8220;4.16&#8243; global_colors_info=&#8220;{}&#8220;][et_pb_image src=&#8220;https:\/\/rolandbaldi.com\/wp-content\/uploads\/2019\/07\/WB_Ying-Yang_4_schwarz.jpg&#8220; align_tablet=&#8220;center&#8220; align_phone=&#8220;left&#8220; align_last_edited=&#8220;on|desktop&#8220; _builder_version=&#8220;4.16&#8243; width=&#8220;80%&#8220; custom_margin=&#8220;||||false|false&#8220; custom_margin_tablet=&#8220;31px||||false|false&#8220; custom_margin_phone=&#8220;||||false|false&#8220; custom_margin_last_edited=&#8220;on|phone&#8220; global_colors_info=&#8220;{}&#8220;][\/et_pb_image][et_pb_text _builder_version=&#8220;4.16&#8243; text_font=&#8220;helvetica-light|300|||||||&#8220; header_font=&#8220;Roboto|100|||||||&#8220; header_font_size=&#8220;36px&#8220; header_6_font=&#8220;helvetica-light||||||||&#8220; header_6_font_size=&#8220;18px&#8220; header_6_line_height=&#8220;1.4em&#8220; custom_margin=&#8220;||22px|||&#8220; inline_fonts=&#8220;helvetica-light&#8220; global_colors_info=&#8220;{}&#8220;]<\/p>\n<p class=\"p1\"><span style=\"font-family: helvetica-light; font-weight: normal; color: #0d85db;\">Wettbewerb<\/span><\/p>\n<h6 class=\"p1\"><span style=\"color: #0d85db;\"><strong><span style=\"font-family: helvetica-light;\">Designwettbewerb \u201eMy Chair\u201c<\/span><\/strong><\/span><\/h6>\n<p>[\/et_pb_text][et_pb_divider _builder_version=&#8220;4.16&#8243; width=&#8220;95%&#8220; custom_margin=&#8220;-4px||0px|||&#8220; global_colors_info=&#8220;{}&#8220;][\/et_pb_divider][et_pb_text _builder_version=&#8220;4.16&#8243; text_font=&#8220;helvetica-light|300|||||||&#8220; header_font=&#8220;helvetica-light||||||||&#8220; header_font_size=&#8220;36px&#8220; header_6_font=&#8220;helvetica-light||||||||&#8220; header_6_font_size=&#8220;18px&#8220; header_6_line_height=&#8220;1.2em&#8220; custom_margin=&#8220;||||false|false&#8220; inline_fonts=&#8220;helvetica-light&#8220; global_colors_info=&#8220;{}&#8220;]<\/p>\n<h6>Auslober<br \/><strong>Luvo Design, New York<\/strong><\/h6>\n<h6>Planung<br \/><strong>Roland Baldi Architects<\/strong><br \/><strong>Robert Mittelberger<\/strong><\/h6>\n<h6>Jahr<br \/><strong>2006<\/strong><\/h6>\n<h6>Preis<br \/><strong>2. Preis<br \/><\/strong><\/h6>\n<p>[\/et_pb_text][\/et_pb_column][et_pb_column type=&#8220;1_2&#8243; _builder_version=&#8220;4.16&#8243; global_colors_info=&#8220;{}&#8220;][et_pb_image src=&#8220;https:\/\/rolandbaldi.com\/wp-content\/uploads\/2019\/07\/WB_WBW-Arco_ohne-Beschriftung_Ansicht-Ost.jpg&#8220; align_tablet=&#8220;center&#8220; align_phone=&#8220;&#8220; align_last_edited=&#8220;on|desktop&#8220; _builder_version=&#8220;4.16&#8243; custom_margin=&#8220;|||||&#8220; custom_margin_tablet=&#8220;||||false|false&#8220; custom_margin_phone=&#8220;0%||||false|false&#8220; custom_margin_last_edited=&#8220;on|desktop&#8220; global_colors_info=&#8220;{}&#8220;][\/et_pb_image][et_pb_text _builder_version=&#8220;4.16&#8243; text_font=&#8220;helvetica-light|300|||||||&#8220; header_font=&#8220;Roboto|100|||||||&#8220; header_font_size=&#8220;36px&#8220; header_6_font=&#8220;Roboto||||||||&#8220; header_6_font_size=&#8220;18px&#8220; header_6_line_height=&#8220;1.4em&#8220; custom_margin=&#8220;||22px|||&#8220; inline_fonts=&#8220;helvetica-light&#8220; global_colors_info=&#8220;{}&#8220;]<\/p>\n<p class=\"p1\"><span style=\"font-family: helvetica-light; font-weight: normal; color: #0d85db;\">Wettbewerb<\/span><\/p>\n<h6 class=\"p1\"><span style=\"color: #0d85db;\"><strong><span style=\"font-family: helvetica-light;\">Kultur- und Sozialzentrum Arco<\/span><\/strong><\/span><\/h6>\n<p>[\/et_pb_text][et_pb_divider _builder_version=&#8220;4.16&#8243; width=&#8220;95%&#8220; custom_margin=&#8220;-4px||0px|||&#8220; global_colors_info=&#8220;{}&#8220;][\/et_pb_divider][et_pb_text _builder_version=&#8220;4.16&#8243; text_font=&#8220;helvetica-light|300|||||||&#8220; header_font=&#8220;helvetica-light||||||||&#8220; header_font_size=&#8220;36px&#8220; header_6_font=&#8220;helvetica-light||||||||&#8220; header_6_font_size=&#8220;18px&#8220; header_6_line_height=&#8220;1.2em&#8220; custom_margin=&#8220;||||false|false&#8220; inline_fonts=&#8220;helvetica-light&#8220; global_colors_info=&#8220;{}&#8220;]<\/p>\n<h6>Ort<br \/><strong>Arco (TN)<\/strong><\/h6>\n<h6>Auslober<strong><br \/>Gemeinde Arco<\/strong><\/h6>\n<h6>Planung<br \/><strong>Roland Baldi Architects<\/strong><\/h6>\n<h6 class=\"p1\">Team<br \/><strong>Roland Baldi<br \/><\/strong><strong>Thomas Kienzl<\/strong><br \/><strong>Karin Kretschmer<\/strong><br \/><strong>Thorsten G\u00f6tz<\/strong><\/h6>\n<h6>Jahr<br \/><strong>2004<\/strong><\/h6>\n<h6>Preis<br \/><strong>5. Preis<\/strong><\/h6>\n<p>[\/et_pb_text][\/et_pb_column][\/et_pb_row][et_pb_row column_structure=&#8220;1_2,1_2&#8243; _builder_version=&#8220;4.16&#8243; width=&#8220;90%&#8220; max_width=&#8220;100%&#8220; custom_margin=&#8220;0px||4%||false|false&#8220; custom_margin_tablet=&#8220;&#8220; custom_margin_phone=&#8220;0px||8%||false|false&#8220; custom_margin_last_edited=&#8220;on|desktop&#8220; custom_padding=&#8220;0px||0px||false|false&#8220; global_colors_info=&#8220;{}&#8220;][et_pb_column type=&#8220;1_2&#8243; _builder_version=&#8220;4.16&#8243; global_colors_info=&#8220;{}&#8220;][et_pb_image src=&#8220;https:\/\/rolandbaldi.com\/wp-content\/uploads\/2019\/07\/WB_02PLAN3.jpg&#8220; align_tablet=&#8220;center&#8220; align_phone=&#8220;&#8220; align_last_edited=&#8220;on|desktop&#8220; _builder_version=&#8220;4.16&#8243; custom_margin=&#8220;||||false|false&#8220; custom_margin_tablet=&#8220;31px||||false|false&#8220; custom_margin_phone=&#8220;||||false|false&#8220; custom_margin_last_edited=&#8220;on|phone&#8220; global_colors_info=&#8220;{}&#8220;][\/et_pb_image][et_pb_text _builder_version=&#8220;4.16&#8243; text_font=&#8220;helvetica-light|300|||||||&#8220; header_font=&#8220;Roboto|100|||||||&#8220; header_font_size=&#8220;36px&#8220; header_6_font=&#8220;helvetica-light||||||||&#8220; header_6_font_size=&#8220;18px&#8220; header_6_line_height=&#8220;1.4em&#8220; custom_margin=&#8220;||22px|||&#8220; inline_fonts=&#8220;helvetica-light&#8220; global_colors_info=&#8220;{}&#8220;]<\/p>\n<p class=\"p1\"><span style=\"font-family: helvetica-light; font-weight: normal; color: #0d85db;\">Wettbewerb<\/span><\/p>\n<h6 class=\"p1\"><span style=\"color: #0d85db;\"><strong><span style=\"font-family: helvetica-light;\">Fernheizwerk Klausen<\/span><\/strong><\/span><\/h6>\n<p>[\/et_pb_text][et_pb_divider _builder_version=&#8220;4.16&#8243; width=&#8220;95%&#8220; custom_margin=&#8220;-4px||0px|||&#8220; global_colors_info=&#8220;{}&#8220;][\/et_pb_divider][et_pb_text _builder_version=&#8220;4.16&#8243; text_font=&#8220;helvetica-light|300|||||||&#8220; header_font=&#8220;helvetica-light||||||||&#8220; header_font_size=&#8220;36px&#8220; header_6_font=&#8220;helvetica-light||||||||&#8220; header_6_font_size=&#8220;18px&#8220; header_6_line_height=&#8220;1.2em&#8220; custom_margin=&#8220;||||false|false&#8220; inline_fonts=&#8220;helvetica-light&#8220; global_colors_info=&#8220;{}&#8220;]<\/p>\n<h6>Ort<br \/><strong>Klausen<\/strong><\/h6>\n<h6>Auslober<br \/><strong>FHK \u2013 Fernheizwerk Klausen GmbH \/ FHK<\/strong><\/h6>\n<h6>Planung<br \/><strong>Roland Baldi Architects<\/strong><\/h6>\n<h6 class=\"p1\">Team<br \/><strong>Roland Baldi<br \/><\/strong><strong>Thorsten G\u00f6tz<\/strong><br \/><strong>Rodolfo Zancan<\/strong><\/h6>\n<h6>Jahr<br \/><strong>2004<\/strong><\/h6>\n<h6>Preis<br \/><strong>1. Preis<br \/><\/strong><\/h6>\n<p>[\/et_pb_text][\/et_pb_column][et_pb_column type=&#8220;1_2&#8243; _builder_version=&#8220;4.16&#8243; global_colors_info=&#8220;{}&#8220;][et_pb_image src=&#8220;https:\/\/rolandbaldi.com\/wp-content\/uploads\/2019\/07\/WB_S-O_Nacht2.jpg&#8220; align_tablet=&#8220;center&#8220; align_phone=&#8220;left&#8220; align_last_edited=&#8220;on|desktop&#8220; _builder_version=&#8220;4.16&#8243; width=&#8220;70%&#8220; custom_margin=&#8220;|||||&#8220; custom_margin_tablet=&#8220;||||false|false&#8220; custom_margin_phone=&#8220;0%||||false|false&#8220; custom_margin_last_edited=&#8220;on|desktop&#8220; global_colors_info=&#8220;{}&#8220;][\/et_pb_image][et_pb_text _builder_version=&#8220;4.16&#8243; text_font=&#8220;helvetica-light|300|||||||&#8220; header_font=&#8220;Roboto|100|||||||&#8220; header_font_size=&#8220;36px&#8220; header_6_font=&#8220;Roboto||||||||&#8220; header_6_font_size=&#8220;18px&#8220; header_6_line_height=&#8220;1.4em&#8220; custom_margin=&#8220;||22px|||&#8220; inline_fonts=&#8220;helvetica-light&#8220; global_colors_info=&#8220;{}&#8220;]<\/p>\n<p class=\"p1\"><span style=\"font-family: helvetica-light; font-weight: normal; color: #0d85db;\">Wettbewerb<br \/><\/span><\/p>\n<h6 class=\"p1\"><span style=\"color: #0d85db;\"><strong><span style=\"font-family: helvetica-light;\">Restm\u00fcllverwertungsanlage Bozen<\/span><\/strong><\/span><\/h6>\n<p>[\/et_pb_text][et_pb_divider _builder_version=&#8220;4.16&#8243; width=&#8220;95%&#8220; custom_margin=&#8220;-4px||0px|||&#8220; global_colors_info=&#8220;{}&#8220;][\/et_pb_divider][et_pb_text _builder_version=&#8220;4.16&#8243; text_font=&#8220;helvetica-light|300|||||||&#8220; header_font=&#8220;helvetica-light||||||||&#8220; header_font_size=&#8220;36px&#8220; header_6_font=&#8220;helvetica-light||||||||&#8220; header_6_font_size=&#8220;18px&#8220; header_6_line_height=&#8220;1.2em&#8220; custom_margin=&#8220;||||false|false&#8220; inline_fonts=&#8220;helvetica-light&#8220; global_colors_info=&#8220;{}&#8220;]<\/p>\n<h6>Ort<br \/><strong>Bozen<\/strong><\/h6>\n<h6>Auslober<br \/><strong>Autonome Provinz Bozen<\/strong><\/h6>\n<h6>Planung<br \/><strong>Roland Baldi Architects<\/strong><br \/><strong>Fichtner GmbH Stuttgart<\/strong><br \/><strong>Baub\u00fcro Bozen<\/strong><\/h6>\n<h6 class=\"p1\">Team<br \/><strong>Roland Baldi<br \/><\/strong><strong>Thomas Kienzl<\/strong><br \/><strong>Rodolfo Zancan<\/strong><\/h6>\n<h6>Jahr<br \/><strong>2004<\/strong><\/h6>\n<h6>Preis<br \/><strong>5. Preis<br \/><\/strong><\/h6>\n<p>[\/et_pb_text][\/et_pb_column][\/et_pb_row][et_pb_row column_structure=&#8220;1_2,1_2&#8243; _builder_version=&#8220;4.16&#8243; width=&#8220;90%&#8220; max_width=&#8220;100%&#8220; custom_margin=&#8220;0px||4%||false|false&#8220; custom_margin_tablet=&#8220;&#8220; custom_margin_phone=&#8220;0px||8%||false|false&#8220; custom_margin_last_edited=&#8220;on|desktop&#8220; custom_padding=&#8220;0px||0px||false|false&#8220; global_colors_info=&#8220;{}&#8220;][et_pb_column type=&#8220;1_2&#8243; _builder_version=&#8220;4.16&#8243; global_colors_info=&#8220;{}&#8220;][et_pb_image src=&#8220;https:\/\/rolandbaldi.com\/wp-content\/uploads\/2019\/07\/WB_Ying-Yang_3_schwarz.jpg&#8220; align_tablet=&#8220;center&#8220; align_phone=&#8220;left&#8220; align_last_edited=&#8220;on|desktop&#8220; _builder_version=&#8220;4.16&#8243; width=&#8220;80%&#8220; custom_margin=&#8220;||||false|false&#8220; custom_margin_tablet=&#8220;31px||||false|false&#8220; custom_margin_phone=&#8220;||||false|false&#8220; custom_margin_last_edited=&#8220;on|phone&#8220; global_colors_info=&#8220;{}&#8220;][\/et_pb_image][et_pb_text _builder_version=&#8220;4.16&#8243; text_font=&#8220;helvetica-light|300|||||||&#8220; header_font=&#8220;Roboto|100|||||||&#8220; header_font_size=&#8220;36px&#8220; header_6_font=&#8220;helvetica-light||||||||&#8220; header_6_font_size=&#8220;18px&#8220; header_6_line_height=&#8220;1.4em&#8220; custom_margin=&#8220;||22px|||&#8220; inline_fonts=&#8220;helvetica-light&#8220; global_colors_info=&#8220;{}&#8220;]<\/p>\n<p class=\"p1\"><span style=\"font-family: helvetica-light; font-weight: normal; color: #0d85db;\">Wettbewerb<\/span><\/p>\n<h6 class=\"p1\"><span style=\"color: #0d85db;\"><strong><span style=\"font-family: helvetica-light;\">Designwettbewerb \u201eYin Yang\u201c<\/span><\/strong><\/span><\/h6>\n<p>[\/et_pb_text][et_pb_divider _builder_version=&#8220;4.16&#8243; width=&#8220;95%&#8220; custom_margin=&#8220;-4px||0px|||&#8220; global_colors_info=&#8220;{}&#8220;][\/et_pb_divider][et_pb_text _builder_version=&#8220;4.16&#8243; text_font=&#8220;helvetica-light|300|||||||&#8220; header_font=&#8220;helvetica-light||||||||&#8220; header_font_size=&#8220;36px&#8220; header_6_font=&#8220;helvetica-light||||||||&#8220; header_6_font_size=&#8220;18px&#8220; header_6_line_height=&#8220;1.2em&#8220; custom_margin=&#8220;||||false|false&#8220; inline_fonts=&#8220;helvetica-light&#8220; global_colors_info=&#8220;{}&#8220;]<\/p>\n<h6 style=\"text-align: justify;\">Auslober<br \/><strong>LVH\u2009\/\u2009APA<\/strong><\/h6>\n<h6>Planung<br \/><strong>Roland Baldi Architects<\/strong><br \/><strong>Robert Mittelberger<\/strong><\/h6>\n<h6 class=\"p1\">Team<br \/><strong>Roland Baldi<br \/><\/strong><strong>Roberto Gigliotti<\/strong><br \/><strong>Rodolfo Zancan<\/strong><\/h6>\n<h6>Jahr<br \/><strong>2002<\/strong><\/h6>\n<h6>Preis<br \/><strong>1. Preis<br \/><\/strong><\/h6>\n<p>[\/et_pb_text][\/et_pb_column][et_pb_column type=&#8220;1_2&#8243; _builder_version=&#8220;4.16&#8243; global_colors_info=&#8220;{}&#8220;][et_pb_image src=&#8220;https:\/\/rolandbaldi.com\/wp-content\/uploads\/2019\/07\/WB_WBW-Branzoll_Modell-von-oben.jpg&#8220; align_tablet=&#8220;center&#8220; align_phone=&#8220;&#8220; align_last_edited=&#8220;on|desktop&#8220; _builder_version=&#8220;4.16&#8243; custom_margin=&#8220;|||||&#8220; custom_margin_tablet=&#8220;||||false|false&#8220; custom_margin_phone=&#8220;0%||||false|false&#8220; custom_margin_last_edited=&#8220;on|desktop&#8220; global_colors_info=&#8220;{}&#8220;][\/et_pb_image][et_pb_text _builder_version=&#8220;4.16&#8243; text_font=&#8220;helvetica-light|300|||||||&#8220; header_font=&#8220;Roboto|100|||||||&#8220; header_font_size=&#8220;36px&#8220; header_6_font=&#8220;Roboto||||||||&#8220; header_6_font_size=&#8220;18px&#8220; header_6_line_height=&#8220;1.4em&#8220; custom_margin=&#8220;||22px|||&#8220; inline_fonts=&#8220;helvetica-light&#8220; global_colors_info=&#8220;{}&#8220;]<\/p>\n<p class=\"p1\"><span style=\"font-family: helvetica-light; font-weight: normal; color: #0d85db;\">Wettbewerb<\/span><\/p>\n<h6 class=\"p1\"><span style=\"color: #0d85db;\"><strong><span style=\"font-family: helvetica-light;\">Grundschule Branzoll<\/span><\/strong><\/span><\/h6>\n<p>[\/et_pb_text][et_pb_divider _builder_version=&#8220;4.16&#8243; width=&#8220;95%&#8220; custom_margin=&#8220;-4px||0px|||&#8220; global_colors_info=&#8220;{}&#8220;][\/et_pb_divider][et_pb_text _builder_version=&#8220;4.16&#8243; text_font=&#8220;helvetica-light|300|||||||&#8220; header_font=&#8220;helvetica-light||||||||&#8220; header_font_size=&#8220;36px&#8220; header_6_font=&#8220;helvetica-light||||||||&#8220; header_6_font_size=&#8220;18px&#8220; header_6_line_height=&#8220;1.2em&#8220; custom_margin=&#8220;||||false|false&#8220; inline_fonts=&#8220;helvetica-light&#8220; global_colors_info=&#8220;{}&#8220;]<\/p>\n<h6>Ort\u200b<br \/><strong>Branzoll<\/strong><\/h6>\n<h6>Auslober<br \/><strong>Gemeinde Branzoll<\/strong><\/h6>\n<h6>Planung<br \/><strong>Roland Baldi Architects<\/strong><\/h6>\n<h6 class=\"p1\">Team<br \/><strong>Roland Baldi<br \/><\/strong><strong>Christa Mair<\/strong><\/h6>\n<h6>Jahr<br \/><strong>2001<\/strong><\/h6>\n<h6>Preis<br \/><strong>Anerkennung<\/strong><\/h6>\n<p>[\/et_pb_text][\/et_pb_column][\/et_pb_row][et_pb_row column_structure=&#8220;1_2,1_2&#8243; _builder_version=&#8220;4.16&#8243; width=&#8220;90%&#8220; max_width=&#8220;100%&#8220; custom_margin=&#8220;0px||4%||false|false&#8220; custom_margin_tablet=&#8220;&#8220; custom_margin_phone=&#8220;0px||8%||false|false&#8220; custom_margin_last_edited=&#8220;on|desktop&#8220; custom_padding=&#8220;0px||0px||false|false&#8220; global_colors_info=&#8220;{}&#8220;][et_pb_column type=&#8220;1_2&#8243; _builder_version=&#8220;4.16&#8243; global_colors_info=&#8220;{}&#8220;][et_pb_image src=&#8220;https:\/\/rolandbaldi.com\/wp-content\/uploads\/2019\/07\/WB_WBW-Rosenbach_ohne-Beschriftung_Schnitt-CC.jpg&#8220; align_tablet=&#8220;center&#8220; align_phone=&#8220;&#8220; align_last_edited=&#8220;on|desktop&#8220; _builder_version=&#8220;4.16&#8243; custom_margin=&#8220;||||false|false&#8220; custom_margin_tablet=&#8220;31px||||false|false&#8220; custom_margin_phone=&#8220;||||false|false&#8220; custom_margin_last_edited=&#8220;on|phone&#8220; global_colors_info=&#8220;{}&#8220;][\/et_pb_image][et_pb_text _builder_version=&#8220;4.16&#8243; text_font=&#8220;helvetica-light|300|||||||&#8220; header_font=&#8220;Roboto|100|||||||&#8220; header_font_size=&#8220;36px&#8220; header_6_font=&#8220;helvetica-light||||||||&#8220; header_6_font_size=&#8220;18px&#8220; header_6_line_height=&#8220;1.4em&#8220; custom_margin=&#8220;||22px|||&#8220; inline_fonts=&#8220;helvetica-light&#8220; global_colors_info=&#8220;{}&#8220;]<\/p>\n<p class=\"p1\"><span style=\"font-family: helvetica-light; font-weight: normal; color: #0d85db;\">Wettbewerb<\/span><\/p>\n<h6 class=\"p1\"><span style=\"color: #0d85db;\"><strong><span style=\"font-family: helvetica-light;\">Wohnbau KVW Zone Rosenbach<\/span><\/strong><\/span><\/h6>\n<p>[\/et_pb_text][et_pb_divider _builder_version=&#8220;4.16&#8243; width=&#8220;95%&#8220; custom_margin=&#8220;-4px||0px|||&#8220; global_colors_info=&#8220;{}&#8220;][\/et_pb_divider][et_pb_text _builder_version=&#8220;4.16&#8243; text_font=&#8220;helvetica-light|300|||||||&#8220; header_font=&#8220;helvetica-light||||||||&#8220; header_font_size=&#8220;36px&#8220; header_6_font=&#8220;helvetica-light||||||||&#8220; header_6_font_size=&#8220;18px&#8220; header_6_line_height=&#8220;1.2em&#8220; custom_margin=&#8220;||||false|false&#8220; inline_fonts=&#8220;helvetica-light&#8220; global_colors_info=&#8220;{}&#8220;]<\/p>\n<h6>Ort<br \/><strong>Bozen<\/strong><\/h6>\n<h6>Auslober<br \/><strong>Wohnbaugenossenschaft Bozen G.m.b.H<\/strong>.<\/h6>\n<h6>Planung<br \/><strong>Roland Baldi Architects<\/strong><\/h6>\n<h6 class=\"p1\">Team<br \/><strong>Roland Baldi<br \/><\/strong><strong>Rinaldo Zanovello<\/strong><br \/><strong>Roberto Gigliotti<\/strong><br \/><strong>Rodolfo Zancan<\/strong><\/h6>\n<h6>Jahr<br \/><strong>2001<\/strong><\/h6>\n<h6>Preis<br \/><strong>3. Preis<br \/><\/strong><\/h6>\n<p>[\/et_pb_text][\/et_pb_column][et_pb_column type=&#8220;1_2&#8243; _builder_version=&#8220;4.16&#8243; global_colors_info=&#8220;{}&#8220;][et_pb_image src=&#8220;https:\/\/rolandbaldi.com\/wp-content\/uploads\/2019\/07\/WB_WBW-Syncom_Rendering-von-Julius-Durst-Str.jpg&#8220; align_tablet=&#8220;center&#8220; align_phone=&#8220;left&#8220; align_last_edited=&#8220;on|desktop&#8220; _builder_version=&#8220;4.16&#8243; custom_margin=&#8220;|||||&#8220; custom_margin_tablet=&#8220;||||false|false&#8220; custom_margin_phone=&#8220;0%||||false|false&#8220; custom_margin_last_edited=&#8220;on|desktop&#8220; global_colors_info=&#8220;{}&#8220;][\/et_pb_image][et_pb_text _builder_version=&#8220;4.16&#8243; text_font=&#8220;helvetica-light|300|||||||&#8220; header_font=&#8220;Roboto|100|||||||&#8220; header_font_size=&#8220;36px&#8220; header_6_font=&#8220;Roboto||||||||&#8220; header_6_font_size=&#8220;18px&#8220; header_6_line_height=&#8220;1.4em&#8220; custom_margin=&#8220;||22px|||&#8220; inline_fonts=&#8220;helvetica-light&#8220; global_colors_info=&#8220;{}&#8220;]<\/p>\n<p class=\"p1\"><span style=\"font-family: helvetica-light; font-weight: normal; color: #0d85db;\">Wettbewerb<\/span><\/p>\n<h6 class=\"p1\"><span style=\"color: #0d85db;\"><strong><span style=\"font-family: helvetica-light;\">Gewerbepark SynCom\u200b<br \/><\/span><\/strong><\/span><\/h6>\n<p>[\/et_pb_text][et_pb_divider _builder_version=&#8220;4.16&#8243; width=&#8220;95%&#8220; custom_margin=&#8220;-4px||0px|||&#8220; global_colors_info=&#8220;{}&#8220;][\/et_pb_divider][et_pb_text _builder_version=&#8220;4.16&#8243; text_font=&#8220;helvetica-light|300|||||||&#8220; header_font=&#8220;helvetica-light||||||||&#8220; header_font_size=&#8220;36px&#8220; header_6_font=&#8220;helvetica-light||||||||&#8220; header_6_font_size=&#8220;18px&#8220; header_6_line_height=&#8220;1.2em&#8220; custom_margin=&#8220;||||false|false&#8220; inline_fonts=&#8220;helvetica-light&#8220; global_colors_info=&#8220;{}&#8220;]<\/p>\n<h6>Ort<br \/><strong>Brixen<\/strong><\/h6>\n<h6>Auslober<br \/><strong>Immobiliengesellschaft<\/strong><br \/><strong>Baumgartner Beteiligungs Verwaltung KG<\/strong><\/h6>\n<h6>Planung<br \/><strong>Roland Baldi Architects<\/strong><\/h6>\n<h6 class=\"p1\">Team<br \/><strong>Roland Baldi<br \/><\/strong><strong>Rodolfo Zancan<\/strong><br \/><strong>Rinaldo Zanovello<\/strong><br \/><strong>Roberto Gigliotti<\/strong><\/h6>\n<h6>Jahr<br \/><strong>2001<\/strong><\/h6>\n<h6>Preis<strong><br \/>1. Preis<br \/><\/strong><\/h6>\n<p>[\/et_pb_text][\/et_pb_column][\/et_pb_row][et_pb_row column_structure=&#8220;1_2,1_2&#8243; _builder_version=&#8220;4.16&#8243; width=&#8220;90%&#8220; max_width=&#8220;100%&#8220; custom_margin=&#8220;0px||4%||false|false&#8220; custom_margin_tablet=&#8220;&#8220; custom_margin_phone=&#8220;0px||8%||false|false&#8220; custom_margin_last_edited=&#8220;on|desktop&#8220; custom_padding=&#8220;0px||0px||false|false&#8220; global_colors_info=&#8220;{}&#8220;][et_pb_column type=&#8220;1_2&#8243; _builder_version=&#8220;4.16&#8243; global_colors_info=&#8220;{}&#8220;][et_pb_image src=&#8220;https:\/\/rolandbaldi.com\/wp-content\/uploads\/2019\/07\/WB_WBW-Mobilita\u0308tszentrum-Bruneck_ohne-Beschriftung__Schnitt-AA.jpg&#8220; align_tablet=&#8220;center&#8220; align_phone=&#8220;&#8220; align_last_edited=&#8220;on|desktop&#8220; _builder_version=&#8220;4.16&#8243; custom_margin=&#8220;||||false|false&#8220; custom_margin_tablet=&#8220;31px||||false|false&#8220; custom_margin_phone=&#8220;-35px||||false|false&#8220; custom_margin_last_edited=&#8220;on|phone&#8220; global_colors_info=&#8220;{}&#8220;][\/et_pb_image][et_pb_text _builder_version=&#8220;4.16&#8243; text_font=&#8220;helvetica-light|300|||||||&#8220; header_font=&#8220;Roboto|100|||||||&#8220; header_font_size=&#8220;36px&#8220; header_6_font=&#8220;helvetica-light||||||||&#8220; header_6_font_size=&#8220;18px&#8220; header_6_line_height=&#8220;1.4em&#8220; custom_margin=&#8220;||22px|||&#8220; inline_fonts=&#8220;helvetica-light&#8220; global_colors_info=&#8220;{}&#8220;]<\/p>\n<p class=\"p1\"><span style=\"font-family: helvetica-light; font-weight: normal; color: #0d85db;\">Wettbewerb<\/span><\/p>\n<h6 class=\"p1\"><span style=\"color: #0d85db;\"><strong><span style=\"font-family: helvetica-light;\">Mobilit\u00e4tszentrum Bruneck<\/span><\/strong><\/span><\/h6>\n<p>[\/et_pb_text][et_pb_divider _builder_version=&#8220;4.16&#8243; width=&#8220;95%&#8220; custom_margin=&#8220;-4px||0px|||&#8220; global_colors_info=&#8220;{}&#8220;][\/et_pb_divider][et_pb_text _builder_version=&#8220;4.16&#8243; text_font=&#8220;helvetica-light|300|||||||&#8220; header_font=&#8220;helvetica-light||||||||&#8220; header_font_size=&#8220;36px&#8220; header_6_font=&#8220;helvetica-light||||||||&#8220; header_6_font_size=&#8220;18px&#8220; header_6_line_height=&#8220;1.2em&#8220; custom_margin=&#8220;||||false|false&#8220; inline_fonts=&#8220;helvetica-light&#8220; global_colors_info=&#8220;{}&#8220;]<\/p>\n<h6>Ort<br \/><strong>Bruneck<\/strong><\/h6>\n<h6>Auslober<br \/><strong>S\u00fcdtiroler Transportstrukturen AG<\/strong><\/h6>\n<h6>Planung<br \/><strong>Roland Baldi Architects<\/strong><\/h6>\n<h6 class=\"p1\">Team<br \/><strong>Roland Baldi<br \/><\/strong><strong>Rinaldo Zanovello<\/strong><br \/><strong>Roberto Gigliotti<\/strong><br \/><strong>Rodolfo Zancan<\/strong><\/h6>\n<h6>Jahr<br \/><strong>2001<\/strong><\/h6>\n<h6>Preis<br \/><strong>Anerkennung<\/strong><\/h6>\n<p>[\/et_pb_text][\/et_pb_column][et_pb_column type=&#8220;1_2&#8243; _builder_version=&#8220;4.16&#8243; global_colors_info=&#8220;{}&#8220;][et_pb_image src=&#8220;https:\/\/rolandbaldi.com\/wp-content\/uploads\/2019\/07\/WB_WBW-St.Christina_ohne-Beschriftung_Ansicht-SO.jpg&#8220; align_tablet=&#8220;center&#8220; align_phone=&#8220;&#8220; align_last_edited=&#8220;on|desktop&#8220; _builder_version=&#8220;4.16&#8243; custom_margin=&#8220;|||||&#8220; custom_margin_tablet=&#8220;||||false|false&#8220; custom_margin_phone=&#8220;0%||||false|false&#8220; custom_margin_last_edited=&#8220;on|desktop&#8220; global_colors_info=&#8220;{}&#8220;][\/et_pb_image][et_pb_text _builder_version=&#8220;4.16&#8243; text_font=&#8220;helvetica-light|300|||||||&#8220; header_font=&#8220;Roboto|100|||||||&#8220; header_font_size=&#8220;36px&#8220; header_6_font=&#8220;Roboto||||||||&#8220; header_6_font_size=&#8220;18px&#8220; header_6_line_height=&#8220;1.4em&#8220; custom_margin=&#8220;||22px|||&#8220; inline_fonts=&#8220;helvetica-light&#8220; global_colors_info=&#8220;{}&#8220;]<\/p>\n<p class=\"p1\"><span style=\"font-family: helvetica-light; font-weight: normal; color: #0d85db;\">Wettbewerb<\/span><\/p>\n<h6 class=\"p1\"><span style=\"color: #0d85db;\"><strong><span style=\"font-family: helvetica-light;\">Mittelschule St. Christina<\/span><\/strong><\/span><\/h6>\n<p>[\/et_pb_text][et_pb_divider _builder_version=&#8220;4.16&#8243; width=&#8220;95%&#8220; custom_margin=&#8220;-4px||0px|||&#8220; global_colors_info=&#8220;{}&#8220;][\/et_pb_divider][et_pb_text _builder_version=&#8220;4.16&#8243; text_font=&#8220;helvetica-light|300|||||||&#8220; header_font=&#8220;helvetica-light||||||||&#8220; header_font_size=&#8220;36px&#8220; header_6_font=&#8220;helvetica-light||||||||&#8220; header_6_font_size=&#8220;18px&#8220; header_6_line_height=&#8220;1.2em&#8220; custom_margin=&#8220;||||false|false&#8220; inline_fonts=&#8220;helvetica-light&#8220; global_colors_info=&#8220;{}&#8220;]<\/p>\n<h6>Ort<br \/><strong>St. Christina, Gr\u00f6den<\/strong><\/h6>\n<h6>Auslober<br \/><strong>Gemeinde St. Christina<\/strong><\/h6>\n<h6>Planung<br \/><strong>Roland Baldi Architects<\/strong><\/h6>\n<h6 class=\"p1\">Team<br \/><strong>Roland Baldi<br \/><\/strong><strong>Rodolfo Zancan<\/strong><\/h6>\n<h6>Jahr<br \/><strong>2000<\/strong><\/h6>\n<h6>Preis<br \/><strong>1. Preis<br \/><\/strong><\/h6>\n<p>[\/et_pb_text][\/et_pb_column][\/et_pb_row][et_pb_row column_structure=&#8220;1_2,1_2&#8243; _builder_version=&#8220;4.16&#8243; width=&#8220;90%&#8220; max_width=&#8220;100%&#8220; custom_margin=&#8220;0px||4%||false|false&#8220; custom_margin_tablet=&#8220;&#8220; custom_margin_phone=&#8220;0px||8%||false|false&#8220; custom_margin_last_edited=&#8220;on|desktop&#8220; custom_padding=&#8220;0px||0px||false|false&#8220; global_colors_info=&#8220;{}&#8220;][et_pb_column type=&#8220;1_2&#8243; _builder_version=&#8220;4.16&#8243; global_colors_info=&#8220;{}&#8220;][et_pb_image src=&#8220;https:\/\/rolandbaldi.com\/wp-content\/uploads\/2019\/07\/WB_WBW-Masterplan-Mignone_zweisprachig_Lageplan.jpg&#8220; align_tablet=&#8220;center&#8220; align_phone=&#8220;&#8220; align_last_edited=&#8220;on|desktop&#8220; _builder_version=&#8220;4.16&#8243; width=&#8220;60%&#8220; custom_margin=&#8220;||||false|false&#8220; custom_margin_tablet=&#8220;31px||||false|false&#8220; custom_margin_phone=&#8220;||||false|false&#8220; custom_margin_last_edited=&#8220;on|phone&#8220; global_colors_info=&#8220;{}&#8220;][\/et_pb_image][et_pb_text _builder_version=&#8220;4.16&#8243; text_font=&#8220;helvetica-light|300|||||||&#8220; header_font=&#8220;Roboto|100|||||||&#8220; header_font_size=&#8220;36px&#8220; header_6_font=&#8220;helvetica-light||||||||&#8220; header_6_font_size=&#8220;18px&#8220; header_6_line_height=&#8220;1.4em&#8220; custom_margin=&#8220;||22px|||&#8220; inline_fonts=&#8220;helvetica-light&#8220; global_colors_info=&#8220;{}&#8220;]<\/p>\n<p class=\"p1\"><span style=\"font-family: helvetica-light; font-weight: normal; color: #0d85db;\">Wettbewerb<\/span><\/p>\n<h6 class=\"p1\"><span style=\"color: #0d85db;\"><strong><span style=\"font-family: helvetica-light;\">Bebauung Ex-Mignone Kaserne, Bozen<\/span><\/strong><\/span><\/h6>\n<p>[\/et_pb_text][et_pb_divider _builder_version=&#8220;4.16&#8243; width=&#8220;95%&#8220; custom_margin=&#8220;-4px||0px|||&#8220; global_colors_info=&#8220;{}&#8220;][\/et_pb_divider][et_pb_text _builder_version=&#8220;4.16&#8243; text_font=&#8220;helvetica-light|300|||||||&#8220; header_font=&#8220;helvetica-light||||||||&#8220; header_font_size=&#8220;36px&#8220; header_6_font=&#8220;helvetica-light||||||||&#8220; header_6_font_size=&#8220;18px&#8220; header_6_line_height=&#8220;1.2em&#8220; custom_margin=&#8220;||||false|false&#8220; inline_fonts=&#8220;helvetica-light&#8220; global_colors_info=&#8220;{}&#8220;]<\/p>\n<h6>Ort<br \/><strong>Bozen<\/strong><\/h6>\n<h6>Auslober<br \/><strong>Autonome Provinz Bozen<\/strong><\/h6>\n<h6>Planung<br \/><strong>Roland Baldi Architects<\/strong><br \/><strong>Robert Margreiter<\/strong><\/h6>\n<h6>Jahr<br \/><strong>1997<\/strong><\/h6>\n<h6>Preis<br \/><strong>1. Preis<br \/><\/strong><\/h6>\n<p>[\/et_pb_text][\/et_pb_column][et_pb_column type=&#8220;1_2&#8243; _builder_version=&#8220;4.16&#8243; global_colors_info=&#8220;{}&#8220;][et_pb_image src=&#8220;https:\/\/rolandbaldi.com\/wp-content\/uploads\/2019\/07\/WB_26-Naturns_Modell.jpg&#8220; align_tablet=&#8220;center&#8220; align_phone=&#8220;&#8220; align_last_edited=&#8220;on|desktop&#8220; _builder_version=&#8220;4.16&#8243; custom_margin=&#8220;|||||&#8220; custom_margin_tablet=&#8220;||||false|false&#8220; custom_margin_phone=&#8220;0%||||false|false&#8220; custom_margin_last_edited=&#8220;on|desktop&#8220; global_colors_info=&#8220;{}&#8220;][\/et_pb_image][et_pb_text _builder_version=&#8220;4.16&#8243; text_font=&#8220;helvetica-light|300|||||||&#8220; header_font=&#8220;Roboto|100|||||||&#8220; header_font_size=&#8220;36px&#8220; header_6_font=&#8220;Roboto||||||||&#8220; header_6_font_size=&#8220;18px&#8220; header_6_line_height=&#8220;1.4em&#8220; custom_margin=&#8220;||22px|||&#8220; inline_fonts=&#8220;helvetica-light&#8220; global_colors_info=&#8220;{}&#8220;]<\/p>\n<p class=\"p1\"><span style=\"font-family: helvetica-light; font-weight: normal; color: #0d85db;\">Wettbewerb<\/span><\/p>\n<h6 class=\"p1\"><span style=\"color: #0d85db;\"><strong><span style=\"font-family: helvetica-light;\">Musikschule Naturns<\/span><\/strong><\/span><\/h6>\n<p>[\/et_pb_text][et_pb_divider _builder_version=&#8220;4.16&#8243; width=&#8220;95%&#8220; custom_margin=&#8220;-4px||0px|||&#8220; global_colors_info=&#8220;{}&#8220;][\/et_pb_divider][et_pb_text _builder_version=&#8220;4.16&#8243; text_font=&#8220;helvetica-light|300|||||||&#8220; header_font=&#8220;helvetica-light||||||||&#8220; header_font_size=&#8220;36px&#8220; header_6_font=&#8220;helvetica-light||||||||&#8220; header_6_font_size=&#8220;18px&#8220; header_6_line_height=&#8220;1.2em&#8220; custom_margin=&#8220;||||false|false&#8220; inline_fonts=&#8220;helvetica-light&#8220; global_colors_info=&#8220;{}&#8220;]<\/p>\n<h6>Ort<br \/><strong>Naturns<\/strong><\/h6>\n<h6>Auslober<br \/><strong>Marktgemeinde Naturns<\/strong><\/h6>\n<h6>Planung<br \/><strong>Roland Baldi Architects<\/strong><br \/><strong>Robert Margreiter<\/strong><\/h6>\n<h6>Jahr<br \/><strong>1996<\/strong><\/h6>\n<h6>Preis<br \/><strong>3. Preis<br \/><\/strong><\/h6>\n<p>[\/et_pb_text][\/et_pb_column][\/et_pb_row][\/et_pb_section][et_pb_section fb_built=&#8220;1&#8243; _builder_version=&#8220;4.17.6&#8243; _module_preset=&#8220;default&#8220; global_colors_info=&#8220;{}&#8220;][et_pb_row _builder_version=&#8220;4.17.6&#8243; _module_preset=&#8220;default&#8220; global_colors_info=&#8220;{}&#8220;][et_pb_column type=&#8220;4_4&#8243; _builder_version=&#8220;4.17.6&#8243; _module_preset=&#8220;default&#8220; global_colors_info=&#8220;{}&#8220;][et_pb_image src=&#8220;https:\/\/rolandbaldi.com\/wp-content\/uploads\/2025\/10\/G_456-POV1_2025_cartaFotografica-2.png&#8220; title_text=&#8220;G_456-POV1_2025_cartaFotografica&#8220; _builder_version=&#8220;4.17.6&#8243; _module_preset=&#8220;default&#8220; global_colors_info=&#8220;{}&#8220;][\/et_pb_image][\/et_pb_column][\/et_pb_row][\/et_pb_section]<\/p>\n","protected":false},"excerpt":{"rendered":"<p>wettbewerbeWettbewerb Loacker Technology Center\u00a0OrtUnterinn AusloberLoacker PlanungRoland Baldi Architects TeamRoland BaldiErica Mazzoni Jahr2025 Preis1. Preis &nbsp; &nbsp;Wettbewerb Pardelwiesen &#8211; St\u00e4dtebauliches Konzept f\u00fcr die zuk\u00fcnftige Nutzung der Verdone-KaserneOrtVahrn AusloberGemeinde Vahrn PlanungRoland Baldi Architects + Ingena + Heiner Schweigkofler TeamRoland BaldiMattia MichielettoCarlo ScolariMarco MolonChristian S\u00f6lvaLorenzo BertolottoNicoletta CristianiRudi BertagnolliDaniel Larcher Jahr2024 Preis1. Preis Wettbewerb Erweiterung des Firmensitzes der Tischlerei [&hellip;]<\/p>\n","protected":false},"author":2,"featured_media":0,"parent":0,"menu_order":0,"comment_status":"closed","ping_status":"closed","template":"","meta":{"_et_pb_use_builder":"on","_et_pb_old_content":"","_et_gb_content_width":"","inline_featured_image":false},"yoast_head":"<!-- This site is optimized with the Yoast SEO plugin v19.3 - https:\/\/yoast.com\/wordpress\/plugins\/seo\/ -->\n<title>Wettbewerbe - 2 colonne | Roland Baldi<\/title>\n<meta name=\"robots\" content=\"index, follow, max-snippet:-1, max-image-preview:large, max-video-preview:-1\" \/>\n<link rel=\"canonical\" href=\"https:\/\/rolandbaldi.com\/de\/wettbewerbe-baldi\/\" \/>\n<meta property=\"og:locale\" content=\"de_DE\" \/>\n<meta property=\"og:type\" content=\"article\" \/>\n<meta property=\"og:title\" content=\"Wettbewerbe - 2 colonne | Roland Baldi\" \/>\n<meta property=\"og:description\" content=\"wettbewerbeWettbewerb Loacker Technology Center\u00a0OrtUnterinn AusloberLoacker PlanungRoland Baldi Architects TeamRoland BaldiErica Mazzoni Jahr2025 Preis1. Preis &nbsp; &nbsp;Wettbewerb Pardelwiesen - St\u00e4dtebauliches Konzept f\u00fcr die zuk\u00fcnftige Nutzung der Verdone-KaserneOrtVahrn AusloberGemeinde Vahrn PlanungRoland Baldi Architects + Ingena + Heiner Schweigkofler TeamRoland BaldiMattia MichielettoCarlo ScolariMarco MolonChristian S\u00f6lvaLorenzo BertolottoNicoletta CristianiRudi BertagnolliDaniel Larcher Jahr2024 Preis1. Preis Wettbewerb Erweiterung des Firmensitzes der Tischlerei [&hellip;]\" \/>\n<meta property=\"og:url\" content=\"https:\/\/rolandbaldi.com\/de\/wettbewerbe-baldi\/\" \/>\n<meta property=\"og:site_name\" content=\"Roland Baldi\" \/>\n<meta property=\"article:publisher\" content=\"https:\/\/www.facebook.com\/roland.baldi.architects\" \/>\n<meta property=\"article:modified_time\" content=\"2026-02-16T11:07:58+00:00\" \/>\n<meta name=\"twitter:card\" content=\"summary_large_image\" \/>\n<meta name=\"twitter:label1\" content=\"Gesch\u00e4tzte Lesezeit\" \/>\n\t<meta name=\"twitter:data1\" content=\"56\u00a0Minuten\" \/>\n<script type=\"application\/ld+json\" class=\"yoast-schema-graph\">{\"@context\":\"https:\/\/schema.org\",\"@graph\":[{\"@type\":\"Organization\",\"@id\":\"https:\/\/rolandbaldi.com\/de\/#organization\",\"name\":\"Roland Baldi Architect\",\"url\":\"https:\/\/rolandbaldi.com\/de\/\",\"sameAs\":[\"https:\/\/www.instagram.com\/rolandbaldi\/\",\"https:\/\/www.linkedin.com\/in\/roland-baldi-b3181565\/\",\"https:\/\/www.facebook.com\/roland.baldi.architects\"],\"logo\":{\"@type\":\"ImageObject\",\"inLanguage\":\"de\",\"@id\":\"https:\/\/rolandbaldi.com\/de\/#\/schema\/logo\/image\/\",\"url\":\"https:\/\/rolandbaldi.com\/wp-content\/uploads\/2019\/07\/logo-nero.svg\",\"contentUrl\":\"https:\/\/rolandbaldi.com\/wp-content\/uploads\/2019\/07\/logo-nero.svg\",\"caption\":\"Roland Baldi Architect\"},\"image\":{\"@id\":\"https:\/\/rolandbaldi.com\/de\/#\/schema\/logo\/image\/\"}},{\"@type\":\"WebSite\",\"@id\":\"https:\/\/rolandbaldi.com\/de\/#website\",\"url\":\"https:\/\/rolandbaldi.com\/de\/\",\"name\":\"Roland Baldi\",\"description\":\"Roland Baldi architects - Bolzano\/Bozen\",\"publisher\":{\"@id\":\"https:\/\/rolandbaldi.com\/de\/#organization\"},\"potentialAction\":[{\"@type\":\"SearchAction\",\"target\":{\"@type\":\"EntryPoint\",\"urlTemplate\":\"https:\/\/rolandbaldi.com\/de\/?s={search_term_string}\"},\"query-input\":\"required name=search_term_string\"}],\"inLanguage\":\"de\"},{\"@type\":\"WebPage\",\"@id\":\"https:\/\/rolandbaldi.com\/de\/wettbewerbe-baldi\/\",\"url\":\"https:\/\/rolandbaldi.com\/de\/wettbewerbe-baldi\/\",\"name\":\"Wettbewerbe - 2 colonne | Roland Baldi\",\"isPartOf\":{\"@id\":\"https:\/\/rolandbaldi.com\/de\/#website\"},\"datePublished\":\"2020-01-22T15:24:52+00:00\",\"dateModified\":\"2026-02-16T11:07:58+00:00\",\"breadcrumb\":{\"@id\":\"https:\/\/rolandbaldi.com\/de\/wettbewerbe-baldi\/#breadcrumb\"},\"inLanguage\":\"de\",\"potentialAction\":[{\"@type\":\"ReadAction\",\"target\":[\"https:\/\/rolandbaldi.com\/de\/wettbewerbe-baldi\/\"]}]},{\"@type\":\"BreadcrumbList\",\"@id\":\"https:\/\/rolandbaldi.com\/de\/wettbewerbe-baldi\/#breadcrumb\",\"itemListElement\":[{\"@type\":\"ListItem\",\"position\":1,\"name\":\"Home\",\"item\":\"https:\/\/rolandbaldi.com\/de\/\"},{\"@type\":\"ListItem\",\"position\":2,\"name\":\"Wettbewerbe &#8211; 2 colonne\"}]}]}<\/script>\n<!-- \/ Yoast SEO plugin. -->","yoast_head_json":{"title":"Wettbewerbe - 2 colonne | Roland Baldi","robots":{"index":"index","follow":"follow","max-snippet":"max-snippet:-1","max-image-preview":"max-image-preview:large","max-video-preview":"max-video-preview:-1"},"canonical":"https:\/\/rolandbaldi.com\/de\/wettbewerbe-baldi\/","og_locale":"de_DE","og_type":"article","og_title":"Wettbewerbe - 2 colonne | Roland Baldi","og_description":"wettbewerbeWettbewerb Loacker Technology Center\u00a0OrtUnterinn AusloberLoacker PlanungRoland Baldi Architects TeamRoland BaldiErica Mazzoni Jahr2025 Preis1. Preis &nbsp; &nbsp;Wettbewerb Pardelwiesen - St\u00e4dtebauliches Konzept f\u00fcr die zuk\u00fcnftige Nutzung der Verdone-KaserneOrtVahrn AusloberGemeinde Vahrn PlanungRoland Baldi Architects + Ingena + Heiner Schweigkofler TeamRoland BaldiMattia MichielettoCarlo ScolariMarco MolonChristian S\u00f6lvaLorenzo BertolottoNicoletta CristianiRudi BertagnolliDaniel Larcher Jahr2024 Preis1. Preis Wettbewerb Erweiterung des Firmensitzes der Tischlerei [&hellip;]","og_url":"https:\/\/rolandbaldi.com\/de\/wettbewerbe-baldi\/","og_site_name":"Roland Baldi","article_publisher":"https:\/\/www.facebook.com\/roland.baldi.architects","article_modified_time":"2026-02-16T11:07:58+00:00","twitter_card":"summary_large_image","twitter_misc":{"Gesch\u00e4tzte Lesezeit":"56\u00a0Minuten"},"schema":{"@context":"https:\/\/schema.org","@graph":[{"@type":"Organization","@id":"https:\/\/rolandbaldi.com\/de\/#organization","name":"Roland Baldi Architect","url":"https:\/\/rolandbaldi.com\/de\/","sameAs":["https:\/\/www.instagram.com\/rolandbaldi\/","https:\/\/www.linkedin.com\/in\/roland-baldi-b3181565\/","https:\/\/www.facebook.com\/roland.baldi.architects"],"logo":{"@type":"ImageObject","inLanguage":"de","@id":"https:\/\/rolandbaldi.com\/de\/#\/schema\/logo\/image\/","url":"https:\/\/rolandbaldi.com\/wp-content\/uploads\/2019\/07\/logo-nero.svg","contentUrl":"https:\/\/rolandbaldi.com\/wp-content\/uploads\/2019\/07\/logo-nero.svg","caption":"Roland Baldi Architect"},"image":{"@id":"https:\/\/rolandbaldi.com\/de\/#\/schema\/logo\/image\/"}},{"@type":"WebSite","@id":"https:\/\/rolandbaldi.com\/de\/#website","url":"https:\/\/rolandbaldi.com\/de\/","name":"Roland Baldi","description":"Roland Baldi architects - Bolzano\/Bozen","publisher":{"@id":"https:\/\/rolandbaldi.com\/de\/#organization"},"potentialAction":[{"@type":"SearchAction","target":{"@type":"EntryPoint","urlTemplate":"https:\/\/rolandbaldi.com\/de\/?s={search_term_string}"},"query-input":"required name=search_term_string"}],"inLanguage":"de"},{"@type":"WebPage","@id":"https:\/\/rolandbaldi.com\/de\/wettbewerbe-baldi\/","url":"https:\/\/rolandbaldi.com\/de\/wettbewerbe-baldi\/","name":"Wettbewerbe - 2 colonne | Roland Baldi","isPartOf":{"@id":"https:\/\/rolandbaldi.com\/de\/#website"},"datePublished":"2020-01-22T15:24:52+00:00","dateModified":"2026-02-16T11:07:58+00:00","breadcrumb":{"@id":"https:\/\/rolandbaldi.com\/de\/wettbewerbe-baldi\/#breadcrumb"},"inLanguage":"de","potentialAction":[{"@type":"ReadAction","target":["https:\/\/rolandbaldi.com\/de\/wettbewerbe-baldi\/"]}]},{"@type":"BreadcrumbList","@id":"https:\/\/rolandbaldi.com\/de\/wettbewerbe-baldi\/#breadcrumb","itemListElement":[{"@type":"ListItem","position":1,"name":"Home","item":"https:\/\/rolandbaldi.com\/de\/"},{"@type":"ListItem","position":2,"name":"Wettbewerbe &#8211; 2 colonne"}]}]}},"_links":{"self":[{"href":"https:\/\/rolandbaldi.com\/de\/wp-json\/wp\/v2\/pages\/3069"}],"collection":[{"href":"https:\/\/rolandbaldi.com\/de\/wp-json\/wp\/v2\/pages"}],"about":[{"href":"https:\/\/rolandbaldi.com\/de\/wp-json\/wp\/v2\/types\/page"}],"author":[{"embeddable":true,"href":"https:\/\/rolandbaldi.com\/de\/wp-json\/wp\/v2\/users\/2"}],"replies":[{"embeddable":true,"href":"https:\/\/rolandbaldi.com\/de\/wp-json\/wp\/v2\/comments?post=3069"}],"version-history":[{"count":78,"href":"https:\/\/rolandbaldi.com\/de\/wp-json\/wp\/v2\/pages\/3069\/revisions"}],"predecessor-version":[{"id":7096,"href":"https:\/\/rolandbaldi.com\/de\/wp-json\/wp\/v2\/pages\/3069\/revisions\/7096"}],"wp:attachment":[{"href":"https:\/\/rolandbaldi.com\/de\/wp-json\/wp\/v2\/media?parent=3069"}],"curies":[{"name":"wp","href":"https:\/\/api.w.org\/{rel}","templated":true}]}}