{"id":1906,"date":"2019-11-25T10:17:45","date_gmt":"2019-11-25T10:17:45","guid":{"rendered":"https:\/\/rolandbaldi.com\/project\/kulturzentrum-zone-rosenbach\/"},"modified":"2023-05-31T16:04:51","modified_gmt":"2023-05-31T16:04:51","slug":"kulturzentrum-zone-rosenbach","status":"publish","type":"project","link":"https:\/\/rolandbaldi.com\/de\/project\/kulturzentrum-zone-rosenbach\/","title":{"rendered":"Kulturzentrum Zone Rosenbach"},"content":{"rendered":"<p>[et_pb_section fb_built=&#8220;1&#8243; _builder_version=&#8220;4.16&#8243; custom_padding=&#8220;1px||0px|||&#8220; global_colors_info=&#8220;{}&#8220;][et_pb_row _builder_version=&#8220;4.16&#8243; background_image=&#8220;https:\/\/rolandbaldi.com\/wp-content\/uploads\/2019\/11\/D1Z1650PB_dariz.jpg&#8220; width=&#8220;100%&#8220; max_width=&#8220;2560px&#8220; height=&#8220;664px&#8220; custom_margin=&#8220;-4px|auto|0px|0px||&#8220; custom_padding=&#8220;25.4%||15.2%|||&#8220; global_colors_info=&#8220;{}&#8220;][et_pb_column type=&#8220;4_4&#8243; _builder_version=&#8220;4.16&#8243; custom_padding=&#8220;|||&#8220; global_colors_info=&#8220;{}&#8220; custom_padding__hover=&#8220;|||&#8220;][\/et_pb_column][\/et_pb_row][\/et_pb_section][et_pb_section fb_built=&#8220;1&#8243; use_custom_gutter=&#8220;on&#8220; gutter_width=&#8220;1&#8243; specialty=&#8220;on&#8220; custom_css_main_1=&#8220;z-index: 999;&#8220; custom_css_main_2=&#8220;z-index: 9;&#8220; _builder_version=&#8220;4.17.6&#8243; width=&#8220;100%&#8220; width_tablet=&#8220;100%&#8220; width_phone=&#8220;&#8220; width_last_edited=&#8220;on|tablet&#8220; max_width=&#8220;3000px&#8220; custom_padding=&#8220;0px||0px|0px||&#8220; hover_enabled=&#8220;0&#8243; global_colors_info=&#8220;{}&#8220; sticky_enabled=&#8220;0&#8243;][et_pb_column type=&#8220;1_4&#8243; _builder_version=&#8220;4.16&#8243; custom_padding=&#8220;|||&#8220; global_colors_info=&#8220;{}&#8220; custom_padding__hover=&#8220;|||&#8220;][et_pb_image src=&#8220;https:\/\/rolandbaldi.com\/wp-content\/uploads\/2019\/11\/01-2.jpg&#8220; align_tablet=&#8220;center&#8220; align_phone=&#8220;&#8220; align_last_edited=&#8220;on|desktop&#8220; disabled_on=&#8220;on|off|off&#8220; _builder_version=&#8220;4.16&#8243; width_tablet=&#8220;&#8220; width_phone=&#8220;100%&#8220; width_last_edited=&#8220;on|tablet&#8220; custom_margin=&#8220;92px|-99%||-35%||&#8220; custom_margin_tablet=&#8220;|-101%||0%&#8220; custom_margin_phone=&#8220;57px||&#8220; custom_margin_last_edited=&#8220;on|phone&#8220; custom_padding=&#8220;0px|0px|0px|0px&#8220; custom_padding_tablet=&#8220;0px|0px|0px|0%||&#8220; custom_padding_phone=&#8220;&#8220; custom_padding_last_edited=&#8220;on|tablet&#8220; box_shadow_style=&#8220;preset4&#8243; box_shadow_horizontal=&#8220;-180px&#8220; box_shadow_vertical=&#8220;-140px&#8220; box_shadow_spread=&#8220;80px&#8220; box_shadow_color=&#8220;#161923&#8243; global_colors_info=&#8220;{}&#8220;][\/et_pb_image][\/et_pb_column][et_pb_column type=&#8220;1_4&#8243; _builder_version=&#8220;4.16&#8243; custom_padding=&#8220;|||&#8220; global_colors_info=&#8220;{}&#8220; custom_padding__hover=&#8220;|||&#8220;][\/et_pb_column][et_pb_column type=&#8220;1_2&#8243; specialty_columns=&#8220;2&#8243; _builder_version=&#8220;4.16&#8243; custom_padding=&#8220;|||&#8220; global_colors_info=&#8220;{}&#8220; custom_padding__hover=&#8220;|||&#8220;][et_pb_row_inner _builder_version=&#8220;4.16&#8243; custom_margin=&#8220;16%|||17%&#8220; custom_margin_tablet=&#8220;|||0%&#8220; custom_margin_phone=&#8220;&#8220; custom_margin_last_edited=&#8220;on|desktop&#8220; global_colors_info=&#8220;{}&#8220;][et_pb_column_inner saved_specialty_column_type=&#8220;1_2&#8243; _builder_version=&#8220;4.16&#8243; custom_padding=&#8220;|||&#8220; global_colors_info=&#8220;{}&#8220; custom_padding__hover=&#8220;|||&#8220;][et_pb_text _builder_version=&#8220;4.16&#8243; text_font=&#8220;helvetica-light||||||||&#8220; text_line_height=&#8220;1em&#8220; header_font=&#8220;Roboto|100|||||||&#8220; header_font_size=&#8220;42px&#8220; inline_fonts=&#8220;helvetica-light&#8220; global_colors_info=&#8220;{}&#8220;]<\/p>\n<h1><span style=\"font-family: helvetica-light;\">Kulturzentrum<br \/>\nZone Rosenbach<br \/>\nBozen<\/span><\/h1>\n<p>[\/et_pb_text][et_pb_divider _builder_version=&#8220;4.16&#8243; custom_margin=&#8220;28px||0px&#8220; global_colors_info=&#8220;{}&#8220;][\/et_pb_divider][\/et_pb_column_inner][\/et_pb_row_inner][et_pb_row_inner column_structure=&#8220;1_3,1_3,1_3&#8243; use_custom_gutter=&#8220;on&#8220; _builder_version=&#8220;4.16&#8243; custom_margin=&#8220;|||17%&#8220; custom_margin_tablet=&#8220;|||0%&#8220; custom_margin_phone=&#8220;||0px||false|false&#8220; custom_margin_last_edited=&#8220;on|desktop&#8220; custom_padding=&#8220;0%||0px||false|false&#8220; global_colors_info=&#8220;{}&#8220;][et_pb_column_inner type=&#8220;1_3&#8243; saved_specialty_column_type=&#8220;1_2&#8243; _builder_version=&#8220;4.16&#8243; custom_padding=&#8220;|||&#8220; global_colors_info=&#8220;{}&#8220; custom_padding__hover=&#8220;|||&#8220;][et_pb_text _builder_version=&#8220;4.16&#8243; text_font=&#8220;Roboto|300|||||||&#8220; header_font=&#8220;Roboto|100|||||||&#8220; header_font_size=&#8220;36px&#8220; header_6_font=&#8220;Roboto||||||||&#8220; header_6_line_height=&#8220;1.2em&#8220; inline_fonts=&#8220;helvetica-light&#8220; global_colors_info=&#8220;{}&#8220;]<\/p>\n<p class=\"p1\"><span style=\"font-family: helvetica-light; font-weight: normal;\">Ort<\/span><\/p>\n<h6 class=\"p1\"><strong><span style=\"font-family: helvetica-light;\">Bozen<\/span><\/strong><\/h6>\n<p>[\/et_pb_text][\/et_pb_column_inner][et_pb_column_inner type=&#8220;1_3&#8243; saved_specialty_column_type=&#8220;1_2&#8243; _builder_version=&#8220;4.16&#8243; custom_padding=&#8220;|||&#8220; global_colors_info=&#8220;{}&#8220; custom_padding__hover=&#8220;|||&#8220;][et_pb_text _builder_version=&#8220;4.16&#8243; text_font=&#8220;Roboto|300|||||||&#8220; header_font=&#8220;Roboto|100|||||||&#8220; header_font_size=&#8220;36px&#8220; header_6_font=&#8220;Roboto||||||||&#8220; header_6_line_height=&#8220;1.2em&#8220; inline_fonts=&#8220;helvetica-light&#8220; global_colors_info=&#8220;{}&#8220;]<\/p>\n<p class=\"p1\"><span style=\"font-family: helvetica-light;\">Bauherr<\/span><\/p>\n<h6 class=\"p1\"><strong><span style=\"font-family: helvetica-light;\">Autonome Provinz Bozen<\/span><\/strong><\/h6>\n<p>[\/et_pb_text][\/et_pb_column_inner][et_pb_column_inner type=&#8220;1_3&#8243; saved_specialty_column_type=&#8220;1_2&#8243; _builder_version=&#8220;4.16&#8243; custom_padding=&#8220;|||&#8220; global_colors_info=&#8220;{}&#8220; custom_padding__hover=&#8220;|||&#8220;][et_pb_text _builder_version=&#8220;4.16&#8243; text_font=&#8220;Roboto|300|||||||&#8220; header_font=&#8220;Roboto|100|||||||&#8220; header_font_size=&#8220;36px&#8220; header_6_font=&#8220;Roboto||||||||&#8220; header_6_line_height=&#8220;1.2em&#8220; inline_fonts=&#8220;helvetica-light&#8220; global_colors_info=&#8220;{}&#8220;]<\/p>\n<p class=\"p1\"><span style=\"font-family: helvetica-light; font-weight: normal;\">Planung<\/span><\/p>\n<h6 class=\"p1\"><span style=\"font-family: helvetica-light; font-weight: normal;\"><strong>Roland Baldi Architects<\/strong><\/span><\/h6>\n<p>[\/et_pb_text][\/et_pb_column_inner][\/et_pb_row_inner][et_pb_row_inner column_structure=&#8220;1_3,1_3,1_3&#8243; use_custom_gutter=&#8220;on&#8220; _builder_version=&#8220;4.16&#8243; custom_margin=&#8220;|||17%&#8220; custom_margin_tablet=&#8220;|||0%&#8220; custom_margin_phone=&#8220;||0px||false|false&#8220; custom_margin_last_edited=&#8220;on|desktop&#8220; custom_padding=&#8220;0%||0px||false|false&#8220; global_colors_info=&#8220;{}&#8220;][et_pb_column_inner type=&#8220;1_3&#8243; saved_specialty_column_type=&#8220;1_2&#8243; _builder_version=&#8220;4.16&#8243; custom_padding=&#8220;|||&#8220; global_colors_info=&#8220;{}&#8220; custom_padding__hover=&#8220;|||&#8220;][et_pb_text _builder_version=&#8220;4.17.6&#8243; text_font=&#8220;Roboto|300|||||||&#8220; header_font=&#8220;Roboto|100|||||||&#8220; header_font_size=&#8220;36px&#8220; header_6_font=&#8220;Roboto||||||||&#8220; header_6_line_height=&#8220;1.2em&#8220; hover_enabled=&#8220;0&#8243; inline_fonts=&#8220;helvetica-light&#8220; global_colors_info=&#8220;{}&#8220; sticky_enabled=&#8220;0&#8243;]<\/p>\n<p class=\"p1\"><span style=\"font-family: helvetica-light; font-weight: normal;\">Team<\/span><\/p>\n<h6 class=\"p1\"><strong><span style=\"font-family: helvetica-light;\">Roland Baldi<br \/>Thorsten G\u00f6tz,<br \/>Thomas Kienzl<br \/>Yvonne Lindner<br \/>Harald Kofler<br \/>Rinaldo Zanovello<br \/>Karin Kretschmer<\/span><\/strong><\/h6>\n<p>[\/et_pb_text][\/et_pb_column_inner][et_pb_column_inner type=&#8220;1_3&#8243; saved_specialty_column_type=&#8220;1_2&#8243; _builder_version=&#8220;4.16&#8243; custom_padding=&#8220;|||&#8220; global_colors_info=&#8220;{}&#8220; custom_padding__hover=&#8220;|||&#8220;][et_pb_text _builder_version=&#8220;4.16&#8243; text_font=&#8220;Roboto|300|||||||&#8220; header_font=&#8220;Roboto|100|||||||&#8220; header_font_size=&#8220;36px&#8220; header_6_font=&#8220;Roboto||||||||&#8220; header_6_line_height=&#8220;1.2em&#8220; inline_fonts=&#8220;helvetica-light&#8220; global_colors_info=&#8220;{}&#8220;]<\/p>\n<p class=\"p1\"><span style=\"font-family: helvetica-light; font-weight: normal;\">Fertigstellung<\/span><\/p>\n<h6 class=\"p1\"><strong><span style=\"font-family: helvetica-light;\">2011<\/span><\/strong><\/h6>\n<p>[\/et_pb_text][\/et_pb_column_inner][et_pb_column_inner type=&#8220;1_3&#8243; saved_specialty_column_type=&#8220;1_2&#8243; _builder_version=&#8220;4.16&#8243; custom_padding=&#8220;|||&#8220; global_colors_info=&#8220;{}&#8220; custom_padding__hover=&#8220;|||&#8220;][\/et_pb_column_inner][\/et_pb_row_inner][et_pb_row_inner column_structure=&#8220;1_2,1_2&#8243; use_custom_gutter=&#8220;on&#8220; _builder_version=&#8220;4.16&#8243; custom_margin=&#8220;|||17%&#8220; custom_margin_tablet=&#8220;|||0%&#8220; custom_margin_phone=&#8220;&#8220; custom_margin_last_edited=&#8220;on|tablet&#8220; custom_padding=&#8220;0%|||||&#8220; global_colors_info=&#8220;{}&#8220;][et_pb_column_inner type=&#8220;1_2&#8243; saved_specialty_column_type=&#8220;1_2&#8243; _builder_version=&#8220;4.16&#8243; custom_padding=&#8220;|||&#8220; global_colors_info=&#8220;{}&#8220; custom_padding__hover=&#8220;|||&#8220;][et_pb_blurb disabled_on=&#8220;on|off|off&#8220; _builder_version=&#8220;4.16&#8243; header_level=&#8220;h6&#8243; header_font=&#8220;Roboto||||||||&#8220; header_line_height=&#8220;1.2em&#8220; body_font=&#8220;Roboto|300|||||||&#8220; custom_css_blurb_image=&#8220;float: left;||padding-right: 400px;||&#8220; inline_fonts=&#8220;helvetica-light&#8220; global_colors_info=&#8220;{}&#8220;]<\/p>\n<p><span style=\"font-family: helvetica-light; font-weight: normal;\">Foto<\/span><\/p>\n<h6 style=\"line-height: 1.2em;\"><strong><span style=\"font-family: helvetica-light;\">Oskar Da Riz<\/span><\/strong><\/h6>\n<p>[\/et_pb_blurb][\/et_pb_column_inner][et_pb_column_inner type=&#8220;1_2&#8243; saved_specialty_column_type=&#8220;1_2&#8243; _builder_version=&#8220;4.16&#8243; custom_padding=&#8220;|||&#8220; global_colors_info=&#8220;{}&#8220; custom_padding__hover=&#8220;|||&#8220;][\/et_pb_column_inner][\/et_pb_row_inner][et_pb_row_inner _builder_version=&#8220;4.16&#8243; global_colors_info=&#8220;{}&#8220;][et_pb_column_inner saved_specialty_column_type=&#8220;1_2&#8243; _builder_version=&#8220;4.16&#8243; custom_padding=&#8220;|||&#8220; global_colors_info=&#8220;{}&#8220; custom_padding__hover=&#8220;|||&#8220;][et_pb_text _builder_version=&#8220;4.16&#8243; text_font=&#8220;Roboto|300|||||||&#8220; text_line_height=&#8220;1.4em&#8220; custom_margin=&#8220;0px|0px||17%||&#8220; custom_margin_tablet=&#8220;|||0%&#8220; custom_margin_phone=&#8220;&#8220; custom_margin_last_edited=&#8220;on|desktop&#8220; global_colors_info=&#8220;{}&#8220;]Das vom Platz aus erschlossene Kulturzentrum im Bozner Rosenbach-Viertel besteht aus einem kubischen, gl\u00e4sernen Volumen mit Bibliothek und B\u00fcrgerzentrum, das von dem in Form und Material v\u00f6llig kontr\u00e4ren K\u00f6rper des Multifunktionssaales durchdrungen wird. Die gl\u00e4serne H\u00fclle unterstreicht den \u00f6ffentlichen Charakter des Geb\u00e4udes und erlaubt wechselseitige r\u00e4umliche Bez\u00fcge zwischen Innen und Au\u00dfen. Man betritt das Erdgeschoss \u00fcber ein teilweise zweigeschossiges Foyer mit Bar und Garderobe, von dem aus der Multifunktionsraum erschlossen wird. Eine Galerie im ersten Obergeschoss mit Ausblick auf das Foyer f\u00fchrt zu den R\u00e4umen des B\u00fcrgerzentrums. Die Stadtteilbibliothek erstreckt sich \u00fcber die oberen zwei Geschosse, die \u00fcber eine zum Platz hin orientierte Treppe miteinander verbunden sind. Unten befinden sich Zugang, Ausleihe, Information, Kinderbereich und Lesesaal mit Zeitungsecke, im oberen Geschoss Handbibliothek, Mediathek, Verwaltungsb\u00fcro und Lager. Die konzeptuell innovative Vielseitigkeit des Hauses entwickelte sich im Laufe der Zeit zum Besuchermagneten.[\/et_pb_text][\/et_pb_column_inner][\/et_pb_row_inner][\/et_pb_column][\/et_pb_section][et_pb_section fb_built=&#8220;1&#8243; _builder_version=&#8220;4.16&#8243; background_color=&#8220;#ffffff&#8220; custom_margin=&#8220;||-30px|||&#8220; custom_padding=&#8220;||0px||false|false&#8220; global_colors_info=&#8220;{}&#8220;][et_pb_row column_structure=&#8220;1_4,1_4,1_4,1_4&#8243; use_custom_gutter=&#8220;on&#8220; gutter_width=&#8220;2&#8243; custom_padding_last_edited=&#8220;on|desktop&#8220; _builder_version=&#8220;4.16&#8243; max_width=&#8220;100%&#8220; custom_padding=&#8220;||80px|||&#8220; custom_padding_tablet=&#8220;||0px&#8220; custom_padding_phone=&#8220;&#8220; global_colors_info=&#8220;{}&#8220;][et_pb_column type=&#8220;1_4&#8243; _builder_version=&#8220;4.16&#8243; custom_padding=&#8220;|||&#8220; global_colors_info=&#8220;{}&#8220; custom_padding__hover=&#8220;|||&#8220;][et_pb_image src=&#8220;https:\/\/rolandbaldi.com\/wp-content\/uploads\/2019\/11\/Kulturzentrum_ohne-Beschriftung_1.OG_-1.jpg&#8220; align_tablet=&#8220;center&#8220; align_phone=&#8220;&#8220; align_last_edited=&#8220;on|desktop&#8220; _builder_version=&#8220;4.16&#8243; custom_padding_tablet=&#8220;|15px||&#8220; custom_padding_phone=&#8220;|0px||&#8220; custom_padding_last_edited=&#8220;on|desktop&#8220; global_colors_info=&#8220;{}&#8220; width__hover=&#8220;100%&#8220;][\/et_pb_image][\/et_pb_column][et_pb_column type=&#8220;1_4&#8243; _builder_version=&#8220;4.16&#8243; custom_padding=&#8220;|||&#8220; global_colors_info=&#8220;{}&#8220; custom_padding__hover=&#8220;|||&#8220;][et_pb_image src=&#8220;https:\/\/rolandbaldi.com\/wp-content\/uploads\/2019\/11\/Kulturzentrum_ohne-Beschriftung_EG-1.jpg&#8220; align_tablet=&#8220;center&#8220; align_phone=&#8220;&#8220; align_last_edited=&#8220;on|desktop&#8220; _builder_version=&#8220;4.16&#8243; custom_padding_tablet=&#8220;|||15px&#8220; custom_padding_phone=&#8220;|||0px&#8220; custom_padding_last_edited=&#8220;on|desktop&#8220; global_colors_info=&#8220;{}&#8220;][\/et_pb_image][\/et_pb_column][et_pb_column type=&#8220;1_4&#8243; _builder_version=&#8220;4.16&#8243; custom_padding=&#8220;|||&#8220; global_colors_info=&#8220;{}&#8220; custom_padding__hover=&#8220;|||&#8220;][et_pb_image src=&#8220;https:\/\/rolandbaldi.com\/wp-content\/uploads\/2019\/11\/Kulturzentrum_ohne-Beschriftung_BB-1.jpg&#8220; align_tablet=&#8220;center&#8220; align_phone=&#8220;&#8220; align_last_edited=&#8220;on|desktop&#8220; _builder_version=&#8220;4.16&#8243; custom_padding_tablet=&#8220;|||15px&#8220; custom_padding_phone=&#8220;|||0px&#8220; custom_padding_last_edited=&#8220;on|desktop&#8220; global_colors_info=&#8220;{}&#8220;][\/et_pb_image][\/et_pb_column][et_pb_column type=&#8220;1_4&#8243; _builder_version=&#8220;4.16&#8243; custom_padding=&#8220;|||&#8220; global_colors_info=&#8220;{}&#8220; custom_padding__hover=&#8220;|||&#8220;][et_pb_image src=&#8220;https:\/\/rolandbaldi.com\/wp-content\/uploads\/2019\/11\/Kulturzentrum_ohne-Beschriftung_Lageplan-1-1.jpg&#8220; align_tablet=&#8220;center&#8220; align_phone=&#8220;&#8220; align_last_edited=&#8220;on|desktop&#8220; _builder_version=&#8220;4.16&#8243; custom_padding_tablet=&#8220;|||15px&#8220; custom_padding_phone=&#8220;|||0px&#8220; custom_padding_last_edited=&#8220;on|desktop&#8220; global_colors_info=&#8220;{}&#8220;][\/et_pb_image][\/et_pb_column][\/et_pb_row][et_pb_row column_structure=&#8220;1_2,1_2&#8243; _builder_version=&#8220;4.16&#8243; background_position=&#8220;bottom_center&#8220; width=&#8220;90%&#8220; width_tablet=&#8220;&#8220; width_phone=&#8220;100%&#8220; width_last_edited=&#8220;on|phone&#8220; max_width=&#8220;2560px&#8220; module_alignment=&#8220;left&#8220; custom_margin=&#8220;0px|auto||0px||&#8220; custom_margin_tablet=&#8220;10%|||10%&#8220; custom_margin_phone=&#8220;|0px||0%|false|false&#8220; custom_margin_last_edited=&#8220;on|desktop&#8220; custom_padding=&#8220;0px|0px|80px|0px|false|false&#8220; global_colors_info=&#8220;{}&#8220;][et_pb_column type=&#8220;1_2&#8243; _builder_version=&#8220;4.16&#8243; custom_padding=&#8220;|||&#8220; global_colors_info=&#8220;{}&#8220; custom_padding__hover=&#8220;|||&#8220;][et_pb_image align_tablet=&#8220;center&#8220; align_phone=&#8220;&#8220; align_last_edited=&#8220;on|desktop&#8220; _builder_version=&#8220;4.16&#8243; background_image=&#8220;https:\/\/rolandbaldi.com\/wp-content\/uploads\/2019\/11\/D1Z1713PB_dariz.jpg&#8220; custom_margin=&#8220;|||||&#8220; custom_padding=&#8220;50%||10%&#8220; global_colors_info=&#8220;{}&#8220;][\/et_pb_image][\/et_pb_column][et_pb_column type=&#8220;1_2&#8243; _builder_version=&#8220;4.16&#8243; custom_padding=&#8220;|||&#8220; global_colors_info=&#8220;{}&#8220; custom_padding__hover=&#8220;|||&#8220;][et_pb_image align_tablet=&#8220;center&#8220; align_phone=&#8220;&#8220; align_last_edited=&#8220;on|desktop&#8220; _builder_version=&#8220;4.16&#8243; background_image=&#8220;https:\/\/rolandbaldi.com\/wp-content\/uploads\/2019\/12\/D1Z1816PB_Oskar-Da-Riz.jpg&#8220; custom_margin=&#8220;0px|||||&#8220; custom_margin_tablet=&#8220;40px||&#8220; custom_margin_phone=&#8220;&#8220; custom_margin_last_edited=&#8220;on|tablet&#8220; custom_padding=&#8220;50%||10%&#8220; global_colors_info=&#8220;{}&#8220;][\/et_pb_image][\/et_pb_column][\/et_pb_row][et_pb_row _builder_version=&#8220;4.16&#8243; background_image=&#8220;https:\/\/rolandbaldi.com\/wp-content\/uploads\/2019\/11\/D1Z1778PB_dariz.jpg&#8220; parallax=&#8220;on&#8220; width=&#8220;100%&#8220; max_width=&#8220;100%&#8220; module_alignment=&#8220;left&#8220; custom_margin=&#8220;|||0px&#8220; custom_padding=&#8220;30%|0px|15.2%|||&#8220; global_colors_info=&#8220;{}&#8220;][et_pb_column type=&#8220;4_4&#8243; _builder_version=&#8220;4.16&#8243; custom_padding=&#8220;|||&#8220; global_colors_info=&#8220;{}&#8220; custom_padding__hover=&#8220;|||&#8220;][\/et_pb_column][\/et_pb_row][et_pb_row _builder_version=&#8220;4.16&#8243; background_image=&#8220;https:\/\/rolandbaldi.com\/wp-content\/uploads\/2019\/12\/D1Z1934PB_Oskar-Da-Riz.jpg&#8220; width_tablet=&#8220;&#8220; width_phone=&#8220;100%&#8220; width_last_edited=&#8220;on|phone&#8220; max_width=&#8220;2560px&#8220; module_alignment=&#8220;center&#8220; custom_margin=&#8220;80px|auto|8%|||&#8220; custom_margin_tablet=&#8220;80px|||10%|false|false&#8220; custom_margin_phone=&#8220;80px|0px|0px|0%|false|false&#8220; custom_margin_last_edited=&#8220;on|desktop&#8220; custom_padding=&#8220;70%|0px|0px|0px|false|false&#8220; global_colors_info=&#8220;{}&#8220;][et_pb_column type=&#8220;4_4&#8243; _builder_version=&#8220;4.16&#8243; custom_padding=&#8220;|||&#8220; global_colors_info=&#8220;{}&#8220; custom_padding__hover=&#8220;|||&#8220;][\/et_pb_column][\/et_pb_row][\/et_pb_section]<\/p>\n","protected":false},"excerpt":{"rendered":"<p>Kulturzentrum Zone Rosenbach BozenOrt BozenBauherr Autonome Provinz BozenPlanung Roland Baldi ArchitectsTeam Roland BaldiThorsten G\u00f6tz,Thomas KienzlYvonne LindnerHarald KoflerRinaldo ZanovelloKarin KretschmerFertigstellung 2011Foto Oskar Da RizDas vom Platz aus erschlossene Kulturzentrum im Bozner Rosenbach-Viertel besteht aus einem kubischen, gl\u00e4sernen Volumen mit Bibliothek und B\u00fcrgerzentrum, das von dem in Form und Material v\u00f6llig kontr\u00e4ren K\u00f6rper des Multifunktionssaales durchdrungen wird. [&hellip;]<\/p>\n","protected":false},"author":2,"featured_media":1498,"comment_status":"open","ping_status":"closed","template":"","meta":{"_et_pb_use_builder":"on","_et_pb_old_content":"","_et_gb_content_width":"","inline_featured_image":false},"project_category":[],"project_tag":[],"yoast_head":"<!-- This site is optimized with the Yoast SEO plugin v19.3 - https:\/\/yoast.com\/wordpress\/plugins\/seo\/ -->\n<title>Kulturzentrum Zone Rosenbach | Roland Baldi<\/title>\n<meta name=\"robots\" content=\"index, follow, max-snippet:-1, max-image-preview:large, max-video-preview:-1\" \/>\n<link rel=\"canonical\" href=\"https:\/\/rolandbaldi.com\/de\/project\/kulturzentrum-zone-rosenbach\/\" \/>\n<meta property=\"og:locale\" content=\"de_DE\" \/>\n<meta property=\"og:type\" content=\"article\" \/>\n<meta property=\"og:title\" content=\"Kulturzentrum Zone Rosenbach | Roland Baldi\" \/>\n<meta property=\"og:description\" content=\"Kulturzentrum Zone Rosenbach BozenOrt BozenBauherr Autonome Provinz BozenPlanung Roland Baldi ArchitectsTeam Roland BaldiThorsten G\u00f6tz,Thomas KienzlYvonne LindnerHarald KoflerRinaldo ZanovelloKarin KretschmerFertigstellung 2011Foto Oskar Da RizDas vom Platz aus erschlossene Kulturzentrum im Bozner Rosenbach-Viertel besteht aus einem kubischen, gl\u00e4sernen Volumen mit Bibliothek und B\u00fcrgerzentrum, das von dem in Form und Material v\u00f6llig kontr\u00e4ren K\u00f6rper des Multifunktionssaales durchdrungen wird. [&hellip;]\" \/>\n<meta property=\"og:url\" content=\"https:\/\/rolandbaldi.com\/de\/project\/kulturzentrum-zone-rosenbach\/\" \/>\n<meta property=\"og:site_name\" content=\"Roland Baldi\" \/>\n<meta property=\"article:publisher\" content=\"https:\/\/www.facebook.com\/roland.baldi.architects\" \/>\n<meta property=\"article:modified_time\" content=\"2023-05-31T16:04:51+00:00\" \/>\n<meta property=\"og:image\" content=\"https:\/\/rolandbaldi.com\/wp-content\/uploads\/2019\/11\/01-2.jpg\" \/>\n\t<meta property=\"og:image:width\" content=\"1200\" \/>\n\t<meta property=\"og:image:height\" content=\"1601\" \/>\n\t<meta property=\"og:image:type\" content=\"image\/jpeg\" \/>\n<meta name=\"twitter:card\" content=\"summary_large_image\" \/>\n<meta name=\"twitter:label1\" content=\"Gesch\u00e4tzte Lesezeit\" \/>\n\t<meta name=\"twitter:data1\" content=\"9\u00a0Minuten\" \/>\n<script type=\"application\/ld+json\" class=\"yoast-schema-graph\">{\"@context\":\"https:\/\/schema.org\",\"@graph\":[{\"@type\":\"Organization\",\"@id\":\"https:\/\/rolandbaldi.com\/de\/#organization\",\"name\":\"Roland Baldi Architect\",\"url\":\"https:\/\/rolandbaldi.com\/de\/\",\"sameAs\":[\"https:\/\/www.instagram.com\/rolandbaldi\/\",\"https:\/\/www.linkedin.com\/in\/roland-baldi-b3181565\/\",\"https:\/\/www.facebook.com\/roland.baldi.architects\"],\"logo\":{\"@type\":\"ImageObject\",\"inLanguage\":\"de\",\"@id\":\"https:\/\/rolandbaldi.com\/de\/#\/schema\/logo\/image\/\",\"url\":\"https:\/\/rolandbaldi.com\/wp-content\/uploads\/2019\/07\/logo-nero.svg\",\"contentUrl\":\"https:\/\/rolandbaldi.com\/wp-content\/uploads\/2019\/07\/logo-nero.svg\",\"caption\":\"Roland Baldi Architect\"},\"image\":{\"@id\":\"https:\/\/rolandbaldi.com\/de\/#\/schema\/logo\/image\/\"}},{\"@type\":\"WebSite\",\"@id\":\"https:\/\/rolandbaldi.com\/de\/#website\",\"url\":\"https:\/\/rolandbaldi.com\/de\/\",\"name\":\"Roland Baldi\",\"description\":\"Roland Baldi architects - Bolzano\/Bozen\",\"publisher\":{\"@id\":\"https:\/\/rolandbaldi.com\/de\/#organization\"},\"potentialAction\":[{\"@type\":\"SearchAction\",\"target\":{\"@type\":\"EntryPoint\",\"urlTemplate\":\"https:\/\/rolandbaldi.com\/de\/?s={search_term_string}\"},\"query-input\":\"required name=search_term_string\"}],\"inLanguage\":\"de\"},{\"@type\":\"ImageObject\",\"inLanguage\":\"de\",\"@id\":\"https:\/\/rolandbaldi.com\/de\/project\/kulturzentrum-zone-rosenbach\/#primaryimage\",\"url\":\"https:\/\/rolandbaldi.com\/wp-content\/uploads\/2019\/11\/01-2.jpg\",\"contentUrl\":\"https:\/\/rolandbaldi.com\/wp-content\/uploads\/2019\/11\/01-2.jpg\",\"width\":1200,\"height\":1601},{\"@type\":\"WebPage\",\"@id\":\"https:\/\/rolandbaldi.com\/de\/project\/kulturzentrum-zone-rosenbach\/\",\"url\":\"https:\/\/rolandbaldi.com\/de\/project\/kulturzentrum-zone-rosenbach\/\",\"name\":\"Kulturzentrum Zone Rosenbach | Roland Baldi\",\"isPartOf\":{\"@id\":\"https:\/\/rolandbaldi.com\/de\/#website\"},\"primaryImageOfPage\":{\"@id\":\"https:\/\/rolandbaldi.com\/de\/project\/kulturzentrum-zone-rosenbach\/#primaryimage\"},\"datePublished\":\"2019-11-25T10:17:45+00:00\",\"dateModified\":\"2023-05-31T16:04:51+00:00\",\"breadcrumb\":{\"@id\":\"https:\/\/rolandbaldi.com\/de\/project\/kulturzentrum-zone-rosenbach\/#breadcrumb\"},\"inLanguage\":\"de\",\"potentialAction\":[{\"@type\":\"ReadAction\",\"target\":[\"https:\/\/rolandbaldi.com\/de\/project\/kulturzentrum-zone-rosenbach\/\"]}]},{\"@type\":\"BreadcrumbList\",\"@id\":\"https:\/\/rolandbaldi.com\/de\/project\/kulturzentrum-zone-rosenbach\/#breadcrumb\",\"itemListElement\":[{\"@type\":\"ListItem\",\"position\":1,\"name\":\"Home\",\"item\":\"https:\/\/rolandbaldi.com\/de\/\"},{\"@type\":\"ListItem\",\"position\":2,\"name\":\"Projekte\",\"item\":\"https:\/\/rolandbaldi.com\/de\/project\/\"},{\"@type\":\"ListItem\",\"position\":3,\"name\":\"Kulturzentrum Zone Rosenbach\"}]}]}<\/script>\n<!-- \/ Yoast SEO plugin. -->","yoast_head_json":{"title":"Kulturzentrum Zone Rosenbach | Roland Baldi","robots":{"index":"index","follow":"follow","max-snippet":"max-snippet:-1","max-image-preview":"max-image-preview:large","max-video-preview":"max-video-preview:-1"},"canonical":"https:\/\/rolandbaldi.com\/de\/project\/kulturzentrum-zone-rosenbach\/","og_locale":"de_DE","og_type":"article","og_title":"Kulturzentrum Zone Rosenbach | Roland Baldi","og_description":"Kulturzentrum Zone Rosenbach BozenOrt BozenBauherr Autonome Provinz BozenPlanung Roland Baldi ArchitectsTeam Roland BaldiThorsten G\u00f6tz,Thomas KienzlYvonne LindnerHarald KoflerRinaldo ZanovelloKarin KretschmerFertigstellung 2011Foto Oskar Da RizDas vom Platz aus erschlossene Kulturzentrum im Bozner Rosenbach-Viertel besteht aus einem kubischen, gl\u00e4sernen Volumen mit Bibliothek und B\u00fcrgerzentrum, das von dem in Form und Material v\u00f6llig kontr\u00e4ren K\u00f6rper des Multifunktionssaales durchdrungen wird. [&hellip;]","og_url":"https:\/\/rolandbaldi.com\/de\/project\/kulturzentrum-zone-rosenbach\/","og_site_name":"Roland Baldi","article_publisher":"https:\/\/www.facebook.com\/roland.baldi.architects","article_modified_time":"2023-05-31T16:04:51+00:00","og_image":[{"width":1200,"height":1601,"url":"https:\/\/rolandbaldi.com\/wp-content\/uploads\/2019\/11\/01-2.jpg","type":"image\/jpeg"}],"twitter_card":"summary_large_image","twitter_misc":{"Gesch\u00e4tzte Lesezeit":"9\u00a0Minuten"},"schema":{"@context":"https:\/\/schema.org","@graph":[{"@type":"Organization","@id":"https:\/\/rolandbaldi.com\/de\/#organization","name":"Roland Baldi Architect","url":"https:\/\/rolandbaldi.com\/de\/","sameAs":["https:\/\/www.instagram.com\/rolandbaldi\/","https:\/\/www.linkedin.com\/in\/roland-baldi-b3181565\/","https:\/\/www.facebook.com\/roland.baldi.architects"],"logo":{"@type":"ImageObject","inLanguage":"de","@id":"https:\/\/rolandbaldi.com\/de\/#\/schema\/logo\/image\/","url":"https:\/\/rolandbaldi.com\/wp-content\/uploads\/2019\/07\/logo-nero.svg","contentUrl":"https:\/\/rolandbaldi.com\/wp-content\/uploads\/2019\/07\/logo-nero.svg","caption":"Roland Baldi Architect"},"image":{"@id":"https:\/\/rolandbaldi.com\/de\/#\/schema\/logo\/image\/"}},{"@type":"WebSite","@id":"https:\/\/rolandbaldi.com\/de\/#website","url":"https:\/\/rolandbaldi.com\/de\/","name":"Roland Baldi","description":"Roland Baldi architects - Bolzano\/Bozen","publisher":{"@id":"https:\/\/rolandbaldi.com\/de\/#organization"},"potentialAction":[{"@type":"SearchAction","target":{"@type":"EntryPoint","urlTemplate":"https:\/\/rolandbaldi.com\/de\/?s={search_term_string}"},"query-input":"required name=search_term_string"}],"inLanguage":"de"},{"@type":"ImageObject","inLanguage":"de","@id":"https:\/\/rolandbaldi.com\/de\/project\/kulturzentrum-zone-rosenbach\/#primaryimage","url":"https:\/\/rolandbaldi.com\/wp-content\/uploads\/2019\/11\/01-2.jpg","contentUrl":"https:\/\/rolandbaldi.com\/wp-content\/uploads\/2019\/11\/01-2.jpg","width":1200,"height":1601},{"@type":"WebPage","@id":"https:\/\/rolandbaldi.com\/de\/project\/kulturzentrum-zone-rosenbach\/","url":"https:\/\/rolandbaldi.com\/de\/project\/kulturzentrum-zone-rosenbach\/","name":"Kulturzentrum Zone Rosenbach | Roland Baldi","isPartOf":{"@id":"https:\/\/rolandbaldi.com\/de\/#website"},"primaryImageOfPage":{"@id":"https:\/\/rolandbaldi.com\/de\/project\/kulturzentrum-zone-rosenbach\/#primaryimage"},"datePublished":"2019-11-25T10:17:45+00:00","dateModified":"2023-05-31T16:04:51+00:00","breadcrumb":{"@id":"https:\/\/rolandbaldi.com\/de\/project\/kulturzentrum-zone-rosenbach\/#breadcrumb"},"inLanguage":"de","potentialAction":[{"@type":"ReadAction","target":["https:\/\/rolandbaldi.com\/de\/project\/kulturzentrum-zone-rosenbach\/"]}]},{"@type":"BreadcrumbList","@id":"https:\/\/rolandbaldi.com\/de\/project\/kulturzentrum-zone-rosenbach\/#breadcrumb","itemListElement":[{"@type":"ListItem","position":1,"name":"Home","item":"https:\/\/rolandbaldi.com\/de\/"},{"@type":"ListItem","position":2,"name":"Projekte","item":"https:\/\/rolandbaldi.com\/de\/project\/"},{"@type":"ListItem","position":3,"name":"Kulturzentrum Zone Rosenbach"}]}]}},"_links":{"self":[{"href":"https:\/\/rolandbaldi.com\/de\/wp-json\/wp\/v2\/project\/1906"}],"collection":[{"href":"https:\/\/rolandbaldi.com\/de\/wp-json\/wp\/v2\/project"}],"about":[{"href":"https:\/\/rolandbaldi.com\/de\/wp-json\/wp\/v2\/types\/project"}],"author":[{"embeddable":true,"href":"https:\/\/rolandbaldi.com\/de\/wp-json\/wp\/v2\/users\/2"}],"replies":[{"embeddable":true,"href":"https:\/\/rolandbaldi.com\/de\/wp-json\/wp\/v2\/comments?post=1906"}],"version-history":[{"count":13,"href":"https:\/\/rolandbaldi.com\/de\/wp-json\/wp\/v2\/project\/1906\/revisions"}],"predecessor-version":[{"id":5699,"href":"https:\/\/rolandbaldi.com\/de\/wp-json\/wp\/v2\/project\/1906\/revisions\/5699"}],"wp:featuredmedia":[{"embeddable":true,"href":"https:\/\/rolandbaldi.com\/de\/wp-json\/wp\/v2\/media\/1498"}],"wp:attachment":[{"href":"https:\/\/rolandbaldi.com\/de\/wp-json\/wp\/v2\/media?parent=1906"}],"wp:term":[{"taxonomy":"project_category","embeddable":true,"href":"https:\/\/rolandbaldi.com\/de\/wp-json\/wp\/v2\/project_category?post=1906"},{"taxonomy":"project_tag","embeddable":true,"href":"https:\/\/rolandbaldi.com\/de\/wp-json\/wp\/v2\/project_tag?post=1906"}],"curies":[{"name":"wp","href":"https:\/\/api.w.org\/{rel}","templated":true}]}}