{"id":1981,"date":"2019-11-25T13:16:05","date_gmt":"2019-11-25T13:16:05","guid":{"rendered":"https:\/\/rolandbaldi.com\/project\/feuerwehrhalle-pflersch\/"},"modified":"2023-05-31T16:16:57","modified_gmt":"2023-05-31T16:16:57","slug":"feuerwehrhalle-pflersch","status":"publish","type":"project","link":"https:\/\/rolandbaldi.com\/de\/project\/feuerwehrhalle-pflersch\/","title":{"rendered":"Feuerwehrhalle Pflersch"},"content":{"rendered":"<p>[et_pb_section fb_built=&#8220;1&#8243; _builder_version=&#8220;4.16&#8243; custom_padding=&#8220;1px||0px|||&#8220; global_colors_info=&#8220;{}&#8220;][et_pb_row admin_label=&#8220;Foto header&#8220; _builder_version=&#8220;4.16&#8243; background_image=&#8220;https:\/\/rolandbaldi.com\/wp-content\/uploads\/2019\/11\/08.jpg&#8220; background_position=&#8220;bottom_center&#8220; width=&#8220;100%&#8220; max_width=&#8220;2560px&#8220; height=&#8220;664px&#8220; custom_margin=&#8220;-4px|auto|0px|0px||&#8220; custom_padding=&#8220;25.4%||15.2%|||&#8220; global_colors_info=&#8220;{}&#8220;][et_pb_column type=&#8220;4_4&#8243; _builder_version=&#8220;4.16&#8243; custom_padding=&#8220;|||&#8220; global_colors_info=&#8220;{}&#8220; custom_padding__hover=&#8220;|||&#8220;][\/et_pb_column][\/et_pb_row][\/et_pb_section][et_pb_section fb_built=&#8220;1&#8243; use_custom_gutter=&#8220;on&#8220; gutter_width=&#8220;1&#8243; specialty=&#8220;on&#8220; custom_css_main_1=&#8220;z-index: 999;&#8220; custom_css_main_2=&#8220;z-index: 9;&#8220; _builder_version=&#8220;4.16&#8243; width=&#8220;100%&#8220; width_tablet=&#8220;100%&#8220; width_phone=&#8220;&#8220; width_last_edited=&#8220;on|tablet&#8220; max_width=&#8220;3000px&#8220; custom_padding=&#8220;0px||0px|0px||&#8220; global_colors_info=&#8220;{}&#8220;][et_pb_column type=&#8220;1_4&#8243; _builder_version=&#8220;4.16&#8243; custom_padding=&#8220;|||&#8220; global_colors_info=&#8220;{}&#8220; custom_padding__hover=&#8220;|||&#8220;][et_pb_image src=&#8220;https:\/\/rolandbaldi.com\/wp-content\/uploads\/2019\/11\/06-2.jpg&#8220; align_tablet=&#8220;center&#8220; align_phone=&#8220;&#8220; align_last_edited=&#8220;on|desktop&#8220; _builder_version=&#8220;4.16&#8243; width_tablet=&#8220;&#8220; width_phone=&#8220;100%&#8220; width_last_edited=&#8220;on|tablet&#8220; custom_margin=&#8220;92px|-99%||-35%||&#8220; custom_margin_tablet=&#8220;|-101%||0%&#8220; custom_margin_phone=&#8220;57px||&#8220; custom_margin_last_edited=&#8220;on|phone&#8220; custom_padding=&#8220;0px|0px|0px|0px&#8220; custom_padding_tablet=&#8220;0px|0px|0px|0%||&#8220; custom_padding_phone=&#8220;&#8220; custom_padding_last_edited=&#8220;on|tablet&#8220; box_shadow_style=&#8220;preset4&#8243; box_shadow_horizontal=&#8220;-180px&#8220; box_shadow_vertical=&#8220;-140px&#8220; box_shadow_spread=&#8220;80px&#8220; box_shadow_color=&#8220;#161923&#8243; global_colors_info=&#8220;{}&#8220;][\/et_pb_image][\/et_pb_column][et_pb_column type=&#8220;1_4&#8243; _builder_version=&#8220;4.16&#8243; custom_padding=&#8220;|||&#8220; global_colors_info=&#8220;{}&#8220; custom_padding__hover=&#8220;|||&#8220;][\/et_pb_column][et_pb_column type=&#8220;1_2&#8243; specialty_columns=&#8220;2&#8243; _builder_version=&#8220;4.16&#8243; custom_padding=&#8220;|||&#8220; global_colors_info=&#8220;{}&#8220; custom_padding__hover=&#8220;|||&#8220;][et_pb_row_inner _builder_version=&#8220;4.16&#8243; custom_margin=&#8220;16%|||17%&#8220; custom_margin_tablet=&#8220;|||0%&#8220; custom_margin_phone=&#8220;&#8220; custom_margin_last_edited=&#8220;on|desktop&#8220; custom_padding=&#8220;|||2%|false|false&#8220; global_colors_info=&#8220;{}&#8220;][et_pb_column_inner saved_specialty_column_type=&#8220;1_2&#8243; _builder_version=&#8220;4.16&#8243; custom_padding=&#8220;|||&#8220; global_colors_info=&#8220;{}&#8220; custom_padding__hover=&#8220;|||&#8220;][et_pb_text admin_label=&#8220;Titolo progetto&#8220; _builder_version=&#8220;4.16&#8243; header_font=&#8220;helvetica-light|100|||||||&#8220; header_font_size=&#8220;42px&#8220; global_colors_info=&#8220;{}&#8220;]<\/p>\n<h1>Feuerwehrhalle Pflersch<\/h1>\n<p>[\/et_pb_text][et_pb_divider admin_label=&#8220;Filetto divisore&#8220; _builder_version=&#8220;4.16&#8243; custom_margin=&#8220;28px||0px&#8220; global_colors_info=&#8220;{}&#8220;][\/et_pb_divider][\/et_pb_column_inner][\/et_pb_row_inner][et_pb_row_inner column_structure=&#8220;1_3,1_3,1_3&#8243; use_custom_gutter=&#8220;on&#8220; _builder_version=&#8220;4.16&#8243; custom_margin=&#8220;|||17%&#8220; custom_margin_tablet=&#8220;|||0%&#8220; custom_margin_phone=&#8220;||0px||false|false&#8220; custom_margin_last_edited=&#8220;on|phone&#8220; custom_padding=&#8220;0%||0px|2%|false|false&#8220; global_colors_info=&#8220;{}&#8220;][et_pb_column_inner type=&#8220;1_3&#8243; saved_specialty_column_type=&#8220;1_2&#8243; _builder_version=&#8220;4.16&#8243; custom_padding=&#8220;|||&#8220; global_colors_info=&#8220;{}&#8220; custom_padding__hover=&#8220;|||&#8220;][et_pb_text admin_label=&#8220;luogo&#8220; _builder_version=&#8220;4.16&#8243; text_font=&#8220;helvetica-light|300|||||||&#8220; header_font=&#8220;helvetica-light|100|||||||&#8220; header_font_size=&#8220;36px&#8220; header_6_font=&#8220;helvetica-light|700|||||||&#8220; header_6_line_height=&#8220;1.2em&#8220; global_colors_info=&#8220;{}&#8220;]<\/p>\n<p class=\"p1\">Ort<\/p>\n<h6 class=\"p1\">Pflersch<\/h6>\n<p>[\/et_pb_text][\/et_pb_column_inner][et_pb_column_inner type=&#8220;1_3&#8243; saved_specialty_column_type=&#8220;1_2&#8243; _builder_version=&#8220;4.16&#8243; custom_padding=&#8220;|||&#8220; global_colors_info=&#8220;{}&#8220; custom_padding__hover=&#8220;|||&#8220;][et_pb_text admin_label=&#8220;committente&#8220; _builder_version=&#8220;4.16&#8243; text_font=&#8220;helvetica-light|300|||||||&#8220; header_font=&#8220;helvetica-light|100|||||||&#8220; header_font_size=&#8220;36px&#8220; header_6_font=&#8220;helvetica-light|700|||||||&#8220; header_6_line_height=&#8220;1.2em&#8220; global_colors_info=&#8220;{}&#8220;]<\/p>\n<p class=\"p1\">Bauherr<\/p>\n<h6 class=\"p1\">Marktgemeinde Brenner<\/h6>\n<p>[\/et_pb_text][\/et_pb_column_inner][et_pb_column_inner type=&#8220;1_3&#8243; saved_specialty_column_type=&#8220;1_2&#8243; _builder_version=&#8220;4.16&#8243; custom_padding=&#8220;|||&#8220; global_colors_info=&#8220;{}&#8220; custom_padding__hover=&#8220;|||&#8220;][et_pb_text admin_label=&#8220;progettazione&#8220; _builder_version=&#8220;4.16&#8243; text_font=&#8220;helvetica-light|300|||||||&#8220; header_font=&#8220;Roboto|100|||||||&#8220; header_font_size=&#8220;36px&#8220; header_6_font=&#8220;helvetica-light|700|||||||&#8220; header_6_line_height=&#8220;1.2em&#8220; global_colors_info=&#8220;{}&#8220;]<\/p>\n<p class=\"p1\">Planung<\/p>\n<h6 class=\"p1\">Roland Baldi Architects<\/h6>\n<p>[\/et_pb_text][\/et_pb_column_inner][\/et_pb_row_inner][et_pb_row_inner column_structure=&#8220;1_3,1_3,1_3&#8243; use_custom_gutter=&#8220;on&#8220; _builder_version=&#8220;4.16&#8243; custom_margin=&#8220;|||17%&#8220; custom_margin_tablet=&#8220;|||0%&#8220; custom_margin_phone=&#8220;||0px||false|false&#8220; custom_margin_last_edited=&#8220;on|phone&#8220; custom_padding=&#8220;0%||0px|2%|false|false&#8220; global_colors_info=&#8220;{}&#8220;][et_pb_column_inner type=&#8220;1_3&#8243; saved_specialty_column_type=&#8220;1_2&#8243; _builder_version=&#8220;4.16&#8243; custom_padding=&#8220;|||&#8220; global_colors_info=&#8220;{}&#8220; custom_padding__hover=&#8220;|||&#8220;][et_pb_text admin_label=&#8220;collaboratori&#8220; _builder_version=&#8220;4.17.6&#8243; text_font=&#8220;helvetica-light|300|||||||&#8220; header_font=&#8220;Roboto|100|||||||&#8220; header_font_size=&#8220;36px&#8220; header_6_font=&#8220;helvetica-light|700|||||||&#8220; header_6_line_height=&#8220;1.2em&#8220; hover_enabled=&#8220;0&#8243; global_colors_info=&#8220;{}&#8220; sticky_enabled=&#8220;0&#8243;]<\/p>\n<p class=\"p1\">Team<\/p>\n<h6 class=\"p1\">Roland Baldi<br \/>Karin Kretschmer<br \/>Harald Kofler<\/h6>\n<p>[\/et_pb_text][\/et_pb_column_inner][et_pb_column_inner type=&#8220;1_3&#8243; saved_specialty_column_type=&#8220;1_2&#8243; _builder_version=&#8220;4.16&#8243; custom_padding=&#8220;|||&#8220; global_colors_info=&#8220;{}&#8220; custom_padding__hover=&#8220;|||&#8220;][et_pb_text admin_label=&#8220;ultimazione&#8220; _builder_version=&#8220;4.16&#8243; text_font=&#8220;helvetica-light|300|||||||&#8220; header_font=&#8220;Roboto|100|||||||&#8220; header_font_size=&#8220;36px&#8220; header_6_font=&#8220;helvetica-light|700|||||||&#8220; header_6_line_height=&#8220;1.2em&#8220; global_colors_info=&#8220;{}&#8220;]<\/p>\n<p class=\"p1\">Wettbewerb<\/p>\n<h6 class=\"p1\">2012<\/h6>\n<p>[\/et_pb_text][\/et_pb_column_inner][et_pb_column_inner type=&#8220;1_3&#8243; saved_specialty_column_type=&#8220;1_2&#8243; _builder_version=&#8220;4.16&#8243; custom_padding=&#8220;|||&#8220; global_colors_info=&#8220;{}&#8220; custom_padding__hover=&#8220;|||&#8220;][et_pb_text admin_label=&#8220;ultimazione&#8220; _builder_version=&#8220;4.16&#8243; text_font=&#8220;helvetica-light|300|||||||&#8220; header_font=&#8220;Roboto|100|||||||&#8220; header_font_size=&#8220;36px&#8220; header_6_font=&#8220;helvetica-light|700|||||||&#8220; header_6_line_height=&#8220;1.2em&#8220; global_colors_info=&#8220;{}&#8220;]<\/p>\n<p class=\"p1\"> Fertigstellung<\/p>\n<h6 class=\"p1\">2015<\/h6>\n<p>[\/et_pb_text][et_pb_text disabled_on=&#8220;on|off|off&#8220; admin_label=&#8220;concorso&#8220; _builder_version=&#8220;4.16&#8243; text_font=&#8220;helvetica-light|300|||||||&#8220; header_font=&#8220;Roboto|100|||||||&#8220; header_font_size=&#8220;36px&#8220; header_6_font=&#8220;helvetica-light|700|||||||&#8220; header_6_line_height=&#8220;1.2em&#8220; global_colors_info=&#8220;{}&#8220;][\/et_pb_text][\/et_pb_column_inner][\/et_pb_row_inner][et_pb_row_inner column_structure=&#8220;1_2,1_2&#8243; use_custom_gutter=&#8220;on&#8220; _builder_version=&#8220;4.16&#8243; custom_margin=&#8220;|||17%&#8220; custom_margin_tablet=&#8220;|||0%&#8220; custom_margin_phone=&#8220;&#8220; custom_margin_last_edited=&#8220;on|tablet&#8220; custom_padding=&#8220;0%|||2%|false|false&#8220; global_colors_info=&#8220;{}&#8220;][et_pb_column_inner type=&#8220;1_2&#8243; saved_specialty_column_type=&#8220;1_2&#8243; _builder_version=&#8220;4.16&#8243; custom_padding=&#8220;|||&#8220; global_colors_info=&#8220;{}&#8220; custom_padding__hover=&#8220;|||&#8220;][et_pb_blurb admin_label=&#8220;Premi&#8220; _builder_version=&#8220;4.16&#8243; header_level=&#8220;h6&#8243; header_font=&#8220;helvetica-light|700|||||||&#8220; header_line_height=&#8220;1.2em&#8220; body_font=&#8220;helvetica-light|300|||||||&#8220; custom_padding=&#8220;||0px|||&#8220; custom_css_blurb_image=&#8220;float: left;||padding-right: 400px;||&#8220; inline_fonts=&#8220;helvetica-light&#8220; global_colors_info=&#8220;{}&#8220;]<\/p>\n<p class=\"p1\">Foto<\/p>\n<h6 class=\"p1\"><strong>Oskar Da Riz<\/strong><\/h6>\n<p>[\/et_pb_blurb][et_pb_icon font_icon=&#8220;&#xe033;||divi||400&#8243; align=&#8220;left&#8220; _builder_version=&#8220;4.17.6&#8243; _module_preset=&#8220;default&#8220; global_colors_info=&#8220;{}&#8220;][\/et_pb_icon][et_pb_blurb admin_label=&#8220;Premi&#8220; _builder_version=&#8220;4.17.6&#8243; header_level=&#8220;h6&#8243; header_font=&#8220;helvetica-light|700|||||||&#8220; header_line_height=&#8220;1.2em&#8220; body_font=&#8220;helvetica-light|300|||||||&#8220; custom_padding=&#8220;||0px|||&#8220; custom_css_blurb_image=&#8220;float: left;||padding-right: 400px;||&#8220; inline_fonts=&#8220;helvetica-light&#8220; global_colors_info=&#8220;{}&#8220;]<\/p>\n<p class=\"p1\">Prise<\/p>\n<h6 class=\"p1\"><strong>Iconic Award 2016 &#8211; Best of Best<\/strong><\/h6>\n<p>[\/et_pb_blurb][\/et_pb_column_inner][et_pb_column_inner type=&#8220;1_2&#8243; saved_specialty_column_type=&#8220;1_2&#8243; _builder_version=&#8220;4.16&#8243; custom_padding=&#8220;|||&#8220; global_colors_info=&#8220;{}&#8220; custom_padding__hover=&#8220;|||&#8220;][\/et_pb_column_inner][\/et_pb_row_inner][et_pb_row_inner custom_padding_last_edited=&#8220;on|tablet&#8220; _builder_version=&#8220;4.16&#8243; custom_padding=&#8220;||||false|false&#8220; custom_padding_tablet=&#8220;|||2%|false|false&#8220; custom_padding_phone=&#8220;&#8220; global_colors_info=&#8220;{}&#8220;][et_pb_column_inner saved_specialty_column_type=&#8220;1_2&#8243; _builder_version=&#8220;4.16&#8243; custom_padding=&#8220;|||&#8220; global_colors_info=&#8220;{}&#8220; custom_padding__hover=&#8220;|||&#8220;][et_pb_text admin_label=&#8220;testo descrittivo&#8220; _builder_version=&#8220;4.16&#8243; text_font=&#8220;helvetica-light|300|||||||&#8220; text_line_height=&#8220;1.4em&#8220; custom_margin=&#8220;0px|0px||17%||&#8220; custom_margin_tablet=&#8220;|||0%&#8220; custom_margin_phone=&#8220;&#8220; custom_margin_last_edited=&#8220;on|desktop&#8220; global_colors_info=&#8220;{}&#8220;]<\/p>\n<p class=\"p1\"><span class=\"s1\">Das wohl charakteristischste Element des Geb\u00e4udes sind seine monolithischen Fassaden, die durch eine klare und moderne Formensprache und die reduzierte Auswahl der Materialien Stein, Glas und Aluminium gekennzeichnet werden. <\/span>Der als Fortsetzung des dahinterliegenden, durch Murg\u00e4nge entstandenen Ger\u00f6llfeldes konzipierte Bauk\u00f6rper wurde in den Schutzwall integriert, dringt jedoch aus demselben wieder hervor und f\u00fchrt die Bewegung der Mor\u00e4ne ins Tal optisch fort. F\u00fcr die Gestaltung der Fassaden wurde direkt aus dem Aushub des Hangschuttes vor Ort gewonnenes Gestein in ma\u00dfgefertigte Gabionen gef\u00fcllt. Die Verwendung einer Gabionenfassade und des ortstypischen Gesteins st\u00e4rkt die Identit\u00e4t zwischen Bauplatz und Geb\u00e4ude und l\u00e4sst die moderne Formsprache des Geb\u00e4udes mit seiner nat\u00fcrlichen Umgebung verschmelzen.<\/p>\n<p>[\/et_pb_text][\/et_pb_column_inner][\/et_pb_row_inner][\/et_pb_column][\/et_pb_section][et_pb_section fb_built=&#8220;1&#8243; custom_padding_last_edited=&#8220;on|phone&#8220; _builder_version=&#8220;4.16&#8243; background_color=&#8220;#ffffff&#8220; custom_margin=&#8220;||-30px|||&#8220; custom_padding=&#8220;||1px|||&#8220; custom_padding_tablet=&#8220;&#8220; custom_padding_phone=&#8220;||0px||false|false&#8220; global_colors_info=&#8220;{}&#8220;][et_pb_row column_structure=&#8220;1_4,1_4,1_4,1_4&#8243; use_custom_gutter=&#8220;on&#8220; gutter_width=&#8220;2&#8243; custom_padding_last_edited=&#8220;on|desktop&#8220; _builder_version=&#8220;4.16&#8243; max_width=&#8220;100%&#8220; custom_padding=&#8220;||80px|||&#8220; custom_padding_tablet=&#8220;||0px|2%|false|false&#8220; custom_padding_phone=&#8220;&#8220; global_colors_info=&#8220;{}&#8220;][et_pb_column type=&#8220;1_4&#8243; _builder_version=&#8220;4.16&#8243; custom_padding=&#8220;|||&#8220; global_colors_info=&#8220;{}&#8220; custom_padding__hover=&#8220;|||&#8220;][et_pb_image src=&#8220;https:\/\/rolandbaldi.com\/wp-content\/uploads\/2019\/12\/Grundriss_ohne-Beschriftung-1.jpg&#8220; align_tablet=&#8220;center&#8220; align_phone=&#8220;&#8220; align_last_edited=&#8220;on|desktop&#8220; admin_label=&#8220;CAD 1&#8243; _builder_version=&#8220;4.16&#8243; custom_padding_tablet=&#8220;|15px||&#8220; custom_padding_phone=&#8220;|0px||&#8220; custom_padding_last_edited=&#8220;on|desktop&#8220; global_colors_info=&#8220;{}&#8220; width__hover=&#8220;100%&#8220;][\/et_pb_image][\/et_pb_column][et_pb_column type=&#8220;1_4&#8243; _builder_version=&#8220;4.16&#8243; custom_padding=&#8220;|||&#8220; global_colors_info=&#8220;{}&#8220; custom_padding__hover=&#8220;|||&#8220;][et_pb_image src=&#8220;https:\/\/rolandbaldi.com\/wp-content\/uploads\/2019\/12\/Lageplan_ohne-Beschriftung-2.jpg&#8220; align_tablet=&#8220;center&#8220; align_phone=&#8220;&#8220; align_last_edited=&#8220;on|desktop&#8220; admin_label=&#8220;CAD 2&#8243; _builder_version=&#8220;4.16&#8243; custom_padding_tablet=&#8220;|||15px&#8220; custom_padding_phone=&#8220;|||0px&#8220; custom_padding_last_edited=&#8220;on|desktop&#8220; global_colors_info=&#8220;{}&#8220;][\/et_pb_image][\/et_pb_column][et_pb_column type=&#8220;1_4&#8243; _builder_version=&#8220;4.16&#8243; custom_padding=&#8220;|||&#8220; global_colors_info=&#8220;{}&#8220; custom_padding__hover=&#8220;|||&#8220;][et_pb_image src=&#8220;https:\/\/rolandbaldi.com\/wp-content\/uploads\/2019\/12\/Schnitt-AA_ohne-Beschriftung.jpg&#8220; align_tablet=&#8220;center&#8220; align_phone=&#8220;&#8220; align_last_edited=&#8220;on|desktop&#8220; admin_label=&#8220;CAD 2&#8243; _builder_version=&#8220;4.16&#8243; custom_padding_tablet=&#8220;|||15px&#8220; custom_padding_phone=&#8220;|||0px&#8220; custom_padding_last_edited=&#8220;on|desktop&#8220; global_colors_info=&#8220;{}&#8220;][\/et_pb_image][\/et_pb_column][et_pb_column type=&#8220;1_4&#8243; _builder_version=&#8220;4.16&#8243; custom_padding=&#8220;|||&#8220; global_colors_info=&#8220;{}&#8220; custom_padding__hover=&#8220;|||&#8220;][et_pb_image src=&#8220;https:\/\/rolandbaldi.com\/wp-content\/uploads\/2019\/12\/skizze_material.jpg&#8220; align_tablet=&#8220;center&#8220; align_phone=&#8220;&#8220; align_last_edited=&#8220;on|desktop&#8220; admin_label=&#8220;CAD 2&#8243; _builder_version=&#8220;4.16&#8243; custom_padding_tablet=&#8220;|||15px&#8220; custom_padding_phone=&#8220;|||0px&#8220; custom_padding_last_edited=&#8220;on|desktop&#8220; global_colors_info=&#8220;{}&#8220;][\/et_pb_image][\/et_pb_column][\/et_pb_row][et_pb_row custom_padding_last_edited=&#8220;on|tablet&#8220; _builder_version=&#8220;4.16&#8243; width=&#8220;100%&#8220; max_width=&#8220;100%&#8220; custom_padding=&#8220;0px|10%||0px|false|false&#8220; custom_padding_tablet=&#8220;&#8220; custom_padding_phone=&#8220;0px|0%||0px|false|false&#8220; global_colors_info=&#8220;{}&#8220;][et_pb_column type=&#8220;4_4&#8243; _builder_version=&#8220;4.16&#8243; global_colors_info=&#8220;{}&#8220;][et_pb_image align_tablet=&#8220;center&#8220; align_phone=&#8220;&#8220; align_last_edited=&#8220;on|desktop&#8220; _builder_version=&#8220;4.16&#8243; background_image=&#8220;https:\/\/rolandbaldi.com\/wp-content\/uploads\/2019\/11\/03-2.jpg&#8220; custom_margin_tablet=&#8220;10px||&#8220; custom_margin_phone=&#8220;&#8220; custom_margin_last_edited=&#8220;on|tablet&#8220; custom_padding=&#8220;50%||10%&#8220; global_colors_info=&#8220;{}&#8220;][\/et_pb_image][\/et_pb_column][\/et_pb_row][et_pb_row column_structure=&#8220;1_2,1_2&#8243; custom_padding_last_edited=&#8220;on|phone&#8220; _builder_version=&#8220;4.16&#8243; width=&#8220;100%&#8220; max_width=&#8220;100%&#8220; custom_padding=&#8220;69px|||10%|false|false&#8220; custom_padding_tablet=&#8220;&#8220; custom_padding_phone=&#8220;0px|||0%|false|false&#8220; global_colors_info=&#8220;{}&#8220;][et_pb_column type=&#8220;1_2&#8243; _builder_version=&#8220;4.16&#8243; global_colors_info=&#8220;{}&#8220;][et_pb_image align_tablet=&#8220;center&#8220; align_phone=&#8220;&#8220; align_last_edited=&#8220;on|desktop&#8220; _builder_version=&#8220;4.16&#8243; background_image=&#8220;https:\/\/rolandbaldi.com\/wp-content\/uploads\/2020\/02\/09_elab_parallax.jpg&#8220; parallax=&#8220;on&#8220; custom_margin_tablet=&#8220;10px||&#8220; custom_margin_phone=&#8220;&#8220; custom_margin_last_edited=&#8220;on|tablet&#8220; custom_padding=&#8220;50%||10%&#8220; global_colors_info=&#8220;{}&#8220;][\/et_pb_image][\/et_pb_column][et_pb_column type=&#8220;1_2&#8243; _builder_version=&#8220;4.16&#8243; global_colors_info=&#8220;{}&#8220;][et_pb_image align_tablet=&#8220;center&#8220; align_phone=&#8220;&#8220; align_last_edited=&#8220;on|desktop&#8220; _builder_version=&#8220;4.16&#8243; background_image=&#8220;https:\/\/rolandbaldi.com\/wp-content\/uploads\/2019\/11\/05.jpg&#8220; custom_margin=&#8220;1px|||||&#8220; custom_margin_tablet=&#8220;10px||&#8220; custom_margin_phone=&#8220;&#8220; custom_margin_last_edited=&#8220;on|tablet&#8220; custom_padding=&#8220;50%||10%|3px|false|false&#8220; global_colors_info=&#8220;{}&#8220;][\/et_pb_image][\/et_pb_column][\/et_pb_row][et_pb_row custom_padding_last_edited=&#8220;on|phone&#8220; admin_label=&#8220;Immagine fullwidth&#8220; _builder_version=&#8220;4.16&#8243; background_image=&#8220;https:\/\/rolandbaldi.com\/wp-content\/uploads\/2019\/11\/04-1.jpg&#8220; width_tablet=&#8220;&#8220; width_phone=&#8220;100%&#8220; width_last_edited=&#8220;on|phone&#8220; max_width=&#8220;2560px&#8220; max_width_tablet=&#8220;&#8220; max_width_phone=&#8220;&#8220; max_width_last_edited=&#8220;on|phone&#8220; module_alignment=&#8220;center&#8220; height_tablet=&#8220;&#8220; height_phone=&#8220;&#8220; height_last_edited=&#8220;on|phone&#8220; custom_margin=&#8220;80px|auto|80px|||&#8220; custom_margin_tablet=&#8220;40px|||10%&#8220; custom_margin_phone=&#8220;0px||0px|0%|true|false&#8220; custom_margin_last_edited=&#8220;on|tablet&#8220; custom_padding=&#8220;30%|0px|15.2%|||&#8220; custom_padding_tablet=&#8220;&#8220; custom_padding_phone=&#8220;30%|0px|20%||false|false&#8220; global_colors_info=&#8220;{}&#8220;][et_pb_column type=&#8220;4_4&#8243; _builder_version=&#8220;4.16&#8243; custom_padding=&#8220;|||&#8220; global_colors_info=&#8220;{}&#8220; custom_padding__hover=&#8220;|||&#8220;][\/et_pb_column][\/et_pb_row][\/et_pb_section]<\/p>\n","protected":false},"excerpt":{"rendered":"<p>Feuerwehrhalle PflerschOrt PflerschBauherr Marktgemeinde BrennerPlanung Roland Baldi ArchitectsTeam Roland BaldiKarin KretschmerHarald KoflerWettbewerb 2012 Fertigstellung 2015Foto Oskar Da RizPrise Iconic Award 2016 &#8211; Best of BestDas wohl charakteristischste Element des Geb\u00e4udes sind seine monolithischen Fassaden, die durch eine klare und moderne Formensprache und die reduzierte Auswahl der Materialien Stein, Glas und Aluminium gekennzeichnet werden. Der als [&hellip;]<\/p>\n","protected":false},"author":2,"featured_media":1664,"comment_status":"open","ping_status":"closed","template":"","meta":{"_et_pb_use_builder":"on","_et_pb_old_content":"","_et_gb_content_width":"","inline_featured_image":false},"project_category":[],"project_tag":[],"yoast_head":"<!-- This site is optimized with the Yoast SEO plugin v19.3 - https:\/\/yoast.com\/wordpress\/plugins\/seo\/ -->\n<title>Feuerwehrhalle Pflersch | Roland Baldi<\/title>\n<meta name=\"robots\" content=\"index, follow, max-snippet:-1, max-image-preview:large, max-video-preview:-1\" \/>\n<link rel=\"canonical\" href=\"https:\/\/rolandbaldi.com\/de\/project\/feuerwehrhalle-pflersch\/\" \/>\n<meta property=\"og:locale\" content=\"de_DE\" \/>\n<meta property=\"og:type\" content=\"article\" \/>\n<meta property=\"og:title\" content=\"Feuerwehrhalle Pflersch | Roland Baldi\" \/>\n<meta property=\"og:description\" content=\"Feuerwehrhalle PflerschOrt PflerschBauherr Marktgemeinde BrennerPlanung Roland Baldi ArchitectsTeam Roland BaldiKarin KretschmerHarald KoflerWettbewerb 2012 Fertigstellung 2015Foto Oskar Da RizPrise Iconic Award 2016 - Best of BestDas wohl charakteristischste Element des Geb\u00e4udes sind seine monolithischen Fassaden, die durch eine klare und moderne Formensprache und die reduzierte Auswahl der Materialien Stein, Glas und Aluminium gekennzeichnet werden. Der als [&hellip;]\" \/>\n<meta property=\"og:url\" content=\"https:\/\/rolandbaldi.com\/de\/project\/feuerwehrhalle-pflersch\/\" \/>\n<meta property=\"og:site_name\" content=\"Roland Baldi\" \/>\n<meta property=\"article:publisher\" content=\"https:\/\/www.facebook.com\/roland.baldi.architects\" \/>\n<meta property=\"article:modified_time\" content=\"2023-05-31T16:16:57+00:00\" \/>\n<meta property=\"og:image\" content=\"https:\/\/rolandbaldi.com\/wp-content\/uploads\/2019\/11\/08.jpg\" \/>\n\t<meta property=\"og:image:width\" content=\"1512\" \/>\n\t<meta property=\"og:image:height\" content=\"1123\" \/>\n\t<meta property=\"og:image:type\" content=\"image\/jpeg\" \/>\n<meta name=\"twitter:card\" content=\"summary_large_image\" \/>\n<meta name=\"twitter:label1\" content=\"Gesch\u00e4tzte Lesezeit\" \/>\n\t<meta name=\"twitter:data1\" content=\"10\u00a0Minuten\" \/>\n<script type=\"application\/ld+json\" class=\"yoast-schema-graph\">{\"@context\":\"https:\/\/schema.org\",\"@graph\":[{\"@type\":\"Organization\",\"@id\":\"https:\/\/rolandbaldi.com\/de\/#organization\",\"name\":\"Roland Baldi Architect\",\"url\":\"https:\/\/rolandbaldi.com\/de\/\",\"sameAs\":[\"https:\/\/www.instagram.com\/rolandbaldi\/\",\"https:\/\/www.linkedin.com\/in\/roland-baldi-b3181565\/\",\"https:\/\/www.facebook.com\/roland.baldi.architects\"],\"logo\":{\"@type\":\"ImageObject\",\"inLanguage\":\"de\",\"@id\":\"https:\/\/rolandbaldi.com\/de\/#\/schema\/logo\/image\/\",\"url\":\"https:\/\/rolandbaldi.com\/wp-content\/uploads\/2019\/07\/logo-nero.svg\",\"contentUrl\":\"https:\/\/rolandbaldi.com\/wp-content\/uploads\/2019\/07\/logo-nero.svg\",\"caption\":\"Roland Baldi Architect\"},\"image\":{\"@id\":\"https:\/\/rolandbaldi.com\/de\/#\/schema\/logo\/image\/\"}},{\"@type\":\"WebSite\",\"@id\":\"https:\/\/rolandbaldi.com\/de\/#website\",\"url\":\"https:\/\/rolandbaldi.com\/de\/\",\"name\":\"Roland Baldi\",\"description\":\"Roland Baldi architects - Bolzano\/Bozen\",\"publisher\":{\"@id\":\"https:\/\/rolandbaldi.com\/de\/#organization\"},\"potentialAction\":[{\"@type\":\"SearchAction\",\"target\":{\"@type\":\"EntryPoint\",\"urlTemplate\":\"https:\/\/rolandbaldi.com\/de\/?s={search_term_string}\"},\"query-input\":\"required name=search_term_string\"}],\"inLanguage\":\"de\"},{\"@type\":\"ImageObject\",\"inLanguage\":\"de\",\"@id\":\"https:\/\/rolandbaldi.com\/de\/project\/feuerwehrhalle-pflersch\/#primaryimage\",\"url\":\"https:\/\/rolandbaldi.com\/wp-content\/uploads\/2019\/11\/08.jpg\",\"contentUrl\":\"https:\/\/rolandbaldi.com\/wp-content\/uploads\/2019\/11\/08.jpg\",\"width\":1512,\"height\":1123},{\"@type\":\"WebPage\",\"@id\":\"https:\/\/rolandbaldi.com\/de\/project\/feuerwehrhalle-pflersch\/\",\"url\":\"https:\/\/rolandbaldi.com\/de\/project\/feuerwehrhalle-pflersch\/\",\"name\":\"Feuerwehrhalle Pflersch | Roland Baldi\",\"isPartOf\":{\"@id\":\"https:\/\/rolandbaldi.com\/de\/#website\"},\"primaryImageOfPage\":{\"@id\":\"https:\/\/rolandbaldi.com\/de\/project\/feuerwehrhalle-pflersch\/#primaryimage\"},\"datePublished\":\"2019-11-25T13:16:05+00:00\",\"dateModified\":\"2023-05-31T16:16:57+00:00\",\"breadcrumb\":{\"@id\":\"https:\/\/rolandbaldi.com\/de\/project\/feuerwehrhalle-pflersch\/#breadcrumb\"},\"inLanguage\":\"de\",\"potentialAction\":[{\"@type\":\"ReadAction\",\"target\":[\"https:\/\/rolandbaldi.com\/de\/project\/feuerwehrhalle-pflersch\/\"]}]},{\"@type\":\"BreadcrumbList\",\"@id\":\"https:\/\/rolandbaldi.com\/de\/project\/feuerwehrhalle-pflersch\/#breadcrumb\",\"itemListElement\":[{\"@type\":\"ListItem\",\"position\":1,\"name\":\"Home\",\"item\":\"https:\/\/rolandbaldi.com\/de\/\"},{\"@type\":\"ListItem\",\"position\":2,\"name\":\"Projekte\",\"item\":\"https:\/\/rolandbaldi.com\/de\/project\/\"},{\"@type\":\"ListItem\",\"position\":3,\"name\":\"Feuerwehrhalle Pflersch\"}]}]}<\/script>\n<!-- \/ Yoast SEO plugin. -->","yoast_head_json":{"title":"Feuerwehrhalle Pflersch | Roland Baldi","robots":{"index":"index","follow":"follow","max-snippet":"max-snippet:-1","max-image-preview":"max-image-preview:large","max-video-preview":"max-video-preview:-1"},"canonical":"https:\/\/rolandbaldi.com\/de\/project\/feuerwehrhalle-pflersch\/","og_locale":"de_DE","og_type":"article","og_title":"Feuerwehrhalle Pflersch | Roland Baldi","og_description":"Feuerwehrhalle PflerschOrt PflerschBauherr Marktgemeinde BrennerPlanung Roland Baldi ArchitectsTeam Roland BaldiKarin KretschmerHarald KoflerWettbewerb 2012 Fertigstellung 2015Foto Oskar Da RizPrise Iconic Award 2016 - Best of BestDas wohl charakteristischste Element des Geb\u00e4udes sind seine monolithischen Fassaden, die durch eine klare und moderne Formensprache und die reduzierte Auswahl der Materialien Stein, Glas und Aluminium gekennzeichnet werden. Der als [&hellip;]","og_url":"https:\/\/rolandbaldi.com\/de\/project\/feuerwehrhalle-pflersch\/","og_site_name":"Roland Baldi","article_publisher":"https:\/\/www.facebook.com\/roland.baldi.architects","article_modified_time":"2023-05-31T16:16:57+00:00","og_image":[{"width":1512,"height":1123,"url":"https:\/\/rolandbaldi.com\/wp-content\/uploads\/2019\/11\/08.jpg","type":"image\/jpeg"}],"twitter_card":"summary_large_image","twitter_misc":{"Gesch\u00e4tzte Lesezeit":"10\u00a0Minuten"},"schema":{"@context":"https:\/\/schema.org","@graph":[{"@type":"Organization","@id":"https:\/\/rolandbaldi.com\/de\/#organization","name":"Roland Baldi Architect","url":"https:\/\/rolandbaldi.com\/de\/","sameAs":["https:\/\/www.instagram.com\/rolandbaldi\/","https:\/\/www.linkedin.com\/in\/roland-baldi-b3181565\/","https:\/\/www.facebook.com\/roland.baldi.architects"],"logo":{"@type":"ImageObject","inLanguage":"de","@id":"https:\/\/rolandbaldi.com\/de\/#\/schema\/logo\/image\/","url":"https:\/\/rolandbaldi.com\/wp-content\/uploads\/2019\/07\/logo-nero.svg","contentUrl":"https:\/\/rolandbaldi.com\/wp-content\/uploads\/2019\/07\/logo-nero.svg","caption":"Roland Baldi Architect"},"image":{"@id":"https:\/\/rolandbaldi.com\/de\/#\/schema\/logo\/image\/"}},{"@type":"WebSite","@id":"https:\/\/rolandbaldi.com\/de\/#website","url":"https:\/\/rolandbaldi.com\/de\/","name":"Roland Baldi","description":"Roland Baldi architects - Bolzano\/Bozen","publisher":{"@id":"https:\/\/rolandbaldi.com\/de\/#organization"},"potentialAction":[{"@type":"SearchAction","target":{"@type":"EntryPoint","urlTemplate":"https:\/\/rolandbaldi.com\/de\/?s={search_term_string}"},"query-input":"required name=search_term_string"}],"inLanguage":"de"},{"@type":"ImageObject","inLanguage":"de","@id":"https:\/\/rolandbaldi.com\/de\/project\/feuerwehrhalle-pflersch\/#primaryimage","url":"https:\/\/rolandbaldi.com\/wp-content\/uploads\/2019\/11\/08.jpg","contentUrl":"https:\/\/rolandbaldi.com\/wp-content\/uploads\/2019\/11\/08.jpg","width":1512,"height":1123},{"@type":"WebPage","@id":"https:\/\/rolandbaldi.com\/de\/project\/feuerwehrhalle-pflersch\/","url":"https:\/\/rolandbaldi.com\/de\/project\/feuerwehrhalle-pflersch\/","name":"Feuerwehrhalle Pflersch | Roland Baldi","isPartOf":{"@id":"https:\/\/rolandbaldi.com\/de\/#website"},"primaryImageOfPage":{"@id":"https:\/\/rolandbaldi.com\/de\/project\/feuerwehrhalle-pflersch\/#primaryimage"},"datePublished":"2019-11-25T13:16:05+00:00","dateModified":"2023-05-31T16:16:57+00:00","breadcrumb":{"@id":"https:\/\/rolandbaldi.com\/de\/project\/feuerwehrhalle-pflersch\/#breadcrumb"},"inLanguage":"de","potentialAction":[{"@type":"ReadAction","target":["https:\/\/rolandbaldi.com\/de\/project\/feuerwehrhalle-pflersch\/"]}]},{"@type":"BreadcrumbList","@id":"https:\/\/rolandbaldi.com\/de\/project\/feuerwehrhalle-pflersch\/#breadcrumb","itemListElement":[{"@type":"ListItem","position":1,"name":"Home","item":"https:\/\/rolandbaldi.com\/de\/"},{"@type":"ListItem","position":2,"name":"Projekte","item":"https:\/\/rolandbaldi.com\/de\/project\/"},{"@type":"ListItem","position":3,"name":"Feuerwehrhalle Pflersch"}]}]}},"_links":{"self":[{"href":"https:\/\/rolandbaldi.com\/de\/wp-json\/wp\/v2\/project\/1981"}],"collection":[{"href":"https:\/\/rolandbaldi.com\/de\/wp-json\/wp\/v2\/project"}],"about":[{"href":"https:\/\/rolandbaldi.com\/de\/wp-json\/wp\/v2\/types\/project"}],"author":[{"embeddable":true,"href":"https:\/\/rolandbaldi.com\/de\/wp-json\/wp\/v2\/users\/2"}],"replies":[{"embeddable":true,"href":"https:\/\/rolandbaldi.com\/de\/wp-json\/wp\/v2\/comments?post=1981"}],"version-history":[{"count":20,"href":"https:\/\/rolandbaldi.com\/de\/wp-json\/wp\/v2\/project\/1981\/revisions"}],"predecessor-version":[{"id":5706,"href":"https:\/\/rolandbaldi.com\/de\/wp-json\/wp\/v2\/project\/1981\/revisions\/5706"}],"wp:featuredmedia":[{"embeddable":true,"href":"https:\/\/rolandbaldi.com\/de\/wp-json\/wp\/v2\/media\/1664"}],"wp:attachment":[{"href":"https:\/\/rolandbaldi.com\/de\/wp-json\/wp\/v2\/media?parent=1981"}],"wp:term":[{"taxonomy":"project_category","embeddable":true,"href":"https:\/\/rolandbaldi.com\/de\/wp-json\/wp\/v2\/project_category?post=1981"},{"taxonomy":"project_tag","embeddable":true,"href":"https:\/\/rolandbaldi.com\/de\/wp-json\/wp\/v2\/project_tag?post=1981"}],"curies":[{"name":"wp","href":"https:\/\/api.w.org\/{rel}","templated":true}]}}