{"id":2050,"date":"2019-11-27T09:15:16","date_gmt":"2019-11-27T09:15:16","guid":{"rendered":"https:\/\/rolandbaldi.com\/project\/speisesaal-eurac\/"},"modified":"2023-05-31T14:54:20","modified_gmt":"2023-05-31T14:54:20","slug":"speisesaal-eurac","status":"publish","type":"project","link":"https:\/\/rolandbaldi.com\/de\/project\/speisesaal-eurac\/","title":{"rendered":"Speisesaal EURAC"},"content":{"rendered":"<p>[et_pb_section fb_built=&#8220;1&#8243; _builder_version=&#8220;4.16&#8243; custom_padding=&#8220;1px||0px|||&#8220; global_colors_info=&#8220;{}&#8220;][et_pb_row admin_label=&#8220;Foto header&#8220; _builder_version=&#8220;4.16&#8243; background_image=&#8220;https:\/\/rolandbaldi.com\/wp-content\/uploads\/2019\/11\/02-3.jpg&#8220; background_position=&#8220;bottom_center&#8220; width=&#8220;100%&#8220; max_width=&#8220;2560px&#8220; height=&#8220;664px&#8220; custom_margin=&#8220;-4px|auto|0px|0px||&#8220; custom_padding=&#8220;25.4%||15.2%|||&#8220; global_colors_info=&#8220;{}&#8220;][et_pb_column type=&#8220;4_4&#8243; _builder_version=&#8220;4.16&#8243; custom_padding=&#8220;|||&#8220; global_colors_info=&#8220;{}&#8220; custom_padding__hover=&#8220;|||&#8220;][\/et_pb_column][\/et_pb_row][\/et_pb_section][et_pb_section fb_built=&#8220;1&#8243; use_custom_gutter=&#8220;on&#8220; gutter_width=&#8220;1&#8243; specialty=&#8220;on&#8220; custom_css_main_1=&#8220;z-index: 999;&#8220; custom_css_main_2=&#8220;z-index: 9;&#8220; _builder_version=&#8220;4.16&#8243; width=&#8220;100%&#8220; width_tablet=&#8220;100%&#8220; width_phone=&#8220;&#8220; width_last_edited=&#8220;on|tablet&#8220; max_width=&#8220;3000px&#8220; custom_padding=&#8220;0px||0px|0px||&#8220; global_colors_info=&#8220;{}&#8220;][et_pb_column type=&#8220;1_4&#8243; _builder_version=&#8220;4.16&#8243; custom_padding=&#8220;|||&#8220; global_colors_info=&#8220;{}&#8220; custom_padding__hover=&#8220;|||&#8220;][et_pb_image src=&#8220;https:\/\/rolandbaldi.com\/wp-content\/uploads\/2019\/11\/01-6.jpg&#8220; align_tablet=&#8220;center&#8220; align_phone=&#8220;&#8220; align_last_edited=&#8220;on|desktop&#8220; _builder_version=&#8220;4.16&#8243; width_tablet=&#8220;&#8220; width_phone=&#8220;100%&#8220; width_last_edited=&#8220;on|tablet&#8220; custom_margin=&#8220;92px|-99%||-35%||&#8220; custom_margin_tablet=&#8220;|-101%||0%&#8220; custom_margin_phone=&#8220;57px||&#8220; custom_margin_last_edited=&#8220;on|phone&#8220; custom_padding=&#8220;0px|0px|0px|0px&#8220; custom_padding_tablet=&#8220;0px|0px|0px|0%||&#8220; custom_padding_phone=&#8220;&#8220; custom_padding_last_edited=&#8220;on|tablet&#8220; box_shadow_style=&#8220;preset4&#8243; box_shadow_horizontal=&#8220;-180px&#8220; box_shadow_vertical=&#8220;-140px&#8220; box_shadow_spread=&#8220;80px&#8220; box_shadow_color=&#8220;#161923&#8243; global_colors_info=&#8220;{}&#8220;][\/et_pb_image][\/et_pb_column][et_pb_column type=&#8220;1_4&#8243; _builder_version=&#8220;4.16&#8243; custom_padding=&#8220;|||&#8220; global_colors_info=&#8220;{}&#8220; custom_padding__hover=&#8220;|||&#8220;][\/et_pb_column][et_pb_column type=&#8220;1_2&#8243; specialty_columns=&#8220;2&#8243; _builder_version=&#8220;4.16&#8243; custom_padding=&#8220;|||&#8220; global_colors_info=&#8220;{}&#8220; custom_padding__hover=&#8220;|||&#8220;][et_pb_row_inner _builder_version=&#8220;4.16&#8243; custom_margin=&#8220;16%|||17%&#8220; custom_margin_tablet=&#8220;|||0%&#8220; custom_margin_phone=&#8220;&#8220; custom_margin_last_edited=&#8220;on|desktop&#8220; global_colors_info=&#8220;{}&#8220;][et_pb_column_inner saved_specialty_column_type=&#8220;1_2&#8243; _builder_version=&#8220;4.16&#8243; custom_padding=&#8220;|||&#8220; global_colors_info=&#8220;{}&#8220; custom_padding__hover=&#8220;|||&#8220;][et_pb_text admin_label=&#8220;Titolo progetto&#8220; _builder_version=&#8220;4.16&#8243; header_font=&#8220;helvetica-light|100|||||||&#8220; header_font_size=&#8220;42px&#8220; global_colors_info=&#8220;{}&#8220;]<\/p>\n<h1>Speisesaal EURAC<\/h1>\n<p>[\/et_pb_text][et_pb_divider admin_label=&#8220;Filetto divisore&#8220; _builder_version=&#8220;4.16&#8243; custom_margin=&#8220;28px||0px&#8220; global_colors_info=&#8220;{}&#8220;][\/et_pb_divider][\/et_pb_column_inner][\/et_pb_row_inner][et_pb_row_inner column_structure=&#8220;1_3,1_3,1_3&#8243; use_custom_gutter=&#8220;on&#8220; _builder_version=&#8220;4.16&#8243; custom_margin=&#8220;|||17%&#8220; custom_margin_tablet=&#8220;|||0%&#8220; custom_margin_phone=&#8220;||0px||false|false&#8220; custom_margin_last_edited=&#8220;on|phone&#8220; custom_padding=&#8220;0%||0px||false|false&#8220; global_colors_info=&#8220;{}&#8220;][et_pb_column_inner type=&#8220;1_3&#8243; saved_specialty_column_type=&#8220;1_2&#8243; _builder_version=&#8220;4.16&#8243; custom_padding=&#8220;|||&#8220; global_colors_info=&#8220;{}&#8220; custom_padding__hover=&#8220;|||&#8220;][et_pb_text admin_label=&#8220;luogo&#8220; _builder_version=&#8220;4.16&#8243; text_font=&#8220;helvetica-light|300|||||||&#8220; header_font=&#8220;helvetica-light|100|||||||&#8220; header_font_size=&#8220;36px&#8220; header_6_font=&#8220;helvetica-light|700|||||||&#8220; header_6_line_height=&#8220;1.2em&#8220; global_colors_info=&#8220;{}&#8220;]<\/p>\n<p class=\"p1\">Ort<\/p>\n<h6 class=\"p1\">Bozen<\/h6>\n<p>[\/et_pb_text][\/et_pb_column_inner][et_pb_column_inner type=&#8220;1_3&#8243; saved_specialty_column_type=&#8220;1_2&#8243; _builder_version=&#8220;4.16&#8243; custom_padding=&#8220;|||&#8220; global_colors_info=&#8220;{}&#8220; custom_padding__hover=&#8220;|||&#8220;][et_pb_text admin_label=&#8220;committente&#8220; _builder_version=&#8220;4.16&#8243; text_font=&#8220;helvetica-light|300|||||||&#8220; header_font=&#8220;helvetica-light|100|||||||&#8220; header_font_size=&#8220;36px&#8220; header_6_font=&#8220;helvetica-light|700|||||||&#8220; header_6_line_height=&#8220;1.2em&#8220; global_colors_info=&#8220;{}&#8220;]<\/p>\n<p class=\"p1\">Bauherr<\/p>\n<h6 class=\"p1\">EURAC Research<\/h6>\n<p>[\/et_pb_text][\/et_pb_column_inner][et_pb_column_inner type=&#8220;1_3&#8243; saved_specialty_column_type=&#8220;1_2&#8243; _builder_version=&#8220;4.16&#8243; custom_padding=&#8220;|||&#8220; global_colors_info=&#8220;{}&#8220; custom_padding__hover=&#8220;|||&#8220;][et_pb_text admin_label=&#8220;progettazione&#8220; _builder_version=&#8220;4.16&#8243; text_font=&#8220;helvetica-light|300|||||||&#8220; header_font=&#8220;Roboto|100|||||||&#8220; header_font_size=&#8220;36px&#8220; header_6_font=&#8220;helvetica-light|700|||||||&#8220; header_6_line_height=&#8220;1.2em&#8220; global_colors_info=&#8220;{}&#8220;]<\/p>\n<p class=\"p1\">Planung<\/p>\n<h6 class=\"p1\">Roland Baldi Architects<br \/>\nElena Casati<\/h6>\n<p>[\/et_pb_text][\/et_pb_column_inner][\/et_pb_row_inner][et_pb_row_inner column_structure=&#8220;1_3,1_3,1_3&#8243; use_custom_gutter=&#8220;on&#8220; custom_padding_last_edited=&#8220;on|phone&#8220; _builder_version=&#8220;4.16&#8243; height_tablet=&#8220;&#8220; height_phone=&#8220;142px&#8220; height_last_edited=&#8220;on|phone&#8220; custom_margin=&#8220;|||17%&#8220; custom_margin_tablet=&#8220;|||0%&#8220; custom_margin_phone=&#8220;||0px||false|false&#8220; custom_margin_last_edited=&#8220;on|desktop&#8220; custom_padding=&#8220;0%|||||&#8220; custom_padding_tablet=&#8220;&#8220; custom_padding_phone=&#8220;0%||0px||false|false&#8220; global_colors_info=&#8220;{}&#8220;][et_pb_column_inner type=&#8220;1_3&#8243; saved_specialty_column_type=&#8220;1_2&#8243; _builder_version=&#8220;4.16&#8243; custom_padding=&#8220;|||&#8220; global_colors_info=&#8220;{}&#8220; custom_padding__hover=&#8220;|||&#8220;][et_pb_text admin_label=&#8220;ultimazione&#8220; _builder_version=&#8220;4.16&#8243; text_font=&#8220;helvetica-light|300|||||||&#8220; header_font=&#8220;Roboto|100|||||||&#8220; header_font_size=&#8220;36px&#8220; header_6_font=&#8220;helvetica-light|700|||||||&#8220; header_6_line_height=&#8220;1.2em&#8220; global_colors_info=&#8220;{}&#8220;]<\/p>\n<p class=\"p1\">Wettbewerb<\/p>\n<h6 class=\"p1\">2014<\/h6>\n<p>[\/et_pb_text][\/et_pb_column_inner][et_pb_column_inner type=&#8220;1_3&#8243; saved_specialty_column_type=&#8220;1_2&#8243; _builder_version=&#8220;4.16&#8243; custom_padding=&#8220;|||&#8220; global_colors_info=&#8220;{}&#8220; custom_padding__hover=&#8220;|||&#8220;][et_pb_text admin_label=&#8220;ultimazione&#8220; _builder_version=&#8220;4.16&#8243; text_font=&#8220;helvetica-light|300|||||||&#8220; header_font=&#8220;Roboto|100|||||||&#8220; header_font_size=&#8220;36px&#8220; header_6_font=&#8220;helvetica-light|700|||||||&#8220; header_6_line_height=&#8220;1.2em&#8220; global_colors_info=&#8220;{}&#8220;]<\/p>\n<p class=\"p1\">Fertigstellung<\/p>\n<h6 class=\"p1\">2017<\/h6>\n<p>[\/et_pb_text][\/et_pb_column_inner][et_pb_column_inner type=&#8220;1_3&#8243; saved_specialty_column_type=&#8220;1_2&#8243; _builder_version=&#8220;4.16&#8243; custom_padding=&#8220;|||&#8220; global_colors_info=&#8220;{}&#8220; custom_padding__hover=&#8220;|||&#8220;][et_pb_text admin_label=&#8220;ultimazione&#8220; _builder_version=&#8220;4.16&#8243; text_font=&#8220;helvetica-light|300|||||||&#8220; header_font=&#8220;Roboto|100|||||||&#8220; header_font_size=&#8220;36px&#8220; header_6_font=&#8220;helvetica-light|700|||||||&#8220; header_6_line_height=&#8220;1.2em&#8220; global_colors_info=&#8220;{}&#8220;]<\/p>\n<p class=\"p1\">Foto<\/p>\n<h6 class=\"p1\">Oskar Da Riz<\/h6>\n<p>[\/et_pb_text][et_pb_text disabled_on=&#8220;on|off|off&#8220; admin_label=&#8220;concorso&#8220; _builder_version=&#8220;4.16&#8243; text_font=&#8220;helvetica-light|300|||||||&#8220; header_font=&#8220;Roboto|100|||||||&#8220; header_font_size=&#8220;36px&#8220; header_6_font=&#8220;helvetica-light|700|||||||&#8220; header_6_line_height=&#8220;1.2em&#8220; global_colors_info=&#8220;{}&#8220;][\/et_pb_text][\/et_pb_column_inner][\/et_pb_row_inner][et_pb_row_inner column_structure=&#8220;1_3,1_3,1_3&#8243; use_custom_gutter=&#8220;on&#8220; disabled_on=&#8220;on|on|off&#8220; _builder_version=&#8220;4.16&#8243; custom_margin=&#8220;|||17%&#8220; custom_margin_tablet=&#8220;|||0%|false|false&#8220; custom_margin_phone=&#8220;&#8220; custom_margin_last_edited=&#8220;on|desktop&#8220; custom_padding=&#8220;0%|||0%|false|false&#8220; global_colors_info=&#8220;{}&#8220;][et_pb_column_inner type=&#8220;1_3&#8243; saved_specialty_column_type=&#8220;1_2&#8243; _builder_version=&#8220;4.16&#8243; custom_padding=&#8220;|||&#8220; global_colors_info=&#8220;{}&#8220; custom_padding__hover=&#8220;|||&#8220;][et_pb_blurb use_icon=&#8220;on&#8220; font_icon=&#8220;&#xe033;||divi||400&#8243; image_icon_width=&#8220;30px&#8220; admin_label=&#8220;Premi&#8220; _builder_version=&#8220;4.17.6&#8243; header_level=&#8220;h6&#8243; header_font=&#8220;helvetica-light|700|||||||&#8220; header_line_height=&#8220;1.2em&#8220; body_font=&#8220;helvetica-light|300|||||||&#8220; custom_margin=&#8220;|-92px||0px|false|false&#8220; custom_margin_tablet=&#8220;|||0%|false|false&#8220; custom_margin_phone=&#8220;&#8220; custom_margin_last_edited=&#8220;on|tablet&#8220; custom_padding=&#8220;|||0%|false|false&#8220; custom_css_blurb_image=&#8220;float: left;||padding-right: 400px;||||&#8220; inline_fonts=&#8220;helvetica-light&#8220; global_colors_info=&#8220;{}&#8220;]<\/p>\n<p><span style=\"font-family: helvetica-light;\">Preis<\/span><\/p>\n<h6 style=\"line-height: 1.2em;\"><strong><span style=\"font-family: helvetica-light;\"> 2018<br \/>Iconic award selection\u00a0<\/span><\/strong><strong><span style=\"font-family: helvetica-light;\"><br \/>The Plan Award shortlist<\/span><\/strong><br \/><strong><span style=\"font-family: helvetica-light;\"><\/span><\/strong><\/h6>\n<p>[\/et_pb_blurb][\/et_pb_column_inner][et_pb_column_inner type=&#8220;1_3&#8243; saved_specialty_column_type=&#8220;1_2&#8243; _builder_version=&#8220;4.16&#8243; custom_padding=&#8220;|||&#8220; global_colors_info=&#8220;{}&#8220; custom_padding__hover=&#8220;|||&#8220;][\/et_pb_column_inner][et_pb_column_inner type=&#8220;1_3&#8243; saved_specialty_column_type=&#8220;1_2&#8243; _builder_version=&#8220;4.16&#8243; custom_padding=&#8220;|||&#8220; global_colors_info=&#8220;{}&#8220; custom_padding__hover=&#8220;|||&#8220;][et_pb_text admin_label=&#8220;concorso&#8220; _builder_version=&#8220;4.16&#8243; text_font=&#8220;helvetica-light|300|||||||&#8220; header_font=&#8220;Roboto|100|||||||&#8220; header_font_size=&#8220;36px&#8220; header_6_font=&#8220;helvetica-light|700|||||||&#8220; header_6_line_height=&#8220;1.2em&#8220; global_colors_info=&#8220;{}&#8220;][\/et_pb_text][et_pb_text disabled_on=&#8220;on|off|off&#8220; admin_label=&#8220;concorso&#8220; _builder_version=&#8220;4.16&#8243; text_font=&#8220;helvetica-light|300|||||||&#8220; header_font=&#8220;Roboto|100|||||||&#8220; header_font_size=&#8220;36px&#8220; header_6_font=&#8220;helvetica-light|700|||||||&#8220; header_6_line_height=&#8220;1.2em&#8220; custom_margin_tablet=&#8220;|||0px|false|false&#8220; custom_margin_phone=&#8220;&#8220; custom_margin_last_edited=&#8220;on|desktop&#8220; custom_padding=&#8220;||||false|false&#8220; custom_padding_tablet=&#8220;|||0px|false|false&#8220; custom_padding_phone=&#8220;0px|||0px|false|false&#8220; custom_padding_last_edited=&#8220;on|desktop&#8220; global_colors_info=&#8220;{}&#8220;][\/et_pb_text][\/et_pb_column_inner][\/et_pb_row_inner][et_pb_row_inner _builder_version=&#8220;4.16&#8243; global_colors_info=&#8220;{}&#8220;][et_pb_column_inner saved_specialty_column_type=&#8220;1_2&#8243; _builder_version=&#8220;4.16&#8243; custom_padding=&#8220;|||&#8220; global_colors_info=&#8220;{}&#8220; custom_padding__hover=&#8220;|||&#8220;][et_pb_text admin_label=&#8220;testo descrittivo&#8220; _builder_version=&#8220;4.16&#8243; text_font=&#8220;helvetica-light|300|||||||&#8220; text_line_height=&#8220;1.4em&#8220; custom_margin=&#8220;0px|0px||17%||&#8220; custom_margin_tablet=&#8220;|||0%&#8220; custom_margin_phone=&#8220;&#8220; custom_margin_last_edited=&#8220;on|desktop&#8220; global_colors_info=&#8220;{}&#8220;]<\/p>\n<p class=\"p1\"><span class=\"s1\">Das in Pompeji-Rot gehaltene Auditorium, Teil des originalen Geb\u00e4udekomplexes, hat die Form eines ovalen Zylinders und wird im Dachbereich von einer Kuppel abgeschlossen, die auf den S\u00e4ulen der Au\u00dfenwand ruht. Ziel des Projekts war es, einen neuen Raum innerhalb der schlanken S\u00e4ulen zu schaffen, der die bestehende Architektur des Geb\u00e4udes respektieren und erhalten soll. Die Entscheidung fiel auf eine Glasfassade, die parallel zur S\u00e4ulenreihe auf der Rauminnenseite verl\u00e4uft. Der Boden wurde in Estrich mit feinem Schliff ausgef\u00fchrt und die geneigte Decke mit einem Akustikputz in Pompeji-Rot versehen, welches der originalen Farbgebung entspricht.<\/span><\/p>\n<p>[\/et_pb_text][\/et_pb_column_inner][\/et_pb_row_inner][\/et_pb_column][\/et_pb_section][et_pb_section fb_built=&#8220;1&#8243; _builder_version=&#8220;4.16&#8243; background_color=&#8220;#ffffff&#8220; custom_margin=&#8220;||-30px|||&#8220; custom_margin_tablet=&#8220;&#8220; custom_margin_phone=&#8220;&#8220; custom_margin_last_edited=&#8220;on|phone&#8220; custom_padding=&#8220;||0px||false|false&#8220; global_colors_info=&#8220;{}&#8220;][et_pb_row column_structure=&#8220;1_4,1_4,1_4,1_4&#8243; use_custom_gutter=&#8220;on&#8220; gutter_width=&#8220;2&#8243; custom_padding_last_edited=&#8220;on|desktop&#8220; _builder_version=&#8220;4.16&#8243; max_width=&#8220;100%&#8220; custom_padding=&#8220;||80px|||&#8220; custom_padding_tablet=&#8220;||0px&#8220; custom_padding_phone=&#8220;&#8220; global_colors_info=&#8220;{}&#8220;][et_pb_column type=&#8220;1_4&#8243; _builder_version=&#8220;4.16&#8243; custom_padding=&#8220;|||&#8220; global_colors_info=&#8220;{}&#8220; custom_padding__hover=&#8220;|||&#8220;][et_pb_image src=&#8220;https:\/\/rolandbaldi.com\/wp-content\/uploads\/2019\/11\/SEZIONE-AA-no-testi-1.jpg&#8220; align_tablet=&#8220;center&#8220; align_phone=&#8220;&#8220; align_last_edited=&#8220;on|desktop&#8220; admin_label=&#8220;CAD 2&#8243; _builder_version=&#8220;4.16&#8243; custom_padding_tablet=&#8220;|||15px&#8220; custom_padding_phone=&#8220;|||0px&#8220; custom_padding_last_edited=&#8220;on|desktop&#8220; global_colors_info=&#8220;{}&#8220;][\/et_pb_image][\/et_pb_column][et_pb_column type=&#8220;1_4&#8243; _builder_version=&#8220;4.16&#8243; custom_padding=&#8220;|||&#8220; global_colors_info=&#8220;{}&#8220; custom_padding__hover=&#8220;|||&#8220;][et_pb_image src=&#8220;https:\/\/rolandbaldi.com\/wp-content\/uploads\/2019\/11\/PLANIMETRIA_retino.jpg&#8220; align_tablet=&#8220;center&#8220; align_phone=&#8220;&#8220; align_last_edited=&#8220;on|desktop&#8220; admin_label=&#8220;CAD 2&#8243; _builder_version=&#8220;4.16&#8243; custom_padding_tablet=&#8220;|||15px&#8220; custom_padding_phone=&#8220;|||0px&#8220; custom_padding_last_edited=&#8220;on|desktop&#8220; global_colors_info=&#8220;{}&#8220;][\/et_pb_image][\/et_pb_column][et_pb_column type=&#8220;1_4&#8243; _builder_version=&#8220;4.16&#8243; custom_padding=&#8220;|||&#8220; global_colors_info=&#8220;{}&#8220; custom_padding__hover=&#8220;|||&#8220;][et_pb_image src=&#8220;https:\/\/rolandbaldi.com\/wp-content\/uploads\/2019\/11\/PIANTA.jpg&#8220; align_tablet=&#8220;center&#8220; align_phone=&#8220;&#8220; align_last_edited=&#8220;on|desktop&#8220; admin_label=&#8220;CAD 2&#8243; _builder_version=&#8220;4.16&#8243; custom_padding_tablet=&#8220;|||15px&#8220; custom_padding_phone=&#8220;|||0px&#8220; custom_padding_last_edited=&#8220;on|desktop&#8220; global_colors_info=&#8220;{}&#8220;][\/et_pb_image][\/et_pb_column][et_pb_column type=&#8220;1_4&#8243; _builder_version=&#8220;4.16&#8243; custom_padding=&#8220;|||&#8220; global_colors_info=&#8220;{}&#8220; custom_padding__hover=&#8220;|||&#8220;][\/et_pb_column][\/et_pb_row][et_pb_row _builder_version=&#8220;4.16&#8243; width=&#8220;100%&#8220; max_width=&#8220;100%&#8220; custom_margin_tablet=&#8220;&#8220; custom_margin_phone=&#8220;&#8220; custom_margin_last_edited=&#8220;on|phone&#8220; custom_padding=&#8220;0px|0px||0px|false|false&#8220; global_colors_info=&#8220;{}&#8220;][et_pb_column type=&#8220;4_4&#8243; _builder_version=&#8220;4.16&#8243; global_colors_info=&#8220;{}&#8220;][et_pb_image align_tablet=&#8220;center&#8220; align_phone=&#8220;&#8220; align_last_edited=&#8220;on|desktop&#8220; _builder_version=&#8220;4.16&#8243; background_image=&#8220;https:\/\/rolandbaldi.com\/wp-content\/uploads\/2019\/11\/03-3.jpg&#8220; parallax=&#8220;on&#8220; custom_margin_tablet=&#8220;10px||&#8220; custom_margin_phone=&#8220;&#8220; custom_margin_last_edited=&#8220;on|tablet&#8220; custom_padding=&#8220;50%||10%&#8220; global_colors_info=&#8220;{}&#8220;][\/et_pb_image][\/et_pb_column][\/et_pb_row][et_pb_row column_structure=&#8220;1_2,1_2&#8243; custom_padding_last_edited=&#8220;on|tablet&#8220; _builder_version=&#8220;4.16&#8243; width=&#8220;100%&#8220; max_width=&#8220;100%&#8220; custom_padding=&#8220;69px|||10%|false|false&#8220; custom_padding_tablet=&#8220;&#8220; custom_padding_phone=&#8220;0px|||0%|false|false&#8220; global_colors_info=&#8220;{}&#8220;][et_pb_column type=&#8220;1_2&#8243; _builder_version=&#8220;4.16&#8243; global_colors_info=&#8220;{}&#8220;][et_pb_image align_tablet=&#8220;center&#8220; align_phone=&#8220;&#8220; align_last_edited=&#8220;on|desktop&#8220; _builder_version=&#8220;4.16&#8243; background_image=&#8220;https:\/\/rolandbaldi.com\/wp-content\/uploads\/2019\/11\/04-2.jpg&#8220; background_position=&#8220;bottom_center&#8220; custom_margin_tablet=&#8220;10px||&#8220; custom_margin_phone=&#8220;&#8220; custom_margin_last_edited=&#8220;on|tablet&#8220; custom_padding=&#8220;50%||10%&#8220; global_colors_info=&#8220;{}&#8220;][\/et_pb_image][\/et_pb_column][et_pb_column type=&#8220;1_2&#8243; _builder_version=&#8220;4.16&#8243; global_colors_info=&#8220;{}&#8220;][et_pb_image align_tablet=&#8220;center&#8220; align_phone=&#8220;&#8220; align_last_edited=&#8220;on|desktop&#8220; _builder_version=&#8220;4.16&#8243; background_image=&#8220;https:\/\/rolandbaldi.com\/wp-content\/uploads\/2019\/11\/07-1.jpg&#8220; custom_margin=&#8220;1px|||||&#8220; custom_margin_tablet=&#8220;10px||&#8220; custom_margin_phone=&#8220;&#8220; custom_margin_last_edited=&#8220;on|tablet&#8220; custom_padding=&#8220;50%||10%|3px|false|false&#8220; global_colors_info=&#8220;{}&#8220;][\/et_pb_image][\/et_pb_column][\/et_pb_row][et_pb_row _builder_version=&#8220;4.16&#8243; width=&#8220;100%&#8220; max_width=&#8220;100%&#8220; custom_padding=&#8220;0px|0%|0px|0px|false|false&#8220; global_colors_info=&#8220;{}&#8220;][et_pb_column type=&#8220;4_4&#8243; _builder_version=&#8220;4.16&#8243; global_colors_info=&#8220;{}&#8220;][et_pb_image align_tablet=&#8220;center&#8220; align_phone=&#8220;&#8220; align_last_edited=&#8220;on|desktop&#8220; _builder_version=&#8220;4.16&#8243; background_image=&#8220;https:\/\/rolandbaldi.com\/wp-content\/uploads\/2019\/11\/05-1.jpg&#8220; custom_margin=&#8220;68px|||||&#8220; custom_margin_tablet=&#8220;10px||&#8220; custom_margin_phone=&#8220;&#8220; custom_margin_last_edited=&#8220;on|tablet&#8220; custom_padding=&#8220;44.8%||8.4%|||&#8220; global_colors_info=&#8220;{}&#8220;][\/et_pb_image][\/et_pb_column][\/et_pb_row][\/et_pb_section]<\/p>\n","protected":false},"excerpt":{"rendered":"<p>Speisesaal EURACOrt BozenBauherr EURAC ResearchPlanung Roland Baldi Architects Elena CasatiWettbewerb 2014Fertigstellung 2017Foto Oskar Da RizPreis 2018Iconic award selection\u00a0The Plan Award shortlistDas in Pompeji-Rot gehaltene Auditorium, Teil des originalen Geb\u00e4udekomplexes, hat die Form eines ovalen Zylinders und wird im Dachbereich von einer Kuppel abgeschlossen, die auf den S\u00e4ulen der Au\u00dfenwand ruht. Ziel des Projekts war es, [&hellip;]<\/p>\n","protected":false},"author":2,"featured_media":1709,"comment_status":"open","ping_status":"closed","template":"","meta":{"_et_pb_use_builder":"on","_et_pb_old_content":"","_et_gb_content_width":"","inline_featured_image":false},"project_category":[],"project_tag":[],"yoast_head":"<!-- This site is optimized with the Yoast SEO plugin v19.3 - https:\/\/yoast.com\/wordpress\/plugins\/seo\/ -->\n<title>Speisesaal EURAC | Roland Baldi<\/title>\n<meta name=\"robots\" content=\"index, follow, max-snippet:-1, max-image-preview:large, max-video-preview:-1\" \/>\n<link rel=\"canonical\" href=\"https:\/\/rolandbaldi.com\/de\/project\/speisesaal-eurac\/\" \/>\n<meta property=\"og:locale\" content=\"de_DE\" \/>\n<meta property=\"og:type\" content=\"article\" \/>\n<meta property=\"og:title\" content=\"Speisesaal EURAC | Roland Baldi\" \/>\n<meta property=\"og:description\" content=\"Speisesaal EURACOrt BozenBauherr EURAC ResearchPlanung Roland Baldi Architects Elena CasatiWettbewerb 2014Fertigstellung 2017Foto Oskar Da RizPreis 2018Iconic award selection\u00a0The Plan Award shortlistDas in Pompeji-Rot gehaltene Auditorium, Teil des originalen Geb\u00e4udekomplexes, hat die Form eines ovalen Zylinders und wird im Dachbereich von einer Kuppel abgeschlossen, die auf den S\u00e4ulen der Au\u00dfenwand ruht. Ziel des Projekts war es, [&hellip;]\" \/>\n<meta property=\"og:url\" content=\"https:\/\/rolandbaldi.com\/de\/project\/speisesaal-eurac\/\" \/>\n<meta property=\"og:site_name\" content=\"Roland Baldi\" \/>\n<meta property=\"article:publisher\" content=\"https:\/\/www.facebook.com\/roland.baldi.architects\" \/>\n<meta property=\"article:modified_time\" content=\"2023-05-31T14:54:20+00:00\" \/>\n<meta property=\"og:image\" content=\"https:\/\/rolandbaldi.com\/wp-content\/uploads\/2019\/11\/01-6.jpg\" \/>\n\t<meta property=\"og:image:width\" content=\"1200\" \/>\n\t<meta property=\"og:image:height\" content=\"1601\" \/>\n\t<meta property=\"og:image:type\" content=\"image\/jpeg\" \/>\n<meta name=\"twitter:card\" content=\"summary_large_image\" \/>\n<meta name=\"twitter:label1\" content=\"Gesch\u00e4tzte Lesezeit\" \/>\n\t<meta name=\"twitter:data1\" content=\"10\u00a0Minuten\" \/>\n<script type=\"application\/ld+json\" class=\"yoast-schema-graph\">{\"@context\":\"https:\/\/schema.org\",\"@graph\":[{\"@type\":\"Organization\",\"@id\":\"https:\/\/rolandbaldi.com\/de\/#organization\",\"name\":\"Roland Baldi Architect\",\"url\":\"https:\/\/rolandbaldi.com\/de\/\",\"sameAs\":[\"https:\/\/www.instagram.com\/rolandbaldi\/\",\"https:\/\/www.linkedin.com\/in\/roland-baldi-b3181565\/\",\"https:\/\/www.facebook.com\/roland.baldi.architects\"],\"logo\":{\"@type\":\"ImageObject\",\"inLanguage\":\"de\",\"@id\":\"https:\/\/rolandbaldi.com\/de\/#\/schema\/logo\/image\/\",\"url\":\"https:\/\/rolandbaldi.com\/wp-content\/uploads\/2019\/07\/logo-nero.svg\",\"contentUrl\":\"https:\/\/rolandbaldi.com\/wp-content\/uploads\/2019\/07\/logo-nero.svg\",\"caption\":\"Roland Baldi Architect\"},\"image\":{\"@id\":\"https:\/\/rolandbaldi.com\/de\/#\/schema\/logo\/image\/\"}},{\"@type\":\"WebSite\",\"@id\":\"https:\/\/rolandbaldi.com\/de\/#website\",\"url\":\"https:\/\/rolandbaldi.com\/de\/\",\"name\":\"Roland Baldi\",\"description\":\"Roland Baldi architects - Bolzano\/Bozen\",\"publisher\":{\"@id\":\"https:\/\/rolandbaldi.com\/de\/#organization\"},\"potentialAction\":[{\"@type\":\"SearchAction\",\"target\":{\"@type\":\"EntryPoint\",\"urlTemplate\":\"https:\/\/rolandbaldi.com\/de\/?s={search_term_string}\"},\"query-input\":\"required name=search_term_string\"}],\"inLanguage\":\"de\"},{\"@type\":\"ImageObject\",\"inLanguage\":\"de\",\"@id\":\"https:\/\/rolandbaldi.com\/de\/project\/speisesaal-eurac\/#primaryimage\",\"url\":\"https:\/\/rolandbaldi.com\/wp-content\/uploads\/2019\/11\/01-6.jpg\",\"contentUrl\":\"https:\/\/rolandbaldi.com\/wp-content\/uploads\/2019\/11\/01-6.jpg\",\"width\":1200,\"height\":1601},{\"@type\":\"WebPage\",\"@id\":\"https:\/\/rolandbaldi.com\/de\/project\/speisesaal-eurac\/\",\"url\":\"https:\/\/rolandbaldi.com\/de\/project\/speisesaal-eurac\/\",\"name\":\"Speisesaal EURAC | Roland Baldi\",\"isPartOf\":{\"@id\":\"https:\/\/rolandbaldi.com\/de\/#website\"},\"primaryImageOfPage\":{\"@id\":\"https:\/\/rolandbaldi.com\/de\/project\/speisesaal-eurac\/#primaryimage\"},\"datePublished\":\"2019-11-27T09:15:16+00:00\",\"dateModified\":\"2023-05-31T14:54:20+00:00\",\"breadcrumb\":{\"@id\":\"https:\/\/rolandbaldi.com\/de\/project\/speisesaal-eurac\/#breadcrumb\"},\"inLanguage\":\"de\",\"potentialAction\":[{\"@type\":\"ReadAction\",\"target\":[\"https:\/\/rolandbaldi.com\/de\/project\/speisesaal-eurac\/\"]}]},{\"@type\":\"BreadcrumbList\",\"@id\":\"https:\/\/rolandbaldi.com\/de\/project\/speisesaal-eurac\/#breadcrumb\",\"itemListElement\":[{\"@type\":\"ListItem\",\"position\":1,\"name\":\"Home\",\"item\":\"https:\/\/rolandbaldi.com\/de\/\"},{\"@type\":\"ListItem\",\"position\":2,\"name\":\"Projekte\",\"item\":\"https:\/\/rolandbaldi.com\/de\/project\/\"},{\"@type\":\"ListItem\",\"position\":3,\"name\":\"Speisesaal EURAC\"}]}]}<\/script>\n<!-- \/ Yoast SEO plugin. -->","yoast_head_json":{"title":"Speisesaal EURAC | Roland Baldi","robots":{"index":"index","follow":"follow","max-snippet":"max-snippet:-1","max-image-preview":"max-image-preview:large","max-video-preview":"max-video-preview:-1"},"canonical":"https:\/\/rolandbaldi.com\/de\/project\/speisesaal-eurac\/","og_locale":"de_DE","og_type":"article","og_title":"Speisesaal EURAC | Roland Baldi","og_description":"Speisesaal EURACOrt BozenBauherr EURAC ResearchPlanung Roland Baldi Architects Elena CasatiWettbewerb 2014Fertigstellung 2017Foto Oskar Da RizPreis 2018Iconic award selection\u00a0The Plan Award shortlistDas in Pompeji-Rot gehaltene Auditorium, Teil des originalen Geb\u00e4udekomplexes, hat die Form eines ovalen Zylinders und wird im Dachbereich von einer Kuppel abgeschlossen, die auf den S\u00e4ulen der Au\u00dfenwand ruht. Ziel des Projekts war es, [&hellip;]","og_url":"https:\/\/rolandbaldi.com\/de\/project\/speisesaal-eurac\/","og_site_name":"Roland Baldi","article_publisher":"https:\/\/www.facebook.com\/roland.baldi.architects","article_modified_time":"2023-05-31T14:54:20+00:00","og_image":[{"width":1200,"height":1601,"url":"https:\/\/rolandbaldi.com\/wp-content\/uploads\/2019\/11\/01-6.jpg","type":"image\/jpeg"}],"twitter_card":"summary_large_image","twitter_misc":{"Gesch\u00e4tzte Lesezeit":"10\u00a0Minuten"},"schema":{"@context":"https:\/\/schema.org","@graph":[{"@type":"Organization","@id":"https:\/\/rolandbaldi.com\/de\/#organization","name":"Roland Baldi Architect","url":"https:\/\/rolandbaldi.com\/de\/","sameAs":["https:\/\/www.instagram.com\/rolandbaldi\/","https:\/\/www.linkedin.com\/in\/roland-baldi-b3181565\/","https:\/\/www.facebook.com\/roland.baldi.architects"],"logo":{"@type":"ImageObject","inLanguage":"de","@id":"https:\/\/rolandbaldi.com\/de\/#\/schema\/logo\/image\/","url":"https:\/\/rolandbaldi.com\/wp-content\/uploads\/2019\/07\/logo-nero.svg","contentUrl":"https:\/\/rolandbaldi.com\/wp-content\/uploads\/2019\/07\/logo-nero.svg","caption":"Roland Baldi Architect"},"image":{"@id":"https:\/\/rolandbaldi.com\/de\/#\/schema\/logo\/image\/"}},{"@type":"WebSite","@id":"https:\/\/rolandbaldi.com\/de\/#website","url":"https:\/\/rolandbaldi.com\/de\/","name":"Roland Baldi","description":"Roland Baldi architects - Bolzano\/Bozen","publisher":{"@id":"https:\/\/rolandbaldi.com\/de\/#organization"},"potentialAction":[{"@type":"SearchAction","target":{"@type":"EntryPoint","urlTemplate":"https:\/\/rolandbaldi.com\/de\/?s={search_term_string}"},"query-input":"required name=search_term_string"}],"inLanguage":"de"},{"@type":"ImageObject","inLanguage":"de","@id":"https:\/\/rolandbaldi.com\/de\/project\/speisesaal-eurac\/#primaryimage","url":"https:\/\/rolandbaldi.com\/wp-content\/uploads\/2019\/11\/01-6.jpg","contentUrl":"https:\/\/rolandbaldi.com\/wp-content\/uploads\/2019\/11\/01-6.jpg","width":1200,"height":1601},{"@type":"WebPage","@id":"https:\/\/rolandbaldi.com\/de\/project\/speisesaal-eurac\/","url":"https:\/\/rolandbaldi.com\/de\/project\/speisesaal-eurac\/","name":"Speisesaal EURAC | Roland Baldi","isPartOf":{"@id":"https:\/\/rolandbaldi.com\/de\/#website"},"primaryImageOfPage":{"@id":"https:\/\/rolandbaldi.com\/de\/project\/speisesaal-eurac\/#primaryimage"},"datePublished":"2019-11-27T09:15:16+00:00","dateModified":"2023-05-31T14:54:20+00:00","breadcrumb":{"@id":"https:\/\/rolandbaldi.com\/de\/project\/speisesaal-eurac\/#breadcrumb"},"inLanguage":"de","potentialAction":[{"@type":"ReadAction","target":["https:\/\/rolandbaldi.com\/de\/project\/speisesaal-eurac\/"]}]},{"@type":"BreadcrumbList","@id":"https:\/\/rolandbaldi.com\/de\/project\/speisesaal-eurac\/#breadcrumb","itemListElement":[{"@type":"ListItem","position":1,"name":"Home","item":"https:\/\/rolandbaldi.com\/de\/"},{"@type":"ListItem","position":2,"name":"Projekte","item":"https:\/\/rolandbaldi.com\/de\/project\/"},{"@type":"ListItem","position":3,"name":"Speisesaal EURAC"}]}]}},"_links":{"self":[{"href":"https:\/\/rolandbaldi.com\/de\/wp-json\/wp\/v2\/project\/2050"}],"collection":[{"href":"https:\/\/rolandbaldi.com\/de\/wp-json\/wp\/v2\/project"}],"about":[{"href":"https:\/\/rolandbaldi.com\/de\/wp-json\/wp\/v2\/types\/project"}],"author":[{"embeddable":true,"href":"https:\/\/rolandbaldi.com\/de\/wp-json\/wp\/v2\/users\/2"}],"replies":[{"embeddable":true,"href":"https:\/\/rolandbaldi.com\/de\/wp-json\/wp\/v2\/comments?post=2050"}],"version-history":[{"count":16,"href":"https:\/\/rolandbaldi.com\/de\/wp-json\/wp\/v2\/project\/2050\/revisions"}],"predecessor-version":[{"id":5675,"href":"https:\/\/rolandbaldi.com\/de\/wp-json\/wp\/v2\/project\/2050\/revisions\/5675"}],"wp:featuredmedia":[{"embeddable":true,"href":"https:\/\/rolandbaldi.com\/de\/wp-json\/wp\/v2\/media\/1709"}],"wp:attachment":[{"href":"https:\/\/rolandbaldi.com\/de\/wp-json\/wp\/v2\/media?parent=2050"}],"wp:term":[{"taxonomy":"project_category","embeddable":true,"href":"https:\/\/rolandbaldi.com\/de\/wp-json\/wp\/v2\/project_category?post=2050"},{"taxonomy":"project_tag","embeddable":true,"href":"https:\/\/rolandbaldi.com\/de\/wp-json\/wp\/v2\/project_tag?post=2050"}],"curies":[{"name":"wp","href":"https:\/\/api.w.org\/{rel}","templated":true}]}}