{"id":5240,"date":"2022-04-12T15:58:52","date_gmt":"2022-04-12T15:58:52","guid":{"rendered":"https:\/\/rolandbaldi.com\/?post_type=project&#038;p=5240"},"modified":"2023-06-01T15:17:08","modified_gmt":"2023-06-01T15:17:08","slug":"bahnhofsplatz-klobenstein","status":"publish","type":"project","link":"https:\/\/rolandbaldi.com\/de\/project\/bahnhofsplatz-klobenstein\/","title":{"rendered":"Bahnhofsplatz Klobenstein"},"content":{"rendered":"<p>[et_pb_section fb_built=&#8220;1&#8243; _builder_version=&#8220;4.16&#8243; custom_padding=&#8220;1px||0px|||&#8220; global_colors_info=&#8220;{}&#8220;][et_pb_row admin_label=&#8220;Foto header&#8220; _builder_version=&#8220;4.16&#8243; background_image=&#8220;https:\/\/rolandbaldi.com\/wp-content\/uploads\/2022\/04\/DR13885_7_9B.jpg&#8220; width=&#8220;100%&#8220; max_width=&#8220;2560px&#8220; height=&#8220;664px&#8220; custom_margin=&#8220;-4px|auto|0px|0px||&#8220; custom_padding=&#8220;25.4%||15.2%|||&#8220; global_colors_info=&#8220;{}&#8220;][et_pb_column type=&#8220;4_4&#8243; _builder_version=&#8220;4.16&#8243; custom_padding=&#8220;|||&#8220; global_colors_info=&#8220;{}&#8220; custom_padding__hover=&#8220;|||&#8220;][\/et_pb_column][\/et_pb_row][\/et_pb_section][et_pb_section fb_built=&#8220;1&#8243; use_custom_gutter=&#8220;on&#8220; gutter_width=&#8220;1&#8243; specialty=&#8220;on&#8220; custom_css_main_1=&#8220;z-index: 999;&#8220; custom_css_main_2=&#8220;z-index: 9;&#8220; _builder_version=&#8220;4.16&#8243; width=&#8220;100%&#8220; width_tablet=&#8220;100%&#8220; width_phone=&#8220;&#8220; width_last_edited=&#8220;on|tablet&#8220; max_width=&#8220;3000px&#8220; custom_padding=&#8220;0px||0px|0px||&#8220; global_colors_info=&#8220;{}&#8220;][et_pb_column type=&#8220;1_4&#8243; _builder_version=&#8220;4.16&#8243; custom_padding=&#8220;|||&#8220; global_colors_info=&#8220;{}&#8220; custom_padding__hover=&#8220;|||&#8220;][et_pb_image src=&#8220;https:\/\/rolandbaldi.com\/wp-content\/uploads\/2022\/04\/DR14068_73B_front.jpg&#8220; align_tablet=&#8220;center&#8220; align_phone=&#8220;&#8220; align_last_edited=&#8220;on|desktop&#8220; _builder_version=&#8220;4.16&#8243; width_tablet=&#8220;&#8220; width_phone=&#8220;100%&#8220; width_last_edited=&#8220;on|tablet&#8220; custom_margin=&#8220;92px|-99%||-35%||&#8220; custom_margin_tablet=&#8220;|-101%||0%&#8220; custom_margin_phone=&#8220;57px||&#8220; custom_margin_last_edited=&#8220;on|phone&#8220; custom_padding=&#8220;0px|0px|0px|0px&#8220; custom_padding_tablet=&#8220;0px|0px|0px|0%||&#8220; custom_padding_phone=&#8220;&#8220; custom_padding_last_edited=&#8220;on|tablet&#8220; box_shadow_style=&#8220;preset4&#8243; box_shadow_horizontal=&#8220;-180px&#8220; box_shadow_vertical=&#8220;-140px&#8220; box_shadow_spread=&#8220;80px&#8220; box_shadow_color=&#8220;#161923&#8243; global_colors_info=&#8220;{}&#8220;][\/et_pb_image][\/et_pb_column][et_pb_column type=&#8220;1_4&#8243; _builder_version=&#8220;4.16&#8243; custom_padding=&#8220;|||&#8220; global_colors_info=&#8220;{}&#8220; custom_padding__hover=&#8220;|||&#8220;][\/et_pb_column][et_pb_column type=&#8220;1_2&#8243; specialty_columns=&#8220;2&#8243; _builder_version=&#8220;4.16&#8243; custom_padding=&#8220;|||&#8220; global_colors_info=&#8220;{}&#8220; custom_padding__hover=&#8220;|||&#8220;][et_pb_row_inner _builder_version=&#8220;4.16&#8243; custom_margin=&#8220;16%|||17%&#8220; custom_margin_tablet=&#8220;|||0%&#8220; custom_margin_phone=&#8220;&#8220; custom_margin_last_edited=&#8220;on|desktop&#8220; global_colors_info=&#8220;{}&#8220;][et_pb_column_inner saved_specialty_column_type=&#8220;1_2&#8243; _builder_version=&#8220;4.16&#8243; custom_padding=&#8220;|||&#8220; global_colors_info=&#8220;{}&#8220; custom_padding__hover=&#8220;|||&#8220;][et_pb_text admin_label=&#8220;Titolo progetto&#8220; _builder_version=&#8220;4.16&#8243; header_font=&#8220;helvetica-light|100|||||||&#8220; header_font_size=&#8220;42px&#8220; global_colors_info=&#8220;{}&#8220;]<\/p>\n<h1>Bahnhofsplatz Klobenstein<\/h1>\n<p>[\/et_pb_text][et_pb_divider admin_label=&#8220;Filetto divisore&#8220; _builder_version=&#8220;4.16&#8243; custom_margin=&#8220;28px||0px&#8220; global_colors_info=&#8220;{}&#8220;][\/et_pb_divider][\/et_pb_column_inner][\/et_pb_row_inner][et_pb_row_inner column_structure=&#8220;1_3,1_3,1_3&#8243; use_custom_gutter=&#8220;on&#8220; _builder_version=&#8220;4.16&#8243; custom_margin=&#8220;|||17%&#8220; custom_margin_tablet=&#8220;|||0%&#8220; custom_margin_phone=&#8220;&#8220; custom_margin_last_edited=&#8220;on|phone&#8220; custom_padding=&#8220;0%||0px||false|false&#8220; global_colors_info=&#8220;{}&#8220;][et_pb_column_inner type=&#8220;1_3&#8243; saved_specialty_column_type=&#8220;1_2&#8243; _builder_version=&#8220;4.16&#8243; custom_padding=&#8220;|||&#8220; global_colors_info=&#8220;{}&#8220; custom_padding__hover=&#8220;|||&#8220;][et_pb_text admin_label=&#8220;luogo&#8220; _builder_version=&#8220;4.16&#8243; text_font=&#8220;helvetica-light|300|||||||&#8220; header_font=&#8220;helvetica-light|100|||||||&#8220; header_font_size=&#8220;36px&#8220; header_6_font=&#8220;helvetica-light|700|||||||&#8220; header_6_line_height=&#8220;1.2em&#8220; global_colors_info=&#8220;{}&#8220;]<\/p>\n<p class=\"p1\">Ort<\/p>\n<h6 class=\"p1\">Klobenstein <\/h6>\n<p>[\/et_pb_text][\/et_pb_column_inner][et_pb_column_inner type=&#8220;1_3&#8243; saved_specialty_column_type=&#8220;1_2&#8243; _builder_version=&#8220;4.16&#8243; custom_padding=&#8220;|||&#8220; global_colors_info=&#8220;{}&#8220; custom_padding__hover=&#8220;|||&#8220;][et_pb_text admin_label=&#8220;committente&#8220; _builder_version=&#8220;4.16&#8243; text_font=&#8220;helvetica-light|300|||||||&#8220; header_font=&#8220;helvetica-light|100|||||||&#8220; header_font_size=&#8220;36px&#8220; header_6_font=&#8220;helvetica-light|700|||||||&#8220; header_6_line_height=&#8220;1.2em&#8220; global_colors_info=&#8220;{}&#8220;]<\/p>\n<p class=\"p1\">Bauherr<\/p>\n<h6 class=\"p1\">STA &#8211; S\u00fcdtiroler Transportstrukturen AG<\/h6>\n<p>[\/et_pb_text][\/et_pb_column_inner][et_pb_column_inner type=&#8220;1_3&#8243; saved_specialty_column_type=&#8220;1_2&#8243; _builder_version=&#8220;4.16&#8243; custom_padding=&#8220;|||&#8220; global_colors_info=&#8220;{}&#8220; custom_padding__hover=&#8220;|||&#8220;][et_pb_text admin_label=&#8220;progettazione&#8220; _builder_version=&#8220;4.16&#8243; text_font=&#8220;helvetica-light|300|||||||&#8220; header_font=&#8220;Roboto|100|||||||&#8220; header_font_size=&#8220;36px&#8220; header_6_font=&#8220;helvetica-light|700|||||||&#8220; header_6_line_height=&#8220;1.2em&#8220; global_colors_info=&#8220;{}&#8220;]<\/p>\n<p class=\"p1\">Planung<\/p>\n<h6 class=\"p1\">Roland Baldi Architects<\/h6>\n<p>[\/et_pb_text][\/et_pb_column_inner][\/et_pb_row_inner][et_pb_row_inner column_structure=&#8220;1_3,1_3,1_3&#8243; use_custom_gutter=&#8220;on&#8220; _builder_version=&#8220;4.16&#8243; custom_margin=&#8220;|||17%&#8220; custom_margin_tablet=&#8220;|||0%&#8220; custom_margin_phone=&#8220;&#8220; custom_margin_last_edited=&#8220;on|desktop&#8220; custom_padding=&#8220;0%|||||&#8220; global_colors_info=&#8220;{}&#8220;][et_pb_column_inner type=&#8220;1_3&#8243; saved_specialty_column_type=&#8220;1_2&#8243; _builder_version=&#8220;4.16&#8243; custom_padding=&#8220;|||&#8220; global_colors_info=&#8220;{}&#8220; custom_padding__hover=&#8220;|||&#8220;][et_pb_text admin_label=&#8220;collaboratori&#8220; _builder_version=&#8220;4.17.6&#8243; text_font=&#8220;helvetica-light|300|||||||&#8220; header_font=&#8220;Roboto|100|||||||&#8220; header_font_size=&#8220;36px&#8220; header_6_font=&#8220;helvetica-light|700|||||||&#8220; header_6_line_height=&#8220;1.2em&#8220; global_colors_info=&#8220;{}&#8220;]<\/p>\n<p class=\"p1\">Team<\/p>\n<h6 class=\"p1\">Roland Baldi<br \/>\nSila Giriftinoglu<\/h6>\n<p>[\/et_pb_text][et_pb_icon font_icon=&#8220;&#xe033;||divi||400&#8243; align=&#8220;left&#8220; _builder_version=&#8220;4.17.6&#8243; _module_preset=&#8220;default&#8220; global_colors_info=&#8220;{}&#8220;][\/et_pb_icon][et_pb_text admin_label=&#8220;collaboratori&#8220; _builder_version=&#8220;4.17.6&#8243; text_font=&#8220;helvetica-light|300|||||||&#8220; header_font=&#8220;Roboto|100|||||||&#8220; header_font_size=&#8220;36px&#8220; header_6_font=&#8220;helvetica-light|700|||||||&#8220; header_6_line_height=&#8220;1.2em&#8220; custom_margin=&#8220;|-339px||||&#8220; global_colors_info=&#8220;{}&#8220;]<\/p>\n<p class=\"p1\">Preis<\/p>\n<h6 class=\"p1\">Premio Simonetta Bastelli 2022 Lobende Erw\u00e4hnung<br \/>Premio Rigenera 2022 Lobende Erw\u00e4hnung<br \/>Iconic Award 2022 &#8211; Best of Best<\/h6>\n<p>[\/et_pb_text][\/et_pb_column_inner][et_pb_column_inner type=&#8220;1_3&#8243; saved_specialty_column_type=&#8220;1_2&#8243; _builder_version=&#8220;4.16&#8243; custom_padding=&#8220;|||&#8220; global_colors_info=&#8220;{}&#8220; custom_padding__hover=&#8220;|||&#8220;][et_pb_text admin_label=&#8220;ultimazione&#8220; _builder_version=&#8220;4.16&#8243; text_font=&#8220;helvetica-light|300|||||||&#8220; header_font=&#8220;Roboto|100|||||||&#8220; header_font_size=&#8220;36px&#8220; header_6_font=&#8220;helvetica-light|700|||||||&#8220; header_6_line_height=&#8220;1.2em&#8220; global_colors_info=&#8220;{}&#8220;]<\/p>\n<p class=\"p1\">Fertigstellung<\/p>\n<h6 class=\"p1\">2021<\/h6>\n<p>[\/et_pb_text][\/et_pb_column_inner][et_pb_column_inner type=&#8220;1_3&#8243; saved_specialty_column_type=&#8220;1_2&#8243; _builder_version=&#8220;4.16&#8243; custom_padding=&#8220;|||&#8220; global_colors_info=&#8220;{}&#8220; custom_padding__hover=&#8220;|||&#8220;][et_pb_text admin_label=&#8220;ultimazione&#8220; _builder_version=&#8220;4.16&#8243; text_font=&#8220;helvetica-light|300|||||||&#8220; header_font=&#8220;Roboto|100|||||||&#8220; header_font_size=&#8220;36px&#8220; header_6_font=&#8220;helvetica-light|700|||||||&#8220; header_6_line_height=&#8220;1.2em&#8220; global_colors_info=&#8220;{}&#8220;]<\/p>\n<p class=\"p1\">Foto<\/p>\n<h6 class=\"p1\">Oskar Da Riz<\/h6>\n<p>[\/et_pb_text][et_pb_text admin_label=&#8220;concorso&#8220; _builder_version=&#8220;4.16&#8243; text_font=&#8220;helvetica-light|300|||||||&#8220; header_font=&#8220;Roboto|100|||||||&#8220; header_font_size=&#8220;36px&#8220; header_6_font=&#8220;helvetica-light|700|||||||&#8220; header_6_line_height=&#8220;1.2em&#8220; global_colors_info=&#8220;{}&#8220;][\/et_pb_text][\/et_pb_column_inner][\/et_pb_row_inner][et_pb_row_inner _builder_version=&#8220;4.16&#8243; global_colors_info=&#8220;{}&#8220;][et_pb_column_inner saved_specialty_column_type=&#8220;1_2&#8243; _builder_version=&#8220;4.16&#8243; custom_padding=&#8220;|||&#8220; global_colors_info=&#8220;{}&#8220; custom_padding__hover=&#8220;|||&#8220;][et_pb_text admin_label=&#8220;testo descrittivo&#8220; _builder_version=&#8220;4.16&#8243; text_font=&#8220;helvetica-light|300|||||||&#8220; text_line_height=&#8220;1.4em&#8220; custom_margin=&#8220;0px|0px||17%||&#8220; custom_margin_tablet=&#8220;|||0%&#8220; custom_margin_phone=&#8220;&#8220; custom_margin_last_edited=&#8220;on|desktop&#8220; global_colors_info=&#8220;{}&#8220;]<\/p>\n<p>&nbsp;<\/p>\n<p><span>Platz da!<\/span><\/p>\n<p><span>Roland Baldi Architects haben im Rahmen des Umbaus des Mobilit\u00e4tszentrums Klobenstein, bestehend aus Busbahnhof, Parkplatz und Pendlergarage, auch einen neuen, offenen und gro\u00dfz\u00fcgigen Bahnhofsvorplatz f\u00fcr Anwohner und Besucher gestaltet. Touristen k\u00f6nnen sich an den zentral positionierten Wanderkarten Orientierung verschaffen, Einheimische setzen sich zu Freunden an die belebten Tische der Bahnhofsbar. Der Bodenbelag, besteht aus sich abwechselnden Streifen aus gr\u00fcnen und rotbraunen Porphyrw\u00fcrfeln und \u00fcberzieht wie ein Teppich den gesamten Vorbereich des denkmalgesch\u00fctzten Bahnhofsgeb\u00e4udes und spannt sich bis an die Gleise. Die verschiedenen Porphyrstreifen sind teilweise durch kleine Gr\u00fcnbereiche oder Sitzgelegenheiten unterbrochen. Vor dem neuen Platz wurde ein Kreisverkehr sowie einige wenige Autostellpl\u00e4tze als Kiss and Ride Zone errichtet. Geblieben ist die Gei\u00df, eine vom K\u00fcnstler Franz Messner geformte bronzene Skulptur einer Ziege, die \u00fcber ihren Spiegel mit den Spatzen kommuniziert, die vom Dach des Bahnhofs Neues pfeifen: Platz da!<\/span><\/p>\n<p class=\"p1\"><span class=\"s1\">\u00a0<\/span><\/p>\n<p>[\/et_pb_text][\/et_pb_column_inner][\/et_pb_row_inner][\/et_pb_column][\/et_pb_section][et_pb_section fb_built=&#8220;1&#8243; _builder_version=&#8220;4.16&#8243; background_color=&#8220;#ffffff&#8220; custom_margin=&#8220;||-30px|||&#8220; custom_padding=&#8220;||0px||false|false&#8220; global_colors_info=&#8220;{}&#8220;][et_pb_row column_structure=&#8220;1_4,1_4,1_4,1_4&#8243; use_custom_gutter=&#8220;on&#8220; gutter_width=&#8220;2&#8243; custom_padding_last_edited=&#8220;on|desktop&#8220; _builder_version=&#8220;4.16&#8243; max_width=&#8220;100%&#8220; custom_padding=&#8220;||80px|||&#8220; custom_padding_tablet=&#8220;||0px&#8220; custom_padding_phone=&#8220;&#8220; global_colors_info=&#8220;{}&#8220;][et_pb_column type=&#8220;1_4&#8243; _builder_version=&#8220;4.16&#8243; custom_padding=&#8220;|||&#8220; global_colors_info=&#8220;{}&#8220; custom_padding__hover=&#8220;|||&#8220;][et_pb_image src=&#8220;https:\/\/rolandbaldi.com\/wp-content\/uploads\/2022\/04\/Bahnhofsplatz-Klobenstein-sp.jpg&#8220; align_tablet=&#8220;center&#8220; align_phone=&#8220;&#8220; align_last_edited=&#8220;on|desktop&#8220; admin_label=&#8220;CAD 1&#8243; _builder_version=&#8220;4.16&#8243; custom_padding_tablet=&#8220;|15px||&#8220; custom_padding_phone=&#8220;|0px||&#8220; custom_padding_last_edited=&#8220;on|desktop&#8220; global_colors_info=&#8220;{}&#8220; width__hover=&#8220;100%&#8220;][\/et_pb_image][\/et_pb_column][et_pb_column type=&#8220;1_4&#8243; _builder_version=&#8220;4.16&#8243; custom_padding=&#8220;|||&#8220; global_colors_info=&#8220;{}&#8220; custom_padding__hover=&#8220;|||&#8220;][\/et_pb_column][et_pb_column type=&#8220;1_4&#8243; _builder_version=&#8220;4.16&#8243; custom_padding=&#8220;|||&#8220; global_colors_info=&#8220;{}&#8220; custom_padding__hover=&#8220;|||&#8220;][\/et_pb_column][et_pb_column type=&#8220;1_4&#8243; _builder_version=&#8220;4.16&#8243; custom_padding=&#8220;|||&#8220; global_colors_info=&#8220;{}&#8220; custom_padding__hover=&#8220;|||&#8220;][\/et_pb_column][\/et_pb_row][et_pb_row admin_label=&#8220;Immagine fullwidth&#8220; _builder_version=&#8220;4.16&#8243; background_image=&#8220;https:\/\/rolandbaldi.com\/wp-content\/uploads\/2022\/04\/DJI_0388B_6.jpg&#8220; parallax=&#8220;on&#8220; width=&#8220;90%&#8220; width_tablet=&#8220;90%&#8220; width_phone=&#8220;100%&#8220; width_last_edited=&#8220;on|tablet&#8220; max_width=&#8220;2560px&#8220; module_alignment=&#8220;right&#8220; custom_margin=&#8220;|||0px&#8220; custom_padding=&#8220;30%|0px|15.2%|||&#8220; global_colors_info=&#8220;{}&#8220;][et_pb_column type=&#8220;4_4&#8243; _builder_version=&#8220;4.16&#8243; custom_padding=&#8220;|||&#8220; global_colors_info=&#8220;{}&#8220; custom_padding__hover=&#8220;|||&#8220;][\/et_pb_column][\/et_pb_row][et_pb_row column_structure=&#8220;1_2,1_2&#8243; custom_padding_last_edited=&#8220;on|phone&#8220; _builder_version=&#8220;4.16&#8243; background_position=&#8220;bottom_center&#8220; width=&#8220;90%&#8220; width_tablet=&#8220;&#8220; width_phone=&#8220;100%&#8220; width_last_edited=&#8220;on|phone&#8220; max_width=&#8220;2560px&#8220; module_alignment=&#8220;left&#8220; custom_margin=&#8220;80px|auto||0px||&#8220; custom_margin_tablet=&#8220;40px|||10%&#8220; custom_margin_phone=&#8220;|||0%|false|false&#8220; custom_margin_last_edited=&#8220;on|tablet&#8220; custom_padding=&#8220;0px|0px|0%||false|false&#8220; custom_padding_tablet=&#8220;&#8220; custom_padding_phone=&#8220;0px|0px|0%|0%|false|false&#8220; global_colors_info=&#8220;{}&#8220;][et_pb_column type=&#8220;1_2&#8243; _builder_version=&#8220;4.16&#8243; custom_padding=&#8220;|||&#8220; global_colors_info=&#8220;{}&#8220; custom_padding__hover=&#8220;|||&#8220;][et_pb_image align_tablet=&#8220;center&#8220; align_phone=&#8220;&#8220; align_last_edited=&#8220;on|desktop&#8220; _builder_version=&#8220;4.16&#8243; background_image=&#8220;https:\/\/rolandbaldi.com\/wp-content\/uploads\/2022\/04\/DR14111B.jpg&#8220; background_position=&#8220;bottom_center&#8220; custom_padding=&#8220;100%||||false|false&#8220; global_colors_info=&#8220;{}&#8220;][\/et_pb_image][\/et_pb_column][et_pb_column type=&#8220;1_2&#8243; _builder_version=&#8220;4.16&#8243; custom_padding=&#8220;|||&#8220; global_colors_info=&#8220;{}&#8220; custom_padding__hover=&#8220;|||&#8220;][et_pb_image align_tablet=&#8220;center&#8220; align_phone=&#8220;&#8220; align_last_edited=&#8220;on|desktop&#8220; _builder_version=&#8220;4.16&#8243; background_image=&#8220;https:\/\/rolandbaldi.com\/wp-content\/uploads\/2022\/04\/DJI_0394B.jpg&#8220; custom_margin_tablet=&#8220;10px||&#8220; custom_margin_phone=&#8220;&#8220; custom_margin_last_edited=&#8220;on|tablet&#8220; custom_padding=&#8220;50%||10%&#8220; global_colors_info=&#8220;{}&#8220;][\/et_pb_image][et_pb_image align_tablet=&#8220;center&#8220; align_phone=&#8220;&#8220; align_last_edited=&#8220;on|desktop&#8220; _builder_version=&#8220;4.16&#8243; background_image=&#8220;https:\/\/rolandbaldi.com\/wp-content\/uploads\/2022\/04\/DR13912B.jpg&#8220; custom_margin=&#8220;81px|||||&#8220; custom_margin_tablet=&#8220;10px||&#8220; custom_margin_phone=&#8220;&#8220; custom_margin_last_edited=&#8220;on|tablet&#8220; custom_padding=&#8220;50%||10%&#8220; global_colors_info=&#8220;{}&#8220;][\/et_pb_image][\/et_pb_column][\/et_pb_row][et_pb_row admin_label=&#8220;Immagine fullwidth&#8220; _builder_version=&#8220;4.16&#8243; background_image=&#8220;https:\/\/rolandbaldi.com\/wp-content\/uploads\/2022\/04\/DJI_0379B_ORIG.jpg&#8220; parallax=&#8220;on&#8220; width_tablet=&#8220;&#8220; width_phone=&#8220;100%&#8220; width_last_edited=&#8220;on|phone&#8220; max_width=&#8220;2560px&#8220; module_alignment=&#8220;center&#8220; custom_margin=&#8220;80px|auto|80px|||&#8220; custom_margin_tablet=&#8220;40px|||10%&#8220; custom_margin_phone=&#8220;||0px|0%|false|false&#8220; custom_margin_last_edited=&#8220;on|tablet&#8220; custom_padding=&#8220;30%|0px|15.2%||false|false&#8220; global_colors_info=&#8220;{}&#8220;][et_pb_column type=&#8220;4_4&#8243; _builder_version=&#8220;4.16&#8243; custom_padding=&#8220;|||&#8220; global_colors_info=&#8220;{}&#8220; custom_padding__hover=&#8220;|||&#8220;][\/et_pb_column][\/et_pb_row][\/et_pb_section]<\/p>\n","protected":false},"excerpt":{"rendered":"<p>Bahnhofsplatz KlobensteinOrt Klobenstein Bauherr STA &#8211; S\u00fcdtiroler Transportstrukturen AGPlanung Roland Baldi ArchitectsTeam Roland Baldi Sila GiriftinogluPreis Premio Simonetta Bastelli 2022 Lobende Erw\u00e4hnungPremio Rigenera 2022 Lobende Erw\u00e4hnungIconic Award 2022 &#8211; Best of BestFertigstellung 2021Foto Oskar Da Riz&nbsp; Platz da! Roland Baldi Architects haben im Rahmen des Umbaus des Mobilit\u00e4tszentrums Klobenstein, bestehend aus Busbahnhof, Parkplatz und Pendlergarage, [&hellip;]<\/p>\n","protected":false},"author":5,"featured_media":5269,"comment_status":"open","ping_status":"closed","template":"","meta":{"_et_pb_use_builder":"on","_et_pb_old_content":"","_et_gb_content_width":"","inline_featured_image":false},"project_category":[],"project_tag":[],"yoast_head":"<!-- This site is optimized with the Yoast SEO plugin v19.3 - https:\/\/yoast.com\/wordpress\/plugins\/seo\/ -->\n<title>Bahnhofsplatz Klobenstein | Roland Baldi<\/title>\n<meta name=\"robots\" content=\"index, follow, max-snippet:-1, max-image-preview:large, max-video-preview:-1\" \/>\n<link rel=\"canonical\" href=\"https:\/\/rolandbaldi.com\/de\/project\/bahnhofsplatz-klobenstein\/\" \/>\n<meta property=\"og:locale\" content=\"de_DE\" \/>\n<meta property=\"og:type\" content=\"article\" \/>\n<meta property=\"og:title\" content=\"Bahnhofsplatz Klobenstein | Roland Baldi\" \/>\n<meta property=\"og:description\" content=\"Bahnhofsplatz KlobensteinOrt Klobenstein Bauherr STA - S\u00fcdtiroler Transportstrukturen AGPlanung Roland Baldi ArchitectsTeam Roland Baldi Sila GiriftinogluPreis Premio Simonetta Bastelli 2022 Lobende Erw\u00e4hnungPremio Rigenera 2022 Lobende Erw\u00e4hnungIconic Award 2022 - Best of BestFertigstellung 2021Foto Oskar Da Riz&nbsp; Platz da! Roland Baldi Architects haben im Rahmen des Umbaus des Mobilit\u00e4tszentrums Klobenstein, bestehend aus Busbahnhof, Parkplatz und Pendlergarage, [&hellip;]\" \/>\n<meta property=\"og:url\" content=\"https:\/\/rolandbaldi.com\/de\/project\/bahnhofsplatz-klobenstein\/\" \/>\n<meta property=\"og:site_name\" content=\"Roland Baldi\" \/>\n<meta property=\"article:publisher\" content=\"https:\/\/www.facebook.com\/roland.baldi.architects\" \/>\n<meta property=\"article:modified_time\" content=\"2023-06-01T15:17:08+00:00\" \/>\n<meta property=\"og:image\" content=\"https:\/\/rolandbaldi.com\/wp-content\/uploads\/2022\/04\/DR14068_73B_front.jpg\" \/>\n\t<meta property=\"og:image:width\" content=\"1372\" \/>\n\t<meta property=\"og:image:height\" content=\"1800\" \/>\n\t<meta property=\"og:image:type\" content=\"image\/jpeg\" \/>\n<meta name=\"twitter:card\" content=\"summary_large_image\" \/>\n<meta name=\"twitter:label1\" content=\"Gesch\u00e4tzte Lesezeit\" \/>\n\t<meta name=\"twitter:data1\" content=\"8\u00a0Minuten\" \/>\n<script type=\"application\/ld+json\" class=\"yoast-schema-graph\">{\"@context\":\"https:\/\/schema.org\",\"@graph\":[{\"@type\":\"Organization\",\"@id\":\"https:\/\/rolandbaldi.com\/de\/#organization\",\"name\":\"Roland Baldi Architect\",\"url\":\"https:\/\/rolandbaldi.com\/de\/\",\"sameAs\":[\"https:\/\/www.instagram.com\/rolandbaldi\/\",\"https:\/\/www.linkedin.com\/in\/roland-baldi-b3181565\/\",\"https:\/\/www.facebook.com\/roland.baldi.architects\"],\"logo\":{\"@type\":\"ImageObject\",\"inLanguage\":\"de\",\"@id\":\"https:\/\/rolandbaldi.com\/de\/#\/schema\/logo\/image\/\",\"url\":\"https:\/\/rolandbaldi.com\/wp-content\/uploads\/2019\/07\/logo-nero.svg\",\"contentUrl\":\"https:\/\/rolandbaldi.com\/wp-content\/uploads\/2019\/07\/logo-nero.svg\",\"caption\":\"Roland Baldi Architect\"},\"image\":{\"@id\":\"https:\/\/rolandbaldi.com\/de\/#\/schema\/logo\/image\/\"}},{\"@type\":\"WebSite\",\"@id\":\"https:\/\/rolandbaldi.com\/de\/#website\",\"url\":\"https:\/\/rolandbaldi.com\/de\/\",\"name\":\"Roland Baldi\",\"description\":\"Roland Baldi architects - Bolzano\/Bozen\",\"publisher\":{\"@id\":\"https:\/\/rolandbaldi.com\/de\/#organization\"},\"potentialAction\":[{\"@type\":\"SearchAction\",\"target\":{\"@type\":\"EntryPoint\",\"urlTemplate\":\"https:\/\/rolandbaldi.com\/de\/?s={search_term_string}\"},\"query-input\":\"required name=search_term_string\"}],\"inLanguage\":\"de\"},{\"@type\":\"ImageObject\",\"inLanguage\":\"de\",\"@id\":\"https:\/\/rolandbaldi.com\/de\/project\/bahnhofsplatz-klobenstein\/#primaryimage\",\"url\":\"https:\/\/rolandbaldi.com\/wp-content\/uploads\/2022\/04\/DR14068_73B_front.jpg\",\"contentUrl\":\"https:\/\/rolandbaldi.com\/wp-content\/uploads\/2022\/04\/DR14068_73B_front.jpg\",\"width\":1372,\"height\":1800},{\"@type\":\"WebPage\",\"@id\":\"https:\/\/rolandbaldi.com\/de\/project\/bahnhofsplatz-klobenstein\/\",\"url\":\"https:\/\/rolandbaldi.com\/de\/project\/bahnhofsplatz-klobenstein\/\",\"name\":\"Bahnhofsplatz Klobenstein | Roland Baldi\",\"isPartOf\":{\"@id\":\"https:\/\/rolandbaldi.com\/de\/#website\"},\"primaryImageOfPage\":{\"@id\":\"https:\/\/rolandbaldi.com\/de\/project\/bahnhofsplatz-klobenstein\/#primaryimage\"},\"datePublished\":\"2022-04-12T15:58:52+00:00\",\"dateModified\":\"2023-06-01T15:17:08+00:00\",\"breadcrumb\":{\"@id\":\"https:\/\/rolandbaldi.com\/de\/project\/bahnhofsplatz-klobenstein\/#breadcrumb\"},\"inLanguage\":\"de\",\"potentialAction\":[{\"@type\":\"ReadAction\",\"target\":[\"https:\/\/rolandbaldi.com\/de\/project\/bahnhofsplatz-klobenstein\/\"]}]},{\"@type\":\"BreadcrumbList\",\"@id\":\"https:\/\/rolandbaldi.com\/de\/project\/bahnhofsplatz-klobenstein\/#breadcrumb\",\"itemListElement\":[{\"@type\":\"ListItem\",\"position\":1,\"name\":\"Home\",\"item\":\"https:\/\/rolandbaldi.com\/de\/\"},{\"@type\":\"ListItem\",\"position\":2,\"name\":\"Projekte\",\"item\":\"https:\/\/rolandbaldi.com\/de\/project\/\"},{\"@type\":\"ListItem\",\"position\":3,\"name\":\"Bahnhofsplatz Klobenstein\"}]}]}<\/script>\n<!-- \/ Yoast SEO plugin. -->","yoast_head_json":{"title":"Bahnhofsplatz Klobenstein | Roland Baldi","robots":{"index":"index","follow":"follow","max-snippet":"max-snippet:-1","max-image-preview":"max-image-preview:large","max-video-preview":"max-video-preview:-1"},"canonical":"https:\/\/rolandbaldi.com\/de\/project\/bahnhofsplatz-klobenstein\/","og_locale":"de_DE","og_type":"article","og_title":"Bahnhofsplatz Klobenstein | Roland Baldi","og_description":"Bahnhofsplatz KlobensteinOrt Klobenstein Bauherr STA - S\u00fcdtiroler Transportstrukturen AGPlanung Roland Baldi ArchitectsTeam Roland Baldi Sila GiriftinogluPreis Premio Simonetta Bastelli 2022 Lobende Erw\u00e4hnungPremio Rigenera 2022 Lobende Erw\u00e4hnungIconic Award 2022 - Best of BestFertigstellung 2021Foto Oskar Da Riz&nbsp; Platz da! Roland Baldi Architects haben im Rahmen des Umbaus des Mobilit\u00e4tszentrums Klobenstein, bestehend aus Busbahnhof, Parkplatz und Pendlergarage, [&hellip;]","og_url":"https:\/\/rolandbaldi.com\/de\/project\/bahnhofsplatz-klobenstein\/","og_site_name":"Roland Baldi","article_publisher":"https:\/\/www.facebook.com\/roland.baldi.architects","article_modified_time":"2023-06-01T15:17:08+00:00","og_image":[{"width":1372,"height":1800,"url":"https:\/\/rolandbaldi.com\/wp-content\/uploads\/2022\/04\/DR14068_73B_front.jpg","type":"image\/jpeg"}],"twitter_card":"summary_large_image","twitter_misc":{"Gesch\u00e4tzte Lesezeit":"8\u00a0Minuten"},"schema":{"@context":"https:\/\/schema.org","@graph":[{"@type":"Organization","@id":"https:\/\/rolandbaldi.com\/de\/#organization","name":"Roland Baldi Architect","url":"https:\/\/rolandbaldi.com\/de\/","sameAs":["https:\/\/www.instagram.com\/rolandbaldi\/","https:\/\/www.linkedin.com\/in\/roland-baldi-b3181565\/","https:\/\/www.facebook.com\/roland.baldi.architects"],"logo":{"@type":"ImageObject","inLanguage":"de","@id":"https:\/\/rolandbaldi.com\/de\/#\/schema\/logo\/image\/","url":"https:\/\/rolandbaldi.com\/wp-content\/uploads\/2019\/07\/logo-nero.svg","contentUrl":"https:\/\/rolandbaldi.com\/wp-content\/uploads\/2019\/07\/logo-nero.svg","caption":"Roland Baldi Architect"},"image":{"@id":"https:\/\/rolandbaldi.com\/de\/#\/schema\/logo\/image\/"}},{"@type":"WebSite","@id":"https:\/\/rolandbaldi.com\/de\/#website","url":"https:\/\/rolandbaldi.com\/de\/","name":"Roland Baldi","description":"Roland Baldi architects - Bolzano\/Bozen","publisher":{"@id":"https:\/\/rolandbaldi.com\/de\/#organization"},"potentialAction":[{"@type":"SearchAction","target":{"@type":"EntryPoint","urlTemplate":"https:\/\/rolandbaldi.com\/de\/?s={search_term_string}"},"query-input":"required name=search_term_string"}],"inLanguage":"de"},{"@type":"ImageObject","inLanguage":"de","@id":"https:\/\/rolandbaldi.com\/de\/project\/bahnhofsplatz-klobenstein\/#primaryimage","url":"https:\/\/rolandbaldi.com\/wp-content\/uploads\/2022\/04\/DR14068_73B_front.jpg","contentUrl":"https:\/\/rolandbaldi.com\/wp-content\/uploads\/2022\/04\/DR14068_73B_front.jpg","width":1372,"height":1800},{"@type":"WebPage","@id":"https:\/\/rolandbaldi.com\/de\/project\/bahnhofsplatz-klobenstein\/","url":"https:\/\/rolandbaldi.com\/de\/project\/bahnhofsplatz-klobenstein\/","name":"Bahnhofsplatz Klobenstein | Roland Baldi","isPartOf":{"@id":"https:\/\/rolandbaldi.com\/de\/#website"},"primaryImageOfPage":{"@id":"https:\/\/rolandbaldi.com\/de\/project\/bahnhofsplatz-klobenstein\/#primaryimage"},"datePublished":"2022-04-12T15:58:52+00:00","dateModified":"2023-06-01T15:17:08+00:00","breadcrumb":{"@id":"https:\/\/rolandbaldi.com\/de\/project\/bahnhofsplatz-klobenstein\/#breadcrumb"},"inLanguage":"de","potentialAction":[{"@type":"ReadAction","target":["https:\/\/rolandbaldi.com\/de\/project\/bahnhofsplatz-klobenstein\/"]}]},{"@type":"BreadcrumbList","@id":"https:\/\/rolandbaldi.com\/de\/project\/bahnhofsplatz-klobenstein\/#breadcrumb","itemListElement":[{"@type":"ListItem","position":1,"name":"Home","item":"https:\/\/rolandbaldi.com\/de\/"},{"@type":"ListItem","position":2,"name":"Projekte","item":"https:\/\/rolandbaldi.com\/de\/project\/"},{"@type":"ListItem","position":3,"name":"Bahnhofsplatz Klobenstein"}]}]}},"_links":{"self":[{"href":"https:\/\/rolandbaldi.com\/de\/wp-json\/wp\/v2\/project\/5240"}],"collection":[{"href":"https:\/\/rolandbaldi.com\/de\/wp-json\/wp\/v2\/project"}],"about":[{"href":"https:\/\/rolandbaldi.com\/de\/wp-json\/wp\/v2\/types\/project"}],"author":[{"embeddable":true,"href":"https:\/\/rolandbaldi.com\/de\/wp-json\/wp\/v2\/users\/5"}],"replies":[{"embeddable":true,"href":"https:\/\/rolandbaldi.com\/de\/wp-json\/wp\/v2\/comments?post=5240"}],"version-history":[{"count":24,"href":"https:\/\/rolandbaldi.com\/de\/wp-json\/wp\/v2\/project\/5240\/revisions"}],"predecessor-version":[{"id":5746,"href":"https:\/\/rolandbaldi.com\/de\/wp-json\/wp\/v2\/project\/5240\/revisions\/5746"}],"wp:featuredmedia":[{"embeddable":true,"href":"https:\/\/rolandbaldi.com\/de\/wp-json\/wp\/v2\/media\/5269"}],"wp:attachment":[{"href":"https:\/\/rolandbaldi.com\/de\/wp-json\/wp\/v2\/media?parent=5240"}],"wp:term":[{"taxonomy":"project_category","embeddable":true,"href":"https:\/\/rolandbaldi.com\/de\/wp-json\/wp\/v2\/project_category?post=5240"},{"taxonomy":"project_tag","embeddable":true,"href":"https:\/\/rolandbaldi.com\/de\/wp-json\/wp\/v2\/project_tag?post=5240"}],"curies":[{"name":"wp","href":"https:\/\/api.w.org\/{rel}","templated":true}]}}