{"id":6177,"date":"2024-07-23T14:58:51","date_gmt":"2024-07-23T14:58:51","guid":{"rendered":"https:\/\/rolandbaldi.com\/?post_type=project&#038;p=6177"},"modified":"2025-11-20T16:37:09","modified_gmt":"2025-11-20T16:37:09","slug":"erweiterung-und-umbau-des-werkstaettentraktes-sozialzentrum-trayah-in-bruneck","status":"publish","type":"project","link":"https:\/\/rolandbaldi.com\/de\/project\/erweiterung-und-umbau-des-werkstaettentraktes-sozialzentrum-trayah-in-bruneck\/","title":{"rendered":"Erweiterung und Umbau des Werkst\u00e4ttentraktes Sozialzentrum Trayah in Bruneck"},"content":{"rendered":"<p>[et_pb_section fb_built=&#8220;1&#8243; _builder_version=&#8220;4.17.6&#8243; custom_padding=&#8220;1px||0px|||&#8220; global_colors_info=&#8220;{}&#8220;][et_pb_row admin_label=&#8220;Foto header&#8220; _builder_version=&#8220;4.17.6&#8243; background_image=&#8220;https:\/\/rolandbaldi.com\/wp-content\/uploads\/2024\/05\/DR47607B.jpg&#8220; background_position=&#8220;bottom_center&#8220; width=&#8220;100%&#8220; max_width=&#8220;2560px&#8220; height=&#8220;664px&#8220; custom_margin=&#8220;-4px|auto|0px|0px||&#8220; custom_padding=&#8220;25.4%||15.2%|||&#8220; global_colors_info=&#8220;{}&#8220;][et_pb_column type=&#8220;4_4&#8243; _builder_version=&#8220;4.16&#8243; custom_padding=&#8220;|||&#8220; global_colors_info=&#8220;{}&#8220; custom_padding__hover=&#8220;|||&#8220;][\/et_pb_column][\/et_pb_row][\/et_pb_section][et_pb_section fb_built=&#8220;1&#8243; use_custom_gutter=&#8220;on&#8220; gutter_width=&#8220;1&#8243; specialty=&#8220;on&#8220; custom_css_main_1=&#8220;z-index: 999;&#8220; custom_css_main_2=&#8220;z-index: 9;&#8220; _builder_version=&#8220;4.16&#8243; width=&#8220;100%&#8220; width_tablet=&#8220;100%&#8220; width_phone=&#8220;&#8220; width_last_edited=&#8220;on|tablet&#8220; max_width=&#8220;3000px&#8220; custom_padding=&#8220;0px||0px|0px||&#8220; global_colors_info=&#8220;{}&#8220;][et_pb_column type=&#8220;1_4&#8243; _builder_version=&#8220;4.16&#8243; custom_padding=&#8220;|||&#8220; global_colors_info=&#8220;{}&#8220; custom_padding__hover=&#8220;|||&#8220;][et_pb_image src=&#8220;https:\/\/rolandbaldi.com\/wp-content\/uploads\/2024\/05\/1250-x-1260-px.jpg&#8220; title_text=&#8220;1250 x 1260 px&#8220; align_tablet=&#8220;center&#8220; align_phone=&#8220;&#8220; align_last_edited=&#8220;on|desktop&#8220; _builder_version=&#8220;4.17.6&#8243; width_tablet=&#8220;&#8220; width_phone=&#8220;100%&#8220; width_last_edited=&#8220;on|tablet&#8220; custom_margin=&#8220;92px|-99%||-35%||&#8220; custom_margin_tablet=&#8220;|-101%||0%&#8220; custom_margin_phone=&#8220;57px||&#8220; custom_margin_last_edited=&#8220;on|phone&#8220; custom_padding=&#8220;0px|0px|0px|0px&#8220; custom_padding_tablet=&#8220;0px|0px|0px|0%||&#8220; custom_padding_phone=&#8220;&#8220; custom_padding_last_edited=&#8220;on|tablet&#8220; box_shadow_style=&#8220;preset4&#8243; box_shadow_horizontal=&#8220;-180px&#8220; box_shadow_vertical=&#8220;-140px&#8220; box_shadow_spread=&#8220;80px&#8220; box_shadow_color=&#8220;#161923&#8243; global_colors_info=&#8220;{}&#8220;][\/et_pb_image][\/et_pb_column][et_pb_column type=&#8220;1_4&#8243; _builder_version=&#8220;4.16&#8243; custom_padding=&#8220;|||&#8220; global_colors_info=&#8220;{}&#8220; custom_padding__hover=&#8220;|||&#8220;][\/et_pb_column][et_pb_column type=&#8220;1_2&#8243; specialty_columns=&#8220;2&#8243; _builder_version=&#8220;4.16&#8243; custom_padding=&#8220;|||&#8220; global_colors_info=&#8220;{}&#8220; custom_padding__hover=&#8220;|||&#8220;][et_pb_row_inner _builder_version=&#8220;4.17.6&#8243; custom_margin=&#8220;16%|||17%&#8220; custom_margin_tablet=&#8220;|||0%&#8220; custom_margin_phone=&#8220;&#8220; custom_margin_last_edited=&#8220;on|desktop&#8220; global_colors_info=&#8220;{}&#8220;][et_pb_column_inner saved_specialty_column_type=&#8220;1_2&#8243; _builder_version=&#8220;4.16&#8243; custom_padding=&#8220;|||&#8220; global_colors_info=&#8220;{}&#8220; custom_padding__hover=&#8220;|||&#8220;][et_pb_text admin_label=&#8220;Titolo progetto&#8220; _builder_version=&#8220;4.17.6&#8243; header_font=&#8220;helvetica-light|100|||||||&#8220; header_font_size=&#8220;42px&#8220; custom_padding=&#8220;2px|||||&#8220; global_colors_info=&#8220;{}&#8220;]<\/p>\n<h1>Erweiterung und Umbau des Werkst\u00e4ttentraktes Sozialzentrum Trayah in Bruneck<\/h1>\n<p>[\/et_pb_text][et_pb_divider admin_label=&#8220;Filetto divisore&#8220; _builder_version=&#8220;4.16&#8243; custom_margin=&#8220;28px||0px&#8220; global_colors_info=&#8220;{}&#8220;][\/et_pb_divider][\/et_pb_column_inner][\/et_pb_row_inner][et_pb_row_inner column_structure=&#8220;1_3,1_3,1_3&#8243; use_custom_gutter=&#8220;on&#8220; _builder_version=&#8220;4.16&#8243; custom_margin=&#8220;|||17%&#8220; custom_margin_tablet=&#8220;|||0%&#8220; custom_margin_phone=&#8220;||0px||false|false&#8220; custom_margin_last_edited=&#8220;on|phone&#8220; custom_padding=&#8220;0%||0px||false|false&#8220; global_colors_info=&#8220;{}&#8220;][et_pb_column_inner type=&#8220;1_3&#8243; saved_specialty_column_type=&#8220;1_2&#8243; _builder_version=&#8220;4.16&#8243; custom_padding=&#8220;|||&#8220; global_colors_info=&#8220;{}&#8220; custom_padding__hover=&#8220;|||&#8220;][et_pb_text admin_label=&#8220;luogo&#8220; _builder_version=&#8220;4.16&#8243; text_font=&#8220;helvetica-light|300|||||||&#8220; header_font=&#8220;helvetica-light|100|||||||&#8220; header_font_size=&#8220;36px&#8220; header_6_font=&#8220;helvetica-light|700|||||||&#8220; header_6_line_height=&#8220;1.2em&#8220; global_colors_info=&#8220;{}&#8220;]<\/p>\n<p class=\"p1\">Ort<\/p>\n<h6 class=\"p1\">Bruneck<\/h6>\n<p>[\/et_pb_text][\/et_pb_column_inner][et_pb_column_inner type=&#8220;1_3&#8243; saved_specialty_column_type=&#8220;1_2&#8243; _builder_version=&#8220;4.16&#8243; custom_padding=&#8220;|||&#8220; global_colors_info=&#8220;{}&#8220; custom_padding__hover=&#8220;|||&#8220;][et_pb_text admin_label=&#8220;committente&#8220; _builder_version=&#8220;4.16&#8243; text_font=&#8220;helvetica-light|300|||||||&#8220; header_font=&#8220;helvetica-light|100|||||||&#8220; header_font_size=&#8220;36px&#8220; header_6_font=&#8220;helvetica-light|700|||||||&#8220; header_6_line_height=&#8220;1.2em&#8220; global_colors_info=&#8220;{}&#8220;]<\/p>\n<p class=\"p1\">Bauherr<\/p>\n<h6 class=\"p1\">Autonome Provinz Bozen S\u00fcdtirol<\/h6>\n<p>[\/et_pb_text][\/et_pb_column_inner][et_pb_column_inner type=&#8220;1_3&#8243; saved_specialty_column_type=&#8220;1_2&#8243; _builder_version=&#8220;4.16&#8243; custom_padding=&#8220;|||&#8220; global_colors_info=&#8220;{}&#8220; custom_padding__hover=&#8220;|||&#8220;][et_pb_text admin_label=&#8220;progettazione&#8220; _builder_version=&#8220;4.17.6&#8243; text_font=&#8220;helvetica-light|300|||||||&#8220; header_font=&#8220;Roboto|100|||||||&#8220; header_font_size=&#8220;36px&#8220; header_6_font=&#8220;helvetica-light|700|||||||&#8220; header_6_line_height=&#8220;1.2em&#8220; global_colors_info=&#8220;{}&#8220;]<\/p>\n<p class=\"p1\">Planung<\/p>\n<h6 class=\"p1\">Roland Baldi Architects <br \/>WN Architects <br \/>Arch. Marlene Roner<\/h6>\n<p>[\/et_pb_text][\/et_pb_column_inner][\/et_pb_row_inner][et_pb_row_inner column_structure=&#8220;1_3,1_3,1_3&#8243; use_custom_gutter=&#8220;on&#8220; _builder_version=&#8220;4.17.6&#8243; min_height=&#8220;141.2px&#8220; custom_margin=&#8220;|-14px||17%||&#8220; custom_margin_tablet=&#8220;|||0%&#8220; custom_margin_phone=&#8220;||0%||false|false&#8220; custom_margin_last_edited=&#8220;on|desktop&#8220; custom_padding=&#8220;0%||0%||false|false&#8220; global_colors_info=&#8220;{}&#8220;][et_pb_column_inner type=&#8220;1_3&#8243; saved_specialty_column_type=&#8220;1_2&#8243; _builder_version=&#8220;4.16&#8243; custom_padding=&#8220;|||&#8220; global_colors_info=&#8220;{}&#8220; custom_padding__hover=&#8220;|||&#8220;][et_pb_text admin_label=&#8220;collaboratori&#8220; _builder_version=&#8220;4.17.6&#8243; text_font=&#8220;helvetica-light|300|||||||&#8220; header_font=&#8220;Roboto|100|||||||&#8220; header_font_size=&#8220;36px&#8220; header_6_font=&#8220;helvetica-light|700|||||||&#8220; header_6_line_height=&#8220;1.2em&#8220; width=&#8220;100%&#8220; min_height=&#8220;211.6px&#8220; custom_padding=&#8220;|0px||||&#8220; global_colors_info=&#8220;{}&#8220;]<\/p>\n<p class=\"p1\">Team<\/p>\n<h6 class=\"p1\">Roland Baldi\u00a0 \u00a0 <br \/>Martin Willeit\u00a0 <br \/>Johannes Niederst\u00e4tter<br \/>Harald Kofler<br \/>Carlo Scolari<br \/>Sila Giriftinoglu <br \/>Mattia Michieletto<\/h6>\n<p>[\/et_pb_text][et_pb_text admin_label=&#8220;ultimazione&#8220; _builder_version=&#8220;4.17.6&#8243; text_font=&#8220;helvetica-light|300|||||||&#8220; header_font=&#8220;Roboto|100|||||||&#8220; header_font_size=&#8220;36px&#8220; header_6_font=&#8220;helvetica-light|700|||||||&#8220; header_6_line_height=&#8220;1.2em&#8220; global_colors_info=&#8220;{}&#8220;]<\/p>\n<p class=\"p1\">Foto<\/p>\n<h6 class=\"p1\">Oskar Da Riz<\/h6>\n<p>[\/et_pb_text][\/et_pb_column_inner][et_pb_column_inner type=&#8220;1_3&#8243; saved_specialty_column_type=&#8220;1_2&#8243; _builder_version=&#8220;4.16&#8243; custom_padding=&#8220;|||&#8220; global_colors_info=&#8220;{}&#8220; custom_padding__hover=&#8220;|||&#8220;][et_pb_text admin_label=&#8220;ultimazione&#8220; _builder_version=&#8220;4.16&#8243; text_font=&#8220;helvetica-light|300|||||||&#8220; header_font=&#8220;Roboto|100|||||||&#8220; header_font_size=&#8220;36px&#8220; header_6_font=&#8220;helvetica-light|700|||||||&#8220; header_6_line_height=&#8220;1.2em&#8220; global_colors_info=&#8220;{}&#8220;]<\/p>\n<p class=\"p1\">Wettbewerb<\/p>\n<h6 class=\"p1\">2013<\/h6>\n<p>[\/et_pb_text][\/et_pb_column_inner][et_pb_column_inner type=&#8220;1_3&#8243; saved_specialty_column_type=&#8220;1_2&#8243; _builder_version=&#8220;4.16&#8243; custom_padding=&#8220;|||&#8220; global_colors_info=&#8220;{}&#8220; custom_padding__hover=&#8220;|||&#8220;][et_pb_text admin_label=&#8220;ultimazione&#8220; _builder_version=&#8220;4.17.6&#8243; text_font=&#8220;helvetica-light|300|||||||&#8220; header_font=&#8220;Roboto|100|||||||&#8220; header_font_size=&#8220;36px&#8220; header_6_font=&#8220;helvetica-light|700|||||||&#8220; header_6_line_height=&#8220;1.2em&#8220; global_colors_info=&#8220;{}&#8220;]<\/p>\n<p class=\"p1\">Fertigstellung<\/p>\n<h6 class=\"p1\">2024<\/h6>\n<p>[\/et_pb_text][et_pb_text disabled_on=&#8220;on|off|off&#8220; admin_label=&#8220;concorso&#8220; _builder_version=&#8220;4.16&#8243; text_font=&#8220;helvetica-light|300|||||||&#8220; header_font=&#8220;Roboto|100|||||||&#8220; header_font_size=&#8220;36px&#8220; header_6_font=&#8220;helvetica-light|700|||||||&#8220; header_6_line_height=&#8220;1.2em&#8220; global_colors_info=&#8220;{}&#8220;][\/et_pb_text][\/et_pb_column_inner][\/et_pb_row_inner][et_pb_row_inner _builder_version=&#8220;4.16&#8243; global_colors_info=&#8220;{}&#8220;][et_pb_column_inner saved_specialty_column_type=&#8220;1_2&#8243; _builder_version=&#8220;4.16&#8243; custom_padding=&#8220;|||&#8220; global_colors_info=&#8220;{}&#8220; custom_padding__hover=&#8220;|||&#8220;][et_pb_text admin_label=&#8220;testo descrittivo&#8220; _builder_version=&#8220;4.16&#8243; text_font=&#8220;helvetica-light|300|||||||&#8220; text_line_height=&#8220;1.4em&#8220; custom_margin=&#8220;0px|0px||17%||&#8220; custom_margin_tablet=&#8220;|||0%&#8220; custom_margin_phone=&#8220;&#8220; custom_margin_last_edited=&#8220;on|desktop&#8220; global_colors_info=&#8220;{}&#8220;]<\/p>\n<p><strong>Bed\u00fcrfnisorientiert sch\u00f6ner Werken<\/strong><\/p>\n<p>Der Werkst\u00e4ttentrakt des Sozialzentrums Trayah in Bruneck sollte umgebaut und erweitert werden. Wir haben das bestehende Geb\u00e4ude bis zur Oberkante der Erdgeschossdecke abgebrochen und um zwei neue Geschosse erweitert. Das neue Volumen wurde in Leicht- bzw. Holzbauweise im Klimahaus-Standard A realisiert, das leicht modifizierte und verdrehte Walmdach greift die Sprache des Bestandes auf und verbindet ihn. Die umlaufenden, teilweise \u00fcber Eck verlaufenden Fensterb\u00e4nder, die einheitliche \u00e4u\u00dfere Textur der Fassade sowie die au\u00dfenliegende Treppe verleihen dem neuen Werkst\u00e4ttentrakt eine von weitem ablesbare Identit\u00e4t.\u00a0 \u00a0 Da in den Arbeits- und Therapier\u00e4umen vielf\u00e4ltige T\u00e4tigkeiten ausgef\u00fchrt werden, und die Nutzer:innen besondere Bed\u00fcrfnisse haben, wurde auch auf die Innenausstattung besonderer Wert gelegt. So ist eine attraktive und moderne Arbeitsst\u00e4tte entstanden, in der Menschen mit Beeintr\u00e4chtigung ab sofort bed\u00fcrfnisorientiert sch\u00f6ner Werken.<\/p>\n<p class=\"p1\"><span class=\"s1\"><span class=\"tlid-translation translation\" lang=\"it\">\u00a0<\/span><\/span><\/p>\n<p>[\/et_pb_text][\/et_pb_column_inner][\/et_pb_row_inner][\/et_pb_column][\/et_pb_section][et_pb_section fb_built=&#8220;1&#8243; custom_padding_last_edited=&#8220;on|tablet&#8220; _builder_version=&#8220;4.16&#8243; background_color=&#8220;#ffffff&#8220; custom_margin=&#8220;||-30px|||&#8220; custom_padding=&#8220;||1px|||&#8220; custom_padding_tablet=&#8220;&#8220; custom_padding_phone=&#8220;||0px||false|false&#8220; global_colors_info=&#8220;{}&#8220;][et_pb_row column_structure=&#8220;1_4,1_4,1_4,1_4&#8243; use_custom_gutter=&#8220;on&#8220; gutter_width=&#8220;2&#8243; custom_padding_last_edited=&#8220;on|desktop&#8220; _builder_version=&#8220;4.16&#8243; max_width=&#8220;100%&#8220; custom_padding=&#8220;||80px|||&#8220; custom_padding_tablet=&#8220;||0px&#8220; custom_padding_phone=&#8220;&#8220; global_colors_info=&#8220;{}&#8220;][et_pb_column type=&#8220;1_4&#8243; _builder_version=&#8220;4.16&#8243; custom_padding=&#8220;|||&#8220; global_colors_info=&#8220;{}&#8220; custom_padding__hover=&#8220;|||&#8220;][et_pb_image src=&#8220;https:\/\/rolandbaldi.com\/wp-content\/uploads\/2024\/05\/06_TRAYA-ARREDO-ERDGESCHOSS-NO-TEXT.jpg&#8220; title_text=&#8220;06_TRAYA ARREDO-ERDGESCHOSS NO TEXT&#8220; align_tablet=&#8220;center&#8220; align_phone=&#8220;&#8220; align_last_edited=&#8220;on|desktop&#8220; admin_label=&#8220;CAD 1&#8243; _builder_version=&#8220;4.17.6&#8243; custom_padding_tablet=&#8220;|15px||&#8220; custom_padding_phone=&#8220;|0px||&#8220; custom_padding_last_edited=&#8220;on|desktop&#8220; global_colors_info=&#8220;{}&#8220; width__hover=&#8220;100%&#8220;][\/et_pb_image][et_pb_image src=&#8220;https:\/\/rolandbaldi.com\/wp-content\/uploads\/2024\/05\/09_SECTION-A-scaled.jpg&#8220; title_text=&#8220;09_SECTION A&#8220; align_tablet=&#8220;center&#8220; align_phone=&#8220;&#8220; align_last_edited=&#8220;on|desktop&#8220; admin_label=&#8220;CAD 1&#8243; _builder_version=&#8220;4.17.6&#8243; custom_padding_tablet=&#8220;|15px||&#8220; custom_padding_phone=&#8220;|0px||&#8220; custom_padding_last_edited=&#8220;on|desktop&#8220; global_colors_info=&#8220;{}&#8220; width__hover=&#8220;100%&#8220;][\/et_pb_image][\/et_pb_column][et_pb_column type=&#8220;1_4&#8243; _builder_version=&#8220;4.16&#8243; custom_padding=&#8220;|||&#8220; global_colors_info=&#8220;{}&#8220; custom_padding__hover=&#8220;|||&#8220;][et_pb_image src=&#8220;https:\/\/rolandbaldi.com\/wp-content\/uploads\/2024\/05\/07_TRAYA-ARREDO-OBERGESHCOSS-NO-TEXT-scaled.jpg&#8220; title_text=&#8220;07_TRAYA ARREDO-OBERGESHCOSS NO TEXT&#8220; align_tablet=&#8220;center&#8220; align_phone=&#8220;&#8220; align_last_edited=&#8220;on|desktop&#8220; admin_label=&#8220;CAD 2&#8243; _builder_version=&#8220;4.17.6&#8243; custom_margin=&#8220;||3px||false|false&#8220; custom_padding=&#8220;|||9px|false|false&#8220; custom_padding_tablet=&#8220;|||15px&#8220; custom_padding_phone=&#8220;|||0px&#8220; custom_padding_last_edited=&#8220;on|desktop&#8220; global_colors_info=&#8220;{}&#8220;][\/et_pb_image][et_pb_image src=&#8220;https:\/\/rolandbaldi.com\/wp-content\/uploads\/2024\/05\/13_SECTION-CONFRONTO-scaled.jpg&#8220; title_text=&#8220;13_SECTION (CONFRONTO)&#8220; align_tablet=&#8220;center&#8220; align_phone=&#8220;&#8220; align_last_edited=&#8220;on|desktop&#8220; admin_label=&#8220;CAD 2&#8243; _builder_version=&#8220;4.17.6&#8243; custom_margin=&#8220;||3px||false|false&#8220; custom_padding=&#8220;|||9px|false|false&#8220; custom_padding_tablet=&#8220;|||15px&#8220; custom_padding_phone=&#8220;|||0px&#8220; custom_padding_last_edited=&#8220;on|desktop&#8220; global_colors_info=&#8220;{}&#8220;][\/et_pb_image][\/et_pb_column][et_pb_column type=&#8220;1_4&#8243; _builder_version=&#8220;4.16&#8243; custom_padding=&#8220;|||&#8220; global_colors_info=&#8220;{}&#8220; custom_padding__hover=&#8220;|||&#8220;][et_pb_image src=&#8220;https:\/\/rolandbaldi.com\/wp-content\/uploads\/2024\/05\/08_TRAYA-ARREDO-DACCHGESCHOSS-NO-TEXT-scaled.jpg&#8220; title_text=&#8220;08_TRAYA ARREDO-DACCHGESCHOSS NO TEXT&#8220; align_tablet=&#8220;center&#8220; align_phone=&#8220;&#8220; align_last_edited=&#8220;on|desktop&#8220; admin_label=&#8220;CAD 2&#8243; _builder_version=&#8220;4.17.6&#8243; custom_padding_tablet=&#8220;|||15px&#8220; custom_padding_phone=&#8220;|||0px&#8220; custom_padding_last_edited=&#8220;on|desktop&#8220; global_colors_info=&#8220;{}&#8220;][\/et_pb_image][\/et_pb_column][et_pb_column type=&#8220;1_4&#8243; _builder_version=&#8220;4.16&#8243; custom_padding=&#8220;|||&#8220; global_colors_info=&#8220;{}&#8220; custom_padding__hover=&#8220;|||&#8220;][\/et_pb_column][\/et_pb_row][et_pb_row custom_padding_last_edited=&#8220;on|phone&#8220; _builder_version=&#8220;4.16&#8243; width=&#8220;100%&#8220; max_width=&#8220;100%&#8220; custom_padding=&#8220;0px|10%||0px|false|false&#8220; custom_padding_tablet=&#8220;&#8220; custom_padding_phone=&#8220;0px|0%||0px|false|false&#8220; global_colors_info=&#8220;{}&#8220;][et_pb_column type=&#8220;4_4&#8243; _builder_version=&#8220;4.16&#8243; global_colors_info=&#8220;{}&#8220;][et_pb_image title_text=&#8220;_DR47816B&#8220; align_tablet=&#8220;center&#8220; align_phone=&#8220;&#8220; align_last_edited=&#8220;on|desktop&#8220; _builder_version=&#8220;4.17.6&#8243; background_image=&#8220;https:\/\/rolandbaldi.com\/wp-content\/uploads\/2024\/07\/DR47816B.jpg&#8220; custom_margin_tablet=&#8220;10px||&#8220; custom_margin_phone=&#8220;&#8220; custom_margin_last_edited=&#8220;on|tablet&#8220; custom_padding=&#8220;50%||10%&#8220; global_colors_info=&#8220;{}&#8220;][\/et_pb_image][\/et_pb_column][\/et_pb_row][et_pb_row column_structure=&#8220;1_2,1_2&#8243; custom_padding_last_edited=&#8220;on|phone&#8220; _builder_version=&#8220;4.16&#8243; width=&#8220;100%&#8220; max_width=&#8220;100%&#8220; custom_padding=&#8220;69px|||10%|false|false&#8220; custom_padding_tablet=&#8220;&#8220; custom_padding_phone=&#8220;0px|||0%|false|false&#8220; global_colors_info=&#8220;{}&#8220;][et_pb_column type=&#8220;1_2&#8243; _builder_version=&#8220;4.16&#8243; global_colors_info=&#8220;{}&#8220;][et_pb_image title_text=&#8220;_DR47838B 1200px&#8220; align_tablet=&#8220;center&#8220; align_phone=&#8220;&#8220; align_last_edited=&#8220;on|desktop&#8220; _builder_version=&#8220;4.17.6&#8243; background_image=&#8220;https:\/\/rolandbaldi.com\/wp-content\/uploads\/2024\/07\/DR47838B-1200px.jpg&#8220; background_position=&#8220;bottom_center&#8220; custom_margin_tablet=&#8220;10px||&#8220; custom_margin_phone=&#8220;&#8220; custom_margin_last_edited=&#8220;on|tablet&#8220; custom_padding=&#8220;50%||10%&#8220; global_colors_info=&#8220;{}&#8220;][\/et_pb_image][\/et_pb_column][et_pb_column type=&#8220;1_2&#8243; _builder_version=&#8220;4.16&#8243; global_colors_info=&#8220;{}&#8220;][et_pb_image title_text=&#8220;_DR47363B&#8220; align_tablet=&#8220;center&#8220; align_phone=&#8220;&#8220; align_last_edited=&#8220;on|desktop&#8220; _builder_version=&#8220;4.17.6&#8243; background_image=&#8220;https:\/\/rolandbaldi.com\/wp-content\/uploads\/2024\/07\/DR47363B.jpg&#8220; custom_margin=&#8220;1px|||||&#8220; custom_margin_tablet=&#8220;10px||&#8220; custom_margin_phone=&#8220;&#8220; custom_margin_last_edited=&#8220;on|tablet&#8220; custom_padding=&#8220;50%||10%|3px|false|false&#8220; global_colors_info=&#8220;{}&#8220;][\/et_pb_image][\/et_pb_column][\/et_pb_row][et_pb_row admin_label=&#8220;Immagine fullwidth&#8220; _builder_version=&#8220;4.17.6&#8243; background_image=&#8220;https:\/\/rolandbaldi.com\/wp-content\/uploads\/2024\/07\/DR47458B.jpg&#8220; parallax=&#8220;on&#8220; max_width=&#8220;2560px&#8220; module_alignment=&#8220;center&#8220; custom_margin=&#8220;80px|auto|80px|||&#8220; custom_margin_tablet=&#8220;40px|||10%&#8220; custom_margin_phone=&#8220;&#8220; custom_margin_last_edited=&#8220;on|tablet&#8220; custom_padding=&#8220;50%|0px|0px||false|false&#8220; global_colors_info=&#8220;{}&#8220;][et_pb_column type=&#8220;4_4&#8243; _builder_version=&#8220;4.16&#8243; custom_padding=&#8220;|||&#8220; global_colors_info=&#8220;{}&#8220; custom_padding__hover=&#8220;|||&#8220;][\/et_pb_column][\/et_pb_row][et_pb_row column_structure=&#8220;1_2,1_2&#8243; custom_padding_last_edited=&#8220;on|tablet&#8220; _builder_version=&#8220;4.16&#8243; width=&#8220;100%&#8220; max_width=&#8220;100%&#8220; custom_padding=&#8220;0px|10%|86px|0px|false|false&#8220; custom_padding_tablet=&#8220;&#8220; custom_padding_phone=&#8220;|0%|0px||false|false&#8220; global_colors_info=&#8220;{}&#8220;][et_pb_column type=&#8220;1_2&#8243; _builder_version=&#8220;4.16&#8243; global_colors_info=&#8220;{}&#8220;][et_pb_image title_text=&#8220;A1_2500 px&#8220; align_tablet=&#8220;center&#8220; align_phone=&#8220;&#8220; align_last_edited=&#8220;on|desktop&#8220; _builder_version=&#8220;4.17.6&#8243; background_image=&#8220;https:\/\/rolandbaldi.com\/wp-content\/uploads\/2024\/05\/A1_2500-px.jpg&#8220; background_position=&#8220;bottom_center&#8220; custom_margin_tablet=&#8220;10px||&#8220; custom_margin_phone=&#8220;&#8220; custom_margin_last_edited=&#8220;on|tablet&#8220; custom_padding=&#8220;50%||10%&#8220; global_colors_info=&#8220;{}&#8220;][\/et_pb_image][\/et_pb_column][et_pb_column type=&#8220;1_2&#8243; _builder_version=&#8220;4.16&#8243; global_colors_info=&#8220;{}&#8220;][et_pb_image title_text=&#8220;_DR47468B&#8220; align_tablet=&#8220;center&#8220; align_phone=&#8220;&#8220; align_last_edited=&#8220;on|desktop&#8220; _builder_version=&#8220;4.17.6&#8243; background_image=&#8220;https:\/\/rolandbaldi.com\/wp-content\/uploads\/2024\/07\/DR47468B.jpg&#8220; custom_margin=&#8220;1px|||||&#8220; custom_margin_tablet=&#8220;10px||&#8220; custom_margin_phone=&#8220;&#8220; custom_margin_last_edited=&#8220;on|tablet&#8220; custom_padding=&#8220;50%||10%|3px|false|false&#8220; global_colors_info=&#8220;{}&#8220;][\/et_pb_image][\/et_pb_column][\/et_pb_row][\/et_pb_section]<\/p>\n","protected":false},"excerpt":{"rendered":"<p>Erweiterung und Umbau des Werkst\u00e4ttentraktes Sozialzentrum Trayah in BruneckOrt BruneckBauherr Autonome Provinz Bozen S\u00fcdtirolPlanung Roland Baldi Architects WN Architects Arch. Marlene RonerTeam Roland Baldi\u00a0 \u00a0 Martin Willeit\u00a0 Johannes Niederst\u00e4tterHarald KoflerCarlo ScolariSila Giriftinoglu Mattia MichielettoFoto Oskar Da RizWettbewerb 2013Fertigstellung 2024Bed\u00fcrfnisorientiert sch\u00f6ner Werken Der Werkst\u00e4ttentrakt des Sozialzentrums Trayah in Bruneck sollte umgebaut und erweitert werden. Wir haben [&hellip;]<\/p>\n","protected":false},"author":5,"featured_media":6122,"comment_status":"open","ping_status":"closed","template":"","meta":{"_et_pb_use_builder":"on","_et_pb_old_content":"<!-- wp:divi\/placeholder \/-->","_et_gb_content_width":"","inline_featured_image":false},"project_category":[],"project_tag":[],"yoast_head":"<!-- This site is optimized with the Yoast SEO plugin v19.3 - https:\/\/yoast.com\/wordpress\/plugins\/seo\/ -->\n<title>Erweiterung und Umbau des Werkst\u00e4ttentraktes Sozialzentrum Trayah in Bruneck | Roland Baldi<\/title>\n<meta name=\"robots\" content=\"index, follow, max-snippet:-1, max-image-preview:large, max-video-preview:-1\" \/>\n<link rel=\"canonical\" href=\"https:\/\/rolandbaldi.com\/de\/project\/erweiterung-und-umbau-des-werkstaettentraktes-sozialzentrum-trayah-in-bruneck\/\" \/>\n<meta property=\"og:locale\" content=\"de_DE\" \/>\n<meta property=\"og:type\" content=\"article\" \/>\n<meta property=\"og:title\" content=\"Erweiterung und Umbau des Werkst\u00e4ttentraktes Sozialzentrum Trayah in Bruneck | Roland Baldi\" \/>\n<meta property=\"og:description\" content=\"Erweiterung und Umbau des Werkst\u00e4ttentraktes Sozialzentrum Trayah in BruneckOrt BruneckBauherr Autonome Provinz Bozen S\u00fcdtirolPlanung Roland Baldi Architects WN Architects Arch. Marlene RonerTeam Roland Baldi\u00a0 \u00a0 Martin Willeit\u00a0 Johannes Niederst\u00e4tterHarald KoflerCarlo ScolariSila Giriftinoglu Mattia MichielettoFoto Oskar Da RizWettbewerb 2013Fertigstellung 2024Bed\u00fcrfnisorientiert sch\u00f6ner Werken Der Werkst\u00e4ttentrakt des Sozialzentrums Trayah in Bruneck sollte umgebaut und erweitert werden. Wir haben [&hellip;]\" \/>\n<meta property=\"og:url\" content=\"https:\/\/rolandbaldi.com\/de\/project\/erweiterung-und-umbau-des-werkstaettentraktes-sozialzentrum-trayah-in-bruneck\/\" \/>\n<meta property=\"og:site_name\" content=\"Roland Baldi\" \/>\n<meta property=\"article:publisher\" content=\"https:\/\/www.facebook.com\/roland.baldi.architects\" \/>\n<meta property=\"article:modified_time\" content=\"2025-11-20T16:37:09+00:00\" \/>\n<meta property=\"og:image\" content=\"https:\/\/rolandbaldi.com\/wp-content\/uploads\/2024\/05\/DR47607B.jpg\" \/>\n\t<meta property=\"og:image:width\" content=\"2000\" \/>\n\t<meta property=\"og:image:height\" content=\"1381\" \/>\n\t<meta property=\"og:image:type\" content=\"image\/jpeg\" \/>\n<meta name=\"twitter:card\" content=\"summary_large_image\" \/>\n<meta name=\"twitter:label1\" content=\"Gesch\u00e4tzte Lesezeit\" \/>\n\t<meta name=\"twitter:data1\" content=\"4\u00a0Minuten\" \/>\n<script type=\"application\/ld+json\" class=\"yoast-schema-graph\">{\"@context\":\"https:\/\/schema.org\",\"@graph\":[{\"@type\":\"Organization\",\"@id\":\"https:\/\/rolandbaldi.com\/de\/#organization\",\"name\":\"Roland Baldi Architect\",\"url\":\"https:\/\/rolandbaldi.com\/de\/\",\"sameAs\":[\"https:\/\/www.instagram.com\/rolandbaldi\/\",\"https:\/\/www.linkedin.com\/in\/roland-baldi-b3181565\/\",\"https:\/\/www.facebook.com\/roland.baldi.architects\"],\"logo\":{\"@type\":\"ImageObject\",\"inLanguage\":\"de\",\"@id\":\"https:\/\/rolandbaldi.com\/de\/#\/schema\/logo\/image\/\",\"url\":\"https:\/\/rolandbaldi.com\/wp-content\/uploads\/2019\/07\/logo-nero.svg\",\"contentUrl\":\"https:\/\/rolandbaldi.com\/wp-content\/uploads\/2019\/07\/logo-nero.svg\",\"caption\":\"Roland Baldi Architect\"},\"image\":{\"@id\":\"https:\/\/rolandbaldi.com\/de\/#\/schema\/logo\/image\/\"}},{\"@type\":\"WebSite\",\"@id\":\"https:\/\/rolandbaldi.com\/de\/#website\",\"url\":\"https:\/\/rolandbaldi.com\/de\/\",\"name\":\"Roland Baldi\",\"description\":\"Roland Baldi architects - Bolzano\/Bozen\",\"publisher\":{\"@id\":\"https:\/\/rolandbaldi.com\/de\/#organization\"},\"potentialAction\":[{\"@type\":\"SearchAction\",\"target\":{\"@type\":\"EntryPoint\",\"urlTemplate\":\"https:\/\/rolandbaldi.com\/de\/?s={search_term_string}\"},\"query-input\":\"required name=search_term_string\"}],\"inLanguage\":\"de\"},{\"@type\":\"ImageObject\",\"inLanguage\":\"de\",\"@id\":\"https:\/\/rolandbaldi.com\/de\/project\/erweiterung-und-umbau-des-werkstaettentraktes-sozialzentrum-trayah-in-bruneck\/#primaryimage\",\"url\":\"https:\/\/rolandbaldi.com\/wp-content\/uploads\/2024\/05\/DR47607B.jpg\",\"contentUrl\":\"https:\/\/rolandbaldi.com\/wp-content\/uploads\/2024\/05\/DR47607B.jpg\",\"width\":2000,\"height\":1381},{\"@type\":\"WebPage\",\"@id\":\"https:\/\/rolandbaldi.com\/de\/project\/erweiterung-und-umbau-des-werkstaettentraktes-sozialzentrum-trayah-in-bruneck\/\",\"url\":\"https:\/\/rolandbaldi.com\/de\/project\/erweiterung-und-umbau-des-werkstaettentraktes-sozialzentrum-trayah-in-bruneck\/\",\"name\":\"Erweiterung und Umbau des Werkst\u00e4ttentraktes Sozialzentrum Trayah in Bruneck | Roland Baldi\",\"isPartOf\":{\"@id\":\"https:\/\/rolandbaldi.com\/de\/#website\"},\"primaryImageOfPage\":{\"@id\":\"https:\/\/rolandbaldi.com\/de\/project\/erweiterung-und-umbau-des-werkstaettentraktes-sozialzentrum-trayah-in-bruneck\/#primaryimage\"},\"datePublished\":\"2024-07-23T14:58:51+00:00\",\"dateModified\":\"2025-11-20T16:37:09+00:00\",\"breadcrumb\":{\"@id\":\"https:\/\/rolandbaldi.com\/de\/project\/erweiterung-und-umbau-des-werkstaettentraktes-sozialzentrum-trayah-in-bruneck\/#breadcrumb\"},\"inLanguage\":\"de\",\"potentialAction\":[{\"@type\":\"ReadAction\",\"target\":[\"https:\/\/rolandbaldi.com\/de\/project\/erweiterung-und-umbau-des-werkstaettentraktes-sozialzentrum-trayah-in-bruneck\/\"]}]},{\"@type\":\"BreadcrumbList\",\"@id\":\"https:\/\/rolandbaldi.com\/de\/project\/erweiterung-und-umbau-des-werkstaettentraktes-sozialzentrum-trayah-in-bruneck\/#breadcrumb\",\"itemListElement\":[{\"@type\":\"ListItem\",\"position\":1,\"name\":\"Home\",\"item\":\"https:\/\/rolandbaldi.com\/de\/\"},{\"@type\":\"ListItem\",\"position\":2,\"name\":\"Projekte\",\"item\":\"https:\/\/rolandbaldi.com\/de\/project\/\"},{\"@type\":\"ListItem\",\"position\":3,\"name\":\"Erweiterung und Umbau des Werkst\u00e4ttentraktes Sozialzentrum Trayah in Bruneck\"}]}]}<\/script>\n<!-- \/ Yoast SEO plugin. -->","yoast_head_json":{"title":"Erweiterung und Umbau des Werkst\u00e4ttentraktes Sozialzentrum Trayah in Bruneck | Roland Baldi","robots":{"index":"index","follow":"follow","max-snippet":"max-snippet:-1","max-image-preview":"max-image-preview:large","max-video-preview":"max-video-preview:-1"},"canonical":"https:\/\/rolandbaldi.com\/de\/project\/erweiterung-und-umbau-des-werkstaettentraktes-sozialzentrum-trayah-in-bruneck\/","og_locale":"de_DE","og_type":"article","og_title":"Erweiterung und Umbau des Werkst\u00e4ttentraktes Sozialzentrum Trayah in Bruneck | Roland Baldi","og_description":"Erweiterung und Umbau des Werkst\u00e4ttentraktes Sozialzentrum Trayah in BruneckOrt BruneckBauherr Autonome Provinz Bozen S\u00fcdtirolPlanung Roland Baldi Architects WN Architects Arch. Marlene RonerTeam Roland Baldi\u00a0 \u00a0 Martin Willeit\u00a0 Johannes Niederst\u00e4tterHarald KoflerCarlo ScolariSila Giriftinoglu Mattia MichielettoFoto Oskar Da RizWettbewerb 2013Fertigstellung 2024Bed\u00fcrfnisorientiert sch\u00f6ner Werken Der Werkst\u00e4ttentrakt des Sozialzentrums Trayah in Bruneck sollte umgebaut und erweitert werden. Wir haben [&hellip;]","og_url":"https:\/\/rolandbaldi.com\/de\/project\/erweiterung-und-umbau-des-werkstaettentraktes-sozialzentrum-trayah-in-bruneck\/","og_site_name":"Roland Baldi","article_publisher":"https:\/\/www.facebook.com\/roland.baldi.architects","article_modified_time":"2025-11-20T16:37:09+00:00","og_image":[{"width":2000,"height":1381,"url":"https:\/\/rolandbaldi.com\/wp-content\/uploads\/2024\/05\/DR47607B.jpg","type":"image\/jpeg"}],"twitter_card":"summary_large_image","twitter_misc":{"Gesch\u00e4tzte Lesezeit":"4\u00a0Minuten"},"schema":{"@context":"https:\/\/schema.org","@graph":[{"@type":"Organization","@id":"https:\/\/rolandbaldi.com\/de\/#organization","name":"Roland Baldi Architect","url":"https:\/\/rolandbaldi.com\/de\/","sameAs":["https:\/\/www.instagram.com\/rolandbaldi\/","https:\/\/www.linkedin.com\/in\/roland-baldi-b3181565\/","https:\/\/www.facebook.com\/roland.baldi.architects"],"logo":{"@type":"ImageObject","inLanguage":"de","@id":"https:\/\/rolandbaldi.com\/de\/#\/schema\/logo\/image\/","url":"https:\/\/rolandbaldi.com\/wp-content\/uploads\/2019\/07\/logo-nero.svg","contentUrl":"https:\/\/rolandbaldi.com\/wp-content\/uploads\/2019\/07\/logo-nero.svg","caption":"Roland Baldi Architect"},"image":{"@id":"https:\/\/rolandbaldi.com\/de\/#\/schema\/logo\/image\/"}},{"@type":"WebSite","@id":"https:\/\/rolandbaldi.com\/de\/#website","url":"https:\/\/rolandbaldi.com\/de\/","name":"Roland Baldi","description":"Roland Baldi architects - Bolzano\/Bozen","publisher":{"@id":"https:\/\/rolandbaldi.com\/de\/#organization"},"potentialAction":[{"@type":"SearchAction","target":{"@type":"EntryPoint","urlTemplate":"https:\/\/rolandbaldi.com\/de\/?s={search_term_string}"},"query-input":"required name=search_term_string"}],"inLanguage":"de"},{"@type":"ImageObject","inLanguage":"de","@id":"https:\/\/rolandbaldi.com\/de\/project\/erweiterung-und-umbau-des-werkstaettentraktes-sozialzentrum-trayah-in-bruneck\/#primaryimage","url":"https:\/\/rolandbaldi.com\/wp-content\/uploads\/2024\/05\/DR47607B.jpg","contentUrl":"https:\/\/rolandbaldi.com\/wp-content\/uploads\/2024\/05\/DR47607B.jpg","width":2000,"height":1381},{"@type":"WebPage","@id":"https:\/\/rolandbaldi.com\/de\/project\/erweiterung-und-umbau-des-werkstaettentraktes-sozialzentrum-trayah-in-bruneck\/","url":"https:\/\/rolandbaldi.com\/de\/project\/erweiterung-und-umbau-des-werkstaettentraktes-sozialzentrum-trayah-in-bruneck\/","name":"Erweiterung und Umbau des Werkst\u00e4ttentraktes Sozialzentrum Trayah in Bruneck | Roland Baldi","isPartOf":{"@id":"https:\/\/rolandbaldi.com\/de\/#website"},"primaryImageOfPage":{"@id":"https:\/\/rolandbaldi.com\/de\/project\/erweiterung-und-umbau-des-werkstaettentraktes-sozialzentrum-trayah-in-bruneck\/#primaryimage"},"datePublished":"2024-07-23T14:58:51+00:00","dateModified":"2025-11-20T16:37:09+00:00","breadcrumb":{"@id":"https:\/\/rolandbaldi.com\/de\/project\/erweiterung-und-umbau-des-werkstaettentraktes-sozialzentrum-trayah-in-bruneck\/#breadcrumb"},"inLanguage":"de","potentialAction":[{"@type":"ReadAction","target":["https:\/\/rolandbaldi.com\/de\/project\/erweiterung-und-umbau-des-werkstaettentraktes-sozialzentrum-trayah-in-bruneck\/"]}]},{"@type":"BreadcrumbList","@id":"https:\/\/rolandbaldi.com\/de\/project\/erweiterung-und-umbau-des-werkstaettentraktes-sozialzentrum-trayah-in-bruneck\/#breadcrumb","itemListElement":[{"@type":"ListItem","position":1,"name":"Home","item":"https:\/\/rolandbaldi.com\/de\/"},{"@type":"ListItem","position":2,"name":"Projekte","item":"https:\/\/rolandbaldi.com\/de\/project\/"},{"@type":"ListItem","position":3,"name":"Erweiterung und Umbau des Werkst\u00e4ttentraktes Sozialzentrum Trayah in Bruneck"}]}]}},"_links":{"self":[{"href":"https:\/\/rolandbaldi.com\/de\/wp-json\/wp\/v2\/project\/6177"}],"collection":[{"href":"https:\/\/rolandbaldi.com\/de\/wp-json\/wp\/v2\/project"}],"about":[{"href":"https:\/\/rolandbaldi.com\/de\/wp-json\/wp\/v2\/types\/project"}],"author":[{"embeddable":true,"href":"https:\/\/rolandbaldi.com\/de\/wp-json\/wp\/v2\/users\/5"}],"replies":[{"embeddable":true,"href":"https:\/\/rolandbaldi.com\/de\/wp-json\/wp\/v2\/comments?post=6177"}],"version-history":[{"count":12,"href":"https:\/\/rolandbaldi.com\/de\/wp-json\/wp\/v2\/project\/6177\/revisions"}],"predecessor-version":[{"id":7007,"href":"https:\/\/rolandbaldi.com\/de\/wp-json\/wp\/v2\/project\/6177\/revisions\/7007"}],"wp:featuredmedia":[{"embeddable":true,"href":"https:\/\/rolandbaldi.com\/de\/wp-json\/wp\/v2\/media\/6122"}],"wp:attachment":[{"href":"https:\/\/rolandbaldi.com\/de\/wp-json\/wp\/v2\/media?parent=6177"}],"wp:term":[{"taxonomy":"project_category","embeddable":true,"href":"https:\/\/rolandbaldi.com\/de\/wp-json\/wp\/v2\/project_category?post=6177"},{"taxonomy":"project_tag","embeddable":true,"href":"https:\/\/rolandbaldi.com\/de\/wp-json\/wp\/v2\/project_tag?post=6177"}],"curies":[{"name":"wp","href":"https:\/\/api.w.org\/{rel}","templated":true}]}}