{"id":1527,"date":"2019-11-25T10:43:53","date_gmt":"2019-11-25T10:43:53","guid":{"rendered":"https:\/\/rolandbaldi.com\/?post_type=project&#038;p=1527"},"modified":"2023-05-31T15:57:14","modified_gmt":"2023-05-31T15:57:14","slug":"ristrutturazione-e-risanamento-casa-lemayr","status":"publish","type":"project","link":"https:\/\/rolandbaldi.com\/it\/project\/ristrutturazione-e-risanamento-casa-lemayr\/","title":{"rendered":"Ristrutturazione e risanamento casa Lemayr"},"content":{"rendered":"<p>[et_pb_section fb_built=&#8221;1&#8243; _builder_version=&#8221;4.16&#8243; custom_padding=&#8221;1px||0px|||&#8221; global_colors_info=&#8221;{}&#8221;][et_pb_row _builder_version=&#8221;4.16&#8243; background_image=&#8221;https:\/\/rolandbaldi.com\/wp-content\/uploads\/2019\/11\/01-3.jpg&#8221; width=&#8221;100%&#8221; max_width=&#8221;2560px&#8221; height=&#8221;664px&#8221; custom_margin=&#8221;-4px|auto|0px|0px||&#8221; custom_padding=&#8221;25.4%||15.2%|||&#8221; global_colors_info=&#8221;{}&#8221;][et_pb_column type=&#8221;4_4&#8243; _builder_version=&#8221;4.16&#8243; custom_padding=&#8221;|||&#8221; global_colors_info=&#8221;{}&#8221; custom_padding__hover=&#8221;|||&#8221;][\/et_pb_column][\/et_pb_row][\/et_pb_section][et_pb_section fb_built=&#8221;1&#8243; use_custom_gutter=&#8221;on&#8221; gutter_width=&#8221;1&#8243; specialty=&#8221;on&#8221; custom_css_main_1=&#8221;z-index: 999;&#8221; custom_css_main_2=&#8221;z-index: 9;&#8221; _builder_version=&#8221;4.16&#8243; width=&#8221;100%&#8221; width_tablet=&#8221;100%&#8221; width_phone=&#8221;&#8221; width_last_edited=&#8221;on|tablet&#8221; max_width=&#8221;3000px&#8221; custom_padding=&#8221;0px||0px|0px||&#8221; global_colors_info=&#8221;{}&#8221;][et_pb_column type=&#8221;1_4&#8243; _builder_version=&#8221;4.16&#8243; custom_padding=&#8221;|||&#8221; global_colors_info=&#8221;{}&#8221; custom_padding__hover=&#8221;|||&#8221;][et_pb_image src=&#8221;https:\/\/rolandbaldi.com\/wp-content\/uploads\/2019\/11\/02-1.jpg&#8221; align_tablet=&#8221;center&#8221; align_phone=&#8221;&#8221; align_last_edited=&#8221;on|desktop&#8221; disabled_on=&#8221;on|off|off&#8221; _builder_version=&#8221;4.16&#8243; width_tablet=&#8221;&#8221; width_phone=&#8221;100%&#8221; width_last_edited=&#8221;on|tablet&#8221; custom_margin=&#8221;92px|-99%||-35%||&#8221; custom_margin_tablet=&#8221;|-101%||0%&#8221; custom_margin_phone=&#8221;57px||&#8221; custom_margin_last_edited=&#8221;on|phone&#8221; custom_padding=&#8221;0px|0px|0px|0px&#8221; custom_padding_tablet=&#8221;0px|0px|0px|0%||&#8221; custom_padding_phone=&#8221;&#8221; custom_padding_last_edited=&#8221;on|tablet&#8221; box_shadow_style=&#8221;preset4&#8243; box_shadow_horizontal=&#8221;-180px&#8221; box_shadow_vertical=&#8221;-140px&#8221; box_shadow_spread=&#8221;80px&#8221; box_shadow_color=&#8221;#161923&#8243; global_colors_info=&#8221;{}&#8221;][\/et_pb_image][\/et_pb_column][et_pb_column type=&#8221;1_4&#8243; _builder_version=&#8221;4.16&#8243; custom_padding=&#8221;|||&#8221; global_colors_info=&#8221;{}&#8221; custom_padding__hover=&#8221;|||&#8221;][\/et_pb_column][et_pb_column type=&#8221;1_2&#8243; specialty_columns=&#8221;2&#8243; _builder_version=&#8221;4.16&#8243; custom_padding=&#8221;|||&#8221; global_colors_info=&#8221;{}&#8221; custom_padding__hover=&#8221;|||&#8221;][et_pb_row_inner _builder_version=&#8221;4.16&#8243; custom_margin=&#8221;16%|||17%&#8221; custom_margin_tablet=&#8221;|||0%&#8221; custom_margin_phone=&#8221;&#8221; custom_margin_last_edited=&#8221;on|desktop&#8221; global_colors_info=&#8221;{}&#8221;][et_pb_column_inner saved_specialty_column_type=&#8221;1_2&#8243; _builder_version=&#8221;4.16&#8243; custom_padding=&#8221;|||&#8221; global_colors_info=&#8221;{}&#8221; custom_padding__hover=&#8221;|||&#8221;][et_pb_text _builder_version=&#8221;4.16&#8243; text_font=&#8221;helvetica-light||||||||&#8221; text_line_height=&#8221;1em&#8221; header_font=&#8221;Roboto|100|||||||&#8221; header_font_size=&#8221;42px&#8221; inline_fonts=&#8221;helvetica-light&#8221; global_colors_info=&#8221;{}&#8221;]<\/p>\n<h1><span style=\"font-family: helvetica-light;\">Ristrutturazione e ampliamento casa Lemayr<br \/><\/span><\/h1>\n<p>[\/et_pb_text][et_pb_divider _builder_version=&#8221;4.16&#8243; custom_margin=&#8221;28px||0px&#8221; global_colors_info=&#8221;{}&#8221;][\/et_pb_divider][\/et_pb_column_inner][\/et_pb_row_inner][et_pb_row_inner column_structure=&#8221;1_3,1_3,1_3&#8243; use_custom_gutter=&#8221;on&#8221; custom_padding_last_edited=&#8221;on|phone&#8221; _builder_version=&#8221;4.16&#8243; custom_margin=&#8221;|||17%&#8221; custom_margin_tablet=&#8221;|||0%&#8221; custom_margin_phone=&#8221;&#8221; custom_margin_last_edited=&#8221;on|desktop&#8221; custom_padding=&#8221;0%|||||&#8221; custom_padding_tablet=&#8221;&#8221; custom_padding_phone=&#8221;0%||0px||false|false&#8221; global_colors_info=&#8221;{}&#8221;][et_pb_column_inner type=&#8221;1_3&#8243; saved_specialty_column_type=&#8221;1_2&#8243; _builder_version=&#8221;4.16&#8243; custom_padding=&#8221;|||&#8221; global_colors_info=&#8221;{}&#8221; custom_padding__hover=&#8221;|||&#8221;][et_pb_text _builder_version=&#8221;4.16&#8243; text_font=&#8221;Roboto|300|||||||&#8221; header_font=&#8221;Roboto|100|||||||&#8221; header_font_size=&#8221;36px&#8221; header_6_font=&#8221;Roboto||||||||&#8221; header_6_line_height=&#8221;1.2em&#8221; inline_fonts=&#8221;helvetica-light&#8221; global_colors_info=&#8221;{}&#8221;]<\/p>\n<p class=\"p1\"><span style=\"font-family: helvetica-light; font-weight: normal;\">luogo<\/span><\/p>\n<h6 class=\"p1\"><strong><span face=\"helvetica-light\" style=\"font-family: helvetica-light;\">Appiano<\/span><\/strong><\/h6>\n<p>[\/et_pb_text][\/et_pb_column_inner][et_pb_column_inner type=&#8221;1_3&#8243; saved_specialty_column_type=&#8221;1_2&#8243; _builder_version=&#8221;4.16&#8243; custom_padding=&#8221;|||&#8221; global_colors_info=&#8221;{}&#8221; custom_padding__hover=&#8221;|||&#8221;][et_pb_text _builder_version=&#8221;4.16&#8243; text_font=&#8221;Roboto|300|||||||&#8221; header_font=&#8221;Roboto|100|||||||&#8221; header_font_size=&#8221;36px&#8221; header_6_font=&#8221;Roboto||||||||&#8221; header_6_line_height=&#8221;1.2em&#8221; inline_fonts=&#8221;helvetica-light&#8221; global_colors_info=&#8221;{}&#8221;]<\/p>\n<p class=\"p1\"><span style=\"font-family: helvetica-light;\">committente<\/span><\/p>\n<h6 class=\"p1\"><strong><span style=\"font-family: helvetica-light;\">Stefan Lemayr<\/span><\/strong><\/h6>\n<p>[\/et_pb_text][\/et_pb_column_inner][et_pb_column_inner type=&#8221;1_3&#8243; saved_specialty_column_type=&#8221;1_2&#8243; _builder_version=&#8221;4.16&#8243; custom_padding=&#8221;|||&#8221; global_colors_info=&#8221;{}&#8221; custom_padding__hover=&#8221;|||&#8221;][et_pb_text _builder_version=&#8221;4.16&#8243; text_font=&#8221;Roboto|300|||||||&#8221; header_font=&#8221;Roboto|100|||||||&#8221; header_font_size=&#8221;36px&#8221; header_6_font=&#8221;Roboto||||||||&#8221; header_6_line_height=&#8221;1.2em&#8221; inline_fonts=&#8221;helvetica-light&#8221; global_colors_info=&#8221;{}&#8221;]<\/p>\n<p class=\"p1\"><span style=\"font-family: helvetica-light; font-weight: normal;\">progettazione<\/span><\/p>\n<h6 class=\"p1\"><span style=\"font-family: helvetica-light; font-weight: normal;\"><strong>Roland Baldi Architects<\/strong><\/span><\/h6>\n<p>[\/et_pb_text][\/et_pb_column_inner][\/et_pb_row_inner][et_pb_row_inner column_structure=&#8221;1_3,1_3,1_3&#8243; use_custom_gutter=&#8221;on&#8221; custom_padding_last_edited=&#8221;on|phone&#8221; _builder_version=&#8221;4.16&#8243; height_tablet=&#8221;&#8221; height_phone=&#8221;121px&#8221; height_last_edited=&#8221;on|phone&#8221; custom_margin=&#8221;|||17%&#8221; custom_margin_tablet=&#8221;|||0%&#8221; custom_margin_phone=&#8221;&#8221; custom_margin_last_edited=&#8221;on|desktop&#8221; custom_padding=&#8221;0%|||||&#8221; custom_padding_tablet=&#8221;&#8221; custom_padding_phone=&#8221;0%||0px||false|false&#8221; global_colors_info=&#8221;{}&#8221;][et_pb_column_inner type=&#8221;1_3&#8243; saved_specialty_column_type=&#8221;1_2&#8243; _builder_version=&#8221;4.16&#8243; custom_padding=&#8221;|||&#8221; global_colors_info=&#8221;{}&#8221; custom_padding__hover=&#8221;|||&#8221;][et_pb_text _builder_version=&#8221;4.17.6&#8243; text_font=&#8221;Roboto|300|||||||&#8221; header_font=&#8221;Roboto|100|||||||&#8221; header_font_size=&#8221;36px&#8221; header_6_font=&#8221;Roboto||||||||&#8221; header_6_line_height=&#8221;1.2em&#8221; hover_enabled=&#8221;0&#8243; inline_fonts=&#8221;helvetica-light&#8221; global_colors_info=&#8221;{}&#8221; sticky_enabled=&#8221;0&#8243;]<\/p>\n<p class=\"p1\"><span style=\"font-family: helvetica-light; font-weight: normal;\">team<\/span><\/p>\n<h6 class=\"p1\"><strong><span style=\"font-family: helvetica-light;\">Roland Baldi<br \/>Kathrin Hofer,<br \/>Karin Kretschmer<\/span><\/strong><\/h6>\n<p>[\/et_pb_text][\/et_pb_column_inner][et_pb_column_inner type=&#8221;1_3&#8243; saved_specialty_column_type=&#8221;1_2&#8243; _builder_version=&#8221;4.16&#8243; custom_padding=&#8221;|||&#8221; global_colors_info=&#8221;{}&#8221; custom_padding__hover=&#8221;|||&#8221;][et_pb_text _builder_version=&#8221;4.16&#8243; text_font=&#8221;Roboto|300|||||||&#8221; header_font=&#8221;Roboto|100|||||||&#8221; header_font_size=&#8221;36px&#8221; header_6_font=&#8221;Roboto||||||||&#8221; header_6_line_height=&#8221;1.2em&#8221; inline_fonts=&#8221;helvetica-light&#8221; global_colors_info=&#8221;{}&#8221;]<\/p>\n<p class=\"p1\"><span style=\"font-family: helvetica-light; font-weight: normal;\">ultimazione<\/span><\/p>\n<h6 class=\"p1\"><strong><span style=\"font-family: helvetica-light;\">2012<\/span><\/strong><\/h6>\n<p>[\/et_pb_text][\/et_pb_column_inner][et_pb_column_inner type=&#8221;1_3&#8243; saved_specialty_column_type=&#8221;1_2&#8243; _builder_version=&#8221;4.16&#8243; custom_padding=&#8221;|||&#8221; global_colors_info=&#8221;{}&#8221; custom_padding__hover=&#8221;|||&#8221;][\/et_pb_column_inner][\/et_pb_row_inner][et_pb_row_inner column_structure=&#8221;1_2,1_2&#8243; use_custom_gutter=&#8221;on&#8221; _builder_version=&#8221;4.16&#8243; custom_margin=&#8221;|||17%&#8221; custom_margin_tablet=&#8221;|||0%&#8221; custom_margin_phone=&#8221;&#8221; custom_margin_last_edited=&#8221;on|tablet&#8221; custom_padding=&#8221;0%|||||&#8221; global_colors_info=&#8221;{}&#8221;][et_pb_column_inner type=&#8221;1_2&#8243; saved_specialty_column_type=&#8221;1_2&#8243; _builder_version=&#8221;4.16&#8243; custom_padding=&#8221;|||&#8221; global_colors_info=&#8221;{}&#8221; custom_padding__hover=&#8221;|||&#8221;][et_pb_blurb _builder_version=&#8221;4.16&#8243; header_level=&#8221;h6&#8243; header_font=&#8221;helvetica-light|700|||||||&#8221; header_line_height=&#8221;1.2em&#8221; body_font=&#8221;helvetica-light|300|||||||&#8221; custom_padding=&#8221;||0px|||&#8221; custom_css_blurb_image=&#8221;float: left;||padding-right: 400px;||&#8221; inline_fonts=&#8221;helvetica-light&#8221; global_colors_info=&#8221;{}&#8221;]<span face=\"helvetica-light\" style=\"font-family: helvetica-light;\">foto<\/span><\/p>\n<h6 style=\"line-height: 1.2em;\"><strong><span style=\"font-family: helvetica-light;\">Oskar Da Riz<\/span><\/strong><\/h6>\n<p>[\/et_pb_blurb][\/et_pb_column_inner][et_pb_column_inner type=&#8221;1_2&#8243; saved_specialty_column_type=&#8221;1_2&#8243; _builder_version=&#8221;4.16&#8243; custom_padding=&#8221;|||&#8221; global_colors_info=&#8221;{}&#8221; custom_padding__hover=&#8221;|||&#8221;][\/et_pb_column_inner][\/et_pb_row_inner][et_pb_row_inner _builder_version=&#8221;4.16&#8243; global_colors_info=&#8221;{}&#8221;][et_pb_column_inner saved_specialty_column_type=&#8221;1_2&#8243; _builder_version=&#8221;4.16&#8243; custom_padding=&#8221;|||&#8221; global_colors_info=&#8221;{}&#8221; custom_padding__hover=&#8221;|||&#8221;][et_pb_text _builder_version=&#8221;4.16&#8243; text_font=&#8221;Roboto|300|||||||&#8221; text_line_height=&#8221;1.4em&#8221; custom_margin=&#8221;0px|0px||17%||&#8221; custom_margin_tablet=&#8221;|||0%&#8221; custom_margin_phone=&#8221;&#8221; custom_margin_last_edited=&#8221;on|desktop&#8221; global_colors_info=&#8221;{}&#8221;]L&#8217;edificio plurifamiliare \u00e8 situato nel centro storico di Appiano ed \u00e8 soggetto alla tutela degli insiemi. Per ricavare un ulteriore alloggio e risanare l&#8217;esistente, il precedente tetto a padiglione \u00e8 stato rimosso e sostituito con uno a due falde. Intagli all&#8217;interno delle falde del tetto hanno consentito di ricavare delle terrazze, che insieme alle grandi superfici finestrate sui fronti lasciano che la luce inondi l&#8217;appartamento e allo stesso tempo aprono delle splendide vedute verso la Mendola e la valle dell&#8217;Adige. Le richieste da parte del committente e del comune (rivestimento con tegole, sporgenza delle falde, copertura dei balconi) hanno condotto a una forma alquanto singolare del tetto, che \u00e8 quella che conferisce il carattere individuale all&#8217;edificio. La facciata grigio chiaro si inserisce senza spiccare all&#8217;interno del contesto. Il motivo tradizionale delle cornici di finestra dipinte \u00e8 stato volutamente ripreso per farle apparire otticamente pi\u00f9 grandi e ridurre il carattere di ermeticit\u00e0 dell&#8217;edificio. [\/et_pb_text][\/et_pb_column_inner][\/et_pb_row_inner][\/et_pb_column][\/et_pb_section][et_pb_section fb_built=&#8221;1&#8243; _builder_version=&#8221;4.16&#8243; background_color=&#8221;#ffffff&#8221; custom_margin=&#8221;||-30px|||&#8221; custom_padding=&#8221;||0px||false|false&#8221; global_colors_info=&#8221;{}&#8221;][et_pb_row column_structure=&#8221;1_4,1_4,1_4,1_4&#8243; use_custom_gutter=&#8221;on&#8221; gutter_width=&#8221;2&#8243; custom_padding_last_edited=&#8221;on|desktop&#8221; _builder_version=&#8221;4.16&#8243; max_width=&#8221;100%&#8221; custom_padding=&#8221;||0px|||&#8221; custom_padding_tablet=&#8221;||0px&#8221; custom_padding_phone=&#8221;&#8221; global_colors_info=&#8221;{}&#8221;][et_pb_column type=&#8221;1_4&#8243; _builder_version=&#8221;4.16&#8243; custom_padding=&#8221;|||&#8221; global_colors_info=&#8221;{}&#8221; custom_padding__hover=&#8221;|||&#8221;][et_pb_image src=&#8221;https:\/\/rolandbaldi.com\/wp-content\/uploads\/2019\/11\/LP_ohne-Beschriftung.jpg&#8221; align_tablet=&#8221;center&#8221; align_phone=&#8221;&#8221; align_last_edited=&#8221;on|desktop&#8221; _builder_version=&#8221;4.16&#8243; custom_padding_tablet=&#8221;|||15px&#8221; custom_padding_phone=&#8221;|||0px&#8221; custom_padding_last_edited=&#8221;on|desktop&#8221; global_colors_info=&#8221;{}&#8221;][\/et_pb_image][\/et_pb_column][et_pb_column type=&#8221;1_4&#8243; _builder_version=&#8221;4.16&#8243; custom_padding=&#8221;|||&#8221; global_colors_info=&#8221;{}&#8221; custom_padding__hover=&#8221;|||&#8221;][et_pb_image src=&#8221;https:\/\/rolandbaldi.com\/wp-content\/uploads\/2019\/11\/Schnitt_ohne-Beschriftung.jpg&#8221; align_tablet=&#8221;center&#8221; align_phone=&#8221;&#8221; align_last_edited=&#8221;on|desktop&#8221; _builder_version=&#8221;4.16&#8243; custom_padding_tablet=&#8221;|15px||&#8221; custom_padding_phone=&#8221;|0px||&#8221; custom_padding_last_edited=&#8221;on|desktop&#8221; global_colors_info=&#8221;{}&#8221; width__hover=&#8221;100%&#8221;][\/et_pb_image][\/et_pb_column][et_pb_column type=&#8221;1_4&#8243; _builder_version=&#8221;4.16&#8243; custom_padding=&#8221;|||&#8221; global_colors_info=&#8221;{}&#8221; custom_padding__hover=&#8221;|||&#8221;][et_pb_image src=&#8221;https:\/\/rolandbaldi.com\/wp-content\/uploads\/2019\/11\/DG_ohne-Beschriftung.jpg&#8221; align_tablet=&#8221;center&#8221; align_phone=&#8221;&#8221; align_last_edited=&#8221;on|desktop&#8221; _builder_version=&#8221;4.16&#8243; custom_padding_tablet=&#8221;|||15px&#8221; custom_padding_phone=&#8221;|||0px&#8221; custom_padding_last_edited=&#8221;on|desktop&#8221; global_colors_info=&#8221;{}&#8221;][\/et_pb_image][\/et_pb_column][et_pb_column type=&#8221;1_4&#8243; _builder_version=&#8221;4.16&#8243; custom_padding=&#8221;|||&#8221; global_colors_info=&#8221;{}&#8221; custom_padding__hover=&#8221;|||&#8221;][\/et_pb_column][\/et_pb_row][et_pb_row custom_padding_last_edited=&#8221;on|desktop&#8221; _builder_version=&#8221;4.16&#8243; background_image=&#8221;https:\/\/rolandbaldi.com\/wp-content\/uploads\/2019\/11\/03-1.jpg&#8221; parallax=&#8221;on&#8221; width=&#8221;100%&#8221; max_width=&#8221;100%&#8221; module_alignment=&#8221;left&#8221; custom_margin=&#8221;80px|||0px&#8221; custom_margin_tablet=&#8221;40px||&#8221; custom_margin_phone=&#8221;40px||&#8221; custom_margin_last_edited=&#8221;on|tablet&#8221; custom_padding=&#8221;30%|0px|15.2%|||&#8221; custom_padding_tablet=&#8221;&#8221; custom_padding_phone=&#8221;&#8221; global_colors_info=&#8221;{}&#8221;][et_pb_column type=&#8221;4_4&#8243; _builder_version=&#8221;4.16&#8243; custom_padding=&#8221;|||&#8221; global_colors_info=&#8221;{}&#8221; custom_padding__hover=&#8221;|||&#8221;][\/et_pb_column][\/et_pb_row][\/et_pb_section]<\/p>\n","protected":false},"excerpt":{"rendered":"<p>Ristrutturazione e ampliamento casa Lemayrluogo Appianocommittente Stefan Lemayrprogettazione Roland Baldi Architectsteam Roland BaldiKathrin Hofer,Karin Kretschmerultimazione 2012foto Oskar Da RizL&#8217;edificio plurifamiliare \u00e8 situato nel centro storico di Appiano ed \u00e8 soggetto alla tutela degli insiemi. Per ricavare un ulteriore alloggio e risanare l&#8217;esistente, il precedente tetto a padiglione \u00e8 stato rimosso e sostituito con uno a [&hellip;]<\/p>\n","protected":false},"author":2,"featured_media":1532,"comment_status":"open","ping_status":"closed","template":"","meta":{"_et_pb_use_builder":"on","_et_pb_old_content":"","_et_gb_content_width":"","inline_featured_image":false},"project_category":[],"project_tag":[],"yoast_head":"<!-- This site is optimized with the Yoast SEO plugin v19.3 - https:\/\/yoast.com\/wordpress\/plugins\/seo\/ -->\n<title>Ristrutturazione e risanamento casa Lemayr | Roland Baldi<\/title>\n<meta name=\"robots\" content=\"index, follow, max-snippet:-1, max-image-preview:large, max-video-preview:-1\" \/>\n<link rel=\"canonical\" href=\"https:\/\/rolandbaldi.com\/it\/project\/ristrutturazione-e-risanamento-casa-lemayr\/\" \/>\n<meta property=\"og:locale\" content=\"it_IT\" \/>\n<meta property=\"og:type\" content=\"article\" \/>\n<meta property=\"og:title\" content=\"Ristrutturazione e risanamento casa Lemayr | Roland Baldi\" \/>\n<meta property=\"og:description\" content=\"Ristrutturazione e ampliamento casa Lemayrluogo Appianocommittente Stefan Lemayrprogettazione Roland Baldi Architectsteam Roland BaldiKathrin Hofer,Karin Kretschmerultimazione 2012foto Oskar Da RizL&#039;edificio plurifamiliare \u00e8 situato nel centro storico di Appiano ed \u00e8 soggetto alla tutela degli insiemi. Per ricavare un ulteriore alloggio e risanare l&#039;esistente, il precedente tetto a padiglione \u00e8 stato rimosso e sostituito con uno a [&hellip;]\" \/>\n<meta property=\"og:url\" content=\"https:\/\/rolandbaldi.com\/it\/project\/ristrutturazione-e-risanamento-casa-lemayr\/\" \/>\n<meta property=\"og:site_name\" content=\"Roland Baldi\" \/>\n<meta property=\"article:publisher\" content=\"https:\/\/www.facebook.com\/roland.baldi.architects\" \/>\n<meta property=\"article:modified_time\" content=\"2023-05-31T15:57:14+00:00\" \/>\n<meta property=\"og:image\" content=\"https:\/\/rolandbaldi.com\/wp-content\/uploads\/2019\/11\/02-1.jpg\" \/>\n\t<meta property=\"og:image:width\" content=\"1200\" \/>\n\t<meta property=\"og:image:height\" content=\"1600\" \/>\n\t<meta property=\"og:image:type\" content=\"image\/jpeg\" \/>\n<meta name=\"twitter:card\" content=\"summary_large_image\" \/>\n<meta name=\"twitter:label1\" content=\"Tempo di lettura stimato\" \/>\n\t<meta name=\"twitter:data1\" content=\"7 minuti\" \/>\n<script type=\"application\/ld+json\" class=\"yoast-schema-graph\">{\"@context\":\"https:\/\/schema.org\",\"@graph\":[{\"@type\":\"Organization\",\"@id\":\"https:\/\/rolandbaldi.com\/de\/#organization\",\"name\":\"Roland Baldi Architect\",\"url\":\"https:\/\/rolandbaldi.com\/de\/\",\"sameAs\":[\"https:\/\/www.instagram.com\/rolandbaldi\/\",\"https:\/\/www.linkedin.com\/in\/roland-baldi-b3181565\/\",\"https:\/\/www.facebook.com\/roland.baldi.architects\"],\"logo\":{\"@type\":\"ImageObject\",\"inLanguage\":\"it-IT\",\"@id\":\"https:\/\/rolandbaldi.com\/de\/#\/schema\/logo\/image\/\",\"url\":\"https:\/\/rolandbaldi.com\/wp-content\/uploads\/2019\/07\/logo-nero.svg\",\"contentUrl\":\"https:\/\/rolandbaldi.com\/wp-content\/uploads\/2019\/07\/logo-nero.svg\",\"caption\":\"Roland Baldi Architect\"},\"image\":{\"@id\":\"https:\/\/rolandbaldi.com\/de\/#\/schema\/logo\/image\/\"}},{\"@type\":\"WebSite\",\"@id\":\"https:\/\/rolandbaldi.com\/de\/#website\",\"url\":\"https:\/\/rolandbaldi.com\/de\/\",\"name\":\"Roland Baldi\",\"description\":\"Roland Baldi architects - Bolzano\/Bozen\",\"publisher\":{\"@id\":\"https:\/\/rolandbaldi.com\/de\/#organization\"},\"potentialAction\":[{\"@type\":\"SearchAction\",\"target\":{\"@type\":\"EntryPoint\",\"urlTemplate\":\"https:\/\/rolandbaldi.com\/de\/?s={search_term_string}\"},\"query-input\":\"required name=search_term_string\"}],\"inLanguage\":\"it-IT\"},{\"@type\":\"ImageObject\",\"inLanguage\":\"it-IT\",\"@id\":\"https:\/\/rolandbaldi.com\/it\/project\/ristrutturazione-e-risanamento-casa-lemayr\/#primaryimage\",\"url\":\"https:\/\/rolandbaldi.com\/wp-content\/uploads\/2019\/11\/02-1.jpg\",\"contentUrl\":\"https:\/\/rolandbaldi.com\/wp-content\/uploads\/2019\/11\/02-1.jpg\",\"width\":1200,\"height\":1600},{\"@type\":\"WebPage\",\"@id\":\"https:\/\/rolandbaldi.com\/it\/project\/ristrutturazione-e-risanamento-casa-lemayr\/\",\"url\":\"https:\/\/rolandbaldi.com\/it\/project\/ristrutturazione-e-risanamento-casa-lemayr\/\",\"name\":\"Ristrutturazione e risanamento casa Lemayr | Roland Baldi\",\"isPartOf\":{\"@id\":\"https:\/\/rolandbaldi.com\/de\/#website\"},\"primaryImageOfPage\":{\"@id\":\"https:\/\/rolandbaldi.com\/it\/project\/ristrutturazione-e-risanamento-casa-lemayr\/#primaryimage\"},\"datePublished\":\"2019-11-25T10:43:53+00:00\",\"dateModified\":\"2023-05-31T15:57:14+00:00\",\"breadcrumb\":{\"@id\":\"https:\/\/rolandbaldi.com\/it\/project\/ristrutturazione-e-risanamento-casa-lemayr\/#breadcrumb\"},\"inLanguage\":\"it-IT\",\"potentialAction\":[{\"@type\":\"ReadAction\",\"target\":[\"https:\/\/rolandbaldi.com\/it\/project\/ristrutturazione-e-risanamento-casa-lemayr\/\"]}]},{\"@type\":\"BreadcrumbList\",\"@id\":\"https:\/\/rolandbaldi.com\/it\/project\/ristrutturazione-e-risanamento-casa-lemayr\/#breadcrumb\",\"itemListElement\":[{\"@type\":\"ListItem\",\"position\":1,\"name\":\"Home\",\"item\":\"https:\/\/rolandbaldi.com\/it\/home\/\"},{\"@type\":\"ListItem\",\"position\":2,\"name\":\"Progetti\",\"item\":\"https:\/\/rolandbaldi.com\/it\/project\/\"},{\"@type\":\"ListItem\",\"position\":3,\"name\":\"Ristrutturazione e risanamento casa Lemayr\"}]}]}<\/script>\n<!-- \/ Yoast SEO plugin. -->","yoast_head_json":{"title":"Ristrutturazione e risanamento casa Lemayr | Roland Baldi","robots":{"index":"index","follow":"follow","max-snippet":"max-snippet:-1","max-image-preview":"max-image-preview:large","max-video-preview":"max-video-preview:-1"},"canonical":"https:\/\/rolandbaldi.com\/it\/project\/ristrutturazione-e-risanamento-casa-lemayr\/","og_locale":"it_IT","og_type":"article","og_title":"Ristrutturazione e risanamento casa Lemayr | Roland Baldi","og_description":"Ristrutturazione e ampliamento casa Lemayrluogo Appianocommittente Stefan Lemayrprogettazione Roland Baldi Architectsteam Roland BaldiKathrin Hofer,Karin Kretschmerultimazione 2012foto Oskar Da RizL'edificio plurifamiliare \u00e8 situato nel centro storico di Appiano ed \u00e8 soggetto alla tutela degli insiemi. Per ricavare un ulteriore alloggio e risanare l'esistente, il precedente tetto a padiglione \u00e8 stato rimosso e sostituito con uno a [&hellip;]","og_url":"https:\/\/rolandbaldi.com\/it\/project\/ristrutturazione-e-risanamento-casa-lemayr\/","og_site_name":"Roland Baldi","article_publisher":"https:\/\/www.facebook.com\/roland.baldi.architects","article_modified_time":"2023-05-31T15:57:14+00:00","og_image":[{"width":1200,"height":1600,"url":"https:\/\/rolandbaldi.com\/wp-content\/uploads\/2019\/11\/02-1.jpg","type":"image\/jpeg"}],"twitter_card":"summary_large_image","twitter_misc":{"Tempo di lettura stimato":"7 minuti"},"schema":{"@context":"https:\/\/schema.org","@graph":[{"@type":"Organization","@id":"https:\/\/rolandbaldi.com\/de\/#organization","name":"Roland Baldi Architect","url":"https:\/\/rolandbaldi.com\/de\/","sameAs":["https:\/\/www.instagram.com\/rolandbaldi\/","https:\/\/www.linkedin.com\/in\/roland-baldi-b3181565\/","https:\/\/www.facebook.com\/roland.baldi.architects"],"logo":{"@type":"ImageObject","inLanguage":"it-IT","@id":"https:\/\/rolandbaldi.com\/de\/#\/schema\/logo\/image\/","url":"https:\/\/rolandbaldi.com\/wp-content\/uploads\/2019\/07\/logo-nero.svg","contentUrl":"https:\/\/rolandbaldi.com\/wp-content\/uploads\/2019\/07\/logo-nero.svg","caption":"Roland Baldi Architect"},"image":{"@id":"https:\/\/rolandbaldi.com\/de\/#\/schema\/logo\/image\/"}},{"@type":"WebSite","@id":"https:\/\/rolandbaldi.com\/de\/#website","url":"https:\/\/rolandbaldi.com\/de\/","name":"Roland Baldi","description":"Roland Baldi architects - Bolzano\/Bozen","publisher":{"@id":"https:\/\/rolandbaldi.com\/de\/#organization"},"potentialAction":[{"@type":"SearchAction","target":{"@type":"EntryPoint","urlTemplate":"https:\/\/rolandbaldi.com\/de\/?s={search_term_string}"},"query-input":"required name=search_term_string"}],"inLanguage":"it-IT"},{"@type":"ImageObject","inLanguage":"it-IT","@id":"https:\/\/rolandbaldi.com\/it\/project\/ristrutturazione-e-risanamento-casa-lemayr\/#primaryimage","url":"https:\/\/rolandbaldi.com\/wp-content\/uploads\/2019\/11\/02-1.jpg","contentUrl":"https:\/\/rolandbaldi.com\/wp-content\/uploads\/2019\/11\/02-1.jpg","width":1200,"height":1600},{"@type":"WebPage","@id":"https:\/\/rolandbaldi.com\/it\/project\/ristrutturazione-e-risanamento-casa-lemayr\/","url":"https:\/\/rolandbaldi.com\/it\/project\/ristrutturazione-e-risanamento-casa-lemayr\/","name":"Ristrutturazione e risanamento casa Lemayr | Roland Baldi","isPartOf":{"@id":"https:\/\/rolandbaldi.com\/de\/#website"},"primaryImageOfPage":{"@id":"https:\/\/rolandbaldi.com\/it\/project\/ristrutturazione-e-risanamento-casa-lemayr\/#primaryimage"},"datePublished":"2019-11-25T10:43:53+00:00","dateModified":"2023-05-31T15:57:14+00:00","breadcrumb":{"@id":"https:\/\/rolandbaldi.com\/it\/project\/ristrutturazione-e-risanamento-casa-lemayr\/#breadcrumb"},"inLanguage":"it-IT","potentialAction":[{"@type":"ReadAction","target":["https:\/\/rolandbaldi.com\/it\/project\/ristrutturazione-e-risanamento-casa-lemayr\/"]}]},{"@type":"BreadcrumbList","@id":"https:\/\/rolandbaldi.com\/it\/project\/ristrutturazione-e-risanamento-casa-lemayr\/#breadcrumb","itemListElement":[{"@type":"ListItem","position":1,"name":"Home","item":"https:\/\/rolandbaldi.com\/it\/home\/"},{"@type":"ListItem","position":2,"name":"Progetti","item":"https:\/\/rolandbaldi.com\/it\/project\/"},{"@type":"ListItem","position":3,"name":"Ristrutturazione e risanamento casa Lemayr"}]}]}},"_links":{"self":[{"href":"https:\/\/rolandbaldi.com\/it\/wp-json\/wp\/v2\/project\/1527"}],"collection":[{"href":"https:\/\/rolandbaldi.com\/it\/wp-json\/wp\/v2\/project"}],"about":[{"href":"https:\/\/rolandbaldi.com\/it\/wp-json\/wp\/v2\/types\/project"}],"author":[{"embeddable":true,"href":"https:\/\/rolandbaldi.com\/it\/wp-json\/wp\/v2\/users\/2"}],"replies":[{"embeddable":true,"href":"https:\/\/rolandbaldi.com\/it\/wp-json\/wp\/v2\/comments?post=1527"}],"version-history":[{"count":8,"href":"https:\/\/rolandbaldi.com\/it\/wp-json\/wp\/v2\/project\/1527\/revisions"}],"predecessor-version":[{"id":5696,"href":"https:\/\/rolandbaldi.com\/it\/wp-json\/wp\/v2\/project\/1527\/revisions\/5696"}],"wp:featuredmedia":[{"embeddable":true,"href":"https:\/\/rolandbaldi.com\/it\/wp-json\/wp\/v2\/media\/1532"}],"wp:attachment":[{"href":"https:\/\/rolandbaldi.com\/it\/wp-json\/wp\/v2\/media?parent=1527"}],"wp:term":[{"taxonomy":"project_category","embeddable":true,"href":"https:\/\/rolandbaldi.com\/it\/wp-json\/wp\/v2\/project_category?post=1527"},{"taxonomy":"project_tag","embeddable":true,"href":"https:\/\/rolandbaldi.com\/it\/wp-json\/wp\/v2\/project_tag?post=1527"}],"curies":[{"name":"wp","href":"https:\/\/api.w.org\/{rel}","templated":true}]}}