{"id":283,"date":"2019-11-05T14:00:01","date_gmt":"2019-11-05T14:00:01","guid":{"rendered":"https:\/\/rolandbaldi.com\/?post_type=project&#038;p=283"},"modified":"2023-06-01T13:51:07","modified_gmt":"2023-06-01T13:51:07","slug":"cantiere-provinciale-salto-sciliar","status":"publish","type":"project","link":"https:\/\/rolandbaldi.com\/it\/project\/cantiere-provinciale-salto-sciliar\/","title":{"rendered":"Cantiere Provinciale Salto Sciliar"},"content":{"rendered":"<p>[et_pb_section fb_built=&#8221;1&#8243; _builder_version=&#8221;4.16&#8243; custom_padding=&#8221;1px||0px|||&#8221; global_colors_info=&#8221;{}&#8221;][et_pb_row _builder_version=&#8221;4.16&#8243; background_image=&#8221;https:\/\/rolandbaldi.com\/wp-content\/uploads\/2019\/07\/Salten-Schlern_Rene\u0301-Riller_10-2.jpg&#8221; width=&#8221;100%&#8221; max_width=&#8221;2560px&#8221; height=&#8221;664px&#8221; custom_margin=&#8221;-4px|auto|0px|0px||&#8221; custom_padding=&#8221;25.4%||15.2%|||&#8221; global_colors_info=&#8221;{}&#8221;][et_pb_column type=&#8221;4_4&#8243; _builder_version=&#8221;4.16&#8243; custom_padding=&#8221;|||&#8221; global_colors_info=&#8221;{}&#8221; custom_padding__hover=&#8221;|||&#8221;][\/et_pb_column][\/et_pb_row][\/et_pb_section][et_pb_section fb_built=&#8221;1&#8243; use_custom_gutter=&#8221;on&#8221; gutter_width=&#8221;1&#8243; specialty=&#8221;on&#8221; custom_css_main_1=&#8221;z-index: 999;&#8221; custom_css_main_2=&#8221;z-index: 9;&#8221; _builder_version=&#8221;4.16&#8243; width=&#8221;100%&#8221; width_tablet=&#8221;100%&#8221; width_phone=&#8221;&#8221; width_last_edited=&#8221;on|tablet&#8221; max_width=&#8221;3000px&#8221; custom_padding=&#8221;0px||0px|0px||&#8221; global_colors_info=&#8221;{}&#8221;][et_pb_column type=&#8221;1_4&#8243; _builder_version=&#8221;4.16&#8243; custom_padding=&#8221;|||&#8221; global_colors_info=&#8221;{}&#8221; custom_padding__hover=&#8221;|||&#8221;][et_pb_image src=&#8221;https:\/\/rolandbaldi.com\/wp-content\/uploads\/2019\/07\/Salten-Schlern_Rene\u0301-Riller_1.jpg&#8221; align_tablet=&#8221;center&#8221; align_phone=&#8221;&#8221; align_last_edited=&#8221;on|desktop&#8221; disabled_on=&#8221;on|off|off&#8221; _builder_version=&#8221;4.16&#8243; width_tablet=&#8221;&#8221; width_phone=&#8221;100%&#8221; width_last_edited=&#8221;on|tablet&#8221; custom_margin=&#8221;92px|-99%||-35%||&#8221; custom_margin_tablet=&#8221;|-101%||0%&#8221; custom_margin_phone=&#8221;57px||&#8221; custom_margin_last_edited=&#8221;on|phone&#8221; custom_padding=&#8221;0px|0px|0px|0px&#8221; custom_padding_tablet=&#8221;0px|0px|0px|0%||&#8221; custom_padding_phone=&#8221;&#8221; custom_padding_last_edited=&#8221;on|tablet&#8221; box_shadow_style=&#8221;preset4&#8243; box_shadow_horizontal=&#8221;-180px&#8221; box_shadow_vertical=&#8221;-140px&#8221; box_shadow_spread=&#8221;80px&#8221; box_shadow_color=&#8221;#161923&#8243; global_colors_info=&#8221;{}&#8221;][\/et_pb_image][\/et_pb_column][et_pb_column type=&#8221;1_4&#8243; _builder_version=&#8221;4.16&#8243; custom_padding=&#8221;|||&#8221; global_colors_info=&#8221;{}&#8221; custom_padding__hover=&#8221;|||&#8221;][\/et_pb_column][et_pb_column type=&#8221;1_2&#8243; specialty_columns=&#8221;2&#8243; _builder_version=&#8221;4.16&#8243; custom_padding=&#8221;|||&#8221; global_colors_info=&#8221;{}&#8221; custom_padding__hover=&#8221;|||&#8221;][et_pb_row_inner _builder_version=&#8221;4.16&#8243; custom_margin=&#8221;16%|||17%&#8221; custom_margin_tablet=&#8221;|||0%&#8221; custom_margin_phone=&#8221;&#8221; custom_margin_last_edited=&#8221;on|desktop&#8221; global_colors_info=&#8221;{}&#8221;][et_pb_column_inner saved_specialty_column_type=&#8221;1_2&#8243; _builder_version=&#8221;4.16&#8243; custom_padding=&#8221;|||&#8221; global_colors_info=&#8221;{}&#8221; custom_padding__hover=&#8221;|||&#8221;][et_pb_text _builder_version=&#8221;4.16&#8243; text_font=&#8221;helvetica-light||||||||&#8221; text_line_height=&#8221;1em&#8221; header_font=&#8221;Roboto|100|||||||&#8221; header_font_size=&#8221;42px&#8221; inline_fonts=&#8221;helvetica-light&#8221; global_colors_info=&#8221;{}&#8221;]<\/p>\n<h1><span style=\"font-family: helvetica-light;\">Cantiere Provinciale <br \/>Salto Sciliar<\/span><\/h1>\n<p>[\/et_pb_text][et_pb_divider _builder_version=&#8221;4.16&#8243; custom_margin=&#8221;28px||0px&#8221; global_colors_info=&#8221;{}&#8221;][\/et_pb_divider][\/et_pb_column_inner][\/et_pb_row_inner][et_pb_row_inner column_structure=&#8221;1_3,1_3,1_3&#8243; use_custom_gutter=&#8221;on&#8221; _builder_version=&#8221;4.16&#8243; custom_margin=&#8221;|||17%&#8221; custom_margin_tablet=&#8221;|||0%&#8221; custom_margin_phone=&#8221;&#8221; custom_margin_last_edited=&#8221;on|desktop&#8221; custom_padding=&#8221;0%|||||&#8221; global_colors_info=&#8221;{}&#8221;][et_pb_column_inner type=&#8221;1_3&#8243; saved_specialty_column_type=&#8221;1_2&#8243; _builder_version=&#8221;4.16&#8243; custom_padding=&#8221;|||&#8221; global_colors_info=&#8221;{}&#8221; custom_padding__hover=&#8221;|||&#8221;][et_pb_text _builder_version=&#8221;4.16&#8243; text_font=&#8221;Roboto|300|||||||&#8221; header_font=&#8221;Roboto|100|||||||&#8221; header_font_size=&#8221;36px&#8221; header_6_font=&#8221;Roboto||||||||&#8221; header_6_line_height=&#8221;1.2em&#8221; inline_fonts=&#8221;helvetica-light&#8221; global_colors_info=&#8221;{}&#8221;]<\/p>\n<p class=\"p1\"><span style=\"font-family: helvetica-light; font-weight: normal;\">luogo<\/span><\/p>\n<h6 class=\"p1\"><strong><span face=\"helvetica-light\" style=\"font-family: helvetica-light;\">Bolzano<\/span><\/strong><\/h6>\n<p>[\/et_pb_text][\/et_pb_column_inner][et_pb_column_inner type=&#8221;1_3&#8243; saved_specialty_column_type=&#8221;1_2&#8243; _builder_version=&#8221;4.16&#8243; custom_padding=&#8221;|||&#8221; global_colors_info=&#8221;{}&#8221; custom_padding__hover=&#8221;|||&#8221;][et_pb_text _builder_version=&#8221;4.16&#8243; text_font=&#8221;Roboto|300|||||||&#8221; header_font=&#8221;Roboto|100|||||||&#8221; header_font_size=&#8221;36px&#8221; header_6_font=&#8221;Roboto||||||||&#8221; header_6_line_height=&#8221;1.2em&#8221; inline_fonts=&#8221;helvetica-light&#8221; global_colors_info=&#8221;{}&#8221;]<\/p>\n<p class=\"p1\"><span style=\"font-family: helvetica-light;\">committente<\/span><\/p>\n<h6 class=\"p1\"><strong><span style=\"font-family: helvetica-light;\">Provincia Autonoma di Bolzano<\/span><\/strong><\/h6>\n<p>[\/et_pb_text][\/et_pb_column_inner][et_pb_column_inner type=&#8221;1_3&#8243; saved_specialty_column_type=&#8221;1_2&#8243; _builder_version=&#8221;4.16&#8243; custom_padding=&#8221;|||&#8221; global_colors_info=&#8221;{}&#8221; custom_padding__hover=&#8221;|||&#8221;][et_pb_text _builder_version=&#8221;4.16&#8243; text_font=&#8221;Roboto|300|||||||&#8221; header_font=&#8221;Roboto|100|||||||&#8221; header_font_size=&#8221;36px&#8221; header_6_font=&#8221;Roboto||||||||&#8221; header_6_line_height=&#8221;1.2em&#8221; inline_fonts=&#8221;helvetica-light&#8221; global_colors_info=&#8221;{}&#8221;]<\/p>\n<p class=\"p1\"><span style=\"font-family: helvetica-light; font-weight: normal;\">progettazione<\/span><\/p>\n<h6 class=\"p1\"><span style=\"font-family: helvetica-light; font-weight: normal;\"><strong>Roland Baldi Architects\u00a0 Thomas Simma<\/strong><\/span><\/h6>\n<p>[\/et_pb_text][\/et_pb_column_inner][\/et_pb_row_inner][et_pb_row_inner column_structure=&#8221;1_3,1_3,1_3&#8243; use_custom_gutter=&#8221;on&#8221; _builder_version=&#8221;4.16&#8243; custom_margin=&#8221;|||17%&#8221; custom_margin_tablet=&#8221;|||0%&#8221; custom_margin_phone=&#8221;&#8221; custom_margin_last_edited=&#8221;on|desktop&#8221; custom_padding=&#8221;0%|||||&#8221; global_colors_info=&#8221;{}&#8221;][et_pb_column_inner type=&#8221;1_3&#8243; saved_specialty_column_type=&#8221;1_2&#8243; _builder_version=&#8221;4.16&#8243; custom_padding=&#8221;|||&#8221; global_colors_info=&#8221;{}&#8221; custom_padding__hover=&#8221;|||&#8221;][et_pb_text _builder_version=&#8221;4.17.6&#8243; text_font=&#8221;Roboto|300|||||||&#8221; header_font=&#8221;Roboto|100|||||||&#8221; header_font_size=&#8221;36px&#8221; header_6_font=&#8221;Roboto||||||||&#8221; header_6_line_height=&#8221;1.2em&#8221; hover_enabled=&#8221;0&#8243; inline_fonts=&#8221;helvetica-light&#8221; global_colors_info=&#8221;{}&#8221; sticky_enabled=&#8221;0&#8243;]<\/p>\n<p class=\"p1\"><span style=\"font-family: helvetica-light;\">team<\/span><\/p>\n<h6 class=\"p1\"><strong><span style=\"font-family: helvetica-light;\">Roland Baldi<br \/>\nThorsten G\u00f6tz<br \/>\nThomas Kienzl<br \/>\nSigrid Fischer-Colbrie<br \/>\n<\/span><\/strong><\/h6>\n<p>[\/et_pb_text][\/et_pb_column_inner][et_pb_column_inner type=&#8221;1_3&#8243; saved_specialty_column_type=&#8221;1_2&#8243; _builder_version=&#8221;4.16&#8243; custom_padding=&#8221;|||&#8221; global_colors_info=&#8221;{}&#8221; custom_padding__hover=&#8221;|||&#8221;][et_pb_text _builder_version=&#8221;4.16&#8243; text_font=&#8221;Roboto|300|||||||&#8221; header_font=&#8221;Roboto|100|||||||&#8221; header_font_size=&#8221;36px&#8221; header_6_font=&#8221;Roboto||||||||&#8221; header_6_line_height=&#8221;1.2em&#8221; inline_fonts=&#8221;helvetica-light&#8221; global_colors_info=&#8221;{}&#8221;]<\/p>\n<p class=\"p1\"><span style=\"font-family: helvetica-light;\">concorso<\/span><\/p>\n<h6 class=\"p1\"><strong><span style=\"font-family: helvetica-light;\">2005<\/span><\/strong><\/h6>\n<p>[\/et_pb_text][\/et_pb_column_inner][et_pb_column_inner type=&#8221;1_3&#8243; saved_specialty_column_type=&#8221;1_2&#8243; _builder_version=&#8221;4.16&#8243; custom_padding=&#8221;|||&#8221; global_colors_info=&#8221;{}&#8221; custom_padding__hover=&#8221;|||&#8221;][et_pb_text _builder_version=&#8221;4.16&#8243; text_font=&#8221;Roboto|300|||||||&#8221; header_font=&#8221;Roboto|100|||||||&#8221; header_font_size=&#8221;36px&#8221; header_6_font=&#8221;Roboto||||||||&#8221; header_6_line_height=&#8221;1.2em&#8221; inline_fonts=&#8221;helvetica-light&#8221; global_colors_info=&#8221;{}&#8221;]<\/p>\n<p class=\"p1\"><span style=\"font-family: helvetica-light; font-weight: normal;\">ultimazione<\/span><\/p>\n<h6 class=\"p1\"><strong><span style=\"font-family: helvetica-light;\">2008<\/span><\/strong><\/h6>\n<p>[\/et_pb_text][\/et_pb_column_inner][\/et_pb_row_inner][et_pb_row_inner column_structure=&#8221;1_3,1_3,1_3&#8243; use_custom_gutter=&#8221;on&#8221; _builder_version=&#8221;4.16&#8243; custom_margin=&#8221;|||17%&#8221; custom_margin_tablet=&#8221;|||0%&#8221; custom_margin_phone=&#8221;&#8221; custom_margin_last_edited=&#8221;on|desktop&#8221; custom_padding=&#8221;0%|||||&#8221; global_colors_info=&#8221;{}&#8221;][et_pb_column_inner type=&#8221;1_3&#8243; saved_specialty_column_type=&#8221;1_2&#8243; _builder_version=&#8221;4.16&#8243; custom_padding=&#8221;|||&#8221; global_colors_info=&#8221;{}&#8221; custom_padding__hover=&#8221;|||&#8221;][et_pb_text _builder_version=&#8221;4.16&#8243; text_font=&#8221;Roboto|300|||||||&#8221; header_font=&#8221;Roboto|100|||||||&#8221; header_font_size=&#8221;36px&#8221; header_6_font=&#8221;Roboto||||||||&#8221; header_6_line_height=&#8221;1.2em&#8221; inline_fonts=&#8221;helvetica-light&#8221; global_colors_info=&#8221;{}&#8221;]<\/p>\n<p class=\"p1\"><span style=\"font-family: helvetica-light;\">foto<\/span><\/p>\n<h6 class=\"p1\"><strong><span style=\"font-family: helvetica-light;\">Ren\u00e9 Riller<br \/> <\/span><\/strong><\/h6>\n<p>[\/et_pb_text][\/et_pb_column_inner][et_pb_column_inner type=&#8221;1_3&#8243; saved_specialty_column_type=&#8221;1_2&#8243; _builder_version=&#8221;4.16&#8243; custom_padding=&#8221;|||&#8221; global_colors_info=&#8221;{}&#8221; custom_padding__hover=&#8221;|||&#8221;][\/et_pb_column_inner][et_pb_column_inner type=&#8221;1_3&#8243; saved_specialty_column_type=&#8221;1_2&#8243; _builder_version=&#8221;4.16&#8243; custom_padding=&#8221;|||&#8221; global_colors_info=&#8221;{}&#8221; custom_padding__hover=&#8221;|||&#8221;][\/et_pb_column_inner][\/et_pb_row_inner][et_pb_row_inner _builder_version=&#8221;4.16&#8243; global_colors_info=&#8221;{}&#8221;][et_pb_column_inner saved_specialty_column_type=&#8221;1_2&#8243; _builder_version=&#8221;4.16&#8243; custom_padding=&#8221;|||&#8221; global_colors_info=&#8221;{}&#8221; custom_padding__hover=&#8221;|||&#8221;][et_pb_text _builder_version=&#8221;4.16&#8243; text_font=&#8221;Roboto|300|||||||&#8221; text_line_height=&#8221;1.4em&#8221; custom_margin=&#8221;0px|0px||17%||&#8221; custom_margin_tablet=&#8221;|||0%&#8221; custom_margin_phone=&#8221;&#8221; custom_margin_last_edited=&#8221;on|desktop&#8221; global_colors_info=&#8221;{}&#8221;]Il cantiere stradale provinciale Salto Sciliar \u00e8 stato realizzato secondo il concetto di Corporate Identity sviluppato dallo studio per i punti logistici stradali dell\u2019Alto Adige. Situato sul margine sud di via Einstein a Bolzano, il cantiere stradale provinciale segna il limite dell\u2019attuale zona produttiva posta ad est. L\u2019accesso carrabile \u00e8 sottolineato dal corpo di fabbrica a tre piani degli uffici, che prosegue in quello pi\u00f9 basso delle rimesse ed officine, poste tutte lungo via Einstein. Parallelamente a questo, pi\u00f9 a sud segue un ulteriore blocco di autorimesse con annessi spogliatoi, spazi di soggiorno e aree di deposito coperte. L\u2019involucro dell\u2019edificio \u00e8 rivestito di pannelli metallici a sandwich di color antracite; gli intagli di color arancione, specie gli imbotti delle finestre, creano un vivace contrasto. Ne \u00e8 nato un edificio, che, grazie alla composizione volumetrica articolata, nata dalle diverse esigenze funzionali, si distingue dai soliti blocchi monotoni degli edifici produttivi. [\/et_pb_text][\/et_pb_column_inner][\/et_pb_row_inner][\/et_pb_column][\/et_pb_section][et_pb_section fb_built=&#8221;1&#8243; _builder_version=&#8221;4.16&#8243; background_color=&#8221;#ffffff&#8221; custom_margin=&#8221;||-30px|||&#8221; custom_padding=&#8221;||1px|||&#8221; global_colors_info=&#8221;{}&#8221;][et_pb_row column_structure=&#8221;1_4,1_4,1_4,1_4&#8243; use_custom_gutter=&#8221;on&#8221; gutter_width=&#8221;2&#8243; custom_padding_last_edited=&#8221;on|desktop&#8221; _builder_version=&#8221;4.16&#8243; max_width=&#8221;100%&#8221; custom_padding=&#8221;||0px|||&#8221; custom_padding_tablet=&#8221;||0px&#8221; custom_padding_phone=&#8221;&#8221; global_colors_info=&#8221;{}&#8221;][et_pb_column type=&#8221;1_4&#8243; _builder_version=&#8221;4.16&#8243; custom_padding=&#8221;|||&#8221; global_colors_info=&#8221;{}&#8221; custom_padding__hover=&#8221;|||&#8221;][et_pb_image src=&#8221;https:\/\/rolandbaldi.com\/wp-content\/uploads\/2019\/07\/Salten-Schlern_ohne-Beschriftung_Schnitt-AA.jpg&#8221; align_tablet=&#8221;center&#8221; align_phone=&#8221;&#8221; align_last_edited=&#8221;on|desktop&#8221; _builder_version=&#8221;4.16&#8243; custom_padding_tablet=&#8221;|15px||&#8221; custom_padding_phone=&#8221;|0px||&#8221; custom_padding_last_edited=&#8221;on|desktop&#8221; global_colors_info=&#8221;{}&#8221; width__hover=&#8221;100%&#8221;][\/et_pb_image][\/et_pb_column][et_pb_column type=&#8221;1_4&#8243; _builder_version=&#8221;4.16&#8243; custom_padding=&#8221;|||&#8221; global_colors_info=&#8221;{}&#8221; custom_padding__hover=&#8221;|||&#8221;][et_pb_image src=&#8221;https:\/\/rolandbaldi.com\/wp-content\/uploads\/2019\/07\/Salten-Schlern_ohne-Beschriftung_Lageplan-1.png&#8221; align_tablet=&#8221;center&#8221; align_phone=&#8221;&#8221; align_last_edited=&#8221;on|desktop&#8221; _builder_version=&#8221;4.16&#8243; custom_padding_tablet=&#8221;|||15px&#8221; custom_padding_phone=&#8221;|||0px&#8221; custom_padding_last_edited=&#8221;on|desktop&#8221; global_colors_info=&#8221;{}&#8221;][\/et_pb_image][\/et_pb_column][et_pb_column type=&#8221;1_4&#8243; _builder_version=&#8221;4.16&#8243; custom_padding=&#8221;|||&#8221; global_colors_info=&#8221;{}&#8221; custom_padding__hover=&#8221;|||&#8221;][\/et_pb_column][et_pb_column type=&#8221;1_4&#8243; _builder_version=&#8221;4.16&#8243; custom_padding=&#8221;|||&#8221; global_colors_info=&#8221;{}&#8221; custom_padding__hover=&#8221;|||&#8221;][\/et_pb_column][\/et_pb_row][et_pb_row column_structure=&#8221;1_2,1_2&#8243; _builder_version=&#8221;4.16&#8243; background_position=&#8221;bottom_center&#8221; width=&#8221;90%&#8221; max_width=&#8221;2560px&#8221; module_alignment=&#8221;right&#8221; custom_margin=&#8221;5.1%|auto||0px||&#8221; custom_margin_tablet=&#8221;10%|||10%&#8221; custom_margin_phone=&#8221;&#8221; custom_margin_last_edited=&#8221;on|phone&#8221; custom_padding=&#8221;0px|0px|0%|||&#8221; global_colors_info=&#8221;{}&#8221;][et_pb_column type=&#8221;1_2&#8243; _builder_version=&#8221;4.16&#8243; custom_padding=&#8221;|||&#8221; global_colors_info=&#8221;{}&#8221; custom_padding__hover=&#8221;|||&#8221;][et_pb_image align_tablet=&#8221;center&#8221; align_phone=&#8221;&#8221; align_last_edited=&#8221;on|desktop&#8221; _builder_version=&#8221;4.16&#8243; background_image=&#8221;https:\/\/rolandbaldi.com\/wp-content\/uploads\/2019\/07\/Salten-Schlern_Rene\u0301-Riller_3.jpg&#8221; custom_margin=&#8221;||80px|||&#8221; custom_margin_tablet=&#8221;||0px&#8221; custom_margin_phone=&#8221;&#8221; custom_margin_last_edited=&#8221;on|desktop&#8221; custom_padding=&#8221;70%||70%&#8221; global_colors_info=&#8221;{}&#8221;][\/et_pb_image][\/et_pb_column][et_pb_column type=&#8221;1_2&#8243; _builder_version=&#8221;4.16&#8243; custom_padding=&#8221;|||&#8221; global_colors_info=&#8221;{}&#8221; custom_padding__hover=&#8221;|||&#8221;][et_pb_image align_tablet=&#8221;center&#8221; align_phone=&#8221;&#8221; align_last_edited=&#8221;on|desktop&#8221; _builder_version=&#8221;4.16&#8243; background_image=&#8221;https:\/\/rolandbaldi.com\/wp-content\/uploads\/2019\/07\/Salten-Schlern_Rene\u0301-Riller_5-2.jpg&#8221; parallax=&#8221;on&#8221; custom_margin_tablet=&#8221;40px||&#8221; custom_margin_phone=&#8221;&#8221; custom_margin_last_edited=&#8221;on|phone&#8221; custom_padding=&#8221;70%||70%&#8221; global_colors_info=&#8221;{}&#8221;][\/et_pb_image][\/et_pb_column][\/et_pb_row][et_pb_row custom_padding_last_edited=&#8221;on|desktop&#8221; _builder_version=&#8221;4.16&#8243; background_image=&#8221;https:\/\/rolandbaldi.com\/wp-content\/uploads\/2020\/07\/Salten-Schlern_Ren\u00e9-Riller_4_300dpi.jpg&#8221; width=&#8221;100%&#8221; max_width=&#8221;100%&#8221; module_alignment=&#8221;left&#8221; custom_margin=&#8221;|||0px&#8221; custom_margin_tablet=&#8221;40px||&#8221; custom_margin_phone=&#8221;40px||&#8221; custom_margin_last_edited=&#8221;on|desktop&#8221; custom_padding=&#8221;30%|0px|15.2%|||&#8221; custom_padding_tablet=&#8221;&#8221; custom_padding_phone=&#8221;&#8221; global_colors_info=&#8221;{}&#8221;][et_pb_column type=&#8221;4_4&#8243; _builder_version=&#8221;4.16&#8243; custom_padding=&#8221;|||&#8221; global_colors_info=&#8221;{}&#8221; custom_padding__hover=&#8221;|||&#8221;][\/et_pb_column][\/et_pb_row][et_pb_row _builder_version=&#8221;4.16&#8243; background_image=&#8221;https:\/\/rolandbaldi.com\/wp-content\/uploads\/2019\/07\/Salten-Schlern_Rene\u0301-Riller_6.jpg&#8221; parallax=&#8221;on&#8221; max_width=&#8221;2560px&#8221; module_alignment=&#8221;center&#8221; custom_margin=&#8221;80px|auto|8%|||&#8221; custom_margin_tablet=&#8221;40px|||10%&#8221; custom_margin_phone=&#8221;&#8221; custom_margin_last_edited=&#8221;on|tablet&#8221; custom_padding=&#8221;30%|0px|15.2%|||&#8221; global_colors_info=&#8221;{}&#8221;][et_pb_column type=&#8221;4_4&#8243; _builder_version=&#8221;4.16&#8243; custom_padding=&#8221;|||&#8221; global_colors_info=&#8221;{}&#8221; custom_padding__hover=&#8221;|||&#8221;][\/et_pb_column][\/et_pb_row][\/et_pb_section]<\/p>\n","protected":false},"excerpt":{"rendered":"<p>Cantiere Provinciale Salto Sciliarluogo Bolzanocommittente Provincia Autonoma di Bolzanoprogettazione Roland Baldi Architects\u00a0 Thomas Simmateam Roland Baldi Thorsten G\u00f6tz Thomas Kienzl Sigrid Fischer-Colbrie concorso 2005ultimazione 2008foto Ren\u00e9 Riller Il cantiere stradale provinciale Salto Sciliar \u00e8 stato realizzato secondo il concetto di Corporate Identity sviluppato dallo studio per i punti logistici stradali dell\u2019Alto Adige. Situato sul margine [&hellip;]<\/p>\n","protected":false},"author":2,"featured_media":927,"comment_status":"open","ping_status":"closed","template":"","meta":{"_et_pb_use_builder":"on","_et_pb_old_content":"","_et_gb_content_width":"","inline_featured_image":false},"project_category":[],"project_tag":[],"yoast_head":"<!-- This site is optimized with the Yoast SEO plugin v19.3 - https:\/\/yoast.com\/wordpress\/plugins\/seo\/ -->\n<title>Cantiere Provinciale Salto Sciliar | Roland Baldi<\/title>\n<meta name=\"robots\" content=\"index, follow, max-snippet:-1, max-image-preview:large, max-video-preview:-1\" \/>\n<link rel=\"canonical\" href=\"https:\/\/rolandbaldi.com\/it\/project\/cantiere-provinciale-salto-sciliar\/\" \/>\n<meta property=\"og:locale\" content=\"it_IT\" \/>\n<meta property=\"og:type\" content=\"article\" \/>\n<meta property=\"og:title\" content=\"Cantiere Provinciale Salto Sciliar | Roland Baldi\" \/>\n<meta property=\"og:description\" content=\"Cantiere Provinciale Salto Sciliarluogo Bolzanocommittente Provincia Autonoma di Bolzanoprogettazione Roland Baldi Architects\u00a0 Thomas Simmateam Roland Baldi Thorsten G\u00f6tz Thomas Kienzl Sigrid Fischer-Colbrie concorso 2005ultimazione 2008foto Ren\u00e9 Riller Il cantiere stradale provinciale Salto Sciliar \u00e8 stato realizzato secondo il concetto di Corporate Identity sviluppato dallo studio per i punti logistici stradali dell\u2019Alto Adige. Situato sul margine [&hellip;]\" \/>\n<meta property=\"og:url\" content=\"https:\/\/rolandbaldi.com\/it\/project\/cantiere-provinciale-salto-sciliar\/\" \/>\n<meta property=\"og:site_name\" content=\"Roland Baldi\" \/>\n<meta property=\"article:publisher\" content=\"https:\/\/www.facebook.com\/roland.baldi.architects\" \/>\n<meta property=\"article:modified_time\" content=\"2023-06-01T13:51:07+00:00\" \/>\n<meta property=\"og:image\" content=\"https:\/\/rolandbaldi.com\/wp-content\/uploads\/2019\/07\/Salten-Schlern_Rene\u0301-Riller_1.jpg\" \/>\n\t<meta property=\"og:image:width\" content=\"1065\" \/>\n\t<meta property=\"og:image:height\" content=\"1600\" \/>\n\t<meta property=\"og:image:type\" content=\"image\/jpeg\" \/>\n<meta name=\"twitter:card\" content=\"summary_large_image\" \/>\n<meta name=\"twitter:label1\" content=\"Tempo di lettura stimato\" \/>\n\t<meta name=\"twitter:data1\" content=\"8 minuti\" \/>\n<script type=\"application\/ld+json\" class=\"yoast-schema-graph\">{\"@context\":\"https:\/\/schema.org\",\"@graph\":[{\"@type\":\"Organization\",\"@id\":\"https:\/\/rolandbaldi.com\/de\/#organization\",\"name\":\"Roland Baldi Architect\",\"url\":\"https:\/\/rolandbaldi.com\/de\/\",\"sameAs\":[\"https:\/\/www.instagram.com\/rolandbaldi\/\",\"https:\/\/www.linkedin.com\/in\/roland-baldi-b3181565\/\",\"https:\/\/www.facebook.com\/roland.baldi.architects\"],\"logo\":{\"@type\":\"ImageObject\",\"inLanguage\":\"it-IT\",\"@id\":\"https:\/\/rolandbaldi.com\/de\/#\/schema\/logo\/image\/\",\"url\":\"https:\/\/rolandbaldi.com\/wp-content\/uploads\/2019\/07\/logo-nero.svg\",\"contentUrl\":\"https:\/\/rolandbaldi.com\/wp-content\/uploads\/2019\/07\/logo-nero.svg\",\"caption\":\"Roland Baldi Architect\"},\"image\":{\"@id\":\"https:\/\/rolandbaldi.com\/de\/#\/schema\/logo\/image\/\"}},{\"@type\":\"WebSite\",\"@id\":\"https:\/\/rolandbaldi.com\/de\/#website\",\"url\":\"https:\/\/rolandbaldi.com\/de\/\",\"name\":\"Roland Baldi\",\"description\":\"Roland Baldi architects - Bolzano\/Bozen\",\"publisher\":{\"@id\":\"https:\/\/rolandbaldi.com\/de\/#organization\"},\"potentialAction\":[{\"@type\":\"SearchAction\",\"target\":{\"@type\":\"EntryPoint\",\"urlTemplate\":\"https:\/\/rolandbaldi.com\/de\/?s={search_term_string}\"},\"query-input\":\"required name=search_term_string\"}],\"inLanguage\":\"it-IT\"},{\"@type\":\"ImageObject\",\"inLanguage\":\"it-IT\",\"@id\":\"https:\/\/rolandbaldi.com\/it\/project\/cantiere-provinciale-salto-sciliar\/#primaryimage\",\"url\":\"https:\/\/rolandbaldi.com\/wp-content\/uploads\/2019\/07\/Salten-Schlern_Rene\u0301-Riller_1.jpg\",\"contentUrl\":\"https:\/\/rolandbaldi.com\/wp-content\/uploads\/2019\/07\/Salten-Schlern_Rene\u0301-Riller_1.jpg\",\"width\":1065,\"height\":1600},{\"@type\":\"WebPage\",\"@id\":\"https:\/\/rolandbaldi.com\/it\/project\/cantiere-provinciale-salto-sciliar\/\",\"url\":\"https:\/\/rolandbaldi.com\/it\/project\/cantiere-provinciale-salto-sciliar\/\",\"name\":\"Cantiere Provinciale Salto Sciliar | Roland Baldi\",\"isPartOf\":{\"@id\":\"https:\/\/rolandbaldi.com\/de\/#website\"},\"primaryImageOfPage\":{\"@id\":\"https:\/\/rolandbaldi.com\/it\/project\/cantiere-provinciale-salto-sciliar\/#primaryimage\"},\"datePublished\":\"2019-11-05T14:00:01+00:00\",\"dateModified\":\"2023-06-01T13:51:07+00:00\",\"breadcrumb\":{\"@id\":\"https:\/\/rolandbaldi.com\/it\/project\/cantiere-provinciale-salto-sciliar\/#breadcrumb\"},\"inLanguage\":\"it-IT\",\"potentialAction\":[{\"@type\":\"ReadAction\",\"target\":[\"https:\/\/rolandbaldi.com\/it\/project\/cantiere-provinciale-salto-sciliar\/\"]}]},{\"@type\":\"BreadcrumbList\",\"@id\":\"https:\/\/rolandbaldi.com\/it\/project\/cantiere-provinciale-salto-sciliar\/#breadcrumb\",\"itemListElement\":[{\"@type\":\"ListItem\",\"position\":1,\"name\":\"Home\",\"item\":\"https:\/\/rolandbaldi.com\/it\/home\/\"},{\"@type\":\"ListItem\",\"position\":2,\"name\":\"Progetti\",\"item\":\"https:\/\/rolandbaldi.com\/it\/project\/\"},{\"@type\":\"ListItem\",\"position\":3,\"name\":\"Cantiere Provinciale Salto Sciliar\"}]}]}<\/script>\n<!-- \/ Yoast SEO plugin. -->","yoast_head_json":{"title":"Cantiere Provinciale Salto Sciliar | Roland Baldi","robots":{"index":"index","follow":"follow","max-snippet":"max-snippet:-1","max-image-preview":"max-image-preview:large","max-video-preview":"max-video-preview:-1"},"canonical":"https:\/\/rolandbaldi.com\/it\/project\/cantiere-provinciale-salto-sciliar\/","og_locale":"it_IT","og_type":"article","og_title":"Cantiere Provinciale Salto Sciliar | Roland Baldi","og_description":"Cantiere Provinciale Salto Sciliarluogo Bolzanocommittente Provincia Autonoma di Bolzanoprogettazione Roland Baldi Architects\u00a0 Thomas Simmateam Roland Baldi Thorsten G\u00f6tz Thomas Kienzl Sigrid Fischer-Colbrie concorso 2005ultimazione 2008foto Ren\u00e9 Riller Il cantiere stradale provinciale Salto Sciliar \u00e8 stato realizzato secondo il concetto di Corporate Identity sviluppato dallo studio per i punti logistici stradali dell\u2019Alto Adige. Situato sul margine [&hellip;]","og_url":"https:\/\/rolandbaldi.com\/it\/project\/cantiere-provinciale-salto-sciliar\/","og_site_name":"Roland Baldi","article_publisher":"https:\/\/www.facebook.com\/roland.baldi.architects","article_modified_time":"2023-06-01T13:51:07+00:00","og_image":[{"width":1065,"height":1600,"url":"https:\/\/rolandbaldi.com\/wp-content\/uploads\/2019\/07\/Salten-Schlern_Rene\u0301-Riller_1.jpg","type":"image\/jpeg"}],"twitter_card":"summary_large_image","twitter_misc":{"Tempo di lettura stimato":"8 minuti"},"schema":{"@context":"https:\/\/schema.org","@graph":[{"@type":"Organization","@id":"https:\/\/rolandbaldi.com\/de\/#organization","name":"Roland Baldi Architect","url":"https:\/\/rolandbaldi.com\/de\/","sameAs":["https:\/\/www.instagram.com\/rolandbaldi\/","https:\/\/www.linkedin.com\/in\/roland-baldi-b3181565\/","https:\/\/www.facebook.com\/roland.baldi.architects"],"logo":{"@type":"ImageObject","inLanguage":"it-IT","@id":"https:\/\/rolandbaldi.com\/de\/#\/schema\/logo\/image\/","url":"https:\/\/rolandbaldi.com\/wp-content\/uploads\/2019\/07\/logo-nero.svg","contentUrl":"https:\/\/rolandbaldi.com\/wp-content\/uploads\/2019\/07\/logo-nero.svg","caption":"Roland Baldi Architect"},"image":{"@id":"https:\/\/rolandbaldi.com\/de\/#\/schema\/logo\/image\/"}},{"@type":"WebSite","@id":"https:\/\/rolandbaldi.com\/de\/#website","url":"https:\/\/rolandbaldi.com\/de\/","name":"Roland Baldi","description":"Roland Baldi architects - Bolzano\/Bozen","publisher":{"@id":"https:\/\/rolandbaldi.com\/de\/#organization"},"potentialAction":[{"@type":"SearchAction","target":{"@type":"EntryPoint","urlTemplate":"https:\/\/rolandbaldi.com\/de\/?s={search_term_string}"},"query-input":"required name=search_term_string"}],"inLanguage":"it-IT"},{"@type":"ImageObject","inLanguage":"it-IT","@id":"https:\/\/rolandbaldi.com\/it\/project\/cantiere-provinciale-salto-sciliar\/#primaryimage","url":"https:\/\/rolandbaldi.com\/wp-content\/uploads\/2019\/07\/Salten-Schlern_Rene\u0301-Riller_1.jpg","contentUrl":"https:\/\/rolandbaldi.com\/wp-content\/uploads\/2019\/07\/Salten-Schlern_Rene\u0301-Riller_1.jpg","width":1065,"height":1600},{"@type":"WebPage","@id":"https:\/\/rolandbaldi.com\/it\/project\/cantiere-provinciale-salto-sciliar\/","url":"https:\/\/rolandbaldi.com\/it\/project\/cantiere-provinciale-salto-sciliar\/","name":"Cantiere Provinciale Salto Sciliar | Roland Baldi","isPartOf":{"@id":"https:\/\/rolandbaldi.com\/de\/#website"},"primaryImageOfPage":{"@id":"https:\/\/rolandbaldi.com\/it\/project\/cantiere-provinciale-salto-sciliar\/#primaryimage"},"datePublished":"2019-11-05T14:00:01+00:00","dateModified":"2023-06-01T13:51:07+00:00","breadcrumb":{"@id":"https:\/\/rolandbaldi.com\/it\/project\/cantiere-provinciale-salto-sciliar\/#breadcrumb"},"inLanguage":"it-IT","potentialAction":[{"@type":"ReadAction","target":["https:\/\/rolandbaldi.com\/it\/project\/cantiere-provinciale-salto-sciliar\/"]}]},{"@type":"BreadcrumbList","@id":"https:\/\/rolandbaldi.com\/it\/project\/cantiere-provinciale-salto-sciliar\/#breadcrumb","itemListElement":[{"@type":"ListItem","position":1,"name":"Home","item":"https:\/\/rolandbaldi.com\/it\/home\/"},{"@type":"ListItem","position":2,"name":"Progetti","item":"https:\/\/rolandbaldi.com\/it\/project\/"},{"@type":"ListItem","position":3,"name":"Cantiere Provinciale Salto Sciliar"}]}]}},"_links":{"self":[{"href":"https:\/\/rolandbaldi.com\/it\/wp-json\/wp\/v2\/project\/283"}],"collection":[{"href":"https:\/\/rolandbaldi.com\/it\/wp-json\/wp\/v2\/project"}],"about":[{"href":"https:\/\/rolandbaldi.com\/it\/wp-json\/wp\/v2\/types\/project"}],"author":[{"embeddable":true,"href":"https:\/\/rolandbaldi.com\/it\/wp-json\/wp\/v2\/users\/2"}],"replies":[{"embeddable":true,"href":"https:\/\/rolandbaldi.com\/it\/wp-json\/wp\/v2\/comments?post=283"}],"version-history":[{"count":15,"href":"https:\/\/rolandbaldi.com\/it\/wp-json\/wp\/v2\/project\/283\/revisions"}],"predecessor-version":[{"id":5727,"href":"https:\/\/rolandbaldi.com\/it\/wp-json\/wp\/v2\/project\/283\/revisions\/5727"}],"wp:featuredmedia":[{"embeddable":true,"href":"https:\/\/rolandbaldi.com\/it\/wp-json\/wp\/v2\/media\/927"}],"wp:attachment":[{"href":"https:\/\/rolandbaldi.com\/it\/wp-json\/wp\/v2\/media?parent=283"}],"wp:term":[{"taxonomy":"project_category","embeddable":true,"href":"https:\/\/rolandbaldi.com\/it\/wp-json\/wp\/v2\/project_category?post=283"},{"taxonomy":"project_tag","embeddable":true,"href":"https:\/\/rolandbaldi.com\/it\/wp-json\/wp\/v2\/project_tag?post=283"}],"curies":[{"name":"wp","href":"https:\/\/api.w.org\/{rel}","templated":true}]}}